{"id":42,"date":"2023-06-26T12:01:28","date_gmt":"2023-06-26T12:01:28","guid":{"rendered":"https:\/\/ohme-cs-dev.local\/?page_id=42"},"modified":"2025-09-17T16:08:11","modified_gmt":"2025-09-17T16:08:11","slug":"acordos-comerciais-carregadores-ve","status":"publish","type":"page","link":"https:\/\/ohme-ev.com\/pt\/acordos-comerciais-carregadores-ve\/","title":{"rendered":"Business partnerships"},"content":{"rendered":"<div class=\"image-text-hero with-image gradient-enabled gradient-vertical has-mobile-bg\" style=\"--bg-desktop: url(&#039;https:\/\/ohme-ev.com\/pt\/wp-content\/uploads\/sites\/21\/2025\/09\/Mobility-page-Desktop1x.webp&#039;); --bg-mobile: url(&#039;https:\/\/ohme-ev.com\/pt\/wp-content\/uploads\/sites\/21\/2025\/09\/Mobility-page-Mobile1x.webp&#039;);\">\n\n    <div class=\"contentWrapper imageRight mobile-image-bottom\">\n        <div class=\"content-container\">\n            <div class=\"wrapper\">\n                                    <h1>Neg\u00f3cio Parcerias<\/h1>\n                \n                \n                                    <p><p>Algumas das maiores empresas confiam em n\u00f3s ao fornecer aos seus clientes carregadores dom\u00e9sticos inteligentes e f\u00e1ceis de utilizar. Quer seja um fabricante de autom\u00f3veis, fornecedor de energia ou um promotor imobili\u00e1rio, temos a oferta de carregamento de VE certa para si.<\/p>\n<\/p>\n                \n                \n            <button\n                class=\"ohme-btn popup secondaryDark button\"\n                data-form-type=\"6\"\n                title=\"\"\n        >Pergunte agora<\/button>\n\n    \n                            <\/div>\n        <\/div>\n\n        <div class=\"image-container\">\n            \n                    <\/div>\n    <\/div>\n\n    <\/div>\n\n<div id=\"\" class=\"blockWrapper top-default bottom-default   \">\n\n    <div class=\"\">\n\n        <div class=\"threeColumnWrapper \">\n            <h2 class=\"title\">Porqu\u00ea fazer uma parceria com a Ohme?<\/h2>\n            <p class=\"subtitle regular \" style=\"\">Para al\u00e9m do inteligente, tire o m\u00e1ximo partido do seu ve\u00edculo el\u00e9trico com a nossa tecnologia de carregamento inteligente, f\u00e1cil de usar e preparada para o futuro.<\/p>\n            <div class=\"columnsContainer\">\n                                        <div class=\"column\">\n                            <div class=\"imageContainer \">\n                                                                    <img loading=\"lazy\" decoding=\"async\" width=\"334\" height=\"242\" src=\"https:\/\/ohme-ev.com\/pt\/wp-content\/uploads\/sites\/21\/2024\/01\/3-image-module_ePod-zoom_master-334x242.webp\" class=\"attachment-column_hero size-column_hero\" alt=\"\" srcset=\"https:\/\/ohme-ev.com\/pt\/wp-content\/uploads\/sites\/21\/2024\/01\/3-image-module_ePod-zoom_master-334x242.webp 334w, https:\/\/ohme-ev.com\/pt\/wp-content\/uploads\/sites\/21\/2024\/01\/3-image-module_ePod-zoom_master-300x217.webp 300w, https:\/\/ohme-ev.com\/pt\/wp-content\/uploads\/sites\/21\/2024\/01\/3-image-module_ePod-zoom_master-254x184.webp 254w, https:\/\/ohme-ev.com\/pt\/wp-content\/uploads\/sites\/21\/2024\/01\/3-image-module_ePod-zoom_master.webp 680w\" sizes=\"auto, (max-width: 334px) 100vw, 334px\" \/>\n                                                            <\/div>\n\n                            <div>\n                                <p class=\"label\"><\/p>\n                                <p class=\"subtitleColumn\">Tecnologia \u00fanica<\/p>\n                                <div class=\"body\"><p>Os nossos carregadores d\u00e3o aos condutores mais controlo para tirar o m\u00e1ximo partido dos seus ve\u00edculos el\u00e9tricos e permitem carregar nos hor\u00e1rios mais baratos dispon\u00edveis. \u00c9 simples: o carro estar\u00e1 carregado sempre que precisarem de o conduzir.<\/p>\n<\/div>\n                            <\/div>\n                        <\/div>\n                                                <div class=\"column\">\n                            <div class=\"imageContainer \">\n                                                                    <img loading=\"lazy\" decoding=\"async\" width=\"334\" height=\"242\" src=\"https:\/\/ohme-ev.com\/pt\/wp-content\/uploads\/sites\/21\/2024\/01\/3-image-module_ePod-green-car_master-334x242.webp\" class=\"attachment-column_hero size-column_hero\" alt=\"\" srcset=\"https:\/\/ohme-ev.com\/pt\/wp-content\/uploads\/sites\/21\/2024\/01\/3-image-module_ePod-green-car_master-334x242.webp 334w, https:\/\/ohme-ev.com\/pt\/wp-content\/uploads\/sites\/21\/2024\/01\/3-image-module_ePod-green-car_master-300x217.webp 300w, https:\/\/ohme-ev.com\/pt\/wp-content\/uploads\/sites\/21\/2024\/01\/3-image-module_ePod-green-car_master-254x184.webp 254w, https:\/\/ohme-ev.com\/pt\/wp-content\/uploads\/sites\/21\/2024\/01\/3-image-module_ePod-green-car_master.webp 680w\" sizes=\"auto, (max-width: 334px) 100vw, 334px\" \/>\n                                                            <\/div>\n\n                            <div>\n                                <p class=\"label\"><\/p>\n                                <p class=\"subtitleColumn\">Pacote tudo-em-um<\/p>\n                                <div class=\"body\"><p>Cuidamos de tudo, para que n\u00e3o tenha de o fazer. Incluindo o processo de instala\u00e7\u00e3o; quer seja padr\u00e3o ou personalizado, garantimos aos seus clientes uma configura\u00e7\u00e3o segura e de alta qualidade por um dos nossos parceiros aprovados pela Ohme.<\/p>\n<\/div>\n                            <\/div>\n                        <\/div>\n                                                <div class=\"column\">\n                            <div class=\"imageContainer \">\n                                                                    <img loading=\"lazy\" decoding=\"async\" width=\"334\" height=\"242\" src=\"https:\/\/ohme-ev.com\/pt\/wp-content\/uploads\/sites\/21\/2024\/12\/3-Image-Module-Life-at-Ohme-334x242.webp\" class=\"attachment-column_hero size-column_hero\" alt=\"\" srcset=\"https:\/\/ohme-ev.com\/pt\/wp-content\/uploads\/sites\/21\/2024\/12\/3-Image-Module-Life-at-Ohme-334x242.webp 334w, https:\/\/ohme-ev.com\/pt\/wp-content\/uploads\/sites\/21\/2024\/12\/3-Image-Module-Life-at-Ohme-300x217.webp 300w, https:\/\/ohme-ev.com\/pt\/wp-content\/uploads\/sites\/21\/2024\/12\/3-Image-Module-Life-at-Ohme-254x184.webp 254w, https:\/\/ohme-ev.com\/pt\/wp-content\/uploads\/sites\/21\/2024\/12\/3-Image-Module-Life-at-Ohme.webp 680w\" sizes=\"auto, (max-width: 334px) 100vw, 334px\" \/>\n                                                            <\/div>\n\n                            <div>\n                                <p class=\"label\"><\/p>\n                                <p class=\"subtitleColumn\">Servi\u00e7o de primeira classe<\/p>\n                                <div class=\"body\"><p>Somos obcecados pelo cliente e acreditamos que a transi\u00e7\u00e3o para os ve\u00edculos el\u00e9tricos deve ser f\u00e1cil. Os nossos especialistas est\u00e3o aqui para orientar os seus clientes em cada passo do caminho, ajudando-os a tirar o m\u00e1ximo partido das suas experi\u00eancias de carregamento.<\/p>\n<\/div>\n                            <\/div>\n                        <\/div>\n                                    <\/div>\n                    <\/div>\n    <\/div>\n<\/div>\n\n<div id=\"\" class=\"blockWrapper top-default bottom-default   \">\n\n\n<div class=\" keyStatsBlock\">\n  <div class=\"contentWrapper stats\">\n    <h3 class=\"title\">J\u00e1 o fizemos antes:<\/h3>\n    <div class=\"statsContainer\">\n                <div class=\"statWrapper\">\n            <h1 class=\"stat\">15 <\/h1>\n            <p class=\"copy\">parceiros fabricantes de autom\u00f3veis<\/p>\n          <\/div>\n\n                <div class=\"statWrapper\">\n            <h1 class=\"stat\">900 <\/h1>\n            <p class=\"copy\">parceiros de concession\u00e1rias de autom\u00f3veis<\/p>\n          <\/div>\n\n                <div class=\"statWrapper\">\n            <h1 class=\"stat\">10+ <\/h1>\n            <p class=\"copy\">empresas de leasing e corretores<\/p>\n          <\/div>\n\n          <\/div>\n  <\/div>\n<\/div>\n<\/div>\n\n<div id=\"\" class=\"blockWrapper top-default bottom-default   \">\n\n<div class=\"text-image-right \">\n    <div class=\"inner\">\n        <div class=\"text-content\">\n                        <h3 class=\"title\">Parceiro de carregamento oficial da Audi UK<\/h3>\n                        <div class=\"text\"><h3>Oferta personalizada de carregamento de ve\u00edculos el\u00e9tricos<\/h3>\n<p>Fizemos uma parceria com a Audi no Reino Unido e na Irlanda para fornecer aos seus clientes uma tarifa promocional nos carregadores Home Pro e ePod. A nossa tecnologia foi perfeitamente integrada na gama de ve\u00edculos el\u00e9tricos da Audi de carros novos e usados.<\/p>\n<h3>Forma\u00e7\u00e3o e ativa\u00e7\u00e3o<\/h3>\n<p>Desde unidades de carregador de exposi\u00e7\u00e3o para retalhistas a forma\u00e7\u00e3o de pessoal e um portal de parceiros dedicado, ajud\u00e1mos os clientes da Audi em todas as fases. Ao integrar-se nas melhores tarifas de eletricidade, a Ohme pode reduzir o custo de funcionamento para os clientes da Audi.<\/p>\n<h3>Servi\u00e7o totalmente suportado<\/h3>\n<p>Trabalh\u00e1mos com a Audi para formar os seus revendedores e funcion\u00e1rios, para que estivessem totalmente informados sobre os carregadores da Ohme e a parceria. A nossa solu\u00e7\u00e3o chave na m\u00e3o e modular facilitou o apoio \u00e0 Audi, atendendo \u00e0s suas necessidades espec\u00edficas e modelo de vendas.<\/p>\n<\/div>\n                                                <div class=\"buttons\">\n                                    \n                                <\/div>\n                                <\/div>\n        <div class=\"media-content\">\n                        <img decoding=\"async\" loading=\"lazy\" src=\"https:\/\/ohme-ev.com\/pt\/wp-content\/uploads\/sites\/21\/2024\/01\/50x50_Audi-home-pro_master.webp\" alt=\"\" \/>\n                    <\/div>\n    <\/div>\n<\/div>\n\n<\/div>\n\n<div id=\"\" class=\"blockWrapper top-default bottom-default   \">\n\n<div class=\"text-image-right \">\n    <div class=\"inner\">\n        <div class=\"text-content\">\n                        <h3 class=\"title\">Trabalhando em parceria Octopus Energy no Reino Unido<\/h3>\n                        <div class=\"text\"><h3>O seu parceiro de carregamento inteligente de VE<\/h3>\n<p>Octopus Energy \u00e9 um dos maiores fornecedores de energia do Reino Unido com uma popular gama de tarifas fora do hor\u00e1rio de pico para condutores de ve\u00edculos el\u00e9tricos. A Octopus escolheu a Ohme como o seu fornecedor de carregadores aprovado para dar aos condutores um acesso f\u00e1cil a carregamentos acess\u00edveis em casa.<\/p>\n<h3>F\u00e1cil integra\u00e7\u00e3o de tarifas energ\u00e9ticas<\/h3>\n<p>as tarifas fora de pico da Octopus Energy permitem que os condutores escolham horas fixas ou flex\u00edveis. A capacidade dos carregadores Ohme de se integrarem com qualquer tarifa de energia, permitindo aos propriet\u00e1rios de ve\u00edculos el\u00e9tricos poupar dinheiro automaticamente, independentemente do carro e da tarifa.<\/p>\n<h3>Equilibrar a oferta e a procura<\/h3>\n<p>A flexibilidade do software e da tecnologia da Ohme permite que a Octopus Energy e outros fornecedores de eletricidade desloquem o carregamento para fora das horas de pico. Os carregadores Ohme podem fornecer os tempos de carregamento mais inteligentes e mais econ\u00f3micos para se adequarem aos clientes e aos fornecedores.<\/p>\n<\/div>\n                                                        <\/div>\n        <div class=\"media-content\">\n                        <img decoding=\"async\" loading=\"lazy\" src=\"https:\/\/ohme-ev.com\/pt\/wp-content\/uploads\/sites\/21\/2024\/01\/5050-text-imager_solar-field_master.webp\" alt=\"\" \/>\n                    <\/div>\n    <\/div>\n<\/div>\n\n<\/div>\n\n<div id=\"\" class=\"blockWrapper top-default bottom-default   \">\n\n\n    <div class=\"featuresWrapper\">\n        <div class=\"contentWrapper features\">\n            <h3 class=\"title\">Os melhores carregadores em que pode confiar<\/h3>\n            <p class=\"subtitle\"><\/p>\n            <div class=\"featuresContainer\">\n                                        <div class=\"featureWrapper\">\n                            <div class=\"iconContainer\">\n                                <img decoding=\"async\" src=\"https:\/\/ohme-ev.com\/pt\/wp-content\/uploads\/sites\/21\/2023\/07\/Tick.svg\" alt=\"\"\/>\n                            <\/div>\n                            <p class=\"copy\">Instala\u00e7\u00e3o segura e r\u00e1pida<\/p>\n                        <\/div>\n\n                                                <div class=\"featureWrapper\">\n                            <div class=\"iconContainer\">\n                                <img decoding=\"async\" src=\"https:\/\/ohme-ev.com\/pt\/wp-content\/uploads\/sites\/21\/2023\/07\/Tick.svg\" alt=\"\"\/>\n                            <\/div>\n                            <p class=\"copy\">Carregue mais rapidamente do que com uma tomada el\u00e9trica padr\u00e3o<\/p>\n                        <\/div>\n\n                                                <div class=\"featureWrapper\">\n                            <div class=\"iconContainer\">\n                                <img decoding=\"async\" src=\"https:\/\/ohme-ev.com\/pt\/wp-content\/uploads\/sites\/21\/2023\/07\/Tick.svg\" alt=\"\"\/>\n                            <\/div>\n                            <p class=\"copy\">Apoio ao cliente excecional<\/p>\n                        <\/div>\n\n                                                <div class=\"featureWrapper\">\n                            <div class=\"iconContainer\">\n                                <img decoding=\"async\" src=\"https:\/\/ohme-ev.com\/pt\/wp-content\/uploads\/sites\/21\/2023\/07\/Tick.svg\" alt=\"\"\/>\n                            <\/div>\n                            <p class=\"copy\">F\u00e1cil de configurar para um carregamento fi\u00e1vel nos hor\u00e1rios mais baratos<\/p>\n                        <\/div>\n\n                                                <div class=\"featureWrapper\">\n                            <div class=\"iconContainer\">\n                                <img decoding=\"async\" src=\"https:\/\/ohme-ev.com\/pt\/wp-content\/uploads\/sites\/21\/2023\/07\/Tick.svg\" alt=\"\"\/>\n                            <\/div>\n                            <p class=\"copy\">Carregamento solar (dependente do modelo)<\/p>\n                        <\/div>\n\n                                                <div class=\"featureWrapper\">\n                            <div class=\"iconContainer\">\n                                <img decoding=\"async\" src=\"https:\/\/ohme-ev.com\/pt\/wp-content\/uploads\/sites\/21\/2023\/07\/Tick.svg\" alt=\"\"\/>\n                            <\/div>\n                            <p class=\"copy\">Certifica\u00e7\u00e3o ISO 9001, ISO 27001<\/p>\n                        <\/div>\n\n                                    <\/div>\n            \n\n        <\/div>\n    <\/div>\n<\/div>\n\n<div id=\"\" class=\"blockWrapper top-default bottom-default   \">\n\n<div class=\"info bg-darkgreen\">\n    <div class=\"contentWrapper\">\n                    <h2>\n                Fa\u00e7a uma parceria com a Ohme            <\/h2>\n                <div class=\"text\">\n            <p>A parceria com a Ohme facilita a mudan\u00e7a para ve\u00edculos el\u00e9tricos, tanto para si como para os seus clientes. Basta conectar-sea um dos nossos especialistas para discutir os seus requisitos e como a nossa tecnologia \u00fanica pode ser integrada na sua oferta de ve\u00edculos el\u00e9tricos.<\/p>\n<p>Temos a experi\u00eancia para concretizar as suas ambi\u00e7\u00f5es em escala.<\/p>\n        <\/div>\n                        <div class=\"buttonsWrapper\">\n                        \n            <button\n                class=\"ohme-btn popup primary button\"\n                data-form-type=\"6\"\n                title=\"\"\n        >Perguntar agora<\/button>\n\n                        <\/div>\n            <\/div>\n<\/div>\n\n<\/div>","protected":false},"excerpt":{"rendered":"","protected":false},"author":1,"featured_media":0,"parent":0,"menu_order":0,"comment_status":"closed","ping_status":"closed","template":"","meta":{"_acf_changed":true,"_helpful_status":1,"footnotes":""},"partner":[],"class_list":["post-42","page","type-page","status-publish","hentry"],"acf":[],"yoast_head":"<!-- This site is optimized with the Yoast SEO Premium plugin v27.4 (Yoast SEO v27.4) - https:\/\/yoast.com\/product\/yoast-seo-premium-wordpress\/ -->\n<title>Acordos Comerciais Carregadores VE - Ohme Portugal<\/title>\n<meta name=\"description\" content=\"Acordos Comerciais Carregadores VE Ohme. Solu\u00e7\u00f5es personalizadas de carregadores VE, otimiza\u00e7\u00e3o de frotas.\" \/>\n<meta name=\"robots\" content=\"index, follow, max-snippet:-1, max-image-preview:large, max-video-preview:-1\" \/>\n<link rel=\"canonical\" href=\"https:\/\/ohme-ev.com\/pt\/acordos-comerciais-carregadores-ve\/\" \/>\n<meta property=\"og:locale\" content=\"pt_PT\" \/>\n<meta property=\"og:type\" content=\"article\" \/>\n<meta property=\"og:title\" content=\"Business partnerships\" \/>\n<meta property=\"og:description\" content=\"Acordos Comerciais Carregadores VE Ohme. Solu\u00e7\u00f5es personalizadas de carregadores VE, otimiza\u00e7\u00e3o de frotas.\" \/>\n<meta property=\"og:url\" content=\"https:\/\/ohme-ev.com\/pt\/acordos-comerciais-carregadores-ve\/\" \/>\n<meta property=\"og:site_name\" content=\"Ohme EV Portugal\" \/>\n<meta property=\"article:publisher\" content=\"https:\/\/www.facebook.com\/OhmeEV\/\" \/>\n<meta property=\"article:modified_time\" content=\"2025-09-17T16:08:11+00:00\" \/>\n<meta name=\"twitter:card\" content=\"summary_large_image\" \/>\n<meta name=\"twitter:site\" content=\"@ohmeev\" \/>\n<script type=\"application\/ld+json\" class=\"yoast-schema-graph\">{\"@context\":\"https:\\\/\\\/schema.org\",\"@graph\":[{\"@type\":\"WebPage\",\"@id\":\"https:\\\/\\\/ohme-ev.com\\\/pt\\\/acordos-comerciais-carregadores-ve\\\/\",\"url\":\"https:\\\/\\\/ohme-ev.com\\\/pt\\\/acordos-comerciais-carregadores-ve\\\/\",\"name\":\"Acordos Comerciais Carregadores VE - Ohme Portugal\",\"isPartOf\":{\"@id\":\"https:\\\/\\\/ohme-ev.com\\\/pt\\\/#website\"},\"datePublished\":\"2023-06-26T12:01:28+00:00\",\"dateModified\":\"2025-09-17T16:08:11+00:00\",\"description\":\"Acordos Comerciais Carregadores VE Ohme. Solu\u00e7\u00f5es personalizadas de carregadores VE, otimiza\u00e7\u00e3o de frotas.\",\"breadcrumb\":{\"@id\":\"https:\\\/\\\/ohme-ev.com\\\/pt\\\/acordos-comerciais-carregadores-ve\\\/#breadcrumb\"},\"inLanguage\":\"pt-pt\",\"potentialAction\":[{\"@type\":\"ReadAction\",\"target\":[\"https:\\\/\\\/ohme-ev.com\\\/pt\\\/acordos-comerciais-carregadores-ve\\\/\"]}]},{\"@type\":\"BreadcrumbList\",\"@id\":\"https:\\\/\\\/ohme-ev.com\\\/pt\\\/acordos-comerciais-carregadores-ve\\\/#breadcrumb\",\"itemListElement\":[{\"@type\":\"ListItem\",\"position\":1,\"name\":\"Home\",\"item\":\"https:\\\/\\\/ohme-ev.com\\\/pt\\\/\"},{\"@type\":\"ListItem\",\"position\":2,\"name\":\"Business partnerships\"}]},{\"@type\":\"WebSite\",\"@id\":\"https:\\\/\\\/ohme-ev.com\\\/pt\\\/#website\",\"url\":\"https:\\\/\\\/ohme-ev.com\\\/pt\\\/\",\"name\":\"Ohme EV Portugal\",\"description\":\"Ohme - EV Smart Charging Solutions\",\"potentialAction\":[{\"@type\":\"SearchAction\",\"target\":{\"@type\":\"EntryPoint\",\"urlTemplate\":\"https:\\\/\\\/ohme-ev.com\\\/pt\\\/?s={search_term_string}\"},\"query-input\":{\"@type\":\"PropertyValueSpecification\",\"valueRequired\":true,\"valueName\":\"search_term_string\"}}],\"inLanguage\":\"pt-pt\"}]}<\/script>\n<!-- \/ Yoast SEO Premium plugin. -->","yoast_head_json":{"title":"Acordos Comerciais Carregadores VE - Ohme Portugal","description":"Acordos Comerciais Carregadores VE Ohme. Solu\u00e7\u00f5es personalizadas de carregadores VE, otimiza\u00e7\u00e3o de frotas.","robots":{"index":"index","follow":"follow","max-snippet":"max-snippet:-1","max-image-preview":"max-image-preview:large","max-video-preview":"max-video-preview:-1"},"canonical":"https:\/\/ohme-ev.com\/pt\/acordos-comerciais-carregadores-ve\/","og_locale":"pt_PT","og_type":"article","og_title":"Business partnerships","og_description":"Acordos Comerciais Carregadores VE Ohme. Solu\u00e7\u00f5es personalizadas de carregadores VE, otimiza\u00e7\u00e3o de frotas.","og_url":"https:\/\/ohme-ev.com\/pt\/acordos-comerciais-carregadores-ve\/","og_site_name":"Ohme EV Portugal","article_publisher":"https:\/\/www.facebook.com\/OhmeEV\/","article_modified_time":"2025-09-17T16:08:11+00:00","twitter_card":"summary_large_image","twitter_site":"@ohmeev","schema":{"@context":"https:\/\/schema.org","@graph":[{"@type":"WebPage","@id":"https:\/\/ohme-ev.com\/pt\/acordos-comerciais-carregadores-ve\/","url":"https:\/\/ohme-ev.com\/pt\/acordos-comerciais-carregadores-ve\/","name":"Acordos Comerciais Carregadores VE - Ohme Portugal","isPartOf":{"@id":"https:\/\/ohme-ev.com\/pt\/#website"},"datePublished":"2023-06-26T12:01:28+00:00","dateModified":"2025-09-17T16:08:11+00:00","description":"Acordos Comerciais Carregadores VE Ohme. Solu\u00e7\u00f5es personalizadas de carregadores VE, otimiza\u00e7\u00e3o de frotas.","breadcrumb":{"@id":"https:\/\/ohme-ev.com\/pt\/acordos-comerciais-carregadores-ve\/#breadcrumb"},"inLanguage":"pt-pt","potentialAction":[{"@type":"ReadAction","target":["https:\/\/ohme-ev.com\/pt\/acordos-comerciais-carregadores-ve\/"]}]},{"@type":"BreadcrumbList","@id":"https:\/\/ohme-ev.com\/pt\/acordos-comerciais-carregadores-ve\/#breadcrumb","itemListElement":[{"@type":"ListItem","position":1,"name":"Home","item":"https:\/\/ohme-ev.com\/pt\/"},{"@type":"ListItem","position":2,"name":"Business partnerships"}]},{"@type":"WebSite","@id":"https:\/\/ohme-ev.com\/pt\/#website","url":"https:\/\/ohme-ev.com\/pt\/","name":"Ohme EV Portugal","description":"Ohme - EV Smart Charging Solutions","potentialAction":[{"@type":"SearchAction","target":{"@type":"EntryPoint","urlTemplate":"https:\/\/ohme-ev.com\/pt\/?s={search_term_string}"},"query-input":{"@type":"PropertyValueSpecification","valueRequired":true,"valueName":"search_term_string"}}],"inLanguage":"pt-pt"}]}},"_links":{"self":[{"href":"https:\/\/ohme-ev.com\/pt\/wp-json\/wp\/v2\/pages\/42","targetHints":{"allow":["GET"]}}],"collection":[{"href":"https:\/\/ohme-ev.com\/pt\/wp-json\/wp\/v2\/pages"}],"about":[{"href":"https:\/\/ohme-ev.com\/pt\/wp-json\/wp\/v2\/types\/page"}],"author":[{"embeddable":true,"href":"https:\/\/ohme-ev.com\/pt\/wp-json\/wp\/v2\/users\/1"}],"replies":[{"embeddable":true,"href":"https:\/\/ohme-ev.com\/pt\/wp-json\/wp\/v2\/comments?post=42"}],"version-history":[{"count":0,"href":"https:\/\/ohme-ev.com\/pt\/wp-json\/wp\/v2\/pages\/42\/revisions"}],"wp:attachment":[{"href":"https:\/\/ohme-ev.com\/pt\/wp-json\/wp\/v2\/media?parent=42"}],"wp:term":[{"taxonomy":"partner","embeddable":true,"href":"https:\/\/ohme-ev.com\/pt\/wp-json\/wp\/v2\/partner?post=42"}],"curies":[{"name":"wp","href":"https:\/\/api.w.org\/{rel}","templated":true}]}}