{"id":1458,"date":"2023-08-16T16:16:54","date_gmt":"2023-08-16T16:16:54","guid":{"rendered":"https:\/\/ohme.wpengine.com\/ie\/?post_type=guides&#038;p=1458"},"modified":"2026-04-29T14:12:55","modified_gmt":"2026-04-29T14:12:55","slug":"o-que-esperar-no-dia-da-instalacao","status":"publish","type":"guides","link":"https:\/\/ohme-ev.com\/pt\/support\/o-que-esperar-no-dia-da-instalacao\/","title":{"rendered":"O que esperar no dia da instala\u00e7\u00e3o"},"content":{"rendered":"\n<figure class=\"wp-block-image size-large\"><img loading=\"lazy\" decoding=\"async\" width=\"1024\" height=\"578\" src=\"https:\/\/ohme-ev.com\/pt\/wp-content\/uploads\/sites\/21\/2023\/08\/Support_toolbox_UK-1024x578.jpg\" alt=\"Toolbox with screws and a screwdrivers\" class=\"wp-image-1460\" srcset=\"https:\/\/ohme-ev.com\/pt\/wp-content\/uploads\/sites\/21\/2023\/08\/Support_toolbox_UK-1024x578.jpg 1024w, https:\/\/ohme-ev.com\/pt\/wp-content\/uploads\/sites\/21\/2023\/08\/Support_toolbox_UK-300x169.jpg 300w, https:\/\/ohme-ev.com\/pt\/wp-content\/uploads\/sites\/21\/2023\/08\/Support_toolbox_UK-768x433.jpg 768w, https:\/\/ohme-ev.com\/pt\/wp-content\/uploads\/sites\/21\/2023\/08\/Support_toolbox_UK-1536x867.jpg 1536w, https:\/\/ohme-ev.com\/pt\/wp-content\/uploads\/sites\/21\/2023\/08\/Support_toolbox_UK-798x450.jpg 798w, https:\/\/ohme-ev.com\/pt\/wp-content\/uploads\/sites\/21\/2023\/08\/Support_toolbox_UK.jpg 1868w\" sizes=\"auto, (max-width: 1024px) 100vw, 1024px\" \/><\/figure>\n\n\n\n<div class=\"wp-block-group blog-layout\"><div class=\"wp-block-group__inner-container is-layout-constrained wp-block-group-is-layout-constrained\">\n<p><\/p>\n\n\n\n<p>Estamos entusiasmados por estar prestes a instalar um carregador VE Ohme. Um dos nossos parceiros de instala\u00e7\u00e3o aprovados chegar\u00e1 na data acordada para instalar o carregador na localiza\u00e7\u00e3o pretendida. Antes da sua chegada, eis o que esperar no dia da instala\u00e7\u00e3o:<\/p>\n\n\n\n<ul class=\"wp-block-list\">\n<li>O t\u00e9cnico de instala\u00e7\u00e3o chegar\u00e1 na janela hor\u00e1ria que lhe ser\u00e1 comunicada no dia da instala\u00e7\u00e3o.<\/li>\n\n\n\n<li>A instala\u00e7\u00e3o demorar\u00e1 cerca de 4 horas. Algumas instala\u00e7\u00f5es requerem um pouco mais de tempo (ou um pouco menos), mas o t\u00e9cnico mant\u00ea-lo-\u00e1 informado.<\/li>\n\n\n\n<li>Durante este per\u00edodo, ser\u00e1 necess\u00e1rio interromper brevemente a alimenta\u00e7\u00e3o el\u00e9trica para instalar o carregador em seguran\u00e7a.<\/li>\n\n\n\n<li>Se poss\u00edvel, seria muito \u00fatil libertar a \u00e1rea onde ser\u00e3o posados os cabos, em particular \u00e0 volta do quadro el\u00e9trico e do contador. Se houver objetos que n\u00e3o consiga mover antecipadamente, informe-nos e tentaremos encontrar uma solu\u00e7\u00e3o.<\/li>\n\n\n\n<li>Certifique-se de que eventuais animais (especialmente c\u00e3es) est\u00e3o num local seguro e afastados da \u00e1rea de trabalho.<\/li>\n\n\n\n<li>Algu\u00e9m dever\u00e1 estar presente para acordar com o t\u00e9cnico a localiza\u00e7\u00e3o do carregador, garantindo que fica num lugar c\u00f3modo e adequado para o carregamento do ve\u00edculo.<\/li>\n\n\n\n<li>Qualquer d\u00favida ou quest\u00e3o que surja durante a instala\u00e7\u00e3o deve ser dirigida ao t\u00e9cnico no local ou \u00e0 nossa Equipa de Apoio ao Cliente atrav\u00e9s do endere\u00e7o suporte@ohme-ev.com<\/li>\n<\/ul>\n\n\n\n<p>Se tiver alguma d\u00favida ou necessitar de quaisquer adapta\u00e7\u00f5es razo\u00e1veis antes ou no dia da instala\u00e7\u00e3o, n\u00e3o hesite em contactar a equipa da Ohme.<\/p>\n<\/div><\/div>\n\r\n\t\t\t<div id=\"daexthefu-container\"\r\n\t\t\t\tclass=\"daexthefu-container daexthefu-layout-side-by-side daexthefu-alignment-left\"\r\n\t\t\t\tdata-post-id=\"1458\">\r\n\r\n\t\t\t\t<div class=\"daexthefu-feedback\">\r\n\t\t\t\t\t<div class=\"daexthefu-text\">\r\n\t\t\t\t\t\t<h3 class=\"daexthefu-title\">Was this helpful?<\/h3>\r\n\t\t\t\t\t<\/div>\r\n\t\t\t\t\t<div class=\"daexthefu-buttons-container\">\r\n\t\t\t\t\t\t<div class=\"daexthefu-buttons\">\r\n\t\t\t\t\t\t\t\r\n\t\t\t<div class=\"daexthefu-yes daexthefu-button daexthefu-button-type-icon\" data-value=\"1\">\r\n\t\t\t\t\r\n                <svg>\r\n                    <defs>\r\n                        <style>.thumb-up-cls-1{fill:#c9c9c9;}.thumb-up-cls-2{fill:#e1e1e1;}.thumb-up-cls-3{fill:#676767;}<\/style>\r\n                    <\/defs>\r\n                    <g id=\"thumb_up\">\r\n                        <path class=\"thumb-up-cls-2 daexthefu-icon-circle\" d=\"m24,3c11.58,0,21,9.42,21,21s-9.42,21-21,21S3,35.58,3,24,12.42,3,24,3m0-1C11.85,2,2,11.85,2,24s9.85,22,22,22,22-9.85,22-22S36.15,2,24,2h0Z\" \/>\r\n                        <g>\r\n                            <rect class=\"thumb-up-cls-3 daexthefu-icon-secondary-color\" x=\"10\" y=\"20\" width=\"6\" height=\"15\" rx=\"1.5\" ry=\"1.5\" \/>\r\n                            <path class=\"thumb-up-cls-1 daexthefu-icon-primary-color\" d=\"m30.57,9.06l-.49-.1c-.81-.17-1.61.35-1.78,1.16l-5.3,11.74c-.17.81,3.16,1.61,3.97,1.78l1.96.41c.81.17,1.61-.35,1.78-1.16l2.18-10.27c.34-1.61-.7-3.21-2.31-3.56Z\" \/>\r\n                            <path class=\"thumb-up-cls-1 daexthefu-icon-primary-color\" d=\"m38.17,20h-18.67c-.83,0-1.5.67-1.5,1.5v12c0,.83.67,1.5,1.5,1.5h16.27c.71,0,1.33-.5,1.47-1.21l2.4-12c.19-.93-.53-1.8-1.47-1.8Z\" \/>\r\n                        <\/g>\r\n                    <\/g>\r\n                <\/svg>\t\t\t<\/div>\r\n\r\n\t\t\t\t\t\t\t\t\t\t\r\n\t\t\t<div class=\"daexthefu-no daexthefu-button daexthefu-button-type-icon\" data-value=\"0\">\r\n\t\t\t\t\r\n                <svg>\r\n                    <defs>\r\n                        <style>.thumb-down-cls-1{fill:#c9c9c9;}.thumb-down-cls-2{fill:#e1e1e1;}.thumb-down-cls-3{fill:#676767;}<\/style>\r\n                    <\/defs>\r\n                    <g id=\"thumb_down\">\r\n                        <path class=\"thumb-down-cls-2 daexthefu-icon-circle\" d=\"m24,3c11.58,0,21,9.42,21,21s-9.42,21-21,21S3,35.58,3,24,12.42,3,24,3m0-1C11.85,2,2,11.85,2,24s9.85,22,22,22,22-9.85,22-22S36.15,2,24,2h0Z\" \/>\r\n                        <g>\r\n                            <rect class=\"thumb-down-cls-3 daexthefu-icon-secondary-color\" x=\"10\" y=\"13\" width=\"6\" height=\"15\" rx=\"1.5\" ry=\"1.5\" \/>\r\n                            <path class=\"thumb-down-cls-1 daexthefu-icon-primary-color\" d=\"m30.57,38.94l-.49.1c-.81.17-1.61-.35-1.78-1.16l-5.3-11.74c-.17-.81,3.16-1.61,3.97-1.78l1.96-.41c.81-.17,1.61.35,1.78,1.16l2.18,10.27c.34,1.61-.7,3.21-2.31,3.56Z\" \/>\r\n                            <path class=\"thumb-down-cls-1 daexthefu-icon-primary-color\" d=\"m38.17,28h-18.67c-.83,0-1.5-.67-1.5-1.5v-12c0-.83.67-1.5,1.5-1.5h16.27c.71,0,1.33.5,1.47,1.21l2.4,12c.19.93-.53,1.8-1.47,1.8Z\" \/>\r\n                        <\/g>\r\n                    <\/g>\r\n                <\/svg>\t\t\t<\/div>\r\n\r\n\t\t\t\t\t\t\t\t\t<\/div>\r\n\t\t\t\t\t<\/div>\r\n\t\t\t\t<\/div>\r\n\r\n\t\t\t\t<div class=\"daexthefu-comment\">\r\n\t\t\t\t\t<div class=\"daexthefu-comment-top-container\">\r\n\t\t\t\t\t\t<label id=\"daexthefu-comment-label\" class=\"daexthefu-comment-label\"><\/label>\r\n\t\t\t\t\t\t\t\t\t\t\t\t\t<div class=\"daexthefu-comment-character-counter-container\">\r\n\t\t\t\t\t\t\t\t<div id=\"daexthefu-comment-character-counter-number\"\r\n\t\t\t\t\t\t\t\t\tclass=\"daexthefu-comment-character-counter-number\"><\/div>\r\n\t\t\t\t\t\t\t\t<div class=\"daexthefu-comment-character-counter-text\"><\/div>\r\n\t\t\t\t\t\t\t<\/div>\r\n\t\t\t\t\t\t\t\t\t\t\t<\/div>\r\n\t\t\t\t\t<textarea id=\"daexthefu-comment-textarea\" class=\"daexthefu-comment-textarea\"\r\n\t\t\t\t\t\t\t\tplaceholder=\"Type your message\"\r\n\t\t\t\t\t\t\t\tmaxlength=\"\r\n\t\t\t\t\t\t\t\t400\t\t\t\t\t\t\t\t\t\"><\/textarea>\r\n\t\t\t\t\t<div class=\"daexthefu-comment-buttons-container\">\r\n\t\t\t\t\t\t<button class=\"daexthefu-comment-submit daexthefu-button\">Submit<\/button>\r\n\t\t\t\t\t\t<button class=\"daexthefu-comment-cancel daexthefu-button\">Cancel<\/button>\r\n\t\t\t\t\t<\/div>\r\n\t\t\t\t<\/div>\r\n\r\n\t\t\t\t<div class=\"daexthefu-successful-submission-text\">Thanks for your feedback!<\/div>\r\n\r\n\t\t\t<\/div>\r\n\r\n\t\t\t","protected":false},"excerpt":{"rendered":"<p>Estamos entusiasmados por estar prestes a instalar um carregador VE Ohme. Um dos nossos parceiros de instala\u00e7\u00e3o aprovados chegar\u00e1 na data acordada para instalar o carregador na localiza\u00e7\u00e3o pretendida. Antes da sua chegada, eis o que esperar no dia da instala\u00e7\u00e3o: Se tiver alguma d\u00favida ou necessitar de quaisquer adapta\u00e7\u00f5es razo\u00e1veis antes ou no dia [&hellip;]<\/p>\n","protected":false},"featured_media":1460,"template":"","meta":{"_acf_changed":false,"_helpful_status":1},"categories":[11],"tags":[256,261,263,264,265,266,267,268,270,269],"class_list":["post-1458","guides","type-guides","status-publish","has-post-thumbnail","hentry","category-sua-instalacao","tag-instalacao","tag-carregador-ve","tag-ohme","tag-localizacao-do-carregador","tag-quadro-eletrico","tag-dia-da-instalacao","tag-corte-de-corrente","tag-animais-de-estimacao","tag-apoio-ao-cliente","tag-tecnico-instalador"],"acf":[],"yoast_head":"<!-- This site is optimized with the Yoast SEO Premium plugin v27.5 (Yoast SEO v27.5) - https:\/\/yoast.com\/product\/yoast-seo-premium-wordpress\/ -->\n<title>O que esperar no dia da instala\u00e7\u00e3o - Ohme EV Portugal<\/title>\n<meta name=\"description\" content=\"One of our installers will arrive on an agreed date to install your charger in your preferred location. Here\u2019s what to expect on the day.\" \/>\n<meta name=\"robots\" content=\"index, follow, max-snippet:-1, max-image-preview:large, max-video-preview:-1\" \/>\n<link rel=\"canonical\" href=\"https:\/\/ohme-ev.com\/pt\/support\/o-que-esperar-no-dia-da-instalacao\/\" \/>\n<meta property=\"og:locale\" content=\"pt_PT\" \/>\n<meta property=\"og:type\" content=\"article\" \/>\n<meta property=\"og:title\" content=\"O que esperar no dia da instala\u00e7\u00e3o\" \/>\n<meta property=\"og:description\" content=\"One of our installers will arrive on an agreed date to install your charger in your preferred location. Here\u2019s what to expect on the day.\" \/>\n<meta property=\"og:url\" content=\"https:\/\/ohme-ev.com\/pt\/support\/o-que-esperar-no-dia-da-instalacao\/\" \/>\n<meta property=\"og:site_name\" content=\"Ohme EV Portugal\" \/>\n<meta property=\"article:publisher\" content=\"https:\/\/www.facebook.com\/OhmeEV\/\" \/>\n<meta property=\"article:modified_time\" content=\"2026-04-29T14:12:55+00:00\" \/>\n<meta property=\"og:image\" content=\"https:\/\/ohme-ev.com\/pt\/wp-content\/uploads\/sites\/21\/2023\/08\/Support_toolbox_UK.jpg\" \/>\n\t<meta property=\"og:image:width\" content=\"1868\" \/>\n\t<meta property=\"og:image:height\" content=\"1054\" \/>\n\t<meta property=\"og:image:type\" content=\"image\/jpeg\" \/>\n<meta name=\"twitter:card\" content=\"summary_large_image\" \/>\n<meta name=\"twitter:site\" content=\"@ohmeev\" \/>\n<meta name=\"twitter:label1\" content=\"Est. reading time\" \/>\n\t<meta name=\"twitter:data1\" content=\"2 minutes\" \/>\n<script type=\"application\/ld+json\" class=\"yoast-schema-graph\">{\"@context\":\"https:\\\/\\\/schema.org\",\"@graph\":[{\"@type\":\"WebPage\",\"@id\":\"https:\\\/\\\/ohme-ev.com\\\/pt\\\/support\\\/o-que-esperar-no-dia-da-instalacao\\\/\",\"url\":\"https:\\\/\\\/ohme-ev.com\\\/pt\\\/support\\\/o-que-esperar-no-dia-da-instalacao\\\/\",\"name\":\"O que esperar no dia da instala\u00e7\u00e3o - Ohme EV Portugal\",\"isPartOf\":{\"@id\":\"https:\\\/\\\/ohme-ev.com\\\/pt\\\/#website\"},\"primaryImageOfPage\":{\"@id\":\"https:\\\/\\\/ohme-ev.com\\\/pt\\\/support\\\/o-que-esperar-no-dia-da-instalacao\\\/#primaryimage\"},\"image\":{\"@id\":\"https:\\\/\\\/ohme-ev.com\\\/pt\\\/support\\\/o-que-esperar-no-dia-da-instalacao\\\/#primaryimage\"},\"thumbnailUrl\":\"https:\\\/\\\/ohme-ev.com\\\/pt\\\/wp-content\\\/uploads\\\/sites\\\/21\\\/2023\\\/08\\\/Support_toolbox_UK.jpg\",\"datePublished\":\"2023-08-16T16:16:54+00:00\",\"dateModified\":\"2026-04-29T14:12:55+00:00\",\"description\":\"One of our installers will arrive on an agreed date to install your charger in your preferred location. Here\u2019s what to expect on the day.\",\"breadcrumb\":{\"@id\":\"https:\\\/\\\/ohme-ev.com\\\/pt\\\/support\\\/o-que-esperar-no-dia-da-instalacao\\\/#breadcrumb\"},\"inLanguage\":\"pt-pt\",\"potentialAction\":[{\"@type\":\"ReadAction\",\"target\":[\"https:\\\/\\\/ohme-ev.com\\\/pt\\\/support\\\/o-que-esperar-no-dia-da-instalacao\\\/\"]}]},{\"@type\":\"ImageObject\",\"inLanguage\":\"pt-pt\",\"@id\":\"https:\\\/\\\/ohme-ev.com\\\/pt\\\/support\\\/o-que-esperar-no-dia-da-instalacao\\\/#primaryimage\",\"url\":\"https:\\\/\\\/ohme-ev.com\\\/pt\\\/wp-content\\\/uploads\\\/sites\\\/21\\\/2023\\\/08\\\/Support_toolbox_UK.jpg\",\"contentUrl\":\"https:\\\/\\\/ohme-ev.com\\\/pt\\\/wp-content\\\/uploads\\\/sites\\\/21\\\/2023\\\/08\\\/Support_toolbox_UK.jpg\",\"width\":1868,\"height\":1054,\"caption\":\"Toolbox with screws and a screwdrivers\"},{\"@type\":\"BreadcrumbList\",\"@id\":\"https:\\\/\\\/ohme-ev.com\\\/pt\\\/support\\\/o-que-esperar-no-dia-da-instalacao\\\/#breadcrumb\",\"itemListElement\":[{\"@type\":\"ListItem\",\"position\":1,\"name\":\"Home\",\"item\":\"https:\\\/\\\/ohme-ev.com\\\/pt\\\/\"},{\"@type\":\"ListItem\",\"position\":2,\"name\":\"Support guides\",\"item\":\"https:\\\/\\\/ohme-ev.com\\\/pt\\\/support\\\/\"},{\"@type\":\"ListItem\",\"position\":3,\"name\":\"O que esperar no dia da instala\u00e7\u00e3o\"}]},{\"@type\":\"WebSite\",\"@id\":\"https:\\\/\\\/ohme-ev.com\\\/pt\\\/#website\",\"url\":\"https:\\\/\\\/ohme-ev.com\\\/pt\\\/\",\"name\":\"Ohme EV Portugal\",\"description\":\"Ohme - EV Smart Charging Solutions\",\"potentialAction\":[{\"@type\":\"SearchAction\",\"target\":{\"@type\":\"EntryPoint\",\"urlTemplate\":\"https:\\\/\\\/ohme-ev.com\\\/pt\\\/?s={search_term_string}\"},\"query-input\":{\"@type\":\"PropertyValueSpecification\",\"valueRequired\":true,\"valueName\":\"search_term_string\"}}],\"inLanguage\":\"pt-pt\"}]}<\/script>\n<!-- \/ Yoast SEO Premium plugin. -->","yoast_head_json":{"title":"O que esperar no dia da instala\u00e7\u00e3o - Ohme EV Portugal","description":"One of our installers will arrive on an agreed date to install your charger in your preferred location. Here\u2019s what to expect on the day.","robots":{"index":"index","follow":"follow","max-snippet":"max-snippet:-1","max-image-preview":"max-image-preview:large","max-video-preview":"max-video-preview:-1"},"canonical":"https:\/\/ohme-ev.com\/pt\/support\/o-que-esperar-no-dia-da-instalacao\/","og_locale":"pt_PT","og_type":"article","og_title":"O que esperar no dia da instala\u00e7\u00e3o","og_description":"One of our installers will arrive on an agreed date to install your charger in your preferred location. Here\u2019s what to expect on the day.","og_url":"https:\/\/ohme-ev.com\/pt\/support\/o-que-esperar-no-dia-da-instalacao\/","og_site_name":"Ohme EV Portugal","article_publisher":"https:\/\/www.facebook.com\/OhmeEV\/","article_modified_time":"2026-04-29T14:12:55+00:00","og_image":[{"width":1868,"height":1054,"url":"https:\/\/ohme-ev.com\/pt\/wp-content\/uploads\/sites\/21\/2023\/08\/Support_toolbox_UK.jpg","type":"image\/jpeg"}],"twitter_card":"summary_large_image","twitter_site":"@ohmeev","twitter_misc":{"Est. reading time":"2 minutes"},"schema":{"@context":"https:\/\/schema.org","@graph":[{"@type":"WebPage","@id":"https:\/\/ohme-ev.com\/pt\/support\/o-que-esperar-no-dia-da-instalacao\/","url":"https:\/\/ohme-ev.com\/pt\/support\/o-que-esperar-no-dia-da-instalacao\/","name":"O que esperar no dia da instala\u00e7\u00e3o - Ohme EV Portugal","isPartOf":{"@id":"https:\/\/ohme-ev.com\/pt\/#website"},"primaryImageOfPage":{"@id":"https:\/\/ohme-ev.com\/pt\/support\/o-que-esperar-no-dia-da-instalacao\/#primaryimage"},"image":{"@id":"https:\/\/ohme-ev.com\/pt\/support\/o-que-esperar-no-dia-da-instalacao\/#primaryimage"},"thumbnailUrl":"https:\/\/ohme-ev.com\/pt\/wp-content\/uploads\/sites\/21\/2023\/08\/Support_toolbox_UK.jpg","datePublished":"2023-08-16T16:16:54+00:00","dateModified":"2026-04-29T14:12:55+00:00","description":"One of our installers will arrive on an agreed date to install your charger in your preferred location. Here\u2019s what to expect on the day.","breadcrumb":{"@id":"https:\/\/ohme-ev.com\/pt\/support\/o-que-esperar-no-dia-da-instalacao\/#breadcrumb"},"inLanguage":"pt-pt","potentialAction":[{"@type":"ReadAction","target":["https:\/\/ohme-ev.com\/pt\/support\/o-que-esperar-no-dia-da-instalacao\/"]}]},{"@type":"ImageObject","inLanguage":"pt-pt","@id":"https:\/\/ohme-ev.com\/pt\/support\/o-que-esperar-no-dia-da-instalacao\/#primaryimage","url":"https:\/\/ohme-ev.com\/pt\/wp-content\/uploads\/sites\/21\/2023\/08\/Support_toolbox_UK.jpg","contentUrl":"https:\/\/ohme-ev.com\/pt\/wp-content\/uploads\/sites\/21\/2023\/08\/Support_toolbox_UK.jpg","width":1868,"height":1054,"caption":"Toolbox with screws and a screwdrivers"},{"@type":"BreadcrumbList","@id":"https:\/\/ohme-ev.com\/pt\/support\/o-que-esperar-no-dia-da-instalacao\/#breadcrumb","itemListElement":[{"@type":"ListItem","position":1,"name":"Home","item":"https:\/\/ohme-ev.com\/pt\/"},{"@type":"ListItem","position":2,"name":"Support guides","item":"https:\/\/ohme-ev.com\/pt\/support\/"},{"@type":"ListItem","position":3,"name":"O que esperar no dia da instala\u00e7\u00e3o"}]},{"@type":"WebSite","@id":"https:\/\/ohme-ev.com\/pt\/#website","url":"https:\/\/ohme-ev.com\/pt\/","name":"Ohme EV Portugal","description":"Ohme - EV Smart Charging Solutions","potentialAction":[{"@type":"SearchAction","target":{"@type":"EntryPoint","urlTemplate":"https:\/\/ohme-ev.com\/pt\/?s={search_term_string}"},"query-input":{"@type":"PropertyValueSpecification","valueRequired":true,"valueName":"search_term_string"}}],"inLanguage":"pt-pt"}]}},"_links":{"self":[{"href":"https:\/\/ohme-ev.com\/pt\/wp-json\/wp\/v2\/guides\/1458","targetHints":{"allow":["GET"]}}],"collection":[{"href":"https:\/\/ohme-ev.com\/pt\/wp-json\/wp\/v2\/guides"}],"about":[{"href":"https:\/\/ohme-ev.com\/pt\/wp-json\/wp\/v2\/types\/guides"}],"wp:featuredmedia":[{"embeddable":true,"href":"https:\/\/ohme-ev.com\/pt\/wp-json\/wp\/v2\/media\/1460"}],"wp:attachment":[{"href":"https:\/\/ohme-ev.com\/pt\/wp-json\/wp\/v2\/media?parent=1458"}],"wp:term":[{"taxonomy":"category","embeddable":true,"href":"https:\/\/ohme-ev.com\/pt\/wp-json\/wp\/v2\/categories?post=1458"},{"taxonomy":"post_tag","embeddable":true,"href":"https:\/\/ohme-ev.com\/pt\/wp-json\/wp\/v2\/tags?post=1458"}],"curies":[{"name":"wp","href":"https:\/\/api.w.org\/{rel}","templated":true}]}}