{"id":6453,"date":"2025-07-28T09:08:33","date_gmt":"2025-07-28T09:08:33","guid":{"rendered":"https:\/\/ohme-ev.com\/fr\/?page_id=6453"},"modified":"2025-10-07T09:51:31","modified_gmt":"2025-10-07T09:51:31","slug":"notre-installateur-partenaire-en-region-nantaise","status":"publish","type":"page","link":"https:\/\/ohme-ev.com\/fr\/notre-installateur-partenaire-en-region-nantaise\/","title":{"rendered":"Notre installateur partenaire en r\u00e9gion nantaise"},"content":{"rendered":"<div class=\"image-text-hero with-colour\" style=\"background-color: #032536;\">\n\n    <div class=\"contentWrapper imageLeft mobile-image-bottom\">\n        <div class=\"content-container\">\n            <div class=\"wrapper\">\n                                    <h1>Zoom sur Eco Charge<\/h1>\n                \n                                    <h5>Notre installateur partenaire en r\u00e9gion nantaise<\/h5>\n                \n                                    <p><p>Dans la r\u00e9gion nantaise, nous avons fait le choix de collaborer avec un installateur engag\u00e9, r\u00e9actif et exp\u00e9riment\u00e9 : Eco Charge. Partenaire de proximit\u00e9, Eco Charge partage notre vision d\u2019une mobilit\u00e9 \u00e9lectrique simple, fiable et durable.<\/p>\n<\/p>\n                \n                \n\n                            <\/div>\n        <\/div>\n\n        <div class=\"image-container\">\n                            <div class=\"image-wrapper\">\n                    <img decoding=\"async\" src=\"https:\/\/ohme-ev.com\/fr\/wp-content\/uploads\/sites\/9\/2025\/07\/logo-eco-charge-v3-noir-1.webp\" alt=\"\" \/>\n                <\/div>\n            \n                    <\/div>\n    <\/div>\n\n    <\/div>\n\n<!-- start block wrapper top -->\n<div id=\"\" class=\"blockWrapper top-default bottom-default   \">\n\n<div class=\"block video-block contentWrapper\">\n        <h2>Installation d&#8217;une borne Ohme par l&#8217;\u00e9quipe Eco Charge<\/h2>\n        \n    <div class=\"video\">\n        <div class=\"cover-image\">\n            <img decoding=\"async\" src=\"https:\/\/ohme-ev.com\/fr\/wp-content\/uploads\/sites\/9\/2023\/11\/Header-image_ePod-S-DBG_FR-scaled.webp\" alt=\"Visuel de la borne de recharge Ohme ePod S sur fond color\u00e9\" \/>\n            <img decoding=\"async\" class=\"play-icon\" src=\"https:\/\/ohme-ev.com\/fr\/wp-content\/themes\/ohme-energy\/shared\/images\/play.svg\" alt=\"Play icom\" \/>\n        <\/div>\n        <iframe loading=\"lazy\" title=\"Video d&#039;installation Ohme x Eco Charge 2025\" width=\"640\" height=\"360\" src=\"https:\/\/www.youtube.com\/embed\/dm4ybYV4h6o?feature=oembed&#038;hd=1&#038;autohide=1&#038;rel=0\" frameborder=\"0\" allow=\"accelerometer; autoplay; clipboard-write; encrypted-media; gyroscope; picture-in-picture; web-share\" referrerpolicy=\"strict-origin-when-cross-origin\" allowfullscreen frameborder=\"0\"style=\"display:none\"><\/iframe>    <\/div>\n\n    \n    \n    \n<\/div>\n\n<\/div>\n\n<div id=\"\" class=\"blockWrapper top-default bottom-smaller   \">\n\n    <div class=\"bgColour\">\n\n        <div class=\"threeColumnWrapper \">\n            <h2 class=\"title\">Pourquoi ce partenariat ?<\/h2>\n            <p class=\"subtitle regular \" style=\"\"><\/p>\n            <div class=\"columnsContainer\">\n                                        <div class=\"column\">\n                            <div class=\"imageContainer \">\n                                                                    <img loading=\"lazy\" decoding=\"async\" width=\"234\" height=\"242\" src=\"https:\/\/ohme-ev.com\/fr\/wp-content\/uploads\/sites\/9\/2023\/07\/epod-2.png\" class=\"attachment-column_hero size-column_hero\" alt=\"\" srcset=\"https:\/\/ohme-ev.com\/fr\/wp-content\/uploads\/sites\/9\/2023\/07\/epod-2.png 1154w, https:\/\/ohme-ev.com\/fr\/wp-content\/uploads\/sites\/9\/2023\/07\/epod-2-289x300.png 289w, https:\/\/ohme-ev.com\/fr\/wp-content\/uploads\/sites\/9\/2023\/07\/epod-2-988x1024.png 988w, https:\/\/ohme-ev.com\/fr\/wp-content\/uploads\/sites\/9\/2023\/07\/epod-2-768x796.png 768w, https:\/\/ohme-ev.com\/fr\/wp-content\/uploads\/sites\/9\/2023\/07\/epod-2-434x450.png 434w\" sizes=\"auto, (max-width: 234px) 100vw, 234px\" \/>\n                                                            <\/div>\n\n                            <div>\n                                <p class=\"label\"><\/p>\n                                <p class=\"subtitleColumn\">Expertise locale<\/p>\n                                <div class=\"body\"><p>Eco\u202fCharge couvre la r\u00e9gion nantaise et ses environs, s\u2019adapte aux besoins des particuliers comme des professionnels.<\/p>\n<\/div>\n                            <\/div>\n                        <\/div>\n                                                <div class=\"column\">\n                            <div class=\"imageContainer \">\n                                                                    <img loading=\"lazy\" decoding=\"async\" width=\"340\" height=\"227\" src=\"https:\/\/ohme-ev.com\/fr\/wp-content\/uploads\/sites\/9\/2025\/03\/A7501836-1-340x227.webp\" class=\"attachment-column_hero size-column_hero\" alt=\"\" srcset=\"https:\/\/ohme-ev.com\/fr\/wp-content\/uploads\/sites\/9\/2025\/03\/A7501836-1-340x227.webp 340w, https:\/\/ohme-ev.com\/fr\/wp-content\/uploads\/sites\/9\/2025\/03\/A7501836-1-300x200.webp 300w, https:\/\/ohme-ev.com\/fr\/wp-content\/uploads\/sites\/9\/2025\/03\/A7501836-1-1024x683.webp 1024w, https:\/\/ohme-ev.com\/fr\/wp-content\/uploads\/sites\/9\/2025\/03\/A7501836-1-768x512.webp 768w, https:\/\/ohme-ev.com\/fr\/wp-content\/uploads\/sites\/9\/2025\/03\/A7501836-1-276x184.webp 276w, https:\/\/ohme-ev.com\/fr\/wp-content\/uploads\/sites\/9\/2025\/03\/A7501836-1.webp 1200w\" sizes=\"auto, (max-width: 340px) 100vw, 340px\" \/>\n                                                            <\/div>\n\n                            <div>\n                                <p class=\"label\"><\/p>\n                                <p class=\"subtitleColumn\">Qualit\u00e9 garantie<\/p>\n                                <div class=\"body\"><p>Tous les installateurs sont IRVE, et les \u00e9quipements respectent les normes \u2013 notamment la borne Ohme ePod\u202fS, compacte, connect\u00e9e (3G &amp; 4G) et avec module de d\u00e9lestage.<\/p>\n<\/div>\n                            <\/div>\n                        <\/div>\n                                                <div class=\"column\">\n                            <div class=\"imageContainer \">\n                                                                    <img loading=\"lazy\" decoding=\"async\" width=\"334\" height=\"242\" src=\"https:\/\/ohme-ev.com\/fr\/wp-content\/uploads\/sites\/9\/2024\/02\/3-image-module_Mia-phone_master-622x450-1-334x242.webp\" class=\"attachment-column_hero size-column_hero\" alt=\"\" srcset=\"https:\/\/ohme-ev.com\/fr\/wp-content\/uploads\/sites\/9\/2024\/02\/3-image-module_Mia-phone_master-622x450-1-334x242.webp 334w, https:\/\/ohme-ev.com\/fr\/wp-content\/uploads\/sites\/9\/2024\/02\/3-image-module_Mia-phone_master-622x450-1-300x217.webp 300w, https:\/\/ohme-ev.com\/fr\/wp-content\/uploads\/sites\/9\/2024\/02\/3-image-module_Mia-phone_master-622x450-1-254x184.webp 254w, https:\/\/ohme-ev.com\/fr\/wp-content\/uploads\/sites\/9\/2024\/02\/3-image-module_Mia-phone_master-622x450-1.webp 622w\" sizes=\"auto, (max-width: 334px) 100vw, 334px\" \/>\n                                                            <\/div>\n\n                            <div>\n                                <p class=\"label\"><\/p>\n                                <p class=\"subtitleColumn\">S\u00e9r\u00e9nit\u00e9 assur\u00e9e<\/p>\n                                <div class=\"body\"><p>Etude technique et financi\u00e8re personnalis\u00e9e, suivi complet de votre projet et mise en service par l\u2019\u00e9quipe Eco\u202fCharge, sans sous\u2011traitance<\/p>\n<\/div>\n                            <\/div>\n                        <\/div>\n                                    <\/div>\n                            <div class=\"buttonsContainer\">\n                    \n                    <\/div>\n                    <\/div>\n    <\/div>\n<\/div>\n\n<div class=\"image-text-hero with-colour\" style=\"background-color: #032536;\">\n\n    <div class=\"contentWrapper imageLeft mobile-image-bottom\">\n        <div class=\"content-container\">\n            <div class=\"wrapper\">\n                                    <h1>Qui est Eco Charge ?<\/h1>\n                \n                \n                                    <p><p>Bas\u00e9e dans la r\u00e9gion nantaise, Eco Charge est une entreprise sp\u00e9cialis\u00e9e dans l\u2019installation de bornes de recharge pour v\u00e9hicules \u00e9lectriques. Elle accompagne particuliers, entreprises et collectivit\u00e9s dans la mise en place de solutions de recharge performantes, adapt\u00e9es aux usages locaux et respectueuses des normes en vigueur.<\/p>\n<\/p>\n                \n                \n\n                            <\/div>\n        <\/div>\n\n        <div class=\"image-container\">\n            \n                            <div class=\"image-wrapper top\">\n                    <img decoding=\"async\" src=\"https:\/\/ohme-ev.com\/fr\/wp-content\/uploads\/sites\/9\/2025\/07\/IMG-20250314-WA0027.webp\" alt=\"\">\n                <\/div>\n                <div class=\"image-wrapper bottom\">\n                    <img decoding=\"async\" src=\"https:\/\/ohme-ev.com\/fr\/wp-content\/uploads\/sites\/9\/2025\/07\/IMG-20250314-WA0023.webp\" alt=\"\">\n                    <img decoding=\"async\" src=\"https:\/\/ohme-ev.com\/fr\/wp-content\/uploads\/sites\/9\/2025\/07\/Screenshot_20250412_175137_LinkedIn.webp\" alt=\"\">\n                <\/div>\n                    <\/div>\n    <\/div>\n\n    <\/div>\n\n<div id=\"\" class=\"blockWrapper top-default bottom-default   no-max-width\">\n\n<div class=\"block quote-carousel-block\">\n    <div class=\"quote-carousel \">\n\n        <div class=\"title-arrow-container\">\n            <h2>Avis des clients sur Eco Charge<\/h2>\n            <div class=\"arrow-container\">\n            <\/div>\n        <\/div>\n\n        <div class=\"carousel-wrapper \">\n                                                <div class=\"item\">\n                        <div class=\"inner-content\">\n                            <p class=\"quote\">Tr\u00e8s bonne prestation ! Eco charge est un prestataire de confiance. <\/p>\n                            <p class=\"author\">JC Mauguit<\/p>\n                        <\/div>\n                    <\/div>\n                                    <div class=\"item\">\n                        <div class=\"inner-content\">\n                            <p class=\"quote\">Installation impeccable ! Devis rapide comp\u00e9titif. Entreprise tr\u00e8s s\u00e9rieuse, je recommande fortement !!<\/p>\n                            <p class=\"author\">Antoine Barbier<\/p>\n                        <\/div>\n                    <\/div>\n                                    <div class=\"item\">\n                        <div class=\"inner-content\">\n                            <p class=\"quote\">Super intervention Rien \u00e0 dire Super gentil Tr\u00e8s disponible<\/p>\n                            <p class=\"author\">Maximilien Colpin<\/p>\n                        <\/div>\n                    <\/div>\n                                    <div class=\"item\">\n                        <div class=\"inner-content\">\n                            <p class=\"quote\">Devis rapide, conseils pertinents sur le choix d&#8217;une borne de recharge 7 kW.<\/p>\n                            <p class=\"author\">Pascal Granjon<\/p>\n                        <\/div>\n                    <\/div>\n                                    <div class=\"item\">\n                        <div class=\"inner-content\">\n                            <p class=\"quote\">Installation borne pour mon v\u00e9hicule hybride. Travail soign\u00e9 tr\u00e8s satisfait<\/p>\n                            <p class=\"author\">Maxime Buet<\/p>\n                        <\/div>\n                    <\/div>\n                                    <div class=\"item\">\n                        <div class=\"inner-content\">\n                            <p class=\"quote\">Prestations tr\u00e8s satisfaisantes Visite avant vente, devis clair et installation soign\u00e9e Je recommande<\/p>\n                            <p class=\"author\">Philippe Levesque<\/p>\n                        <\/div>\n                    <\/div>\n                                    <div class=\"item\">\n                        <div class=\"inner-content\">\n                            <p class=\"quote\">Bonne installation et conseils pertinents. Borne install\u00e9e discr\u00e8te et intelligente. Merci.<\/p>\n                            <p class=\"author\">Olivier Pico<\/p>\n                        <\/div>\n                    <\/div>\n                                    <div class=\"item\">\n                        <div class=\"inner-content\">\n                            <p class=\"quote\">Top! Professionnels, ponctuels et de bon conseils. L\u2019installation s\u2019est tr\u00e8s bien pass\u00e9e! Je recommande les yeux ferm\u00e9s<\/p>\n                            <p class=\"author\">Mario Saad<\/p>\n                        <\/div>\n                    <\/div>\n                                    <\/div>\n            <\/div>\n<\/div>\n<\/div>","protected":false},"excerpt":{"rendered":"","protected":false},"author":34,"featured_media":0,"parent":0,"menu_order":0,"comment_status":"closed","ping_status":"closed","template":"","meta":{"_acf_changed":true,"_helpful_status":1,"footnotes":""},"partner":[],"class_list":["post-6453","page","type-page","status-publish","hentry"],"acf":[],"yoast_head":"<!-- This site is optimized with the Yoast SEO Premium plugin v27.5 (Yoast SEO v27.5) - https:\/\/yoast.com\/product\/yoast-seo-premium-wordpress\/ -->\n<title>Notre installateur partenaire en r\u00e9gion nantaise - Ohme EV France<\/title>\n<meta name=\"description\" content=\"D\u00e9couvrez notre installateur partenaire en r\u00e9gion nantaise : Eco Charge. Il explique pourquoi il a choisi d&#039;installer l&#039;ePod S !\" \/>\n<meta name=\"robots\" content=\"index, follow, max-snippet:-1, max-image-preview:large, max-video-preview:-1\" \/>\n<link rel=\"canonical\" href=\"https:\/\/ohme-ev.com\/fr\/notre-installateur-partenaire-en-region-nantaise\/\" \/>\n<meta property=\"og:locale\" content=\"fr_FR\" \/>\n<meta property=\"og:type\" content=\"article\" \/>\n<meta property=\"og:title\" content=\"Notre installateur partenaire en r\u00e9gion nantaise\" \/>\n<meta property=\"og:description\" content=\"D\u00e9couvrez notre installateur partenaire en r\u00e9gion nantaise : Eco Charge. Il explique pourquoi il a choisi d&#039;installer l&#039;ePod S !\" \/>\n<meta property=\"og:url\" content=\"https:\/\/ohme-ev.com\/fr\/notre-installateur-partenaire-en-region-nantaise\/\" \/>\n<meta property=\"og:site_name\" content=\"Ohme EV France\" \/>\n<meta property=\"article:publisher\" content=\"https:\/\/www.facebook.com\/OhmeEV\/\" \/>\n<meta property=\"article:modified_time\" content=\"2025-10-07T09:51:31+00:00\" \/>\n<meta name=\"twitter:card\" content=\"summary_large_image\" \/>\n<meta name=\"twitter:site\" content=\"@ohmeev\" \/>\n<script type=\"application\/ld+json\" class=\"yoast-schema-graph\">{\"@context\":\"https:\\\/\\\/schema.org\",\"@graph\":[{\"@type\":\"WebPage\",\"@id\":\"https:\\\/\\\/ohme-ev.com\\\/fr\\\/notre-installateur-partenaire-en-region-nantaise\\\/\",\"url\":\"https:\\\/\\\/ohme-ev.com\\\/fr\\\/notre-installateur-partenaire-en-region-nantaise\\\/\",\"name\":\"Notre installateur partenaire en r\u00e9gion nantaise - Ohme EV France\",\"isPartOf\":{\"@id\":\"https:\\\/\\\/ohme-ev.com\\\/fr\\\/#website\"},\"datePublished\":\"2025-07-28T09:08:33+00:00\",\"dateModified\":\"2025-10-07T09:51:31+00:00\",\"description\":\"D\u00e9couvrez notre installateur partenaire en r\u00e9gion nantaise : Eco Charge. Il explique pourquoi il a choisi d'installer l'ePod S !\",\"breadcrumb\":{\"@id\":\"https:\\\/\\\/ohme-ev.com\\\/fr\\\/notre-installateur-partenaire-en-region-nantaise\\\/#breadcrumb\"},\"inLanguage\":\"fr-fr\",\"potentialAction\":[{\"@type\":\"ReadAction\",\"target\":[\"https:\\\/\\\/ohme-ev.com\\\/fr\\\/notre-installateur-partenaire-en-region-nantaise\\\/\"]}]},{\"@type\":\"BreadcrumbList\",\"@id\":\"https:\\\/\\\/ohme-ev.com\\\/fr\\\/notre-installateur-partenaire-en-region-nantaise\\\/#breadcrumb\",\"itemListElement\":[{\"@type\":\"ListItem\",\"position\":1,\"name\":\"Home\",\"item\":\"https:\\\/\\\/ohme-ev.com\\\/fr\\\/\"},{\"@type\":\"ListItem\",\"position\":2,\"name\":\"Notre installateur partenaire en r\u00e9gion nantaise\"}]},{\"@type\":\"WebSite\",\"@id\":\"https:\\\/\\\/ohme-ev.com\\\/fr\\\/#website\",\"url\":\"https:\\\/\\\/ohme-ev.com\\\/fr\\\/\",\"name\":\"Ohme EV France\",\"description\":\"Ohme - EV Smart Charging Solutions\",\"potentialAction\":[{\"@type\":\"SearchAction\",\"target\":{\"@type\":\"EntryPoint\",\"urlTemplate\":\"https:\\\/\\\/ohme-ev.com\\\/fr\\\/?s={search_term_string}\"},\"query-input\":{\"@type\":\"PropertyValueSpecification\",\"valueRequired\":true,\"valueName\":\"search_term_string\"}}],\"inLanguage\":\"fr-fr\"}]}<\/script>\n<!-- \/ Yoast SEO Premium plugin. -->","yoast_head_json":{"title":"Notre installateur partenaire en r\u00e9gion nantaise - Ohme EV France","description":"D\u00e9couvrez notre installateur partenaire en r\u00e9gion nantaise : Eco Charge. Il explique pourquoi il a choisi d'installer l'ePod S !","robots":{"index":"index","follow":"follow","max-snippet":"max-snippet:-1","max-image-preview":"max-image-preview:large","max-video-preview":"max-video-preview:-1"},"canonical":"https:\/\/ohme-ev.com\/fr\/notre-installateur-partenaire-en-region-nantaise\/","og_locale":"fr_FR","og_type":"article","og_title":"Notre installateur partenaire en r\u00e9gion nantaise","og_description":"D\u00e9couvrez notre installateur partenaire en r\u00e9gion nantaise : Eco Charge. Il explique pourquoi il a choisi d'installer l'ePod S !","og_url":"https:\/\/ohme-ev.com\/fr\/notre-installateur-partenaire-en-region-nantaise\/","og_site_name":"Ohme EV France","article_publisher":"https:\/\/www.facebook.com\/OhmeEV\/","article_modified_time":"2025-10-07T09:51:31+00:00","twitter_card":"summary_large_image","twitter_site":"@ohmeev","schema":{"@context":"https:\/\/schema.org","@graph":[{"@type":"WebPage","@id":"https:\/\/ohme-ev.com\/fr\/notre-installateur-partenaire-en-region-nantaise\/","url":"https:\/\/ohme-ev.com\/fr\/notre-installateur-partenaire-en-region-nantaise\/","name":"Notre installateur partenaire en r\u00e9gion nantaise - Ohme EV France","isPartOf":{"@id":"https:\/\/ohme-ev.com\/fr\/#website"},"datePublished":"2025-07-28T09:08:33+00:00","dateModified":"2025-10-07T09:51:31+00:00","description":"D\u00e9couvrez notre installateur partenaire en r\u00e9gion nantaise : Eco Charge. Il explique pourquoi il a choisi d'installer l'ePod S !","breadcrumb":{"@id":"https:\/\/ohme-ev.com\/fr\/notre-installateur-partenaire-en-region-nantaise\/#breadcrumb"},"inLanguage":"fr-fr","potentialAction":[{"@type":"ReadAction","target":["https:\/\/ohme-ev.com\/fr\/notre-installateur-partenaire-en-region-nantaise\/"]}]},{"@type":"BreadcrumbList","@id":"https:\/\/ohme-ev.com\/fr\/notre-installateur-partenaire-en-region-nantaise\/#breadcrumb","itemListElement":[{"@type":"ListItem","position":1,"name":"Home","item":"https:\/\/ohme-ev.com\/fr\/"},{"@type":"ListItem","position":2,"name":"Notre installateur partenaire en r\u00e9gion nantaise"}]},{"@type":"WebSite","@id":"https:\/\/ohme-ev.com\/fr\/#website","url":"https:\/\/ohme-ev.com\/fr\/","name":"Ohme EV France","description":"Ohme - EV Smart Charging Solutions","potentialAction":[{"@type":"SearchAction","target":{"@type":"EntryPoint","urlTemplate":"https:\/\/ohme-ev.com\/fr\/?s={search_term_string}"},"query-input":{"@type":"PropertyValueSpecification","valueRequired":true,"valueName":"search_term_string"}}],"inLanguage":"fr-fr"}]}},"_links":{"self":[{"href":"https:\/\/ohme-ev.com\/fr\/wp-json\/wp\/v2\/pages\/6453","targetHints":{"allow":["GET"]}}],"collection":[{"href":"https:\/\/ohme-ev.com\/fr\/wp-json\/wp\/v2\/pages"}],"about":[{"href":"https:\/\/ohme-ev.com\/fr\/wp-json\/wp\/v2\/types\/page"}],"author":[{"embeddable":true,"href":"https:\/\/ohme-ev.com\/fr\/wp-json\/wp\/v2\/users\/34"}],"replies":[{"embeddable":true,"href":"https:\/\/ohme-ev.com\/fr\/wp-json\/wp\/v2\/comments?post=6453"}],"version-history":[{"count":0,"href":"https:\/\/ohme-ev.com\/fr\/wp-json\/wp\/v2\/pages\/6453\/revisions"}],"wp:attachment":[{"href":"https:\/\/ohme-ev.com\/fr\/wp-json\/wp\/v2\/media?parent=6453"}],"wp:term":[{"taxonomy":"partner","embeddable":true,"href":"https:\/\/ohme-ev.com\/fr\/wp-json\/wp\/v2\/partner?post=6453"}],"curies":[{"name":"wp","href":"https:\/\/api.w.org\/{rel}","templated":true}]}}