{"id":45615,"date":"2024-08-29T12:48:25","date_gmt":"2024-08-29T12:48:25","guid":{"rendered":"https:\/\/ohme-ev.com\/?post_type=guides&#038;p=41335"},"modified":"2026-04-07T15:23:37","modified_gmt":"2026-04-07T15:23:37","slug":"faq-sur-les-devis-dinstallation-personnalisee","status":"publish","type":"guides","link":"https:\/\/ohme-ev.com\/fr\/aide\/faq-sur-les-devis-dinstallation-personnalisee\/","title":{"rendered":"FAQ sur les devis d\u2019installation sur mesure"},"content":{"rendered":"\n<div class=\"wp-block-group modules-layout\"><div class=\"wp-block-group__inner-container is-layout-constrained wp-block-group-is-layout-constrained\">\n<h4 class=\"wp-block-heading\" id=\"Why-might-I-receive-a-quote-for-a-custom-installation\">Pourquoi puis-je recevoir un devis pour une installation non standard sur mesure ?<\/h4>\n\n\n\n<p>La plupart de nos installations suivent un processus standard avec des \u00e9quipements similaires. Cependant, chaque logement est diff\u00e9rent, et il arrive que nous identifiions des situations n\u00e9cessitant des travaux ou du mat\u00e9riel suppl\u00e9mentaires pour installer votre chargeur. Dans ce cas, des co\u00fbts additionnels peuvent s\u2019appliquer.<\/p>\n<\/div><\/div>\n\n\n\n<div class=\"wp-block-group modules-layout\"><div class=\"wp-block-group__inner-container is-layout-constrained wp-block-group-is-layout-constrained\">\n<h4 class=\"wp-block-heading\" id=\"What-makes-up-a-standard-installation-vs-a-\u2018custom\u2019-installation\">Quelle est la diff\u00e9rence entre une installation standard et une installation non-standard ?<\/h4>\n\n\n\n<p>Vous pouvez consulter cet article de notre centre d\u2019aide pour plus d\u2019informations :<a href=\"https:\/\/ohme-ev.com\/fr\/aide\/que-comprend-une-installation-standard\/\" id=\"https:\/\/ohme-ev.com\/fr\/aide\/quest-ce-qui-est-inclus-dans-une-installation-standard\/\" target=\"_blank\" rel=\"noreferrer noopener\">Que comprend une installation standard ?<\/a><\/p>\n\n\n\n<h4 class=\"wp-block-heading\" id=\"What-happens-after-I-receive-a-quote-for-a-custom-installation\">Que se passe-t-il apr\u00e8s la r\u00e9ception d\u2019un devis pour une installation sur mesure ?<\/h4>\n\n\n\n<p>Si le devis vous convient et que vous effectuez le paiement via le lien fourni, nous pourrons ensuite planifier votre installation.<\/p>\n<\/div><\/div>\n\n\n\n<div class=\"wp-block-group modules-layout\"><div class=\"wp-block-group__inner-container is-layout-constrained wp-block-group-is-layout-constrained\">\n<h4 class=\"wp-block-heading\" id=\"What-can-I-do-if-I-would-like-to-discuss-the-quote-for-my-custom-installation\">Que faire si je souhaite discuter du devis de mon installation sur mesure ?<\/h4>\n\n\n\n<p>Nous sommes toujours disponibles pour \u00e9changer sur les devis. Si votre installation est consid\u00e9r\u00e9e comme \u00ab non-standard \u00bb en raison de la longueur de c\u00e2blage ou de travaux de terrassement, nous pouvons \u00e9tudier avec vous d\u2019autres emplacements possibles pour le chargeur afin de r\u00e9duire les co\u00fbts.<\/p>\n<\/div><\/div>\n\n\n\n<div class=\"wp-block-group modules-layout\"><div class=\"wp-block-group__inner-container is-layout-constrained wp-block-group-is-layout-constrained\">\n<h4 class=\"wp-block-heading\" id=\"Can-I-do-my-own-work\">Puis-je r\u00e9aliser moi-m\u00eame certains travaux ?<\/h4>\n\n\n\n<p>Seuls les partenaires installateurs agr\u00e9\u00e9s Ohme sont autoris\u00e9s \u00e0 intervenir sur votre installation. Ils prennent en charge l\u2019ensemble des travaux, du d\u00e9but \u00e0 la fin, afin de garantir une installation s\u00fbre et conforme.<\/p>\n\n\n\n<p><\/p>\n<\/div><\/div>\n\r\n\t\t\t<div id=\"daexthefu-container\"\r\n\t\t\t\tclass=\"daexthefu-container daexthefu-layout-side-by-side daexthefu-alignment-left\"\r\n\t\t\t\tdata-post-id=\"45615\">\r\n\r\n\t\t\t\t<div class=\"daexthefu-feedback\">\r\n\t\t\t\t\t<div class=\"daexthefu-text\">\r\n\t\t\t\t\t\t<h3 class=\"daexthefu-title\">Cet article vous a-t-il \u00e9t\u00e9 utile ?<\/h3>\r\n\t\t\t\t\t<\/div>\r\n\t\t\t\t\t<div class=\"daexthefu-buttons-container\">\r\n\t\t\t\t\t\t<div class=\"daexthefu-buttons\">\r\n\t\t\t\t\t\t\t\r\n\t\t\t<div class=\"daexthefu-yes daexthefu-button daexthefu-button-type-icon\" data-value=\"1\">\r\n\t\t\t\t\r\n                <svg>\r\n                    <defs>\r\n                        <style>.thumb-up-cls-1{fill:#c9c9c9;}.thumb-up-cls-2{fill:#e1e1e1;}.thumb-up-cls-3{fill:#676767;}<\/style>\r\n                    <\/defs>\r\n                    <g id=\"thumb_up\">\r\n                        <path class=\"thumb-up-cls-2 daexthefu-icon-circle\" d=\"m24,3c11.58,0,21,9.42,21,21s-9.42,21-21,21S3,35.58,3,24,12.42,3,24,3m0-1C11.85,2,2,11.85,2,24s9.85,22,22,22,22-9.85,22-22S36.15,2,24,2h0Z\" \/>\r\n                        <g>\r\n                            <rect class=\"thumb-up-cls-3 daexthefu-icon-secondary-color\" x=\"10\" y=\"20\" width=\"6\" height=\"15\" rx=\"1.5\" ry=\"1.5\" \/>\r\n                            <path class=\"thumb-up-cls-1 daexthefu-icon-primary-color\" d=\"m30.57,9.06l-.49-.1c-.81-.17-1.61.35-1.78,1.16l-5.3,11.74c-.17.81,3.16,1.61,3.97,1.78l1.96.41c.81.17,1.61-.35,1.78-1.16l2.18-10.27c.34-1.61-.7-3.21-2.31-3.56Z\" \/>\r\n                            <path class=\"thumb-up-cls-1 daexthefu-icon-primary-color\" d=\"m38.17,20h-18.67c-.83,0-1.5.67-1.5,1.5v12c0,.83.67,1.5,1.5,1.5h16.27c.71,0,1.33-.5,1.47-1.21l2.4-12c.19-.93-.53-1.8-1.47-1.8Z\" \/>\r\n                        <\/g>\r\n                    <\/g>\r\n                <\/svg>\t\t\t<\/div>\r\n\r\n\t\t\t\t\t\t\t\t\t\t\r\n\t\t\t<div class=\"daexthefu-no daexthefu-button daexthefu-button-type-icon\" data-value=\"0\">\r\n\t\t\t\t\r\n                <svg>\r\n                    <defs>\r\n                        <style>.thumb-down-cls-1{fill:#c9c9c9;}.thumb-down-cls-2{fill:#e1e1e1;}.thumb-down-cls-3{fill:#676767;}<\/style>\r\n                    <\/defs>\r\n                    <g id=\"thumb_down\">\r\n                        <path class=\"thumb-down-cls-2 daexthefu-icon-circle\" d=\"m24,3c11.58,0,21,9.42,21,21s-9.42,21-21,21S3,35.58,3,24,12.42,3,24,3m0-1C11.85,2,2,11.85,2,24s9.85,22,22,22,22-9.85,22-22S36.15,2,24,2h0Z\" \/>\r\n                        <g>\r\n                            <rect class=\"thumb-down-cls-3 daexthefu-icon-secondary-color\" x=\"10\" y=\"13\" width=\"6\" height=\"15\" rx=\"1.5\" ry=\"1.5\" \/>\r\n                            <path class=\"thumb-down-cls-1 daexthefu-icon-primary-color\" d=\"m30.57,38.94l-.49.1c-.81.17-1.61-.35-1.78-1.16l-5.3-11.74c-.17-.81,3.16-1.61,3.97-1.78l1.96-.41c.81-.17,1.61.35,1.78,1.16l2.18,10.27c.34,1.61-.7,3.21-2.31,3.56Z\" \/>\r\n                            <path class=\"thumb-down-cls-1 daexthefu-icon-primary-color\" d=\"m38.17,28h-18.67c-.83,0-1.5-.67-1.5-1.5v-12c0-.83.67-1.5,1.5-1.5h16.27c.71,0,1.33.5,1.47,1.21l2.4,12c.19.93-.53,1.8-1.47,1.8Z\" \/>\r\n                        <\/g>\r\n                    <\/g>\r\n                <\/svg>\t\t\t<\/div>\r\n\r\n\t\t\t\t\t\t\t\t\t<\/div>\r\n\t\t\t\t\t<\/div>\r\n\t\t\t\t<\/div>\r\n\r\n\t\t\t\t<div class=\"daexthefu-comment\">\r\n\t\t\t\t\t<div class=\"daexthefu-comment-top-container\">\r\n\t\t\t\t\t\t<label id=\"daexthefu-comment-label\" class=\"daexthefu-comment-label\"><\/label>\r\n\t\t\t\t\t\t\t\t\t\t\t\t\t<div class=\"daexthefu-comment-character-counter-container\">\r\n\t\t\t\t\t\t\t\t<div id=\"daexthefu-comment-character-counter-number\"\r\n\t\t\t\t\t\t\t\t\tclass=\"daexthefu-comment-character-counter-number\"><\/div>\r\n\t\t\t\t\t\t\t\t<div class=\"daexthefu-comment-character-counter-text\"><\/div>\r\n\t\t\t\t\t\t\t<\/div>\r\n\t\t\t\t\t\t\t\t\t\t\t<\/div>\r\n\t\t\t\t\t<textarea id=\"daexthefu-comment-textarea\" class=\"daexthefu-comment-textarea\"\r\n\t\t\t\t\t\t\t\tplaceholder=\"Type your message\"\r\n\t\t\t\t\t\t\t\tmaxlength=\"\r\n\t\t\t\t\t\t\t\t400\t\t\t\t\t\t\t\t\t\"><\/textarea>\r\n\t\t\t\t\t<div class=\"daexthefu-comment-buttons-container\">\r\n\t\t\t\t\t\t<button class=\"daexthefu-comment-submit daexthefu-button\">Submit<\/button>\r\n\t\t\t\t\t\t<button class=\"daexthefu-comment-cancel daexthefu-button\">Cancel<\/button>\r\n\t\t\t\t\t<\/div>\r\n\t\t\t\t<\/div>\r\n\r\n\t\t\t\t<div class=\"daexthefu-successful-submission-text\">Thanks for your feedback!<\/div>\r\n\r\n\t\t\t<\/div>\r\n\r\n\t\t\t","protected":false},"excerpt":{"rendered":"<p>Pourquoi puis-je recevoir un devis pour une installation non standard sur mesure ? La plupart de nos installations suivent un processus standard avec des \u00e9quipements similaires. Cependant, chaque logement est diff\u00e9rent, et il arrive que nous identifiions des situations n\u00e9cessitant des travaux ou du mat\u00e9riel suppl\u00e9mentaires pour installer votre chargeur. Dans ce cas, des co\u00fbts [&hellip;]<\/p>\n","protected":false},"featured_media":39566,"template":"","meta":{"_acf_changed":false,"_helpful_status":1},"categories":[485],"tags":[506,505,504,503,502,501,500,487],"class_list":["post-45615","guides","type-guides","status-publish","has-post-thumbnail","hentry","category-votre-installation","tag-terrassement-borne","tag-longueur-cable-borne","tag-travaux-installation-borne","tag-installation-standard-vs-sur-mesure","tag-cout-installation-borne","tag-devis-installation","tag-installation-sur-mesure","tag-emplacement-chargeur"],"acf":[],"yoast_head":"<!-- This site is optimized with the Yoast SEO Premium plugin v27.5 (Yoast SEO v27.5) - https:\/\/yoast.com\/product\/yoast-seo-premium-wordpress\/ -->\n<title>FAQ sur les devis d\u2019installation sur mesure - Ohme EV France<\/title>\n<meta name=\"description\" content=\"Tout savoir sur les devis d\u2019installation personnalis\u00e9e : d\u00e9lais, \u00e9l\u00e9ments inclus et conseils\" \/>\n<meta name=\"robots\" content=\"index, follow, max-snippet:-1, max-image-preview:large, max-video-preview:-1\" \/>\n<link rel=\"canonical\" href=\"https:\/\/ohme-ev.com\/fr\/aide\/faq-sur-les-devis-dinstallation-personnalisee\/\" \/>\n<meta property=\"og:locale\" content=\"fr_FR\" \/>\n<meta property=\"og:type\" content=\"article\" \/>\n<meta property=\"og:title\" content=\"FAQ sur les devis d\u2019installation sur mesure\" \/>\n<meta property=\"og:description\" content=\"Tout savoir sur les devis d\u2019installation personnalis\u00e9e : d\u00e9lais, \u00e9l\u00e9ments inclus et conseils\" \/>\n<meta property=\"og:url\" content=\"https:\/\/ohme-ev.com\/fr\/aide\/faq-sur-les-devis-dinstallation-personnalisee\/\" \/>\n<meta property=\"og:site_name\" content=\"Ohme EV France\" \/>\n<meta property=\"article:publisher\" content=\"https:\/\/www.facebook.com\/OhmeEV\/\" \/>\n<meta property=\"article:modified_time\" content=\"2026-04-07T15:23:37+00:00\" \/>\n<meta name=\"twitter:card\" content=\"summary_large_image\" \/>\n<meta name=\"twitter:site\" content=\"@ohmeev\" \/>\n<meta name=\"twitter:label1\" content=\"Est. reading time\" \/>\n\t<meta name=\"twitter:data1\" content=\"1 minute\" \/>\n<script type=\"application\/ld+json\" class=\"yoast-schema-graph\">{\"@context\":\"https:\\\/\\\/schema.org\",\"@graph\":[{\"@type\":\"WebPage\",\"@id\":\"https:\\\/\\\/ohme-ev.com\\\/fr\\\/aide\\\/faq-sur-les-devis-dinstallation-personnalisee\\\/\",\"url\":\"https:\\\/\\\/ohme-ev.com\\\/fr\\\/aide\\\/faq-sur-les-devis-dinstallation-personnalisee\\\/\",\"name\":\"FAQ sur les devis d\u2019installation sur mesure - Ohme EV France\",\"isPartOf\":{\"@id\":\"https:\\\/\\\/ohme-ev.com\\\/fr\\\/#website\"},\"primaryImageOfPage\":{\"@id\":\"https:\\\/\\\/ohme-ev.com\\\/fr\\\/aide\\\/faq-sur-les-devis-dinstallation-personnalisee\\\/#primaryimage\"},\"image\":{\"@id\":\"https:\\\/\\\/ohme-ev.com\\\/fr\\\/aide\\\/faq-sur-les-devis-dinstallation-personnalisee\\\/#primaryimage\"},\"thumbnailUrl\":\"\",\"datePublished\":\"2024-08-29T12:48:25+00:00\",\"dateModified\":\"2026-04-07T15:23:37+00:00\",\"description\":\"Tout savoir sur les devis d\u2019installation personnalis\u00e9e : d\u00e9lais, \u00e9l\u00e9ments inclus et conseils\",\"breadcrumb\":{\"@id\":\"https:\\\/\\\/ohme-ev.com\\\/fr\\\/aide\\\/faq-sur-les-devis-dinstallation-personnalisee\\\/#breadcrumb\"},\"inLanguage\":\"fr-fr\",\"potentialAction\":[{\"@type\":\"ReadAction\",\"target\":[\"https:\\\/\\\/ohme-ev.com\\\/fr\\\/aide\\\/faq-sur-les-devis-dinstallation-personnalisee\\\/\"]}]},{\"@type\":\"ImageObject\",\"inLanguage\":\"fr-fr\",\"@id\":\"https:\\\/\\\/ohme-ev.com\\\/fr\\\/aide\\\/faq-sur-les-devis-dinstallation-personnalisee\\\/#primaryimage\",\"url\":\"\",\"contentUrl\":\"\"},{\"@type\":\"BreadcrumbList\",\"@id\":\"https:\\\/\\\/ohme-ev.com\\\/fr\\\/aide\\\/faq-sur-les-devis-dinstallation-personnalisee\\\/#breadcrumb\",\"itemListElement\":[{\"@type\":\"ListItem\",\"position\":1,\"name\":\"Home\",\"item\":\"https:\\\/\\\/ohme-ev.com\\\/fr\\\/\"},{\"@type\":\"ListItem\",\"position\":2,\"name\":\"Support guides\",\"item\":\"https:\\\/\\\/ohme-ev.com\\\/fr\\\/support\\\/\"},{\"@type\":\"ListItem\",\"position\":3,\"name\":\"FAQ sur les devis d\u2019installation sur mesure\"}]},{\"@type\":\"WebSite\",\"@id\":\"https:\\\/\\\/ohme-ev.com\\\/fr\\\/#website\",\"url\":\"https:\\\/\\\/ohme-ev.com\\\/fr\\\/\",\"name\":\"Ohme EV France\",\"description\":\"Ohme - EV Smart Charging Solutions\",\"potentialAction\":[{\"@type\":\"SearchAction\",\"target\":{\"@type\":\"EntryPoint\",\"urlTemplate\":\"https:\\\/\\\/ohme-ev.com\\\/fr\\\/?s={search_term_string}\"},\"query-input\":{\"@type\":\"PropertyValueSpecification\",\"valueRequired\":true,\"valueName\":\"search_term_string\"}}],\"inLanguage\":\"fr-fr\"}]}<\/script>\n<!-- \/ Yoast SEO Premium plugin. -->","yoast_head_json":{"title":"FAQ sur les devis d\u2019installation sur mesure - Ohme EV France","description":"Tout savoir sur les devis d\u2019installation personnalis\u00e9e : d\u00e9lais, \u00e9l\u00e9ments inclus et conseils","robots":{"index":"index","follow":"follow","max-snippet":"max-snippet:-1","max-image-preview":"max-image-preview:large","max-video-preview":"max-video-preview:-1"},"canonical":"https:\/\/ohme-ev.com\/fr\/aide\/faq-sur-les-devis-dinstallation-personnalisee\/","og_locale":"fr_FR","og_type":"article","og_title":"FAQ sur les devis d\u2019installation sur mesure","og_description":"Tout savoir sur les devis d\u2019installation personnalis\u00e9e : d\u00e9lais, \u00e9l\u00e9ments inclus et conseils","og_url":"https:\/\/ohme-ev.com\/fr\/aide\/faq-sur-les-devis-dinstallation-personnalisee\/","og_site_name":"Ohme EV France","article_publisher":"https:\/\/www.facebook.com\/OhmeEV\/","article_modified_time":"2026-04-07T15:23:37+00:00","twitter_card":"summary_large_image","twitter_site":"@ohmeev","twitter_misc":{"Est. reading time":"1 minute"},"schema":{"@context":"https:\/\/schema.org","@graph":[{"@type":"WebPage","@id":"https:\/\/ohme-ev.com\/fr\/aide\/faq-sur-les-devis-dinstallation-personnalisee\/","url":"https:\/\/ohme-ev.com\/fr\/aide\/faq-sur-les-devis-dinstallation-personnalisee\/","name":"FAQ sur les devis d\u2019installation sur mesure - Ohme EV France","isPartOf":{"@id":"https:\/\/ohme-ev.com\/fr\/#website"},"primaryImageOfPage":{"@id":"https:\/\/ohme-ev.com\/fr\/aide\/faq-sur-les-devis-dinstallation-personnalisee\/#primaryimage"},"image":{"@id":"https:\/\/ohme-ev.com\/fr\/aide\/faq-sur-les-devis-dinstallation-personnalisee\/#primaryimage"},"thumbnailUrl":"","datePublished":"2024-08-29T12:48:25+00:00","dateModified":"2026-04-07T15:23:37+00:00","description":"Tout savoir sur les devis d\u2019installation personnalis\u00e9e : d\u00e9lais, \u00e9l\u00e9ments inclus et conseils","breadcrumb":{"@id":"https:\/\/ohme-ev.com\/fr\/aide\/faq-sur-les-devis-dinstallation-personnalisee\/#breadcrumb"},"inLanguage":"fr-fr","potentialAction":[{"@type":"ReadAction","target":["https:\/\/ohme-ev.com\/fr\/aide\/faq-sur-les-devis-dinstallation-personnalisee\/"]}]},{"@type":"ImageObject","inLanguage":"fr-fr","@id":"https:\/\/ohme-ev.com\/fr\/aide\/faq-sur-les-devis-dinstallation-personnalisee\/#primaryimage","url":"","contentUrl":""},{"@type":"BreadcrumbList","@id":"https:\/\/ohme-ev.com\/fr\/aide\/faq-sur-les-devis-dinstallation-personnalisee\/#breadcrumb","itemListElement":[{"@type":"ListItem","position":1,"name":"Home","item":"https:\/\/ohme-ev.com\/fr\/"},{"@type":"ListItem","position":2,"name":"Support guides","item":"https:\/\/ohme-ev.com\/fr\/support\/"},{"@type":"ListItem","position":3,"name":"FAQ sur les devis d\u2019installation sur mesure"}]},{"@type":"WebSite","@id":"https:\/\/ohme-ev.com\/fr\/#website","url":"https:\/\/ohme-ev.com\/fr\/","name":"Ohme EV France","description":"Ohme - EV Smart Charging Solutions","potentialAction":[{"@type":"SearchAction","target":{"@type":"EntryPoint","urlTemplate":"https:\/\/ohme-ev.com\/fr\/?s={search_term_string}"},"query-input":{"@type":"PropertyValueSpecification","valueRequired":true,"valueName":"search_term_string"}}],"inLanguage":"fr-fr"}]}},"_links":{"self":[{"href":"https:\/\/ohme-ev.com\/fr\/wp-json\/wp\/v2\/guides\/45615","targetHints":{"allow":["GET"]}}],"collection":[{"href":"https:\/\/ohme-ev.com\/fr\/wp-json\/wp\/v2\/guides"}],"about":[{"href":"https:\/\/ohme-ev.com\/fr\/wp-json\/wp\/v2\/types\/guides"}],"wp:featuredmedia":[{"embeddable":true,"href":"https:\/\/ohme-ev.com\/fr\/wp-json\/"}],"wp:attachment":[{"href":"https:\/\/ohme-ev.com\/fr\/wp-json\/wp\/v2\/media?parent=45615"}],"wp:term":[{"taxonomy":"category","embeddable":true,"href":"https:\/\/ohme-ev.com\/fr\/wp-json\/wp\/v2\/categories?post=45615"},{"taxonomy":"post_tag","embeddable":true,"href":"https:\/\/ohme-ev.com\/fr\/wp-json\/wp\/v2\/tags?post=45615"}],"curies":[{"name":"wp","href":"https:\/\/api.w.org\/{rel}","templated":true}]}}