{"id":2375,"date":"2023-08-21T09:34:51","date_gmt":"2023-08-21T09:34:51","guid":{"rendered":"https:\/\/ohme.wpengine.com\/ie\/?post_type=guides&#038;p=1307"},"modified":"2026-02-26T15:24:54","modified_gmt":"2026-02-26T15:24:54","slug":"votre-premiere-recharge","status":"publish","type":"guides","link":"https:\/\/ohme-ev.com\/fr\/aide\/votre-premiere-recharge\/","title":{"rendered":"Votre premi\u00e8re recharge"},"content":{"rendered":"\n<p>Charger votre v\u00e9hicule pour la premi\u00e8re fois peut sembler intimidant si vous ne l\u2019avez jamais fait auparavant. Ne vous inqui\u00e9tez pas: vous serez un pro de la recharge en un rien de temps. Voici tout ce que vous devez savoir sur votre premi\u00e8re recharge&nbsp;:<\/p>\n\n\n\n<div class=\"wp-block-group modules-layout\"><div class=\"wp-block-group__inner-container is-layout-constrained wp-block-group-is-layout-constrained\">\n<ul class=\"wp-block-list\">\n<li><a href=\"#telecharger-application-Ohme\">T\u00e9l\u00e9chargement de l\u2019application Ohme<\/a><\/li>\n\n\n\n<li><a href=\"#cr\u00e9ation-compte\">Cr\u00e9ation de votre compte<\/a><\/li>\n\n\n\n<li><a href=\"#s\u00e9lection-v\u00e9hicule\">S\u00e9lection de votre v\u00e9hicule<\/a><\/li>\n\n\n\n<li><a href=\"#synchronisation-borne-de-recharge\">Synchronisation de votre borne de recharge<\/a><\/li>\n\n\n\n<li><a href=\"#activation-plafond-prix\">Activation d\u2019un plafond de prix<\/a><\/li>\n<\/ul>\n\n\n\n<h2 class=\"wp-block-heading\" id=\"telecharger-application-Ohme\">T\u00e9l\u00e9chargement de l\u2019application Ohme<\/h2>\n\n\n\n<p>Pour tirer le meilleur parti de votre nouvelle borne de recharge, vous devrez t\u00e9l\u00e9charger l\u2019application Ohme. Rendez-vous sur <a href=\"https:\/\/apps.apple.com\/gb\/app\/ohme-intelligent-ev-charger\/id1377322844\">l\u2019App Store<\/a> ou le <a href=\"https:\/\/play.google.com\/store\/apps\/details?id=io.ohme.android&amp;hl=en_GB&amp;gl=US\">Playstore<\/a> pour t\u00e9l\u00e9charger l\u2019application Ohme et cr\u00e9er votre compte. Veuillez noter qu\u2019Ohme n\u00e9cessite une couverture r\u00e9seau mobile 3G\/4G de bonne qualit\u00e9 pour fonctionner comme une borne de recharge intelligente. Vous pourrez toujours utiliser votre borne de recharge sans couverture r\u00e9seau, mais vous ne pourrez pas b\u00e9n\u00e9ficier des capacit\u00e9s de recharge intelligente d\u2019Ohme.<\/p>\n\n\n\n<h2 class=\"wp-block-heading\" id=\"cr\u00e9ation-compte\">Cr\u00e9ation de votre compte<\/h2>\n\n\n<div id=\"\" class=\"blockWrapper top-default bottom-default   \">\n\n\n<div class=\"contentWrapper textImageLeft  image\">\n            <div class=\"imageContainer\">\n            <img decoding=\"async\" loading=\"lazy\" src=\"https:\/\/ohme-ev.com\/fr\/wp-content\/uploads\/sites\/9\/2023\/08\/image-1.jpeg\" alt=\"\"\/>\n        <\/div>\n\n        <div class=\"textContainer\">\n        <h3 class=\"title\">\u00c9tape 1 : s\u00e9lection de votre pays<\/h3>\n        <h4 class=\"subtitle regular\"><\/h4>\n        <div class=\"text\"><p>Lorsque vous ouvrez l\u2019application Ohme pour la premi\u00e8re fois, il vous est demand\u00e9 de s\u00e9lectionner le pays dans lequel vous vous trouvez. Lorsque vous avez termin\u00e9, appuyez sur Continuer.<\/p>\n<\/div>\n        <div class=\"buttonsContainer\">\n                    <\/div>\n            <\/div>\n<\/div>\n<\/div>\n\n<div id=\"\" class=\"blockWrapper top-default bottom-default   \">\n\n\n<div class=\"contentWrapper textImageLeft  image\">\n            <div class=\"imageContainer\">\n            <img decoding=\"async\" loading=\"lazy\" src=\"https:\/\/ohme-ev.com\/fr\/wp-content\/uploads\/sites\/9\/2023\/08\/Appli_website_MentionsLegales.png\" alt=\"\"\/>\n        <\/div>\n\n        <div class=\"textContainer\">\n        <h3 class=\"title\">\u00c9tape 2 :<\/h3>\n        <h4 class=\"subtitle regular\"><\/h4>\n        <div class=\"text\"><p>Ensuite, vous devez accepter les Conditions g\u00e9n\u00e9rales d\u2019Ohme. Vous pouvez appuyer sur les liens pour lire les Conditions g\u00e9n\u00e9rales, puis sur \u00ab\u00a0J\u2019accepte\u00a0\u00bb pour passer \u00e0 l\u2019\u00e9tape suivante.<\/p>\n<\/div>\n        <div class=\"buttonsContainer\">\n                    <\/div>\n            <\/div>\n<\/div>\n<\/div>\n\n<div id=\"\" class=\"blockWrapper top-default bottom-default   \">\n\n\n<div class=\"contentWrapper textImageLeft  image\">\n            <div class=\"imageContainer\">\n            <img decoding=\"async\" loading=\"lazy\" src=\"https:\/\/ohme-ev.com\/fr\/wp-content\/uploads\/sites\/9\/2023\/08\/image-3.jpeg\" alt=\"\"\/>\n        <\/div>\n\n        <div class=\"textContainer\">\n        <h3 class=\"title\">\u00c9tape 3 :<\/h3>\n        <h4 class=\"subtitle regular\"><\/h4>\n        <div class=\"text\"><p>Lorsque vous ouvrez l\u2019application Ohme pour la premi\u00e8re fois, vous voyez quatre options pour cr\u00e9er un compte Ohme. Les trois premi\u00e8res vous permettent de cr\u00e9er un compte \u00e0 l\u2019aide d\u2019un compte de r\u00e9seau social existant tel que Google, Apple ID ou Facebook.<\/p>\n<p><strong>Conseil : si vous souhaitez acc\u00e9der \u00e0 votre compte Ohme sur plusieurs appareils, ou partager le compte avec d\u2019autres utilisateurs, nous vous recommandons de cr\u00e9er un compte avec un e-mail.<\/strong><\/p>\n<\/div>\n        <div class=\"buttonsContainer\">\n                    <\/div>\n            <\/div>\n<\/div>\n<\/div>\n\n<div id=\"\" class=\"blockWrapper top-default bottom-default   \">\n\n\n<div class=\"contentWrapper textImageLeft  image\">\n            <div class=\"imageContainer\">\n            <img decoding=\"async\" loading=\"lazy\" src=\"https:\/\/ohme-ev.com\/fr\/wp-content\/uploads\/sites\/9\/2023\/08\/image-5.jpeg\" alt=\"\"\/>\n        <\/div>\n\n        <div class=\"textContainer\">\n        <h3 class=\"title\">D\u00e9finition de l\u2019adresse de votre domicile<\/h3>\n        <h4 class=\"subtitle regular\"><\/h4>\n        <div class=\"text\"><p>Vous serez invit\u00e9(e) \u00e0 renseigner les d\u00e9tails de l\u2019adresse de votre domicile.<\/p>\n<p>&nbsp;<\/p>\n<\/div>\n        <div class=\"buttonsContainer\">\n                    <\/div>\n            <\/div>\n<\/div>\n<\/div>\n\n<div id=\"\" class=\"blockWrapper top-default bottom-default   \">\n\n\n<div class=\"contentWrapper textImageLeft  image\">\n            <div class=\"imageContainer\">\n            <img decoding=\"async\" loading=\"lazy\" src=\"https:\/\/ohme-ev.com\/fr\/wp-content\/uploads\/sites\/9\/2023\/08\/image-4.jpeg\" alt=\"\"\/>\n        <\/div>\n\n        <div class=\"textContainer\">\n        <h3 class=\"title\">\u00c9tape 4 :<\/h3>\n        <h4 class=\"subtitle regular\"><\/h4>\n        <div class=\"text\"><p>Enfin, vous voyez une liste des informations n\u00e9cessaires pour terminer la configuration de votre compte Ohme.<\/p>\n<ul>\n<li>L\u2019adresse de votre domicile<\/li>\n<li>Votre tarif d\u2019\u00e9lectricit\u00e9<\/li>\n<li>Votre borne de recharge<\/li>\n<li>Les informations concernant votre v\u00e9hicule<\/li>\n<\/ul>\n<\/div>\n        <div class=\"buttonsContainer\">\n                    <\/div>\n            <\/div>\n<\/div>\n<\/div>\n\n<div id=\"\" class=\"blockWrapper top-default bottom-default   \">\n\n\n<div class=\"contentWrapper textImageLeft  image\">\n            <div class=\"imageContainer\">\n            <img decoding=\"async\" loading=\"lazy\" src=\"https:\/\/ohme-ev.com\/fr\/wp-content\/uploads\/sites\/9\/2023\/08\/image-6.jpeg\" alt=\"\"\/>\n        <\/div>\n\n        <div class=\"textContainer\">\n        <h3 class=\"title\">D\u00e9finition de votre tarif<\/h3>\n        <h4 class=\"subtitle regular\"><\/h4>\n        <div class=\"text\"><p><!-- wp:paragraph --><\/p>\n<p>Ohme prend en charge le tarif simple, le tarif heure pleine\/heure creuse et le tarif multiple.<\/p>\n<p><!-- \/wp:paragraph --> <!-- wp:paragraph --><\/p>\n<p>Si vous ne savez pas combien vous payez pour votre \u00e9lectricit\u00e9, vous pouvez consulter votre facture d\u2019\u00e9lectricit\u00e9 ou contacter directement votre fournisseur d\u2019\u00e9lectricit\u00e9 pour le confirmer.<\/p>\n<p><!-- \/wp:paragraph --> <!-- wp:paragraph --><\/p>\n<p><strong>Remarque : Ohme ne vous facturera jamais directement l\u2019\u00e9nergie utilis\u00e9e pour recharger le v\u00e9hicule. Nous utilisons uniquement les informations fournies sur le tarif pour estimer vos co\u00fbts de recharge.<\/strong><\/p>\n<p><!-- \/wp:paragraph --><\/p>\n<\/div>\n        <div class=\"buttonsContainer\">\n                    <\/div>\n            <\/div>\n<\/div>\n<\/div>\n\n<div id=\"\" class=\"blockWrapper top-default bottom-default   \">\n\n\n<div class=\"contentWrapper textImageLeft  image\">\n            <div class=\"imageContainer\">\n            <img decoding=\"async\" loading=\"lazy\" src=\"https:\/\/ohme-ev.com\/fr\/wp-content\/uploads\/sites\/9\/2023\/08\/Appli_website_TarifDefini.png\" alt=\"\"\/>\n        <\/div>\n\n        <div class=\"textContainer\">\n        <h3 class=\"title\">Confirmation du tarif<\/h3>\n        <h4 class=\"subtitle regular\"><\/h4>\n        <div class=\"text\"><p><!-- wp:paragraph --><\/p>\n<p>Notez que le tarif s\u00e9lectionn\u00e9 n&#8217;est pas appliqu\u00e9 par d\u00e9faut dans l&#8217;application.<\/p>\n<p>Il vous faudra l&#8217;activer par ailleurs dans les param\u00e8tres.<\/p>\n<p><!-- \/wp:paragraph --><\/p>\n<\/div>\n        <div class=\"buttonsContainer\">\n                    <\/div>\n            <\/div>\n<\/div>\n<\/div>\n\n\n<h2 class=\"wp-block-heading\" id=\"synchronisation-borne-de-recharge\">Synchronisation de votre borne de recharge<\/h2>\n\n\n\n<p>Ensuite, vous serez invit\u00e9(e) \u00e0 synchroniser votre borne de recharge \u00e0 votre compte Ohme. Pour ce faire, vous pouvez scanner le QR code ou saisir le num\u00e9ro de s\u00e9rie manuellement.<\/p>\n\n\n<div id=\"\" class=\"blockWrapper top-default bottom-default   \">\n\n\n<div class=\"contentWrapper textImageLeft  image\">\n            <div class=\"imageContainer\">\n            <img decoding=\"async\" loading=\"lazy\" src=\"https:\/\/ohme-ev.com\/fr\/wp-content\/uploads\/sites\/9\/2023\/08\/Appli_website_QRcode.png\" alt=\"\"\/>\n        <\/div>\n\n        <div class=\"textContainer\">\n        <h3 class=\"title\"><\/h3>\n        <h4 class=\"subtitle regular\"><\/h4>\n        <div class=\"text\"><p>Lorsque vous y \u00eates invit\u00e9, scannez le QR code indiqu\u00e9 sur l\u2019autocollant sous votre borne de recharge.<\/p>\n<p>Conseil : vous devrez autoriser Ohme \u00e0 acc\u00e9der \u00e0 votre appareil photo pour scanner le QR code.<\/p>\n<p>Si vous ne parvenez pas \u00e0 scanner le QR code, vous pouvez saisir le num\u00e9ro de s\u00e9rie manuellement dans la zone de texte en bas de l\u2019\u00e9cran.<\/p>\n<p>Une fois que vous avez appuy\u00e9 sur \u00ab Saisir manuellement \u00bb, vous pouvez saisir votre num\u00e9ro de s\u00e9rie tel qu\u2019il appara\u00eet sous le QR code. Il ressemble \u00e0 \u00ab\u00a0ohme********\u00a0\u00bb.<\/p>\n<\/div>\n        <div class=\"buttonsContainer\">\n                    <\/div>\n            <\/div>\n<\/div>\n<\/div>\n\n\n<h2 class=\"wp-block-heading\" id=\"s\u00e9lection-v\u00e9hicule\">S\u00e9lection de votre v\u00e9hicule<\/h2>\n\n\n\n<p>La s\u00e9lection de votre v\u00e9hicule dans l\u2019application Ohme nous permet de savoir quel v\u00e9hicule \u00e9lectrique est en charge, ainsi que la taille de la batterie, l\u2019autonomie et la vitesse maximale \u00e0 laquelle votre v\u00e9hicule \u00e9lectrique peut se charger. Toutes ces informations sont importantes pour s\u2019assurer qu\u2019Ohme charge correctement votre v\u00e9hicule \u00e9lectrique.<\/p>\n\n\n<div id=\"\" class=\"blockWrapper top-default bottom-default   \">\n\n\n<div class=\"contentWrapper textImageLeft  image\">\n            <div class=\"imageContainer\">\n            <img decoding=\"async\" loading=\"lazy\" src=\"https:\/\/ohme-ev.com\/fr\/wp-content\/uploads\/sites\/9\/2023\/08\/Appli_website_ChoixMarqueVehicule.png\" alt=\"\"\/>\n        <\/div>\n\n        <div class=\"textContainer\">\n        <h3 class=\"title\">\u00c9tape 1 :<\/h3>\n        <h4 class=\"subtitle regular\"><\/h4>\n        <div class=\"text\"><p>Tout d\u2019abord, vous \u00eates invit\u00e9(e) \u00e0 s\u00e9lectionner votre marque de v\u00e9hicule \u00e9lectrique dans la liste.<\/p>\n<p>&nbsp;<\/p>\n<p><strong>Note<\/strong> : Certains constructeurs automobiles fournissent une API (interface de programmation d\u2019application) qui permet d\u2019acc\u00e9der aux informations de votre v\u00e9hicule via l\u2019application du constructeur. En renseignant vos identifiants de connexion dans l\u2019application Ohme, vous autorisez Ohme \u00e0 consulter l\u2019\u00e9tat de charge actuel de votre voiture, qui est ensuite utilis\u00e9 pour d\u00e9terminer la quantit\u00e9 d\u2019\u00e9nergie n\u00e9cessaire \u00e0 la recharge.<\/p>\n<p>Cette fonctionnalit\u00e9 est actuellement disponible pour un nombre limit\u00e9 de marques. Si votre marque n\u2019est pas list\u00e9e, Ohme ne pourra pas consulter l\u2019\u00e9tat de charge de votre v\u00e9hicule.<\/p>\n<p>La prise en charge de l\u2019API est actuellement disponible pour les marques suivantes :<\/p>\n<ul>\n<li>Audi<\/li>\n<li>Cupra<\/li>\n<li>Nissan<\/li>\n<li>Porsche<\/li>\n<li>Renault<\/li>\n<\/ul>\n<div class=\"wp-block-columns is-layout-flex wp-container-core-columns-is-layout-9d6595d7 wp-block-columns-is-layout-flex\">\n<div class=\"wp-block-column is-layout-flow wp-block-column-is-layout-flow\">\n<ul>\n<li>Skoda<\/li>\n<li>Tesla<\/li>\n<li>Volkswagen<\/li>\n<li>Volvo<\/li>\n<\/ul>\n<\/div>\n<\/div>\n<div id=\"\" class=\"blockWrapper top-smaller bottom-smaller   \">\n<div class=\"contentWrapper textImageLeft  image\"><\/div>\n<\/div>\n<p>&nbsp;<\/p>\n<\/div>\n        <div class=\"buttonsContainer\">\n                    <\/div>\n            <\/div>\n<\/div>\n<\/div>\n\n<div id=\"\" class=\"blockWrapper top-default bottom-default   \">\n\n\n<div class=\"contentWrapper textImageLeft  image\">\n            <div class=\"imageContainer\">\n            <img decoding=\"async\" loading=\"lazy\" src=\"https:\/\/ohme-ev.com\/fr\/wp-content\/uploads\/sites\/9\/2023\/08\/image-9.jpeg\" alt=\"\"\/>\n        <\/div>\n\n        <div class=\"textContainer\">\n        <h3 class=\"title\">\u00c9tape 2 : <\/h3>\n        <h4 class=\"subtitle regular\"><\/h4>\n        <div class=\"text\"><p>Une fois que vous avez s\u00e9lectionn\u00e9 votre constructeur, vous voyez une liste de v\u00e9hicules parmi lesquels choisir. Vous pouvez utiliser la barre de recherche en haut de l\u2019\u00e9cran pour vous aider \u00e0 trouver votre v\u00e9hicule.<\/p>\n<p>Si une connexion aupr\u00e8s de votre constructeur automobile est disponible, connectez-vous avez vos identifiants. La borne pourra ainsi reconna\u00eetre l&#8217;\u00e9tat de charge de votre v\u00e9hicule \u00e0 l&#8217;instant choisi.<\/p>\n<\/div>\n        <div class=\"buttonsContainer\">\n                    <\/div>\n            <\/div>\n<\/div>\n<\/div>\n\n<div id=\"\" class=\"blockWrapper top-default bottom-default   \">\n\n\n<div class=\"contentWrapper textImageLeft  image\">\n            <div class=\"imageContainer\">\n            <img decoding=\"async\" loading=\"lazy\" src=\"https:\/\/ohme-ev.com\/fr\/wp-content\/uploads\/sites\/9\/2023\/08\/Appli_website_ConfigTerminee.png\" alt=\"\"\/>\n        <\/div>\n\n        <div class=\"textContainer\">\n        <h3 class=\"title\">\u00c9tape 3 : <\/h3>\n        <h4 class=\"subtitle regular\"><\/h4>\n        <div class=\"text\"><p>Une fois que vous avez s\u00e9lectionn\u00e9 votre v\u00e9hicule, un aper\u00e7u vous sera pr\u00e9sent\u00e9 pour confirmer les sp\u00e9cifications. La taille, l\u2019autonomie et la vitesse de recharge de la batterie s\u2019affichent. Vous devez confirmer que ces informations sont correctes avant de terminer la configuration.<\/p>\n<\/div>\n        <div class=\"buttonsContainer\">\n                    <\/div>\n            <\/div>\n<\/div>\n<\/div>\n\n<div id=\"\" class=\"blockWrapper top-default bottom-default   \">\n\n\n<div class=\"contentWrapper textImageLeft  image\">\n            <div class=\"imageContainer\">\n            <img decoding=\"async\" loading=\"lazy\" src=\"https:\/\/ohme-ev.com\/fr\/wp-content\/uploads\/sites\/9\/2023\/08\/Appli_website_rechargedesactivee.png\" alt=\"\"\/>\n        <\/div>\n\n        <div class=\"textContainer\">\n        <h3 class=\"title\">Activation des param\u00e8tres de recharge<\/h3>\n        <h4 class=\"subtitle regular\"><\/h4>\n        <div class=\"text\"><p><!-- wp:paragraph --><\/p>\n<p>Une fois que vous avez termin\u00e9 la configuration du compte, vous voyez la page de recharge. Ici, vous pouvez d\u00e9finir un niveau cible de recharge que vous souhaitez atteindre et une heure de d\u00e9part (c\u2019est le moment auquel vous souhaitez que le v\u00e9hicule soit recharg\u00e9).<\/p>\n<p>Si vous arrivez r\u00e9guli\u00e8rement chez vous avec environ 30\u00a0% de batterie et que vous souhaitez arriver \u00e0 80\u00a0%, mettez \u00e0 jour les param\u00e8tres pour \u00ab\u00a0ajouter\u00a0\u00bb 50\u00a0%.<\/p>\n<p>Vous pouvez conserver ces param\u00e8tres \u00e0 chaque fois que vous rechargez, ou les ajuster pour chaque session en fonction de la charge que vous souhaitez et de l\u2019heure \u00e0 laquelle vous avez besoin que votre v\u00e9hicule soit pr\u00eat.<!-- \/wp:paragraph --><\/p>\n<\/div>\n        <div class=\"buttonsContainer\">\n                    <\/div>\n            <\/div>\n<\/div>\n<\/div>\n\n\n<h2 class=\"wp-block-heading\" id=\"activation-plafond-prix\">Activation d\u2019un plafond de prix<\/h2>\n\n\n\n<p>L\u2019activation d\u2019un plafond de prix dans l\u2019application Ohme limite la charge aux moments o\u00f9 votre \u00e9lectricit\u00e9 est la moins ch\u00e8re. Cela signifie que votre v\u00e9hicule ne commence \u00e0 recharger que lorsque le prix au Kwh se trouve en dessous d\u2019un seuil que vous avez d\u00e9fini, et qu\u2019il cesse de recharger au-dessus de ce niveau.<\/p>\n\n\n<div id=\"\" class=\"blockWrapper top-default bottom-default   \">\n\n\n<div class=\"contentWrapper textImageLeft  image\">\n            <div class=\"imageContainer\">\n            <img decoding=\"async\" loading=\"lazy\" src=\"https:\/\/ohme-ev.com\/fr\/wp-content\/uploads\/sites\/9\/2023\/08\/Appli_website_activationPrix.png\" alt=\"\"\/>\n        <\/div>\n\n        <div class=\"textContainer\">\n        <h3 class=\"title\"><\/h3>\n        <h4 class=\"subtitle regular\"><\/h4>\n        <div class=\"text\"><p><!-- wp:paragraph --><\/p>\n<p><!-- wp:paragraph --><\/p>\n<p>Si vous b\u00e9n\u00e9ficiez d\u2019un tarif heures creuses\/heures pleines et que vous payez 0.16 euros par kW entre 22 h 00 et 6 h 00, vous pouvez d\u00e9finir un plafond de prix de 0.16 euros. Cela signifie qu\u2019Ohme ne commencera \u00e0 recharger qu\u2019\u00e0 22 h 00 et arr\u00eatera de recharger \u00e0 6 h 00 (sauf si la charge du v\u00e9hicule est pleine avant cette heure).<\/p>\n<p><strong>Remarque : limiter votre charge \u00e0 un plafond de prix peut vous emp\u00eacher d\u2019atteindre votre objectif de recharge s\u2019il n\u2019y a pas assez de temps pour recharger au niveau souhait\u00e9.<\/strong><\/p>\n<p>Vous pouvez activer un plafond de prix en vous rendant au bas de la page de recharge dans l\u2019application Ohme et en tapant sur \u00ab\u00a0Plafond de prix\u00a0\u00bb.<\/p>\n<p><!-- \/wp:paragraph --><\/p>\n<p><!-- \/wp:paragraph --><\/p>\n<\/div>\n        <div class=\"buttonsContainer\">\n                    <\/div>\n            <\/div>\n<\/div>\n<\/div>\n\n<div id=\"\" class=\"blockWrapper top-default bottom-default   \">\n\n\n<div class=\"contentWrapper textImageLeft  image\">\n            <div class=\"imageContainer\">\n            <img decoding=\"async\" loading=\"lazy\" src=\"https:\/\/ohme-ev.com\/fr\/wp-content\/uploads\/sites\/9\/2023\/08\/Appli_website_PlafondPrixActive.png\" alt=\"\"\/>\n        <\/div>\n\n        <div class=\"textContainer\">\n        <h3 class=\"title\"><\/h3>\n        <h4 class=\"subtitle regular\"><\/h4>\n        <div class=\"text\"><p>Faites glisser le bouton vers la droite pour activer le plafond de prix et vers la gauche pour le d\u00e9sactiver. Lorsque le plafond de prix est activ\u00e9, Ohme vous indique \u00e0 quelles heures cela limite la recharge.<\/p>\n<\/div>\n        <div class=\"buttonsContainer\">\n                    <\/div>\n            <\/div>\n<\/div>\n<\/div>\n\n\n<p><\/p>\n<\/div><\/div>\n\r\n\t\t\t<div id=\"daexthefu-container\"\r\n\t\t\t\tclass=\"daexthefu-container daexthefu-layout-side-by-side daexthefu-alignment-left\"\r\n\t\t\t\tdata-post-id=\"2375\">\r\n\r\n\t\t\t\t<div class=\"daexthefu-feedback\">\r\n\t\t\t\t\t<div class=\"daexthefu-text\">\r\n\t\t\t\t\t\t<h3 class=\"daexthefu-title\">Cet article vous a-t-il \u00e9t\u00e9 utile ?<\/h3>\r\n\t\t\t\t\t<\/div>\r\n\t\t\t\t\t<div class=\"daexthefu-buttons-container\">\r\n\t\t\t\t\t\t<div class=\"daexthefu-buttons\">\r\n\t\t\t\t\t\t\t\r\n\t\t\t<div class=\"daexthefu-yes daexthefu-button daexthefu-button-type-icon\" data-value=\"1\">\r\n\t\t\t\t\r\n                <svg>\r\n                    <defs>\r\n                        <style>.thumb-up-cls-1{fill:#c9c9c9;}.thumb-up-cls-2{fill:#e1e1e1;}.thumb-up-cls-3{fill:#676767;}<\/style>\r\n                    <\/defs>\r\n                    <g id=\"thumb_up\">\r\n                        <path class=\"thumb-up-cls-2 daexthefu-icon-circle\" d=\"m24,3c11.58,0,21,9.42,21,21s-9.42,21-21,21S3,35.58,3,24,12.42,3,24,3m0-1C11.85,2,2,11.85,2,24s9.85,22,22,22,22-9.85,22-22S36.15,2,24,2h0Z\" \/>\r\n                        <g>\r\n                            <rect class=\"thumb-up-cls-3 daexthefu-icon-secondary-color\" x=\"10\" y=\"20\" width=\"6\" height=\"15\" rx=\"1.5\" ry=\"1.5\" \/>\r\n                            <path class=\"thumb-up-cls-1 daexthefu-icon-primary-color\" d=\"m30.57,9.06l-.49-.1c-.81-.17-1.61.35-1.78,1.16l-5.3,11.74c-.17.81,3.16,1.61,3.97,1.78l1.96.41c.81.17,1.61-.35,1.78-1.16l2.18-10.27c.34-1.61-.7-3.21-2.31-3.56Z\" \/>\r\n                            <path class=\"thumb-up-cls-1 daexthefu-icon-primary-color\" d=\"m38.17,20h-18.67c-.83,0-1.5.67-1.5,1.5v12c0,.83.67,1.5,1.5,1.5h16.27c.71,0,1.33-.5,1.47-1.21l2.4-12c.19-.93-.53-1.8-1.47-1.8Z\" \/>\r\n                        <\/g>\r\n                    <\/g>\r\n                <\/svg>\t\t\t<\/div>\r\n\r\n\t\t\t\t\t\t\t\t\t\t\r\n\t\t\t<div class=\"daexthefu-no daexthefu-button daexthefu-button-type-icon\" data-value=\"0\">\r\n\t\t\t\t\r\n                <svg>\r\n                    <defs>\r\n                        <style>.thumb-down-cls-1{fill:#c9c9c9;}.thumb-down-cls-2{fill:#e1e1e1;}.thumb-down-cls-3{fill:#676767;}<\/style>\r\n                    <\/defs>\r\n                    <g id=\"thumb_down\">\r\n                        <path class=\"thumb-down-cls-2 daexthefu-icon-circle\" d=\"m24,3c11.58,0,21,9.42,21,21s-9.42,21-21,21S3,35.58,3,24,12.42,3,24,3m0-1C11.85,2,2,11.85,2,24s9.85,22,22,22,22-9.85,22-22S36.15,2,24,2h0Z\" \/>\r\n                        <g>\r\n                            <rect class=\"thumb-down-cls-3 daexthefu-icon-secondary-color\" x=\"10\" y=\"13\" width=\"6\" height=\"15\" rx=\"1.5\" ry=\"1.5\" \/>\r\n                            <path class=\"thumb-down-cls-1 daexthefu-icon-primary-color\" d=\"m30.57,38.94l-.49.1c-.81.17-1.61-.35-1.78-1.16l-5.3-11.74c-.17-.81,3.16-1.61,3.97-1.78l1.96-.41c.81-.17,1.61.35,1.78,1.16l2.18,10.27c.34,1.61-.7,3.21-2.31,3.56Z\" \/>\r\n                            <path class=\"thumb-down-cls-1 daexthefu-icon-primary-color\" d=\"m38.17,28h-18.67c-.83,0-1.5-.67-1.5-1.5v-12c0-.83.67-1.5,1.5-1.5h16.27c.71,0,1.33.5,1.47,1.21l2.4,12c.19.93-.53,1.8-1.47,1.8Z\" \/>\r\n                        <\/g>\r\n                    <\/g>\r\n                <\/svg>\t\t\t<\/div>\r\n\r\n\t\t\t\t\t\t\t\t\t<\/div>\r\n\t\t\t\t\t<\/div>\r\n\t\t\t\t<\/div>\r\n\r\n\t\t\t\t<div class=\"daexthefu-comment\">\r\n\t\t\t\t\t<div class=\"daexthefu-comment-top-container\">\r\n\t\t\t\t\t\t<label id=\"daexthefu-comment-label\" class=\"daexthefu-comment-label\"><\/label>\r\n\t\t\t\t\t\t\t\t\t\t\t\t\t<div class=\"daexthefu-comment-character-counter-container\">\r\n\t\t\t\t\t\t\t\t<div id=\"daexthefu-comment-character-counter-number\"\r\n\t\t\t\t\t\t\t\t\tclass=\"daexthefu-comment-character-counter-number\"><\/div>\r\n\t\t\t\t\t\t\t\t<div class=\"daexthefu-comment-character-counter-text\"><\/div>\r\n\t\t\t\t\t\t\t<\/div>\r\n\t\t\t\t\t\t\t\t\t\t\t<\/div>\r\n\t\t\t\t\t<textarea id=\"daexthefu-comment-textarea\" class=\"daexthefu-comment-textarea\"\r\n\t\t\t\t\t\t\t\tplaceholder=\"Type your message\"\r\n\t\t\t\t\t\t\t\tmaxlength=\"\r\n\t\t\t\t\t\t\t\t400\t\t\t\t\t\t\t\t\t\"><\/textarea>\r\n\t\t\t\t\t<div class=\"daexthefu-comment-buttons-container\">\r\n\t\t\t\t\t\t<button class=\"daexthefu-comment-submit daexthefu-button\">Submit<\/button>\r\n\t\t\t\t\t\t<button class=\"daexthefu-comment-cancel daexthefu-button\">Cancel<\/button>\r\n\t\t\t\t\t<\/div>\r\n\t\t\t\t<\/div>\r\n\r\n\t\t\t\t<div class=\"daexthefu-successful-submission-text\">Thanks for your feedback!<\/div>\r\n\r\n\t\t\t<\/div>\r\n\r\n\t\t\t","protected":false},"excerpt":{"rendered":"<p>Charger votre v\u00e9hicule pour la premi\u00e8re fois peut sembler intimidant si vous ne l\u2019avez jamais fait auparavant. Ne vous inqui\u00e9tez pas: vous serez un pro de la recharge en un rien de temps. Voici tout ce que vous devez savoir sur votre premi\u00e8re recharge&nbsp;: T\u00e9l\u00e9chargement de l\u2019application Ohme Pour tirer le meilleur parti de votre [&hellip;]<\/p>\n","protected":false},"featured_media":1431,"template":"","meta":{"_acf_changed":true,"_helpful_status":1},"categories":[15],"tags":[33,32,31,30],"class_list":["post-2375","guides","type-guides","status-publish","has-post-thumbnail","hentry","category-demarrage","tag-security-settings","tag-schedule","tag-car","tag-tariff"],"acf":[],"yoast_head":"<!-- This site is optimized with the Yoast SEO Premium plugin v27.5 (Yoast SEO v27.5) - https:\/\/yoast.com\/product\/yoast-seo-premium-wordpress\/ -->\n<title>Votre premi\u00e8re recharge - Ohme EV France<\/title>\n<meta name=\"description\" content=\"Vous chargez votre v\u00e9hicule pour la premi\u00e8re fois ? Voici tout ce que vous devez savoir sur votre premi\u00e8re recharge.\" \/>\n<meta name=\"robots\" content=\"index, follow, max-snippet:-1, max-image-preview:large, max-video-preview:-1\" \/>\n<link rel=\"canonical\" href=\"https:\/\/ohme-ev.com\/fr\/aide\/votre-premiere-recharge\/\" \/>\n<meta property=\"og:locale\" content=\"fr_FR\" \/>\n<meta property=\"og:type\" content=\"article\" \/>\n<meta property=\"og:title\" content=\"Votre premi\u00e8re recharge\" \/>\n<meta property=\"og:description\" content=\"Vous chargez votre v\u00e9hicule pour la premi\u00e8re fois ? Voici tout ce que vous devez savoir sur votre premi\u00e8re recharge.\" \/>\n<meta property=\"og:url\" content=\"https:\/\/ohme-ev.com\/fr\/aide\/votre-premiere-recharge\/\" \/>\n<meta property=\"og:site_name\" content=\"Ohme EV France\" \/>\n<meta property=\"article:publisher\" content=\"https:\/\/www.facebook.com\/OhmeEV\/\" \/>\n<meta property=\"article:modified_time\" content=\"2026-02-26T15:24:54+00:00\" \/>\n<meta property=\"og:image\" content=\"https:\/\/ohme-ev.com\/fr\/wp-content\/uploads\/sites\/9\/2023\/08\/Support_Your-first-charge-header_UK.jpg\" \/>\n\t<meta property=\"og:image:width\" content=\"1868\" \/>\n\t<meta property=\"og:image:height\" content=\"1054\" \/>\n\t<meta property=\"og:image:type\" content=\"image\/jpeg\" \/>\n<meta name=\"twitter:card\" content=\"summary_large_image\" \/>\n<meta name=\"twitter:site\" content=\"@ohmeev\" \/>\n<meta name=\"twitter:label1\" content=\"Est. reading time\" \/>\n\t<meta name=\"twitter:data1\" content=\"2 minutes\" \/>\n<script type=\"application\/ld+json\" class=\"yoast-schema-graph\">{\"@context\":\"https:\\\/\\\/schema.org\",\"@graph\":[{\"@type\":\"WebPage\",\"@id\":\"https:\\\/\\\/ohme-ev.com\\\/fr\\\/aide\\\/votre-premiere-recharge\\\/\",\"url\":\"https:\\\/\\\/ohme-ev.com\\\/fr\\\/aide\\\/votre-premiere-recharge\\\/\",\"name\":\"Votre premi\u00e8re recharge - Ohme EV France\",\"isPartOf\":{\"@id\":\"https:\\\/\\\/ohme-ev.com\\\/fr\\\/#website\"},\"primaryImageOfPage\":{\"@id\":\"https:\\\/\\\/ohme-ev.com\\\/fr\\\/aide\\\/votre-premiere-recharge\\\/#primaryimage\"},\"image\":{\"@id\":\"https:\\\/\\\/ohme-ev.com\\\/fr\\\/aide\\\/votre-premiere-recharge\\\/#primaryimage\"},\"thumbnailUrl\":\"https:\\\/\\\/ohme-ev.com\\\/fr\\\/wp-content\\\/uploads\\\/sites\\\/9\\\/2023\\\/08\\\/Support_Your-first-charge-header_UK.jpg\",\"datePublished\":\"2023-08-21T09:34:51+00:00\",\"dateModified\":\"2026-02-26T15:24:54+00:00\",\"description\":\"Vous chargez votre v\u00e9hicule pour la premi\u00e8re fois ? Voici tout ce que vous devez savoir sur votre premi\u00e8re recharge.\",\"breadcrumb\":{\"@id\":\"https:\\\/\\\/ohme-ev.com\\\/fr\\\/aide\\\/votre-premiere-recharge\\\/#breadcrumb\"},\"inLanguage\":\"fr-fr\",\"potentialAction\":[{\"@type\":\"ReadAction\",\"target\":[\"https:\\\/\\\/ohme-ev.com\\\/fr\\\/aide\\\/votre-premiere-recharge\\\/\"]}]},{\"@type\":\"ImageObject\",\"inLanguage\":\"fr-fr\",\"@id\":\"https:\\\/\\\/ohme-ev.com\\\/fr\\\/aide\\\/votre-premiere-recharge\\\/#primaryimage\",\"url\":\"https:\\\/\\\/ohme-ev.com\\\/fr\\\/wp-content\\\/uploads\\\/sites\\\/9\\\/2023\\\/08\\\/Support_Your-first-charge-header_UK.jpg\",\"contentUrl\":\"https:\\\/\\\/ohme-ev.com\\\/fr\\\/wp-content\\\/uploads\\\/sites\\\/9\\\/2023\\\/08\\\/Support_Your-first-charge-header_UK.jpg\",\"width\":1868,\"height\":1054,\"caption\":\"Electric vehicle with charging cable plugged in\"},{\"@type\":\"BreadcrumbList\",\"@id\":\"https:\\\/\\\/ohme-ev.com\\\/fr\\\/aide\\\/votre-premiere-recharge\\\/#breadcrumb\",\"itemListElement\":[{\"@type\":\"ListItem\",\"position\":1,\"name\":\"Home\",\"item\":\"https:\\\/\\\/ohme-ev.com\\\/fr\\\/\"},{\"@type\":\"ListItem\",\"position\":2,\"name\":\"Support guides\",\"item\":\"https:\\\/\\\/ohme-ev.com\\\/fr\\\/support\\\/\"},{\"@type\":\"ListItem\",\"position\":3,\"name\":\"Votre premi\u00e8re recharge\"}]},{\"@type\":\"WebSite\",\"@id\":\"https:\\\/\\\/ohme-ev.com\\\/fr\\\/#website\",\"url\":\"https:\\\/\\\/ohme-ev.com\\\/fr\\\/\",\"name\":\"Ohme EV France\",\"description\":\"Ohme - EV Smart Charging Solutions\",\"potentialAction\":[{\"@type\":\"SearchAction\",\"target\":{\"@type\":\"EntryPoint\",\"urlTemplate\":\"https:\\\/\\\/ohme-ev.com\\\/fr\\\/?s={search_term_string}\"},\"query-input\":{\"@type\":\"PropertyValueSpecification\",\"valueRequired\":true,\"valueName\":\"search_term_string\"}}],\"inLanguage\":\"fr-fr\"}]}<\/script>\n<!-- \/ Yoast SEO Premium plugin. -->","yoast_head_json":{"title":"Votre premi\u00e8re recharge - Ohme EV France","description":"Vous chargez votre v\u00e9hicule pour la premi\u00e8re fois ? Voici tout ce que vous devez savoir sur votre premi\u00e8re recharge.","robots":{"index":"index","follow":"follow","max-snippet":"max-snippet:-1","max-image-preview":"max-image-preview:large","max-video-preview":"max-video-preview:-1"},"canonical":"https:\/\/ohme-ev.com\/fr\/aide\/votre-premiere-recharge\/","og_locale":"fr_FR","og_type":"article","og_title":"Votre premi\u00e8re recharge","og_description":"Vous chargez votre v\u00e9hicule pour la premi\u00e8re fois ? Voici tout ce que vous devez savoir sur votre premi\u00e8re recharge.","og_url":"https:\/\/ohme-ev.com\/fr\/aide\/votre-premiere-recharge\/","og_site_name":"Ohme EV France","article_publisher":"https:\/\/www.facebook.com\/OhmeEV\/","article_modified_time":"2026-02-26T15:24:54+00:00","og_image":[{"width":1868,"height":1054,"url":"https:\/\/ohme-ev.com\/fr\/wp-content\/uploads\/sites\/9\/2023\/08\/Support_Your-first-charge-header_UK.jpg","type":"image\/jpeg"}],"twitter_card":"summary_large_image","twitter_site":"@ohmeev","twitter_misc":{"Est. reading time":"2 minutes"},"schema":{"@context":"https:\/\/schema.org","@graph":[{"@type":"WebPage","@id":"https:\/\/ohme-ev.com\/fr\/aide\/votre-premiere-recharge\/","url":"https:\/\/ohme-ev.com\/fr\/aide\/votre-premiere-recharge\/","name":"Votre premi\u00e8re recharge - Ohme EV France","isPartOf":{"@id":"https:\/\/ohme-ev.com\/fr\/#website"},"primaryImageOfPage":{"@id":"https:\/\/ohme-ev.com\/fr\/aide\/votre-premiere-recharge\/#primaryimage"},"image":{"@id":"https:\/\/ohme-ev.com\/fr\/aide\/votre-premiere-recharge\/#primaryimage"},"thumbnailUrl":"https:\/\/ohme-ev.com\/fr\/wp-content\/uploads\/sites\/9\/2023\/08\/Support_Your-first-charge-header_UK.jpg","datePublished":"2023-08-21T09:34:51+00:00","dateModified":"2026-02-26T15:24:54+00:00","description":"Vous chargez votre v\u00e9hicule pour la premi\u00e8re fois ? Voici tout ce que vous devez savoir sur votre premi\u00e8re recharge.","breadcrumb":{"@id":"https:\/\/ohme-ev.com\/fr\/aide\/votre-premiere-recharge\/#breadcrumb"},"inLanguage":"fr-fr","potentialAction":[{"@type":"ReadAction","target":["https:\/\/ohme-ev.com\/fr\/aide\/votre-premiere-recharge\/"]}]},{"@type":"ImageObject","inLanguage":"fr-fr","@id":"https:\/\/ohme-ev.com\/fr\/aide\/votre-premiere-recharge\/#primaryimage","url":"https:\/\/ohme-ev.com\/fr\/wp-content\/uploads\/sites\/9\/2023\/08\/Support_Your-first-charge-header_UK.jpg","contentUrl":"https:\/\/ohme-ev.com\/fr\/wp-content\/uploads\/sites\/9\/2023\/08\/Support_Your-first-charge-header_UK.jpg","width":1868,"height":1054,"caption":"Electric vehicle with charging cable plugged in"},{"@type":"BreadcrumbList","@id":"https:\/\/ohme-ev.com\/fr\/aide\/votre-premiere-recharge\/#breadcrumb","itemListElement":[{"@type":"ListItem","position":1,"name":"Home","item":"https:\/\/ohme-ev.com\/fr\/"},{"@type":"ListItem","position":2,"name":"Support guides","item":"https:\/\/ohme-ev.com\/fr\/support\/"},{"@type":"ListItem","position":3,"name":"Votre premi\u00e8re recharge"}]},{"@type":"WebSite","@id":"https:\/\/ohme-ev.com\/fr\/#website","url":"https:\/\/ohme-ev.com\/fr\/","name":"Ohme EV France","description":"Ohme - EV Smart Charging Solutions","potentialAction":[{"@type":"SearchAction","target":{"@type":"EntryPoint","urlTemplate":"https:\/\/ohme-ev.com\/fr\/?s={search_term_string}"},"query-input":{"@type":"PropertyValueSpecification","valueRequired":true,"valueName":"search_term_string"}}],"inLanguage":"fr-fr"}]}},"_links":{"self":[{"href":"https:\/\/ohme-ev.com\/fr\/wp-json\/wp\/v2\/guides\/2375","targetHints":{"allow":["GET"]}}],"collection":[{"href":"https:\/\/ohme-ev.com\/fr\/wp-json\/wp\/v2\/guides"}],"about":[{"href":"https:\/\/ohme-ev.com\/fr\/wp-json\/wp\/v2\/types\/guides"}],"wp:featuredmedia":[{"embeddable":true,"href":"https:\/\/ohme-ev.com\/fr\/wp-json\/wp\/v2\/media\/1431"}],"wp:attachment":[{"href":"https:\/\/ohme-ev.com\/fr\/wp-json\/wp\/v2\/media?parent=2375"}],"wp:term":[{"taxonomy":"category","embeddable":true,"href":"https:\/\/ohme-ev.com\/fr\/wp-json\/wp\/v2\/categories?post=2375"},{"taxonomy":"post_tag","embeddable":true,"href":"https:\/\/ohme-ev.com\/fr\/wp-json\/wp\/v2\/tags?post=2375"}],"curies":[{"name":"wp","href":"https:\/\/api.w.org\/{rel}","templated":true}]}}