{"id":3587,"date":"2025-03-14T08:05:38","date_gmt":"2025-03-14T08:05:38","guid":{"rendered":"https:\/\/ohme-ev.com\/es\/?page_id=3587"},"modified":"2026-01-14T16:46:55","modified_gmt":"2026-01-14T16:46:55","slug":"instala-un-cargador-ohme-para-coches-electricos-y-desbloquea-ahorro","status":"publish","type":"page","link":"https:\/\/ohme-ev.com\/es\/instala-un-cargador-ohme-para-coches-electricos-y-desbloquea-ahorro\/","title":{"rendered":"Instala Un Cargador Ohme Para Coches El\u00e9ctricos Y Desbloquea Ahorro"},"content":{"rendered":"<div class=\"image-text-hero with-colour gradient-enabled gradient-vertical\" style=\"background-color: #032536;\">\n\n    <div class=\"contentWrapper imageRight mobile-image-bottom\">\n        <div class=\"content-container\">\n            <div class=\"wrapper\">\n                                    <h1>Instala tu cargador Ohme y empieza a ahorrar<\/h1>\n                \n                \n                                    <p><p>Carga inteligente, sostenible y econ\u00f3mica para tu veh\u00edculo el\u00e9ctrico en casa<\/p>\n<\/p>\n                \n                \n            <a href=\"https:\/\/survey.ohme-ev.com\/survey\/direct?partnerId=8e31ca5e-d0b7-4acd-a53f-74fdfcc78785&#038;journeyId=b02e494b-93a5-4f7e-89b1-7a7c61154883&#038;region=es\" target=\"_blank\" rel=\"noopener\">\n            <button class=\"ohme-btn survey primary button\" title=\"\">Solicita presupuesto gratis<\/button>\n        <\/a>\n\n    \n                            <\/div>\n        <\/div>\n\n        <div class=\"image-container\">\n                            <div class=\"image-wrapper\">\n                    <img decoding=\"async\" src=\"https:\/\/ohme-ev.com\/es\/wp-content\/uploads\/sites\/17\/2025\/03\/50x50_image-landing-page-test-5-1-1.webp\" alt=\"\" \/>\n                <\/div>\n            \n                    <\/div>\n    <\/div>\n\n    <\/div>\n\n<div id=\"\" class=\"blockWrapper top-none bottom-default   \">\n\n<div class=\"partners contentWrapper\">\n            <h3 class=\"title\">Cargador oficial en UK de<\/h3>\n        <div class=\"partners-carousel\">\n                                                    <div class=\"partner\">\n                    <div class=\"logo\">\n                        <img loading=\"lazy\" decoding=\"async\" width=\"172\" height=\"39\" src=\"https:\/\/ohme-ev.com\/es\/wp-content\/uploads\/sites\/17\/2023\/07\/Partners_Polestar-logo_master.png\" class=\"attachment-full size-full\" alt=\"\" \/>                    <\/div>\n                                    <\/div>\n                                            <div class=\"partner\">\n                    <div class=\"logo\">\n                        <img decoding=\"async\" src=\"https:\/\/ohme-ev.com\/es\/wp-content\/uploads\/sites\/17\/2023\/07\/Audi.svg\" class=\"attachment-full size-full\" alt=\"\" \/>                    <\/div>\n                                    <\/div>\n                                            <div class=\"partner\">\n                    <div class=\"logo\">\n                        <img decoding=\"async\" src=\"https:\/\/ohme-ev.com\/es\/wp-content\/uploads\/sites\/17\/2023\/07\/mercedes-benz.svg\" class=\"attachment-full size-full\" alt=\"\" \/>                    <\/div>\n                                    <\/div>\n                                            <div class=\"partner\">\n                    <div class=\"logo\">\n                        <img loading=\"lazy\" decoding=\"async\" width=\"304\" height=\"304\" src=\"https:\/\/ohme-ev.com\/es\/wp-content\/uploads\/sites\/17\/2023\/08\/Partners_Volvo-logo_IRE.png\" class=\"attachment-full size-full\" alt=\"\" srcset=\"https:\/\/ohme-ev.com\/es\/wp-content\/uploads\/sites\/17\/2023\/08\/Partners_Volvo-logo_IRE.png 304w, https:\/\/ohme-ev.com\/es\/wp-content\/uploads\/sites\/17\/2023\/08\/Partners_Volvo-logo_IRE-300x300.png 300w, https:\/\/ohme-ev.com\/es\/wp-content\/uploads\/sites\/17\/2023\/08\/Partners_Volvo-logo_IRE-150x150.png 150w\" sizes=\"auto, (max-width: 304px) 100vw, 304px\" \/>                    <\/div>\n                                    <\/div>\n                                            <div class=\"partner\">\n                    <div class=\"logo\">\n                        <img decoding=\"async\" src=\"https:\/\/ohme-ev.com\/es\/wp-content\/uploads\/sites\/17\/2023\/07\/VW.svg\" class=\"attachment-full size-full\" alt=\"\" \/>                    <\/div>\n                                    <\/div>\n                                            <div class=\"partner\">\n                    <div class=\"logo\">\n                        <img decoding=\"async\" src=\"https:\/\/ohme-ev.com\/es\/wp-content\/uploads\/sites\/17\/2023\/09\/Partners_Cupra-logo_master.svg\" class=\"attachment-full size-full\" alt=\"\" \/>                    <\/div>\n                                    <\/div>\n                                            <div class=\"partner\">\n                    <div class=\"logo\">\n                        <img loading=\"lazy\" decoding=\"async\" width=\"600\" height=\"160\" src=\"https:\/\/ohme-ev.com\/es\/wp-content\/uploads\/sites\/17\/2025\/03\/PSeat-artnership-Logos.webp\" class=\"attachment-full size-full\" alt=\"\" srcset=\"https:\/\/ohme-ev.com\/es\/wp-content\/uploads\/sites\/17\/2025\/03\/PSeat-artnership-Logos.webp 600w, https:\/\/ohme-ev.com\/es\/wp-content\/uploads\/sites\/17\/2025\/03\/PSeat-artnership-Logos-300x80.webp 300w, https:\/\/ohme-ev.com\/es\/wp-content\/uploads\/sites\/17\/2025\/03\/PSeat-artnership-Logos-340x91.webp 340w\" sizes=\"auto, (max-width: 600px) 100vw, 600px\" \/>                    <\/div>\n                                    <\/div>\n                                            <div class=\"partner\">\n                    <div class=\"logo\">\n                        <img loading=\"lazy\" decoding=\"async\" width=\"600\" height=\"160\" src=\"https:\/\/ohme-ev.com\/es\/wp-content\/uploads\/sites\/17\/2025\/03\/Smart-Ohme-Partnership-Logo.webp\" class=\"attachment-full size-full\" alt=\"\" srcset=\"https:\/\/ohme-ev.com\/es\/wp-content\/uploads\/sites\/17\/2025\/03\/Smart-Ohme-Partnership-Logo.webp 600w, https:\/\/ohme-ev.com\/es\/wp-content\/uploads\/sites\/17\/2025\/03\/Smart-Ohme-Partnership-Logo-300x80.webp 300w, https:\/\/ohme-ev.com\/es\/wp-content\/uploads\/sites\/17\/2025\/03\/Smart-Ohme-Partnership-Logo-340x91.webp 340w\" sizes=\"auto, (max-width: 600px) 100vw, 600px\" \/>                    <\/div>\n                                    <\/div>\n                                            <div class=\"partner\">\n                    <div class=\"logo\">\n                        <img loading=\"lazy\" decoding=\"async\" width=\"600\" height=\"160\" src=\"https:\/\/ohme-ev.com\/es\/wp-content\/uploads\/sites\/17\/2025\/03\/Motability-Partnership-Logo.webp\" class=\"attachment-full size-full\" alt=\"\" srcset=\"https:\/\/ohme-ev.com\/es\/wp-content\/uploads\/sites\/17\/2025\/03\/Motability-Partnership-Logo.webp 600w, https:\/\/ohme-ev.com\/es\/wp-content\/uploads\/sites\/17\/2025\/03\/Motability-Partnership-Logo-300x80.webp 300w, https:\/\/ohme-ev.com\/es\/wp-content\/uploads\/sites\/17\/2025\/03\/Motability-Partnership-Logo-340x91.webp 340w\" sizes=\"auto, (max-width: 600px) 100vw, 600px\" \/>                    <\/div>\n                                    <\/div>\n                                            <div class=\"partner\">\n                    <div class=\"logo\">\n                        <img loading=\"lazy\" decoding=\"async\" width=\"600\" height=\"160\" src=\"https:\/\/ohme-ev.com\/es\/wp-content\/uploads\/sites\/17\/2025\/03\/Skoda-Partnership-Logos.webp\" class=\"attachment-full size-full\" alt=\"\" srcset=\"https:\/\/ohme-ev.com\/es\/wp-content\/uploads\/sites\/17\/2025\/03\/Skoda-Partnership-Logos.webp 600w, https:\/\/ohme-ev.com\/es\/wp-content\/uploads\/sites\/17\/2025\/03\/Skoda-Partnership-Logos-300x80.webp 300w, https:\/\/ohme-ev.com\/es\/wp-content\/uploads\/sites\/17\/2025\/03\/Skoda-Partnership-Logos-340x91.webp 340w\" sizes=\"auto, (max-width: 600px) 100vw, 600px\" \/>                    <\/div>\n                                    <\/div>\n                                            <div class=\"partner\">\n                    <div class=\"logo\">\n                        <img loading=\"lazy\" decoding=\"async\" width=\"600\" height=\"160\" src=\"https:\/\/ohme-ev.com\/es\/wp-content\/uploads\/sites\/17\/2025\/03\/Octopus-Partnership-Logo.webp\" class=\"attachment-full size-full\" alt=\"\" srcset=\"https:\/\/ohme-ev.com\/es\/wp-content\/uploads\/sites\/17\/2025\/03\/Octopus-Partnership-Logo.webp 600w, https:\/\/ohme-ev.com\/es\/wp-content\/uploads\/sites\/17\/2025\/03\/Octopus-Partnership-Logo-300x80.webp 300w, https:\/\/ohme-ev.com\/es\/wp-content\/uploads\/sites\/17\/2025\/03\/Octopus-Partnership-Logo-340x91.webp 340w\" sizes=\"auto, (max-width: 600px) 100vw, 600px\" \/>                    <\/div>\n                                    <\/div>\n                        <\/div>\n<\/div>\n\n<\/div>\n\n<div id=\"\" class=\"blockWrapper top-default bottom-default   \">\n\n<div class=\"divider\" style=\"width: 81%; background-color: #d1d1d1;\"><\/div>\n\n<\/div>\n\n<div id=\"\" class=\"blockWrapper top-default bottom-default   \">\n\n    <div class=\"\">\n\n        <div class=\"threeColumnWrapper \">\n            <h2 class=\"title\">La soluci\u00f3n completa para la carga en casa<\/h2>\n            <p class=\"subtitle regular \" style=\"\">Los cargadores inteligentes de Ohme te ahorran dinero en cada carga. Llega a casa, enchufa y deja que nuestra tecnolog\u00eda reduzca tu factura de energ\u00eda. <\/p>\n            <div class=\"columnsContainer\">\n                                        <div class=\"column\">\n                            <div class=\"imageContainer \">\n                                                                    <img loading=\"lazy\" decoding=\"async\" width=\"334\" height=\"242\" src=\"https:\/\/ohme-ev.com\/es\/wp-content\/uploads\/sites\/17\/2025\/03\/3-image-module_dual-chargers-blue-334x242.webp\" class=\"attachment-column_hero size-column_hero\" alt=\"\" srcset=\"https:\/\/ohme-ev.com\/es\/wp-content\/uploads\/sites\/17\/2025\/03\/3-image-module_dual-chargers-blue-334x242.webp 334w, https:\/\/ohme-ev.com\/es\/wp-content\/uploads\/sites\/17\/2025\/03\/3-image-module_dual-chargers-blue-300x217.webp 300w, https:\/\/ohme-ev.com\/es\/wp-content\/uploads\/sites\/17\/2025\/03\/3-image-module_dual-chargers-blue-254x184.webp 254w, https:\/\/ohme-ev.com\/es\/wp-content\/uploads\/sites\/17\/2025\/03\/3-image-module_dual-chargers-blue.webp 680w\" sizes=\"auto, (max-width: 334px) 100vw, 334px\" \/>\n                                                            <\/div>\n\n                            <div>\n                                <p class=\"label\"><\/p>\n                                <p class=\"subtitleColumn\">Tecnolog\u00eda premiada<\/p>\n                                <div class=\"body\"><p>Nuestros cargadores din\u00e1micos\u00a0 utilizan datos en tiempo real para ofrecer la energ\u00eda m\u00e1s verde y econ\u00f3mica. Tu coche siempre estar\u00e1 cargado cuando lo necesites. Adem\u00e1s, la app de Ohme re\u00fane todos tus datos de carga para un control sin esfuerzo.<\/p>\n<\/div>\n                            <\/div>\n                        <\/div>\n                                                <div class=\"column\">\n                            <div class=\"imageContainer \">\n                                                                    <img loading=\"lazy\" decoding=\"async\" width=\"334\" height=\"242\" src=\"https:\/\/ohme-ev.com\/es\/wp-content\/uploads\/sites\/17\/2025\/03\/3-image-module_tarrif-app-334x242.webp\" class=\"attachment-column_hero size-column_hero\" alt=\"\" srcset=\"https:\/\/ohme-ev.com\/es\/wp-content\/uploads\/sites\/17\/2025\/03\/3-image-module_tarrif-app-334x242.webp 334w, https:\/\/ohme-ev.com\/es\/wp-content\/uploads\/sites\/17\/2025\/03\/3-image-module_tarrif-app-300x217.webp 300w, https:\/\/ohme-ev.com\/es\/wp-content\/uploads\/sites\/17\/2025\/03\/3-image-module_tarrif-app-254x184.webp 254w, https:\/\/ohme-ev.com\/es\/wp-content\/uploads\/sites\/17\/2025\/03\/3-image-module_tarrif-app.webp 680w\" sizes=\"auto, (max-width: 334px) 100vw, 334px\" \/>\n                                                            <\/div>\n\n                            <div>\n                                <p class=\"label\"><\/p>\n                                <p class=\"subtitleColumn\">Ahorro inteligente<\/p>\n                                <div class=\"body\"><p>Nuestros cargadores para el hogar se sincronizan con todas las tarifas energ\u00e9ticas, incluidas las de uso espec\u00edfico para EV y las de horas valle. (Disponible actualmente en el Reino Unido, pronto en Espa\u00f1a). Carga tu coche autom\u00e1ticamente en horas valle con Ohme y reduce tus costos de carga. Carga desde casa con tarifas m\u00e1s bajas, gracias a Ohme.<\/p>\n<\/div>\n                            <\/div>\n                        <\/div>\n                                                <div class=\"column\">\n                            <div class=\"imageContainer \">\n                                                                    <img loading=\"lazy\" decoding=\"async\" width=\"334\" height=\"242\" src=\"https:\/\/ohme-ev.com\/es\/wp-content\/uploads\/sites\/17\/2023\/08\/3-image-module_Russ-sofa_master.png\" class=\"attachment-column_hero size-column_hero\" alt=\"\" srcset=\"https:\/\/ohme-ev.com\/es\/wp-content\/uploads\/sites\/17\/2023\/08\/3-image-module_Russ-sofa_master.png 340w, https:\/\/ohme-ev.com\/es\/wp-content\/uploads\/sites\/17\/2023\/08\/3-image-module_Russ-sofa_master-300x217.png 300w\" sizes=\"auto, (max-width: 334px) 100vw, 334px\" \/>\n                                                            <\/div>\n\n                            <div>\n                                <p class=\"label\"><\/p>\n                                <p class=\"subtitleColumn\">Servicio impecable<\/p>\n                                <div class=\"body\"><p>Nos obsesiona la satisfacci\u00f3n del cliente y creemos que el cambio a lo el\u00e9ctrico debe ser f\u00e1cil. Nuestro equipo de expertos est\u00e1 aqu\u00ed para guiarte en cada paso, ayud\u00e1ndote a sacar el m\u00e1ximo partido a tu experiencia de carga.<\/p>\n<\/div>\n                            <\/div>\n                        <\/div>\n                                    <\/div>\n                    <\/div>\n    <\/div>\n<\/div>\n\n<div id=\"\" class=\"blockWrapper top-default bottom-default   \">\n\n    <div class=\"contentWrapper largeTile \">\n        <div class=\"productsContainer\">\n                                            <div class=\"productWrapper\" style=\"background-image: url('https:\/\/ohme-ev.com\/es\/wp-content\/uploads\/sites\/17\/2023\/07\/gradientBg.png');\" data-product-type=\"Home Pro\">\n                    <h3 class=\"title\">Ohme Home Pro<\/h3>\n                    <h6 class=\"subtitle\">La soluci\u00f3n completa de carga dom\u00e9stica, con pantalla LCD y cable fijo Tipo 2 que garantiza una carga r\u00e1pida, segura y sencilla<\/h6>\n                    <div class=\"buttonsContainer\">\n                                                    \n            <a href=\"https:\/\/survey.ohme-ev.com\/survey\/direct?partnerId=8e31ca5e-d0b7-4acd-a53f-74fdfcc78785&#038;journeyId=b02e494b-93a5-4f7e-89b1-7a7c61154883&#038;region=es\" target=\"_blank\" rel=\"noopener\">\n            <button class=\"ohme-btn survey primary button\" title=\"\">Obtenga un presupuesto<\/button>\n        <\/a>\n\n    \n            <a href=\"https:\/\/ohme-ev.com\/es\/producto\/ohme-home-pro-11kw\/\" target=\"_self\" >\n            <button class=\"ohme-btn secondaryDark button external\" title=\"\">M\u00e1s informaci\u00f3n<\/button>\n        <\/a>\n                                                <\/div>\n                    <div class=\"imageContainer\">\n                        <img decoding=\"async\" src=\"https:\/\/ohme-ev.com\/es\/wp-content\/uploads\/sites\/17\/2023\/08\/2-column-product_HomePro-cut-out_master-2.png\" alt=\"\" \/>\n                    <\/div>\n                    <p class=\"shortText\"><\/p>\n                <\/div>\n                                <div class=\"productWrapper\" style=\"background-image: url('https:\/\/ohme-ev.com\/es\/wp-content\/uploads\/sites\/17\/2023\/07\/gradientBg.png');\" data-product-type=\"ePod\">\n                    <h3 class=\"title\">Ohme ePod<\/h3>\n                    <h6 class=\"subtitle\">Dise\u00f1o compacto y discreto, ideal para instalaciones dom\u00e9sticas y compatible con cualquier marca o modelo de veh\u00edculo el\u00e9ctrico<\/h6>\n                    <div class=\"buttonsContainer\">\n                                                    \n            <a href=\"https:\/\/survey.ohme-ev.com\/survey\/direct?partnerId=8e31ca5e-d0b7-4acd-a53f-74fdfcc78785&#038;journeyId=b02e494b-93a5-4f7e-89b1-7a7c61154883&#038;region=es\" target=\"_blank\" rel=\"noopener\">\n            <button class=\"ohme-btn survey primary button\" title=\"\">Obtenga un presupuesto<\/button>\n        <\/a>\n\n    \n            <a href=\"https:\/\/ohme-ev.com\/es\/producto\/ohme-epod\/\" target=\"_self\" >\n            <button class=\"ohme-btn secondaryDark button external\" title=\"\">M\u00e1s informaci\u00f3n<\/button>\n        <\/a>\n                                                <\/div>\n                    <div class=\"imageContainer\">\n                        <img decoding=\"async\" src=\"https:\/\/ohme-ev.com\/es\/wp-content\/uploads\/sites\/17\/2023\/07\/ePod-cut-out.png\" alt=\"\" \/>\n                    <\/div>\n                    <p class=\"shortText\"><\/p>\n                <\/div>\n                                    <\/div>\n    <\/div>\n\n<\/div>\n\n<div id=\"\" class=\"blockWrapper top-default bottom-default   \">\n\n<div class=\"divider\" style=\"width: 80%; background-color: #ffffff;\"><\/div>\n\n<\/div>\n\n\n    <div class=\"product-comparison\">\n\n        <div class=\"contentWrapper\">\n            <!-- Desktop View -->\n            <div class=\"comparison-desktop desktop-only\">\n                <div class=\"comparison-header\">\n                    <div class=\"header-title\">\n                        <div class=\"header-title-text\">\n                            Elige el cargador Ohme perfecto para ti                        <\/div>\n                    <\/div>\n                                            <div class=\"header-product\">\n                            <div class=\"header-product-inner\">\n                                                                    <div class=\"product-image-container\">\n                                        <img decoding=\"async\" src=\"https:\/\/ohme-ev.com\/es\/wp-content\/uploads\/sites\/17\/2025\/03\/Specs_ePod-cut-out_UK.svg\" alt=\"\" \/>\n                                    <\/div>\n                                                                ePod                            <\/div>\n                        <\/div>\n                                            <div class=\"header-product\">\n                            <div class=\"header-product-inner\">\n                                                                    <div class=\"product-image-container\">\n                                        <img decoding=\"async\" src=\"https:\/\/ohme-ev.com\/es\/wp-content\/uploads\/sites\/17\/2025\/03\/Specs_Home-Pro-cut-out_UK.svg\" alt=\"\" \/>\n                                    <\/div>\n                                                                Home Pro                            <\/div>\n                        <\/div>\n                                    <\/div>\n\n                <div class=\"comparison-body\">\n                                            <div class=\"comparison-row\">\n                            <div class=\"feature-question\">\n                                <div class=\"feature-question-icon\">\n                                                                    <\/div>\n                                <span class=\"question-text\">\u00bfIncluyo un cable de carga integrado?<\/span>\n                            <\/div>\n                                                            <div class=\"answer\">\n                                                                            <img decoding=\"async\" src=\"https:\/\/ohme-ev.com\/es\/wp-content\/themes\/ohme-energy\/shared\/images\/cross-compare.svg\" alt=\"No\" \/>\n                                                                    <\/div>\n                                                            <div class=\"answer\">\n                                                                            <img decoding=\"async\" src=\"https:\/\/ohme-ev.com\/es\/wp-content\/themes\/ohme-energy\/shared\/images\/tick-compare.svg\" alt=\"Yes\" \/>\n                                                                    <\/div>\n                                                    <\/div>\n                                            <div class=\"comparison-row\">\n                            <div class=\"feature-question\">\n                                <div class=\"feature-question-icon\">\n                                                                    <\/div>\n                                <span class=\"question-text\">\u00bfPuedo controlarse a trav\u00e9s de una pantalla integrada?<\/span>\n                            <\/div>\n                                                            <div class=\"answer\">\n                                                                            <img decoding=\"async\" src=\"https:\/\/ohme-ev.com\/es\/wp-content\/themes\/ohme-energy\/shared\/images\/cross-compare.svg\" alt=\"No\" \/>\n                                                                    <\/div>\n                                                            <div class=\"answer\">\n                                                                            <img decoding=\"async\" src=\"https:\/\/ohme-ev.com\/es\/wp-content\/themes\/ohme-energy\/shared\/images\/tick-compare.svg\" alt=\"Yes\" \/>\n                                                                    <\/div>\n                                                    <\/div>\n                                            <div class=\"comparison-row\">\n                            <div class=\"feature-question\">\n                                <div class=\"feature-question-icon\">\n                                                                    <\/div>\n                                <span class=\"question-text\">\u00bfTengo un dise\u00f1o compacto para espacios peque\u00f1os?<\/span>\n                            <\/div>\n                                                            <div class=\"answer\">\n                                                                            <img decoding=\"async\" src=\"https:\/\/ohme-ev.com\/es\/wp-content\/themes\/ohme-energy\/shared\/images\/tick-compare.svg\" alt=\"Yes\" \/>\n                                                                    <\/div>\n                                                            <div class=\"answer\">\n                                                                            <img decoding=\"async\" src=\"https:\/\/ohme-ev.com\/es\/wp-content\/themes\/ohme-energy\/shared\/images\/cross-compare.svg\" alt=\"No\" \/>\n                                                                    <\/div>\n                                                    <\/div>\n                                            <div class=\"comparison-row\">\n                            <div class=\"feature-question\">\n                                <div class=\"feature-question-icon\">\n                                                                    <\/div>\n                                <span class=\"question-text\">\u00bfMe integro con todas las tarifas energ\u00e9ticas?<\/span>\n                            <\/div>\n                                                            <div class=\"answer\">\n                                                                            <img decoding=\"async\" src=\"https:\/\/ohme-ev.com\/es\/wp-content\/themes\/ohme-energy\/shared\/images\/tick-compare.svg\" alt=\"Yes\" \/>\n                                                                    <\/div>\n                                                            <div class=\"answer\">\n                                                                            <img decoding=\"async\" src=\"https:\/\/ohme-ev.com\/es\/wp-content\/themes\/ohme-energy\/shared\/images\/tick-compare.svg\" alt=\"Yes\" \/>\n                                                                    <\/div>\n                                                    <\/div>\n                                            <div class=\"comparison-row\">\n                            <div class=\"feature-question\">\n                                <div class=\"feature-question-icon\">\n                                                                    <\/div>\n                                <span class=\"question-text\">\u00bfPuedo programarse a trav\u00e9s de la app m\u00f3vil de Ohme?<\/span>\n                            <\/div>\n                                                            <div class=\"answer\">\n                                                                            <img decoding=\"async\" src=\"https:\/\/ohme-ev.com\/es\/wp-content\/themes\/ohme-energy\/shared\/images\/tick-compare.svg\" alt=\"Yes\" \/>\n                                                                    <\/div>\n                                                            <div class=\"answer\">\n                                                                            <img decoding=\"async\" src=\"https:\/\/ohme-ev.com\/es\/wp-content\/themes\/ohme-energy\/shared\/images\/tick-compare.svg\" alt=\"Yes\" \/>\n                                                                    <\/div>\n                                                    <\/div>\n                                            <div class=\"comparison-row\">\n                            <div class=\"feature-question\">\n                                <div class=\"feature-question-icon\">\n                                                                    <\/div>\n                                <span class=\"question-text\">\u00bfSoy compatible con paneles solares?<\/span>\n                            <\/div>\n                                                            <div class=\"answer\">\n                                                                            <img decoding=\"async\" src=\"https:\/\/ohme-ev.com\/es\/wp-content\/themes\/ohme-energy\/shared\/images\/tick-compare.svg\" alt=\"Yes\" \/>\n                                                                    <\/div>\n                                                            <div class=\"answer\">\n                                                                            <img decoding=\"async\" src=\"https:\/\/ohme-ev.com\/es\/wp-content\/themes\/ohme-energy\/shared\/images\/tick-compare.svg\" alt=\"Yes\" \/>\n                                                                    <\/div>\n                                                    <\/div>\n                                    <\/div>\n            <\/div>\n\n            <!-- Mobile View -->\n            <div class=\"comparison-mobile mobile-only\">\n                <div class=\"mobile-product-container\">\n                                                                    <div class=\"mobile-product active\" data-index=\"0\">\n                            <div class=\"mobile-product-header\">\n                                <div class=\"mobile-product-header-inner\">\n                                                                            <div class=\"product-image-container\">\n                                            <img decoding=\"async\" src=\"https:\/\/ohme-ev.com\/es\/wp-content\/uploads\/sites\/17\/2025\/03\/Specs_ePod-cut-out_UK.svg\" alt=\"\" \/>\n                                        <\/div>\n                                                                        ePod                                <\/div>\n                            <\/div>\n                            <div class=\"mobile-feature-list\">\n                                                                    <div class=\"feature-question-container\">\n                                        <div class=\"feature-question\">\n                                            <div class=\"feature-question-icon\">\n                                                                                            <\/div>\n                                            <span class=\"question-text\">\u00bfIncluyo un cable de carga integrado?<\/span>\n                                        <\/div>\n                                        <div class=\"answer\">\n                                                                                            <img decoding=\"async\" src=\"https:\/\/ohme-ev.com\/es\/wp-content\/themes\/ohme-energy\/shared\/images\/cross-compare.svg\" alt=\"No\" \/>\n                                                                                    <\/div>\n                                    <\/div>\n                                                                    <div class=\"feature-question-container\">\n                                        <div class=\"feature-question\">\n                                            <div class=\"feature-question-icon\">\n                                                                                            <\/div>\n                                            <span class=\"question-text\">\u00bfPuedo controlarse a trav\u00e9s de una pantalla integrada?<\/span>\n                                        <\/div>\n                                        <div class=\"answer\">\n                                                                                            <img decoding=\"async\" src=\"https:\/\/ohme-ev.com\/es\/wp-content\/themes\/ohme-energy\/shared\/images\/cross-compare.svg\" alt=\"No\" \/>\n                                                                                    <\/div>\n                                    <\/div>\n                                                                    <div class=\"feature-question-container\">\n                                        <div class=\"feature-question\">\n                                            <div class=\"feature-question-icon\">\n                                                                                            <\/div>\n                                            <span class=\"question-text\">\u00bfTengo un dise\u00f1o compacto para espacios peque\u00f1os?<\/span>\n                                        <\/div>\n                                        <div class=\"answer\">\n                                                                                            <img decoding=\"async\" src=\"https:\/\/ohme-ev.com\/es\/wp-content\/themes\/ohme-energy\/shared\/images\/tick-compare.svg\" alt=\"Yes\" \/>\n                                                                                    <\/div>\n                                    <\/div>\n                                                                    <div class=\"feature-question-container\">\n                                        <div class=\"feature-question\">\n                                            <div class=\"feature-question-icon\">\n                                                                                            <\/div>\n                                            <span class=\"question-text\">\u00bfMe integro con todas las tarifas energ\u00e9ticas?<\/span>\n                                        <\/div>\n                                        <div class=\"answer\">\n                                                                                            <img decoding=\"async\" src=\"https:\/\/ohme-ev.com\/es\/wp-content\/themes\/ohme-energy\/shared\/images\/tick-compare.svg\" alt=\"Yes\" \/>\n                                                                                    <\/div>\n                                    <\/div>\n                                                                    <div class=\"feature-question-container\">\n                                        <div class=\"feature-question\">\n                                            <div class=\"feature-question-icon\">\n                                                                                            <\/div>\n                                            <span class=\"question-text\">\u00bfPuedo programarse a trav\u00e9s de la app m\u00f3vil de Ohme?<\/span>\n                                        <\/div>\n                                        <div class=\"answer\">\n                                                                                            <img decoding=\"async\" src=\"https:\/\/ohme-ev.com\/es\/wp-content\/themes\/ohme-energy\/shared\/images\/tick-compare.svg\" alt=\"Yes\" \/>\n                                                                                    <\/div>\n                                    <\/div>\n                                                                    <div class=\"feature-question-container\">\n                                        <div class=\"feature-question\">\n                                            <div class=\"feature-question-icon\">\n                                                                                            <\/div>\n                                            <span class=\"question-text\">\u00bfSoy compatible con paneles solares?<\/span>\n                                        <\/div>\n                                        <div class=\"answer\">\n                                                                                            <img decoding=\"async\" src=\"https:\/\/ohme-ev.com\/es\/wp-content\/themes\/ohme-energy\/shared\/images\/tick-compare.svg\" alt=\"Yes\" \/>\n                                                                                    <\/div>\n                                    <\/div>\n                                                            <\/div>\n                        <\/div>\n                                                                    <div class=\"mobile-product \" data-index=\"1\">\n                            <div class=\"mobile-product-header\">\n                                <div class=\"mobile-product-header-inner\">\n                                                                            <div class=\"product-image-container\">\n                                            <img decoding=\"async\" src=\"https:\/\/ohme-ev.com\/es\/wp-content\/uploads\/sites\/17\/2025\/03\/Specs_Home-Pro-cut-out_UK.svg\" alt=\"\" \/>\n                                        <\/div>\n                                                                        Home Pro                                <\/div>\n                            <\/div>\n                            <div class=\"mobile-feature-list\">\n                                                                    <div class=\"feature-question-container\">\n                                        <div class=\"feature-question\">\n                                            <div class=\"feature-question-icon\">\n                                                                                            <\/div>\n                                            <span class=\"question-text\">\u00bfIncluyo un cable de carga integrado?<\/span>\n                                        <\/div>\n                                        <div class=\"answer\">\n                                                                                            <img decoding=\"async\" src=\"https:\/\/ohme-ev.com\/es\/wp-content\/themes\/ohme-energy\/shared\/images\/tick-compare.svg\" alt=\"Yes\" \/>\n                                                                                    <\/div>\n                                    <\/div>\n                                                                    <div class=\"feature-question-container\">\n                                        <div class=\"feature-question\">\n                                            <div class=\"feature-question-icon\">\n                                                                                            <\/div>\n                                            <span class=\"question-text\">\u00bfPuedo controlarse a trav\u00e9s de una pantalla integrada?<\/span>\n                                        <\/div>\n                                        <div class=\"answer\">\n                                                                                            <img decoding=\"async\" src=\"https:\/\/ohme-ev.com\/es\/wp-content\/themes\/ohme-energy\/shared\/images\/tick-compare.svg\" alt=\"Yes\" \/>\n                                                                                    <\/div>\n                                    <\/div>\n                                                                    <div class=\"feature-question-container\">\n                                        <div class=\"feature-question\">\n                                            <div class=\"feature-question-icon\">\n                                                                                            <\/div>\n                                            <span class=\"question-text\">\u00bfTengo un dise\u00f1o compacto para espacios peque\u00f1os?<\/span>\n                                        <\/div>\n                                        <div class=\"answer\">\n                                                                                            <img decoding=\"async\" src=\"https:\/\/ohme-ev.com\/es\/wp-content\/themes\/ohme-energy\/shared\/images\/cross-compare.svg\" alt=\"No\" \/>\n                                                                                    <\/div>\n                                    <\/div>\n                                                                    <div class=\"feature-question-container\">\n                                        <div class=\"feature-question\">\n                                            <div class=\"feature-question-icon\">\n                                                                                            <\/div>\n                                            <span class=\"question-text\">\u00bfMe integro con todas las tarifas energ\u00e9ticas?<\/span>\n                                        <\/div>\n                                        <div class=\"answer\">\n                                                                                            <img decoding=\"async\" src=\"https:\/\/ohme-ev.com\/es\/wp-content\/themes\/ohme-energy\/shared\/images\/tick-compare.svg\" alt=\"Yes\" \/>\n                                                                                    <\/div>\n                                    <\/div>\n                                                                    <div class=\"feature-question-container\">\n                                        <div class=\"feature-question\">\n                                            <div class=\"feature-question-icon\">\n                                                                                            <\/div>\n                                            <span class=\"question-text\">\u00bfPuedo programarse a trav\u00e9s de la app m\u00f3vil de Ohme?<\/span>\n                                        <\/div>\n                                        <div class=\"answer\">\n                                                                                            <img decoding=\"async\" src=\"https:\/\/ohme-ev.com\/es\/wp-content\/themes\/ohme-energy\/shared\/images\/tick-compare.svg\" alt=\"Yes\" \/>\n                                                                                    <\/div>\n                                    <\/div>\n                                                                    <div class=\"feature-question-container\">\n                                        <div class=\"feature-question\">\n                                            <div class=\"feature-question-icon\">\n                                                                                            <\/div>\n                                            <span class=\"question-text\">\u00bfSoy compatible con paneles solares?<\/span>\n                                        <\/div>\n                                        <div class=\"answer\">\n                                                                                            <img decoding=\"async\" src=\"https:\/\/ohme-ev.com\/es\/wp-content\/themes\/ohme-energy\/shared\/images\/tick-compare.svg\" alt=\"Yes\" \/>\n                                                                                    <\/div>\n                                    <\/div>\n                                                            <\/div>\n                        <\/div>\n                                    <\/div>\n\n                <div class=\"product-navigation\">\n                    <div class=\"chevron chevron-left\"><img decoding=\"async\" src=\"https:\/\/ohme-ev.com\/es\/wp-content\/themes\/ohme-energy\/shared\/images\/left.svg\" alt=\"Previous\"> <\/div> <!-- Left Chevron -->\n                    <div class=\"chevron chevron-right\"><img decoding=\"async\" src=\"https:\/\/ohme-ev.com\/es\/wp-content\/themes\/ohme-energy\/shared\/images\/right.svg\" alt=\"Next\"><\/div> <!-- Right Chevron -->\n                <\/div>\n\n            <\/div>\n        <\/div>\n\n\n\n    <\/div>\n\n\n\n<div id=\"\" class=\"blockWrapper top-smaller bottom-default   \">\n\n<div class=\"divider\" style=\"width: 80%; background-color: #ffffff;\"><\/div>\n\n<\/div>\n\n<div id=\"\" class=\"blockWrapper top-default bottom-default   \">\n\n\n<div class=\"contentWrapper textImageLeft  image\">\n            <div class=\"imageContainer\">\n            <img decoding=\"async\" loading=\"lazy\" src=\"https:\/\/ohme-ev.com\/es\/wp-content\/uploads\/sites\/17\/2025\/03\/50x50_image-landing-page-test-4-2.webp\" alt=\"\"\/>\n        <\/div>\n\n        <div class=\"textContainer\">\n        <h3 class=\"title larger\">Tu cargador Ohme incluye:<\/h3>\n        <h4 class=\"subtitle regular\"><\/h4>\n        <div class=\"text\"><article class=\"w-full text-token-text-primary focus-visible:outline-2 focus-visible:outline-offset-[-4px]\" dir=\"auto\" data-testid=\"conversation-turn-79\" data-scroll-anchor=\"true\">\n<div class=\"text-base my-auto mx-auto py-[18px] px-6\">\n<div class=\"mx-auto flex flex-1 text-base gap-4 md:gap-5 lg:gap-6 md:max-w-3xl lg:max-w-[40rem] xl:max-w-[48rem]\">\n<div class=\"group\/conversation-turn relative flex w-full min-w-0 flex-col agent-turn @xs\/thread:px-0 @sm\/thread:px-1.5 @md\/thread:px-4\">\n<div class=\"flex-col gap-1 md:gap-3\">\n<div class=\"flex max-w-full flex-col flex-grow\">\n<div class=\"min-h-8 text-message relative flex w-full flex-col items-end gap-2 whitespace-normal break-words text-start [.text-message+&amp;]:mt-5\" dir=\"auto\" data-message-author-role=\"assistant\" data-message-id=\"515bea4e-68e9-433b-b48c-e9e846a13e2c\" data-message-model-slug=\"gpt-4o-mini\">\n<div class=\"flex w-full flex-col gap-1 empty:hidden first:pt-[3px]\">\n<div class=\"markdown prose w-full break-words dark:prose-invert light\">\n<p data-start=\"455\" data-end=\"606\"><strong data-start=\"455\" data-end=\"473\">App Ohme<\/strong><br data-start=\"473\" data-end=\"476\" \/>Usa la app Ohme para controlar las sesiones de carga, planificar rutinas y estar al tanto de tu consumo de energ\u00eda y ahorros.<\/p>\n<p data-start=\"608\" data-end=\"771\"><strong data-start=\"608\" data-end=\"639\">Balanceo de carga integrado<\/strong><br data-start=\"639\" data-end=\"642\" \/>Dise\u00f1ado con la seguridad en mente, nuestros cargadores ajustan din\u00e1micamente su velocidad para cargar en armon\u00eda con tu hogar.<\/p>\n<p data-start=\"773\" data-end=\"970\" data-is-last-node=\"\" data-is-only-node=\"\"><strong data-start=\"773\" data-end=\"788\">Carga solar<\/strong><br data-start=\"788\" data-end=\"791\" \/>Carga tu veh\u00edculo el\u00e9ctrico con el exceso de generaci\u00f3n solar, reduciendo la dependencia de la red el\u00e9ctrica y asegurando que tu coche siempre est\u00e9 listo, sin importar el clima.<\/p>\n<\/div>\n<\/div>\n<\/div>\n<\/div>\n<div class=\"mt-3 w-full empty:hidden\">\n<div class=\"text-center\"><\/div>\n<\/div>\n<\/div>\n<div class=\"absolute\">\n<div class=\"flex items-center justify-center\"><\/div>\n<\/div>\n<\/div>\n<\/div>\n<\/div>\n<\/article>\n<div class=\"pointer-events-none h-px w-px\" aria-hidden=\"true\" data-edge=\"true\"><\/div>\n<\/div>\n        <div class=\"buttonsContainer\">\n            \n            <a href=\"https:\/\/survey.ohme-ev.com\/survey\/direct?partnerId=8e31ca5e-d0b7-4acd-a53f-74fdfcc78785&#038;journeyId=b02e494b-93a5-4f7e-89b1-7a7c61154883&#038;region=es\" target=\"_blank\" rel=\"noopener\">\n            <button class=\"ohme-btn survey primary button\" title=\"\">Descubre m\u00e1s<\/button>\n        <\/a>\n\n            <\/div>\n            <\/div>\n<\/div>\n<\/div>\n\n\n\n\n\n<div id=\"\" class=\"blockWrapper top-default bottom-default   no-max-width\">\n\n<div class=\"block quote-carousel-block\">\n    <div class=\"quote-carousel \">\n\n        <div class=\"title-arrow-container\">\n            <h2>Esto es lo que dicen nuestros clientes en el Reino Unido sobre Ohme<\/h2>\n            <div class=\"arrow-container\">\n            <\/div>\n        <\/div>\n\n        <div class=\"carousel-wrapper \">\n                                                <div class=\"item\">\n                        <div class=\"inner-content\">\n                            <p class=\"quote\">La unidad es peque\u00f1a, f\u00e1cil de usar desde la app y el cableado es ordenado y casi invisible. \u00a1Muy satisfecho!<\/p>\n                            <p class=\"author\">Leah D<\/p>\n                        <\/div>\n                    <\/div>\n                                    <div class=\"item\">\n                        <div class=\"inner-content\">\n                            <p class=\"quote\">Gran producto, f\u00e1cil de usar y se integra perfectamente con Octopus Intelligent. El servicio al cliente es excelente.<\/p>\n                            <p class=\"author\">Mike S<\/p>\n                        <\/div>\n                    <\/div>\n                                    <div class=\"item\">\n                        <div class=\"inner-content\">\n                            <p class=\"quote\">Soy nuevo en los veh\u00edculos el\u00e9ctricos y el cargador Ohme es excelente. F\u00e1cil, confiable y con las mejores tarifas.<\/p>\n                            <p class=\"author\">Helen P<\/p>\n                        <\/div>\n                    <\/div>\n                                    <div class=\"item\">\n                        <div class=\"inner-content\">\n                            <p class=\"quote\">El servicio de esta empresa fue excepcional, respondieron todas mis preguntas. Los recomiendo mucho.<\/p>\n                            <p class=\"author\">Lee T<\/p>\n                        <\/div>\n                    <\/div>\n                                    <div class=\"item\">\n                        <div class=\"inner-content\">\n                            <p class=\"quote\">No podr\u00eda estar m\u00e1s feliz, gracias nuevamente a todo el equipo de Ohme, el servicio que han dado es excepcional.<\/p>\n                            <p class=\"author\">Colleen G<\/p>\n                        <\/div>\n                    <\/div>\n                                    <div class=\"item\">\n                        <div class=\"inner-content\">\n                            <p class=\"quote\">Profesionales, amables, r\u00e1pidos y eficientes, con el mejor servicio al cliente que he conocido.<\/p>\n                            <p class=\"author\">Tabby W<\/p>\n                        <\/div>\n                    <\/div>\n                                    <\/div>\n                <div class=\"trustpilot-widget trustpilot-logo\" data-locale=\"es-es\" data-template-id=\"53aa8807dec7e10d38f59f32\" data-businessunit-id=\"5d3237d97eea3b0001c71608\" data-style-height=\"150px\" data-style-width=\"100%\" data-theme=\"dark\">\n            <a href=\"https:\/\/uk.trustpilot.com\/review\/www.ohme-ev.com\" target=\"_blank\" rel=\"noopener\">Trustpilot<\/a>\n        <\/div>\n            <\/div>\n<\/div>\n<\/div>\n\n<div id=\"\" class=\"blockWrapper top-default bottom-default   \">\n\n    <div class=\"accordion-block bg-grey\">\n        <div class=\"contentWrapper\">\n                            <h2>FAQs<\/h2>\n                                        <div class=\"accordion-sections\" data-accordion-type=\"single\">\n                                        <h3 class=\"open\">\u00bfCu\u00e1l es la diferencia entre un cargador de veh\u00edculos el\u00e9ctricos &#8220;con cable&#8221; y &#8220;sin cable&#8221;?<\/h3>\n                    <div><p data-start=\"0\" data-end=\"294\">Un cargador de veh\u00edculos el\u00e9ctricos con cable viene con un cable permanentemente adjunto, por lo que siempre est\u00e1 a mano cuando necesites comenzar una nueva sesi\u00f3n de carga. \u00a1No m\u00e1s b\u00fasquedas de cables ni juegos de esconder el cable suelto! Es tu compa\u00f1ero de carga siempre listo para usar.<\/p>\n<p data-start=\"296\" data-end=\"596\" data-is-last-node=\"\" data-is-only-node=\"\">Un cargador sin cable no tiene un cable adjunto y es tu compa\u00f1ero de carga universal. Ya sea que tu veh\u00edculo el\u00e9ctrico tenga un conector Tipo 1 o Tipo 2, este cargador es todo incluido. Solo agarra tu cable de carga de confianza (generalmente proporcionado con tu coche) y con\u00e9ctalo sin esfuerzo.<\/p>\n<\/div>\n                                        <h3>\u00bfCu\u00e1nto cuesta cargar mi coche en casa?<\/h3>\n                    <div><p data-start=\"0\" data-end=\"295\">Cargar tu coche el\u00e9ctrico en casa no solo es inteligente, sino que es la forma m\u00e1s f\u00e1cil y rentable de mantener tu coche cargado. Aunque tus ahorros exactos depender\u00e1n del modelo de tu coche y de tu tarifa energ\u00e9tica, aqu\u00ed tienes un ejemplo usando el Volkswagen ID.3 para ponerlo en perspectiva:<\/p>\n<p data-start=\"297\" data-end=\"373\">\u2022 La tarifa media de electricidad en Espa\u00f1a es actualmente de 0,17\u20ac\/kWh.<\/p>\n<p data-start=\"375\" data-end=\"474\">\u2022 Cargar completamente una bater\u00eda de 77kWh del ID.3 del 0 al 100% en casa costar\u00eda 13,09\u20ac.<\/p>\n<p data-start=\"476\" data-end=\"650\">\u2022 Con una autonom\u00eda de 556 km con una carga completa, conducir la misma distancia en un coche de gasolina costar\u00eda m\u00e1s de 50\u20ac con los precios actuales de combustible.<\/p>\n<p data-start=\"652\" data-end=\"1076\">\u00a1Y los ahorros no tienen que detenerse aqu\u00ed! Al cambiar a una tarifa energ\u00e9tica inteligente como Octopus Intelligent Go (hasta 0,10\u20ac\/kWh durante las horas valle), podr\u00edas reducir a\u00fan m\u00e1s los costos de carga. Siguiendo con el mismo Volkswagen ID.3, una carga completa podr\u00eda costar solo 5,39\u20ac: menos de una cuarta parte de la tarifa est\u00e1ndar. Esto llevar\u00eda el costo anual de carga en casa a tan solo 170\u20ac.<\/p>\n<p data-start=\"1078\" data-end=\"1235\">*Ten en cuenta que los precios de la energ\u00eda fluct\u00faan. Para encontrar tu costo actual por kWh, consulta tu factura de electricidad o contacta a tu proveedor.<\/p>\n<p data-start=\"1078\" data-end=\"1235\">**Los costos se calcularon a 0,17\u20ac\/kWh basados en un kilometraje anual promedio de 10.000 km.<\/p>\n<\/div>\n                                        <h3>\u00bfCu\u00e1nto tiempo tarda en cargar mi coche el\u00e9ctrico en casa?<\/h3>\n                    <div><p data-start=\"0\" data-end=\"407\">Cargar tu coche el\u00e9ctrico depende de tres factores principales: el tama\u00f1o de la bater\u00eda, la velocidad a la que tu coche puede aceptar carga y la potencia de tu cargador. Con un confiable cargador Ohme de 7,4 kW, una carga completa desde vac\u00edo normalmente tarda alrededor de 11 horas, lo que lo hace ideal para cargar durante la noche. \u00a1Enchufa antes de acostarte y despierta listo para salir a la carretera!<\/p>\n<p data-start=\"409\" data-end=\"649\" data-is-last-node=\"\" data-is-only-node=\"\">Consejo profesional: Para una mejor salud de la bater\u00eda, trata de mantener su carga entre el 20% y el 80%. Las fluctuaciones son inevitables, pero mantenerte dentro de este rango a diario puede ayudar a prolongar la vida \u00fatil de la bater\u00eda.<\/p>\n<\/div>\n                                        <h3>\u00bfC\u00f3mo cargar tu coche el\u00e9ctrico en casa con Ohme?<\/h3>\n                    <div><p class=\"\" data-start=\"210\" data-end=\"439\">Cargar tu veh\u00edculo el\u00e9ctrico en casa nunca ha sido tan sencillo, inteligente y econ\u00f3mico. Con Ohme tienes el control total sobre cu\u00e1ndo y c\u00f3mo cargar, adapt\u00e1ndote a tu rutina y aprovechando las tarifas m\u00e1s ventajosas del mercado.<\/p>\n<h4 class=\"\" data-start=\"441\" data-end=\"483\">1. Instala un cargador Ohme en casa<\/h4>\n<p class=\"\" data-start=\"484\" data-end=\"701\">El primer paso es instalar un cargador inteligente Ohme en tu garaje o plaza de aparcamiento. Colaboramos con instaladores certificados para garantizar una instalaci\u00f3n r\u00e1pida, segura y conforme a todas las normativas.<\/p>\n<h4 class=\"\" data-start=\"703\" data-end=\"744\">2. Conecta tu veh\u00edculo al cargador<\/h4>\n<p class=\"\" data-start=\"745\" data-end=\"867\">Una vez finalizada la instalaci\u00f3n, solo tienes que conectar tu coche el\u00e9ctrico al cargador mediante el cable suministrado.<\/p>\n<h4 class=\"\" data-start=\"869\" data-end=\"913\">3. Controla todo desde la app Ohme<\/h4>\n<p class=\"\" data-start=\"914\" data-end=\"944\">Con la aplicaci\u00f3n Ohme puedes:<\/p>\n<ul data-start=\"946\" data-end=\"1124\">\n<li class=\"\" data-start=\"946\" data-end=\"1020\">\n<p class=\"\" data-start=\"948\" data-end=\"1020\">Programar los horarios de carga (por ejemplo, durante las horas valle)<\/p>\n<\/li>\n<li class=\"\" data-start=\"1021\" data-end=\"1072\">\n<p class=\"\" data-start=\"1023\" data-end=\"1072\">Establecer l\u00edmites de coste o autonom\u00eda deseada<\/p>\n<\/li>\n<li class=\"\" data-start=\"1073\" data-end=\"1124\">\n<p class=\"\" data-start=\"1075\" data-end=\"1124\">Supervisar en tiempo real el consumo y los costes<\/p>\n<\/li>\n<\/ul>\n<h4 class=\"\" data-start=\"1126\" data-end=\"1159\">4. Ahorra energ\u00eda y dinero<\/h4>\n<p class=\"\" data-start=\"1160\" data-end=\"1345\">Gracias a la tecnolog\u00eda inteligente de Ohme, la carga se adapta autom\u00e1ticamente a las tarifas m\u00e1s econ\u00f3micas, ayud\u00e1ndote a reducir significativamente tu factura mensual de electricidad.<\/p>\n<h4 class=\"\" data-start=\"1347\" data-end=\"1398\">5. Carga eficiente, siempre listo para salir<\/h4>\n<p class=\"\" data-start=\"1399\" data-end=\"1566\">Deja tu coche cargando durante la noche y cada ma\u00f1ana estar\u00e1 listo para tus desplazamientos diarios, sin esperas, sin colas y sin depender de puntos de carga p\u00fablicos.<\/p>\n<\/div>\n                                    <\/div>\n                    <\/div>\n    <\/div>\n\n<\/div>","protected":false},"excerpt":{"rendered":"","protected":false},"author":27,"featured_media":0,"parent":0,"menu_order":0,"comment_status":"closed","ping_status":"closed","template":"","meta":{"_acf_changed":false,"_helpful_status":1,"footnotes":""},"partner":[],"class_list":["post-3587","page","type-page","status-publish","hentry"],"acf":[],"yoast_head":"<!-- This site is optimized with the Yoast SEO Premium plugin v27.5 (Yoast SEO v27.5) - https:\/\/yoast.com\/product\/yoast-seo-premium-wordpress\/ -->\n<title>Instala Un Cargador Ohme Para Coches El\u00e9ctricos Y Desbloquea Ahorro - Ohme EV Espa\u00f1a<\/title>\n<meta name=\"robots\" content=\"noindex, nofollow\" \/>\n<meta property=\"og:locale\" content=\"es_ES\" \/>\n<meta property=\"og:type\" content=\"article\" \/>\n<meta property=\"og:title\" content=\"Instala Un Cargador Ohme Para Coches El\u00e9ctricos Y Desbloquea Ahorro\" \/>\n<meta property=\"og:url\" content=\"https:\/\/ohme-ev.com\/es\/instala-un-cargador-ohme-para-coches-electricos-y-desbloquea-ahorro\/\" \/>\n<meta property=\"og:site_name\" content=\"Ohme EV Espa\u00f1a\" \/>\n<meta property=\"article:publisher\" content=\"https:\/\/www.facebook.com\/OhmeEV\/\" \/>\n<meta property=\"article:modified_time\" content=\"2026-01-14T16:46:55+00:00\" \/>\n<meta name=\"twitter:card\" content=\"summary_large_image\" \/>\n<meta name=\"twitter:site\" content=\"@ohmeev\" \/>\n<script type=\"application\/ld+json\" class=\"yoast-schema-graph\">{\"@context\":\"https:\\\/\\\/schema.org\",\"@graph\":[{\"@type\":\"WebPage\",\"@id\":\"https:\\\/\\\/ohme-ev.com\\\/es\\\/instala-un-cargador-ohme-para-coches-electricos-y-desbloquea-ahorro\\\/\",\"url\":\"https:\\\/\\\/ohme-ev.com\\\/es\\\/instala-un-cargador-ohme-para-coches-electricos-y-desbloquea-ahorro\\\/\",\"name\":\"Instala Un Cargador Ohme Para Coches El\u00e9ctricos Y Desbloquea Ahorro - Ohme EV Espa\u00f1a\",\"isPartOf\":{\"@id\":\"https:\\\/\\\/ohme-ev.com\\\/es\\\/#website\"},\"datePublished\":\"2025-03-14T08:05:38+00:00\",\"dateModified\":\"2026-01-14T16:46:55+00:00\",\"breadcrumb\":{\"@id\":\"https:\\\/\\\/ohme-ev.com\\\/es\\\/instala-un-cargador-ohme-para-coches-electricos-y-desbloquea-ahorro\\\/#breadcrumb\"},\"inLanguage\":\"es-es\",\"potentialAction\":[{\"@type\":\"ReadAction\",\"target\":[\"https:\\\/\\\/ohme-ev.com\\\/es\\\/instala-un-cargador-ohme-para-coches-electricos-y-desbloquea-ahorro\\\/\"]}]},{\"@type\":\"BreadcrumbList\",\"@id\":\"https:\\\/\\\/ohme-ev.com\\\/es\\\/instala-un-cargador-ohme-para-coches-electricos-y-desbloquea-ahorro\\\/#breadcrumb\",\"itemListElement\":[{\"@type\":\"ListItem\",\"position\":1,\"name\":\"Home\",\"item\":\"https:\\\/\\\/ohme-ev.com\\\/es\\\/\"},{\"@type\":\"ListItem\",\"position\":2,\"name\":\"Instala Un Cargador Ohme Para Coches El\u00e9ctricos Y Desbloquea Ahorro\"}]},{\"@type\":\"WebSite\",\"@id\":\"https:\\\/\\\/ohme-ev.com\\\/es\\\/#website\",\"url\":\"https:\\\/\\\/ohme-ev.com\\\/es\\\/\",\"name\":\"Ohme EV Espa\u00f1a\",\"description\":\"Ohme - Cargando El Ma\u00f1ana\",\"publisher\":{\"@id\":\"https:\\\/\\\/ohme-ev.com\\\/es\\\/#organization\"},\"potentialAction\":[{\"@type\":\"SearchAction\",\"target\":{\"@type\":\"EntryPoint\",\"urlTemplate\":\"https:\\\/\\\/ohme-ev.com\\\/es\\\/?s={search_term_string}\"},\"query-input\":{\"@type\":\"PropertyValueSpecification\",\"valueRequired\":true,\"valueName\":\"search_term_string\"}}],\"inLanguage\":\"es-es\"},{\"@type\":\"Organization\",\"@id\":\"https:\\\/\\\/ohme-ev.com\\\/es\\\/#organization\",\"name\":\"Ohme EV Espa\u00f1a\",\"alternateName\":\"Ohme\",\"url\":\"https:\\\/\\\/ohme-ev.com\\\/es\\\/\",\"logo\":{\"@type\":\"ImageObject\",\"inLanguage\":\"es-es\",\"@id\":\"https:\\\/\\\/ohme-ev.com\\\/es\\\/#\\\/schema\\\/logo\\\/image\\\/\",\"url\":\"https:\\\/\\\/ohme-ev.com\\\/es\\\/wp-content\\\/uploads\\\/sites\\\/17\\\/2025\\\/05\\\/Vector-1-e1747753854161.webp\",\"contentUrl\":\"https:\\\/\\\/ohme-ev.com\\\/es\\\/wp-content\\\/uploads\\\/sites\\\/17\\\/2025\\\/05\\\/Vector-1-e1747753854161.webp\",\"width\":86,\"height\":81,\"caption\":\"Ohme EV Espa\u00f1a\"},\"image\":{\"@id\":\"https:\\\/\\\/ohme-ev.com\\\/es\\\/#\\\/schema\\\/logo\\\/image\\\/\"},\"sameAs\":[\"https:\\\/\\\/www.facebook.com\\\/OhmeEV\\\/\",\"https:\\\/\\\/x.com\\\/ohmeev\"]}]}<\/script>\n<!-- \/ Yoast SEO Premium plugin. -->","yoast_head_json":{"title":"Instala Un Cargador Ohme Para Coches El\u00e9ctricos Y Desbloquea Ahorro - Ohme EV Espa\u00f1a","robots":{"index":"noindex","follow":"nofollow"},"og_locale":"es_ES","og_type":"article","og_title":"Instala Un Cargador Ohme Para Coches El\u00e9ctricos Y Desbloquea Ahorro","og_url":"https:\/\/ohme-ev.com\/es\/instala-un-cargador-ohme-para-coches-electricos-y-desbloquea-ahorro\/","og_site_name":"Ohme EV Espa\u00f1a","article_publisher":"https:\/\/www.facebook.com\/OhmeEV\/","article_modified_time":"2026-01-14T16:46:55+00:00","twitter_card":"summary_large_image","twitter_site":"@ohmeev","schema":{"@context":"https:\/\/schema.org","@graph":[{"@type":"WebPage","@id":"https:\/\/ohme-ev.com\/es\/instala-un-cargador-ohme-para-coches-electricos-y-desbloquea-ahorro\/","url":"https:\/\/ohme-ev.com\/es\/instala-un-cargador-ohme-para-coches-electricos-y-desbloquea-ahorro\/","name":"Instala Un Cargador Ohme Para Coches El\u00e9ctricos Y Desbloquea Ahorro - Ohme EV Espa\u00f1a","isPartOf":{"@id":"https:\/\/ohme-ev.com\/es\/#website"},"datePublished":"2025-03-14T08:05:38+00:00","dateModified":"2026-01-14T16:46:55+00:00","breadcrumb":{"@id":"https:\/\/ohme-ev.com\/es\/instala-un-cargador-ohme-para-coches-electricos-y-desbloquea-ahorro\/#breadcrumb"},"inLanguage":"es-es","potentialAction":[{"@type":"ReadAction","target":["https:\/\/ohme-ev.com\/es\/instala-un-cargador-ohme-para-coches-electricos-y-desbloquea-ahorro\/"]}]},{"@type":"BreadcrumbList","@id":"https:\/\/ohme-ev.com\/es\/instala-un-cargador-ohme-para-coches-electricos-y-desbloquea-ahorro\/#breadcrumb","itemListElement":[{"@type":"ListItem","position":1,"name":"Home","item":"https:\/\/ohme-ev.com\/es\/"},{"@type":"ListItem","position":2,"name":"Instala Un Cargador Ohme Para Coches El\u00e9ctricos Y Desbloquea Ahorro"}]},{"@type":"WebSite","@id":"https:\/\/ohme-ev.com\/es\/#website","url":"https:\/\/ohme-ev.com\/es\/","name":"Ohme EV Espa\u00f1a","description":"Ohme - Cargando El Ma\u00f1ana","publisher":{"@id":"https:\/\/ohme-ev.com\/es\/#organization"},"potentialAction":[{"@type":"SearchAction","target":{"@type":"EntryPoint","urlTemplate":"https:\/\/ohme-ev.com\/es\/?s={search_term_string}"},"query-input":{"@type":"PropertyValueSpecification","valueRequired":true,"valueName":"search_term_string"}}],"inLanguage":"es-es"},{"@type":"Organization","@id":"https:\/\/ohme-ev.com\/es\/#organization","name":"Ohme EV Espa\u00f1a","alternateName":"Ohme","url":"https:\/\/ohme-ev.com\/es\/","logo":{"@type":"ImageObject","inLanguage":"es-es","@id":"https:\/\/ohme-ev.com\/es\/#\/schema\/logo\/image\/","url":"https:\/\/ohme-ev.com\/es\/wp-content\/uploads\/sites\/17\/2025\/05\/Vector-1-e1747753854161.webp","contentUrl":"https:\/\/ohme-ev.com\/es\/wp-content\/uploads\/sites\/17\/2025\/05\/Vector-1-e1747753854161.webp","width":86,"height":81,"caption":"Ohme EV Espa\u00f1a"},"image":{"@id":"https:\/\/ohme-ev.com\/es\/#\/schema\/logo\/image\/"},"sameAs":["https:\/\/www.facebook.com\/OhmeEV\/","https:\/\/x.com\/ohmeev"]}]}},"_links":{"self":[{"href":"https:\/\/ohme-ev.com\/es\/wp-json\/wp\/v2\/pages\/3587","targetHints":{"allow":["GET"]}}],"collection":[{"href":"https:\/\/ohme-ev.com\/es\/wp-json\/wp\/v2\/pages"}],"about":[{"href":"https:\/\/ohme-ev.com\/es\/wp-json\/wp\/v2\/types\/page"}],"author":[{"embeddable":true,"href":"https:\/\/ohme-ev.com\/es\/wp-json\/wp\/v2\/users\/27"}],"replies":[{"embeddable":true,"href":"https:\/\/ohme-ev.com\/es\/wp-json\/wp\/v2\/comments?post=3587"}],"version-history":[{"count":0,"href":"https:\/\/ohme-ev.com\/es\/wp-json\/wp\/v2\/pages\/3587\/revisions"}],"wp:attachment":[{"href":"https:\/\/ohme-ev.com\/es\/wp-json\/wp\/v2\/media?parent=3587"}],"wp:term":[{"taxonomy":"partner","embeddable":true,"href":"https:\/\/ohme-ev.com\/es\/wp-json\/wp\/v2\/partner?post=3587"}],"curies":[{"name":"wp","href":"https:\/\/api.w.org\/{rel}","templated":true}]}}