{"id":45726,"date":"2024-09-24T09:55:58","date_gmt":"2024-09-24T09:55:58","guid":{"rendered":"https:\/\/ohme-ev.com\/?post_type=guides&#038;p=41551"},"modified":"2024-09-24T09:55:58","modified_gmt":"2024-09-24T09:55:58","slug":"how-to-delay-my-charging-on-my-home-pro-2","status":"publish","type":"guides","link":"https:\/\/ohme-ev.com\/es\/support\/how-to-delay-my-charging-on-my-home-pro-2\/","title":{"rendered":"How to delay charging on my Ohme Home Pro?"},"content":{"rendered":"\n<p>If you are wanting to only charge in between your off peak times, this can be done in the app by enabling your price cap: <\/p>\n\n\n\n<ol class=\"wp-block-list\">\n<li>On the &#8216;Charging&#8217; page in the Ohme app, tap &#8216;Price Cap&#8217;<\/li>\n\n\n\n<li>Turn the toggle to &#8216;ON&#8217; <\/li>\n\n\n\n<li>Tap &#8216;Confirm&#8217; to finish. <\/li>\n<\/ol>\n\n\n\n<p>If you would like the charger to put in as much charge as possible during these times, you can turn off &#8216;Dynamic Charging&#8217; on the Charging page of the Ohme app, or set the charging amount to 100% with a &#8216;Ready by&#8217; time for when you want to unplug the charger.&nbsp;<\/p>\n\n\n\n<p>For more information on charging at your off-peak times, please see this help centre article: <a href=\"https:\/\/ohme-ev.com\/support\/how-can-i-charge-at-my-off-peak-times\/\">How can I charge at my off-peak times? &#8211; Ohme EV (ohme-ev.com)<\/a><\/p>\n\n\n\n<h3 class=\"wp-block-heading\">My Home Pro is offline <\/h3>\n\n\n\n<p>If your Ohme Home Pro charger is offline, you can set a charging delay manually via the charger.<\/p>\n\n\n<div id=\"\" class=\"blockWrapper top-default bottom-default   \">\n\n\n<div class=\"contentWrapper textImageLeft  image\">\n            <div class=\"imageContainer\">\n            <img decoding=\"async\" loading=\"lazy\" src=\"\" alt=\"\"\/>\n        <\/div>\n\n        <div class=\"textContainer\">\n        <h3 class=\"title\">Step 1<\/h3>\n        <h4 class=\"subtitle regular\"><\/h4>\n        <div class=\"text\"><p>If your charger goes offline, as soon as you plug in Ohme will start a Max Charge and begin charging immediately.rnrnTap &#8216;Stop&#8217; to pause charging or &#8216;Delay Charge&#8217; to choose how long you&#8217;d like Ohme to wait before charging can start.rnrnu0026nbsp;<\/p>\n<\/div>\n        <div class=\"buttonsContainer\">\n                    <\/div>\n            <\/div>\n<\/div>\n<\/div>\n\n<div id=\"\" class=\"blockWrapper top-default bottom-default   \">\n\n\n<div class=\"contentWrapper textImageLeft  image\">\n            <div class=\"imageContainer\">\n            <img decoding=\"async\" loading=\"lazy\" src=\"\" alt=\"\"\/>\n        <\/div>\n\n        <div class=\"textContainer\">\n        <h3 class=\"title\">Step 2<\/h3>\n        <h4 class=\"subtitle regular\"><\/h4>\n        <div class=\"text\"><p>When charging is paused, you\u2019ll see \u2018Charging Paused\u2019 in the top left and \u2018Charging Stopped\u2019 under the session stats.rnrnIf you would like to delay the start of the charge tap &#8216;Delay Charge&#8217;.<\/p>\n<\/div>\n        <div class=\"buttonsContainer\">\n                    <\/div>\n            <\/div>\n<\/div>\n<\/div>\n\n<div id=\"\" class=\"blockWrapper top-default bottom-default   \">\n\n\n<div class=\"contentWrapper textImageLeft  image\">\n            <div class=\"imageContainer\">\n            <img decoding=\"async\" loading=\"lazy\" src=\"\" alt=\"\"\/>\n        <\/div>\n\n        <div class=\"textContainer\">\n        <h3 class=\"title\">Step 3<\/h3>\n        <h4 class=\"subtitle regular\"><\/h4>\n        <div class=\"text\"><p>Use the Ohme Home Pro buttons to increase or decrease the delay in 30-minute increments. When you&#8217;re finished tap done.<\/p>\n<\/div>\n        <div class=\"buttonsContainer\">\n                    <\/div>\n            <\/div>\n<\/div>\n<\/div>\n\n<div id=\"\" class=\"blockWrapper top-default bottom-default   \">\n\n\n<div class=\"contentWrapper textImageLeft  image\">\n            <div class=\"imageContainer\">\n            <img decoding=\"async\" loading=\"lazy\" src=\"\" alt=\"\"\/>\n        <\/div>\n\n        <div class=\"textContainer\">\n        <h3 class=\"title\">Step 4<\/h3>\n        <h4 class=\"subtitle regular\"><\/h4>\n        <div class=\"text\"><p>Once the charge has been delayed, you&#8217;ll see \u2018Delayed Charging\u2019 in the top left, with \u2018Delayed until\u2019 showing you what time Ohme is due to start charging.rnrnu0026nbsp;<\/p>\n<\/div>\n        <div class=\"buttonsContainer\">\n                    <\/div>\n            <\/div>\n<\/div>\n<\/div>\n\n\n<p><\/p>\n\r\n\t\t\t<div id=\"daexthefu-container\"\r\n\t\t\t\tclass=\"daexthefu-container daexthefu-layout-side-by-side daexthefu-alignment-left\"\r\n\t\t\t\tdata-post-id=\"45726\">\r\n\r\n\t\t\t\t<div class=\"daexthefu-feedback\">\r\n\t\t\t\t\t<div class=\"daexthefu-text\">\r\n\t\t\t\t\t\t<h3 class=\"daexthefu-title\">\u00bfTe result\u00f3 \u00fatil este art\u00edculo?<\/h3>\r\n\t\t\t\t\t<\/div>\r\n\t\t\t\t\t<div class=\"daexthefu-buttons-container\">\r\n\t\t\t\t\t\t<div class=\"daexthefu-buttons\">\r\n\t\t\t\t\t\t\t\r\n\t\t\t<div class=\"daexthefu-yes daexthefu-button daexthefu-button-type-icon\" data-value=\"1\">\r\n\t\t\t\t\r\n                <svg>\r\n                    <defs>\r\n                        <style>.thumb-up-cls-1{fill:#c9c9c9;}.thumb-up-cls-2{fill:#e1e1e1;}.thumb-up-cls-3{fill:#676767;}<\/style>\r\n                    <\/defs>\r\n                    <g id=\"thumb_up\">\r\n                        <path class=\"thumb-up-cls-2 daexthefu-icon-circle\" d=\"m24,3c11.58,0,21,9.42,21,21s-9.42,21-21,21S3,35.58,3,24,12.42,3,24,3m0-1C11.85,2,2,11.85,2,24s9.85,22,22,22,22-9.85,22-22S36.15,2,24,2h0Z\" \/>\r\n                        <g>\r\n                            <rect class=\"thumb-up-cls-3 daexthefu-icon-secondary-color\" x=\"10\" y=\"20\" width=\"6\" height=\"15\" rx=\"1.5\" ry=\"1.5\" \/>\r\n                            <path class=\"thumb-up-cls-1 daexthefu-icon-primary-color\" d=\"m30.57,9.06l-.49-.1c-.81-.17-1.61.35-1.78,1.16l-5.3,11.74c-.17.81,3.16,1.61,3.97,1.78l1.96.41c.81.17,1.61-.35,1.78-1.16l2.18-10.27c.34-1.61-.7-3.21-2.31-3.56Z\" \/>\r\n                            <path class=\"thumb-up-cls-1 daexthefu-icon-primary-color\" d=\"m38.17,20h-18.67c-.83,0-1.5.67-1.5,1.5v12c0,.83.67,1.5,1.5,1.5h16.27c.71,0,1.33-.5,1.47-1.21l2.4-12c.19-.93-.53-1.8-1.47-1.8Z\" \/>\r\n                        <\/g>\r\n                    <\/g>\r\n                <\/svg>\t\t\t<\/div>\r\n\r\n\t\t\t\t\t\t\t\t\t\t\r\n\t\t\t<div class=\"daexthefu-no daexthefu-button daexthefu-button-type-icon\" data-value=\"0\">\r\n\t\t\t\t\r\n                <svg>\r\n                    <defs>\r\n                        <style>.thumb-down-cls-1{fill:#c9c9c9;}.thumb-down-cls-2{fill:#e1e1e1;}.thumb-down-cls-3{fill:#676767;}<\/style>\r\n                    <\/defs>\r\n                    <g id=\"thumb_down\">\r\n                        <path class=\"thumb-down-cls-2 daexthefu-icon-circle\" d=\"m24,3c11.58,0,21,9.42,21,21s-9.42,21-21,21S3,35.58,3,24,12.42,3,24,3m0-1C11.85,2,2,11.85,2,24s9.85,22,22,22,22-9.85,22-22S36.15,2,24,2h0Z\" \/>\r\n                        <g>\r\n                            <rect class=\"thumb-down-cls-3 daexthefu-icon-secondary-color\" x=\"10\" y=\"13\" width=\"6\" height=\"15\" rx=\"1.5\" ry=\"1.5\" \/>\r\n                            <path class=\"thumb-down-cls-1 daexthefu-icon-primary-color\" d=\"m30.57,38.94l-.49.1c-.81.17-1.61-.35-1.78-1.16l-5.3-11.74c-.17-.81,3.16-1.61,3.97-1.78l1.96-.41c.81-.17,1.61.35,1.78,1.16l2.18,10.27c.34,1.61-.7,3.21-2.31,3.56Z\" \/>\r\n                            <path class=\"thumb-down-cls-1 daexthefu-icon-primary-color\" d=\"m38.17,28h-18.67c-.83,0-1.5-.67-1.5-1.5v-12c0-.83.67-1.5,1.5-1.5h16.27c.71,0,1.33.5,1.47,1.21l2.4,12c.19.93-.53,1.8-1.47,1.8Z\" \/>\r\n                        <\/g>\r\n                    <\/g>\r\n                <\/svg>\t\t\t<\/div>\r\n\r\n\t\t\t\t\t\t\t\t\t<\/div>\r\n\t\t\t\t\t<\/div>\r\n\t\t\t\t<\/div>\r\n\r\n\t\t\t\t<div class=\"daexthefu-comment\">\r\n\t\t\t\t\t<div class=\"daexthefu-comment-top-container\">\r\n\t\t\t\t\t\t<label id=\"daexthefu-comment-label\" class=\"daexthefu-comment-label\"><\/label>\r\n\t\t\t\t\t\t\t\t\t\t\t\t\t<div class=\"daexthefu-comment-character-counter-container\">\r\n\t\t\t\t\t\t\t\t<div id=\"daexthefu-comment-character-counter-number\"\r\n\t\t\t\t\t\t\t\t\tclass=\"daexthefu-comment-character-counter-number\"><\/div>\r\n\t\t\t\t\t\t\t\t<div class=\"daexthefu-comment-character-counter-text\"><\/div>\r\n\t\t\t\t\t\t\t<\/div>\r\n\t\t\t\t\t\t\t\t\t\t\t<\/div>\r\n\t\t\t\t\t<textarea id=\"daexthefu-comment-textarea\" class=\"daexthefu-comment-textarea\"\r\n\t\t\t\t\t\t\t\tplaceholder=\"Type your message\"\r\n\t\t\t\t\t\t\t\tmaxlength=\"\r\n\t\t\t\t\t\t\t\t400\t\t\t\t\t\t\t\t\t\"><\/textarea>\r\n\t\t\t\t\t<div class=\"daexthefu-comment-buttons-container\">\r\n\t\t\t\t\t\t<button class=\"daexthefu-comment-submit daexthefu-button\">Submit<\/button>\r\n\t\t\t\t\t\t<button class=\"daexthefu-comment-cancel daexthefu-button\">Cancel<\/button>\r\n\t\t\t\t\t<\/div>\r\n\t\t\t\t<\/div>\r\n\r\n\t\t\t\t<div class=\"daexthefu-successful-submission-text\">Thanks for your feedback!<\/div>\r\n\r\n\t\t\t<\/div>\r\n\r\n\t\t\t","protected":false},"excerpt":{"rendered":"<p>If you are wanting to only charge in between your off peak times, this can be done in the app by enabling your price cap: If you would like the charger to put in as much charge as possible during these times, you can turn off &#8216;Dynamic Charging&#8217; on the Charging page of the Ohme [&hellip;]<\/p>\n","protected":false},"featured_media":0,"template":"","meta":{"_acf_changed":false,"_helpful_status":1},"categories":[13],"tags":[32,38,120,136,169,341],"class_list":["post-45726","guides","type-guides","status-publish","hentry","category-como-puedo","tag-schedule","tag-price-cap","tag-offline","tag-home-pro","tag-delink","tag-delay-charging"],"acf":[],"yoast_head":"<!-- This site is optimized with the Yoast SEO Premium plugin v27.4 (Yoast SEO v27.4) - https:\/\/yoast.com\/product\/yoast-seo-premium-wordpress\/ -->\n<title>How to delay charging on my Ohme Home Pro? - Ohme EV Espa\u00f1a<\/title>\n<meta name=\"robots\" content=\"index, follow, max-snippet:-1, max-image-preview:large, max-video-preview:-1\" \/>\n<link rel=\"canonical\" href=\"https:\/\/ohme-ev.com\/es\/support\/how-to-delay-my-charging-on-my-home-pro-2\/\" \/>\n<meta property=\"og:locale\" content=\"es_ES\" \/>\n<meta property=\"og:type\" content=\"article\" \/>\n<meta property=\"og:title\" content=\"How to delay charging on my Ohme Home Pro?\" \/>\n<meta property=\"og:description\" content=\"If you are wanting to only charge in between your off peak times, this can be done in the app by enabling your price cap: If you would like the charger to put in as much charge as possible during these times, you can turn off &#8216;Dynamic Charging&#8217; on the Charging page of the Ohme [&hellip;]\" \/>\n<meta property=\"og:url\" content=\"https:\/\/ohme-ev.com\/es\/support\/how-to-delay-my-charging-on-my-home-pro-2\/\" \/>\n<meta property=\"og:site_name\" content=\"Ohme EV Espa\u00f1a\" \/>\n<meta property=\"article:publisher\" content=\"https:\/\/www.facebook.com\/OhmeEV\/\" \/>\n<meta name=\"twitter:card\" content=\"summary_large_image\" \/>\n<meta name=\"twitter:site\" content=\"@ohmeev\" \/>\n<meta name=\"twitter:label1\" content=\"Est. reading time\" \/>\n\t<meta name=\"twitter:data1\" content=\"1 minute\" \/>\n<script type=\"application\/ld+json\" class=\"yoast-schema-graph\">{\"@context\":\"https:\\\/\\\/schema.org\",\"@graph\":[{\"@type\":\"WebPage\",\"@id\":\"https:\\\/\\\/ohme-ev.com\\\/es\\\/support\\\/how-to-delay-my-charging-on-my-home-pro-2\\\/\",\"url\":\"https:\\\/\\\/ohme-ev.com\\\/es\\\/support\\\/how-to-delay-my-charging-on-my-home-pro-2\\\/\",\"name\":\"How to delay charging on my Ohme Home Pro? - Ohme EV Espa\u00f1a\",\"isPartOf\":{\"@id\":\"https:\\\/\\\/ohme-ev.com\\\/es\\\/#website\"},\"datePublished\":\"2024-09-24T09:55:58+00:00\",\"breadcrumb\":{\"@id\":\"https:\\\/\\\/ohme-ev.com\\\/es\\\/support\\\/how-to-delay-my-charging-on-my-home-pro-2\\\/#breadcrumb\"},\"inLanguage\":\"es-es\",\"potentialAction\":[{\"@type\":\"ReadAction\",\"target\":[\"https:\\\/\\\/ohme-ev.com\\\/es\\\/support\\\/how-to-delay-my-charging-on-my-home-pro-2\\\/\"]}]},{\"@type\":\"BreadcrumbList\",\"@id\":\"https:\\\/\\\/ohme-ev.com\\\/es\\\/support\\\/how-to-delay-my-charging-on-my-home-pro-2\\\/#breadcrumb\",\"itemListElement\":[{\"@type\":\"ListItem\",\"position\":1,\"name\":\"Home\",\"item\":\"https:\\\/\\\/ohme-ev.com\\\/es\\\/\"},{\"@type\":\"ListItem\",\"position\":2,\"name\":\"Support guides\",\"item\":\"https:\\\/\\\/ohme-ev.com\\\/es\\\/support\\\/\"},{\"@type\":\"ListItem\",\"position\":3,\"name\":\"How to delay charging on my Ohme Home Pro?\"}]},{\"@type\":\"WebSite\",\"@id\":\"https:\\\/\\\/ohme-ev.com\\\/es\\\/#website\",\"url\":\"https:\\\/\\\/ohme-ev.com\\\/es\\\/\",\"name\":\"Ohme EV Espa\u00f1a\",\"description\":\"Ohme - Cargando El Ma\u00f1ana\",\"publisher\":{\"@id\":\"https:\\\/\\\/ohme-ev.com\\\/es\\\/#organization\"},\"potentialAction\":[{\"@type\":\"SearchAction\",\"target\":{\"@type\":\"EntryPoint\",\"urlTemplate\":\"https:\\\/\\\/ohme-ev.com\\\/es\\\/?s={search_term_string}\"},\"query-input\":{\"@type\":\"PropertyValueSpecification\",\"valueRequired\":true,\"valueName\":\"search_term_string\"}}],\"inLanguage\":\"es-es\"},{\"@type\":\"Organization\",\"@id\":\"https:\\\/\\\/ohme-ev.com\\\/es\\\/#organization\",\"name\":\"Ohme EV Espa\u00f1a\",\"alternateName\":\"Ohme\",\"url\":\"https:\\\/\\\/ohme-ev.com\\\/es\\\/\",\"logo\":{\"@type\":\"ImageObject\",\"inLanguage\":\"es-es\",\"@id\":\"https:\\\/\\\/ohme-ev.com\\\/es\\\/#\\\/schema\\\/logo\\\/image\\\/\",\"url\":\"https:\\\/\\\/ohme-ev.com\\\/es\\\/wp-content\\\/uploads\\\/sites\\\/17\\\/2025\\\/05\\\/Vector-1-e1747753854161.webp\",\"contentUrl\":\"https:\\\/\\\/ohme-ev.com\\\/es\\\/wp-content\\\/uploads\\\/sites\\\/17\\\/2025\\\/05\\\/Vector-1-e1747753854161.webp\",\"width\":86,\"height\":81,\"caption\":\"Ohme EV Espa\u00f1a\"},\"image\":{\"@id\":\"https:\\\/\\\/ohme-ev.com\\\/es\\\/#\\\/schema\\\/logo\\\/image\\\/\"},\"sameAs\":[\"https:\\\/\\\/www.facebook.com\\\/OhmeEV\\\/\",\"https:\\\/\\\/x.com\\\/ohmeev\"]}]}<\/script>\n<!-- \/ Yoast SEO Premium plugin. -->","yoast_head_json":{"title":"How to delay charging on my Ohme Home Pro? - Ohme EV Espa\u00f1a","robots":{"index":"index","follow":"follow","max-snippet":"max-snippet:-1","max-image-preview":"max-image-preview:large","max-video-preview":"max-video-preview:-1"},"canonical":"https:\/\/ohme-ev.com\/es\/support\/how-to-delay-my-charging-on-my-home-pro-2\/","og_locale":"es_ES","og_type":"article","og_title":"How to delay charging on my Ohme Home Pro?","og_description":"If you are wanting to only charge in between your off peak times, this can be done in the app by enabling your price cap: If you would like the charger to put in as much charge as possible during these times, you can turn off &#8216;Dynamic Charging&#8217; on the Charging page of the Ohme [&hellip;]","og_url":"https:\/\/ohme-ev.com\/es\/support\/how-to-delay-my-charging-on-my-home-pro-2\/","og_site_name":"Ohme EV Espa\u00f1a","article_publisher":"https:\/\/www.facebook.com\/OhmeEV\/","twitter_card":"summary_large_image","twitter_site":"@ohmeev","twitter_misc":{"Est. reading time":"1 minute"},"schema":{"@context":"https:\/\/schema.org","@graph":[{"@type":"WebPage","@id":"https:\/\/ohme-ev.com\/es\/support\/how-to-delay-my-charging-on-my-home-pro-2\/","url":"https:\/\/ohme-ev.com\/es\/support\/how-to-delay-my-charging-on-my-home-pro-2\/","name":"How to delay charging on my Ohme Home Pro? - Ohme EV Espa\u00f1a","isPartOf":{"@id":"https:\/\/ohme-ev.com\/es\/#website"},"datePublished":"2024-09-24T09:55:58+00:00","breadcrumb":{"@id":"https:\/\/ohme-ev.com\/es\/support\/how-to-delay-my-charging-on-my-home-pro-2\/#breadcrumb"},"inLanguage":"es-es","potentialAction":[{"@type":"ReadAction","target":["https:\/\/ohme-ev.com\/es\/support\/how-to-delay-my-charging-on-my-home-pro-2\/"]}]},{"@type":"BreadcrumbList","@id":"https:\/\/ohme-ev.com\/es\/support\/how-to-delay-my-charging-on-my-home-pro-2\/#breadcrumb","itemListElement":[{"@type":"ListItem","position":1,"name":"Home","item":"https:\/\/ohme-ev.com\/es\/"},{"@type":"ListItem","position":2,"name":"Support guides","item":"https:\/\/ohme-ev.com\/es\/support\/"},{"@type":"ListItem","position":3,"name":"How to delay charging on my Ohme Home Pro?"}]},{"@type":"WebSite","@id":"https:\/\/ohme-ev.com\/es\/#website","url":"https:\/\/ohme-ev.com\/es\/","name":"Ohme EV Espa\u00f1a","description":"Ohme - Cargando El Ma\u00f1ana","publisher":{"@id":"https:\/\/ohme-ev.com\/es\/#organization"},"potentialAction":[{"@type":"SearchAction","target":{"@type":"EntryPoint","urlTemplate":"https:\/\/ohme-ev.com\/es\/?s={search_term_string}"},"query-input":{"@type":"PropertyValueSpecification","valueRequired":true,"valueName":"search_term_string"}}],"inLanguage":"es-es"},{"@type":"Organization","@id":"https:\/\/ohme-ev.com\/es\/#organization","name":"Ohme EV Espa\u00f1a","alternateName":"Ohme","url":"https:\/\/ohme-ev.com\/es\/","logo":{"@type":"ImageObject","inLanguage":"es-es","@id":"https:\/\/ohme-ev.com\/es\/#\/schema\/logo\/image\/","url":"https:\/\/ohme-ev.com\/es\/wp-content\/uploads\/sites\/17\/2025\/05\/Vector-1-e1747753854161.webp","contentUrl":"https:\/\/ohme-ev.com\/es\/wp-content\/uploads\/sites\/17\/2025\/05\/Vector-1-e1747753854161.webp","width":86,"height":81,"caption":"Ohme EV Espa\u00f1a"},"image":{"@id":"https:\/\/ohme-ev.com\/es\/#\/schema\/logo\/image\/"},"sameAs":["https:\/\/www.facebook.com\/OhmeEV\/","https:\/\/x.com\/ohmeev"]}]}},"_links":{"self":[{"href":"https:\/\/ohme-ev.com\/es\/wp-json\/wp\/v2\/guides\/45726","targetHints":{"allow":["GET"]}}],"collection":[{"href":"https:\/\/ohme-ev.com\/es\/wp-json\/wp\/v2\/guides"}],"about":[{"href":"https:\/\/ohme-ev.com\/es\/wp-json\/wp\/v2\/types\/guides"}],"wp:attachment":[{"href":"https:\/\/ohme-ev.com\/es\/wp-json\/wp\/v2\/media?parent=45726"}],"wp:term":[{"taxonomy":"category","embeddable":true,"href":"https:\/\/ohme-ev.com\/es\/wp-json\/wp\/v2\/categories?post=45726"},{"taxonomy":"post_tag","embeddable":true,"href":"https:\/\/ohme-ev.com\/es\/wp-json\/wp\/v2\/tags?post=45726"}],"curies":[{"name":"wp","href":"https:\/\/api.w.org\/{rel}","templated":true}]}}