{"id":3884,"date":"2025-05-19T15:40:44","date_gmt":"2025-05-19T15:40:44","guid":{"rendered":"https:\/\/ohme-ev.com\/es\/?post_type=guides&#038;p=3884"},"modified":"2025-05-19T15:40:46","modified_gmt":"2025-05-19T15:40:46","slug":"controlar-carga-ohme","status":"publish","type":"guides","link":"https:\/\/ohme-ev.com\/es\/support\/controlar-carga-ohme\/","title":{"rendered":"C\u00f3mo controlar mi carga con Ohme"},"content":{"rendered":"\n<p>Si quieres programar la carga para horarios concretos o establecer una cantidad espec\u00edfica de carga, debes activar la opci\u00f3n de \u201cCarga din\u00e1mica\u201d en la app de Ohme. Puedes personalizar los requisitos de carga seg\u00fan tus necesidades desde la p\u00e1gina de Carga o a trav\u00e9s de Rutinas.<\/p>\n\n\n\n<h3 class=\"wp-block-heading\">Configurar una cantidad de carga para \u201crecargar\u201d<\/h3>\n\n\n\n<p>Si no has conectado tu cuenta de Ohme con la app de tu coche, Ohme por defecto recargar\u00e1 tu veh\u00edculo sumando la cantidad de carga que indiques sobre la bater\u00eda existente. Para establecer la cantidad de carga que quieres a\u00f1adir, sigue estos pasos:<\/p>\n\n\n\n<ol class=\"wp-block-list\">\n<li>En la pantalla de Carga de la app Ohme, activa la Carga din\u00e1mica.<\/li>\n\n\n\n<li>Indica la cantidad de carga que quieres a\u00f1adir a tu coche (sobre la bater\u00eda actual).<\/li>\n\n\n\n<li>Establece la hora \u201cListo para\u201d (el momento en que quieres que el coche termine de cargar).<\/li>\n<\/ol>\n\n\n<div id=\"\" class=\"blockWrapper top-none bottom-default   \">\n\n\n<div class=\"contentWrapper textImageLeft  image\">\n            <div class=\"imageContainer\">\n            <img decoding=\"async\" loading=\"lazy\" src=\"https:\/\/ohme-ev.com\/es\/wp-content\/uploads\/sites\/17\/2025\/05\/support_update-charging-target_UK_edit_1-2.webp\" alt=\"\"\/>\n        <\/div>\n\n        <div class=\"textContainer\">\n        <h3 class=\"title\"><\/h3>\n        <h4 class=\"subtitle regular\"><\/h4>\n        <div class=\"text\"><p>En este ejemplo, Ohme recargar\u00e1 tu coche en un 30% de la capacidad conocida de la bater\u00eda durante la sesi\u00f3n. Cuando conectes el coche, Ohme asumir\u00e1 que la bater\u00eda est\u00e1 al 0%, pero si tu coche ya tiene un 50%, al finalizar la sesi\u00f3n tendr\u00e1s un 80% de carga.<\/p>\n<p>Puedes mantener estos ajustes cada vez que conectes el coche, o modificarlos para cada sesi\u00f3n seg\u00fan la carga que necesites y la hora a la que quieras que est\u00e9 listo.<\/p>\n<\/div>\n        <div class=\"buttonsContainer\">\n                    <\/div>\n            <\/div>\n<\/div>\n<\/div>\n\n\n<h3 class=\"wp-block-heading\">Establecer un objetivo de carga<\/h3>\n\n\n\n<p>Si has iniciado sesi\u00f3n con la cuenta de la app de tu coche al seleccionar el veh\u00edculo en la app de Ohme (integraci\u00f3n API), puedes indicar a Ohme el porcentaje exacto al que deseas cargar (\u201cCargar hasta\u201d), lo que permite una carga m\u00e1s precisa.<\/p>\n\n\n\n<p>Actualmente, ofrecemos integraci\u00f3n API para las siguientes marcas:<\/p>\n\n\n\n<ul class=\"wp-block-list\">\n<li>Audi<\/li>\n\n\n\n<li>BMW<\/li>\n\n\n\n<li>Cupra<\/li>\n\n\n\n<li>Hyundai<\/li>\n\n\n\n<li>Kia<\/li>\n\n\n\n<li>Mini<\/li>\n\n\n\n<li>Nissan<\/li>\n\n\n\n<li>Renault<\/li>\n\n\n\n<li>Skoda<\/li>\n\n\n\n<li>Tesla<\/li>\n\n\n\n<li>Volkswagen<\/li>\n\n\n\n<li>Volvo<\/li>\n<\/ul>\n\n\n\n<p>Para m\u00e1s informaci\u00f3n sobre c\u00f3mo conectar la cuenta de la app de tu coche, consulta el art\u00edculo de ayuda: <a href=\"https:\/\/ohme-ev.com\/es\/support\/primera-carga-de-coche\/\">C\u00f3mo vincular la cuenta de la app de tu veh\u00edculo (conexi\u00f3n API)<\/a>.<\/p>\n\n\n\n<p>Sigue estos pasos para cargar con integraci\u00f3n API:<\/p>\n\n\n\n<ol class=\"wp-block-list\">\n<li>Activa la Carga din\u00e1mica.<\/li>\n\n\n\n<li>Establece el objetivo de carga (\u201cCargar hasta\u201d).<\/li>\n\n\n\n<li>Indica la hora \u201cListo para\u201d.<\/li>\n<\/ol>\n\n\n\n<p>Ohme consultar\u00e1 el estado de tu coche durante la sesi\u00f3n para alcanzar el objetivo y ajustar\u00e1 la programaci\u00f3n seg\u00fan sea necesario.<\/p>\n\n\n<div id=\"\" class=\"blockWrapper top-default bottom-default   \">\n\n\n<div class=\"contentWrapper textImageLeft  image\">\n            <div class=\"imageContainer\">\n            <img decoding=\"async\" loading=\"lazy\" src=\"https:\/\/ohme-ev.com\/es\/wp-content\/uploads\/sites\/17\/2025\/05\/support_choose-right-target_UK_2.webp\" alt=\"\"\/>\n        <\/div>\n\n        <div class=\"textContainer\">\n        <h3 class=\"title\"><\/h3>\n        <h4 class=\"subtitle regular\"><\/h4>\n        <div class=\"text\"><p>En este ejemplo, si estableces el objetivo en 80% y tu coche ya tiene un 30%, Ohme se comunicar\u00e1 con la app del fabricante para detectarlo y programar la carga del 50% restante hasta llegar al 80%.<\/p>\n<\/div>\n        <div class=\"buttonsContainer\">\n                    <\/div>\n            <\/div>\n<\/div>\n<\/div>\n\n<div id=\"\" class=\"blockWrapper top-default bottom-default   \">\n\n<div class=\"alert-wrapper\">\n    <div class=\"alert none\">\n        <img decoding=\"async\" class=\"icon\" src=\"https:\/\/ohme-ev.com\/es\/wp-content\/themes\/ohme-energy\/shared\/images\/warning.svg\" \/>\n        <p>Seguimos trabajando para ofrecer la \u00faltima tecnolog\u00eda a nuestros clientes. Como parte de Ohme Labs, la integraci\u00f3n API se mejora continuamente y, en ocasiones, puede no funcionar como se espera. Algunas funciones tambi\u00e9n pueden estar limitadas seg\u00fan las restricciones espec\u00edficas de la API del fabricante.<\/p>\n    <\/div>\n<\/div>\n\n<\/div>\n\n\n<h3 class=\"wp-block-heading\">Rutinas<\/h3>\n\n\n\n<p>Las rutinas son programaciones que puedes definir para horas o d\u00edas concretos de la semana. Se configuran desde el bot\u00f3n \u201cRutinas\u201d en la parte inferior de la p\u00e1gina de Carga:<\/p>\n\n\n\n<ol class=\"wp-block-list\">\n<li>Activa la \u201cCarga din\u00e1mica\u201d en la p\u00e1gina de Carga de la app Ohme.<\/li>\n\n\n\n<li>Pulsa \u201cRutinas\u201d en la parte inferior de la pantalla.<\/li>\n\n\n\n<li>Activa una rutina existente o pulsa \u201cCrear una rutina\u201d en la parte inferior.<\/li>\n\n\n\n<li>Podr\u00e1s nombrar la rutina y elegir:\n<ul class=\"wp-block-list\">\n<li>Los d\u00edas en los que estar\u00e1 activa<\/li>\n\n\n\n<li>El objetivo de carga<\/li>\n\n\n\n<li>Preacondicionamiento del habit\u00e1culo (el tiempo predeterminado es de 30 minutos, pero se puede ajustar)<\/li>\n<\/ul>\n<\/li>\n\n\n\n<li>Pulsa \u201cConfirmar\u201d para guardar<\/li>\n<\/ol>\n\n\n\n<p>Al conectar el coche, Ohme mostrar\u00e1 la Programaci\u00f3n de Carga prevista, indicando los tramos horarios en los que tiene previsto cargar y cu\u00e1nta carga se habr\u00e1 a\u00f1adido al final de cada tramo. Nota: Si tienes integraci\u00f3n API, ver\u00e1s el nivel estimado de bater\u00eda en el veh\u00edculo al final de cada tramo.<\/p>\n\n\n\n<p><\/p>\n\r\n\t\t\t<div id=\"daexthefu-container\"\r\n\t\t\t\tclass=\"daexthefu-container daexthefu-layout-side-by-side daexthefu-alignment-left\"\r\n\t\t\t\tdata-post-id=\"3884\">\r\n\r\n\t\t\t\t<div class=\"daexthefu-feedback\">\r\n\t\t\t\t\t<div class=\"daexthefu-text\">\r\n\t\t\t\t\t\t<h3 class=\"daexthefu-title\">\u00bfTe result\u00f3 \u00fatil este art\u00edculo?<\/h3>\r\n\t\t\t\t\t<\/div>\r\n\t\t\t\t\t<div class=\"daexthefu-buttons-container\">\r\n\t\t\t\t\t\t<div class=\"daexthefu-buttons\">\r\n\t\t\t\t\t\t\t\r\n\t\t\t<div class=\"daexthefu-yes daexthefu-button daexthefu-button-type-icon\" data-value=\"1\">\r\n\t\t\t\t\r\n                <svg>\r\n                    <defs>\r\n                        <style>.thumb-up-cls-1{fill:#c9c9c9;}.thumb-up-cls-2{fill:#e1e1e1;}.thumb-up-cls-3{fill:#676767;}<\/style>\r\n                    <\/defs>\r\n                    <g id=\"thumb_up\">\r\n                        <path class=\"thumb-up-cls-2 daexthefu-icon-circle\" d=\"m24,3c11.58,0,21,9.42,21,21s-9.42,21-21,21S3,35.58,3,24,12.42,3,24,3m0-1C11.85,2,2,11.85,2,24s9.85,22,22,22,22-9.85,22-22S36.15,2,24,2h0Z\" \/>\r\n                        <g>\r\n                            <rect class=\"thumb-up-cls-3 daexthefu-icon-secondary-color\" x=\"10\" y=\"20\" width=\"6\" height=\"15\" rx=\"1.5\" ry=\"1.5\" \/>\r\n                            <path class=\"thumb-up-cls-1 daexthefu-icon-primary-color\" d=\"m30.57,9.06l-.49-.1c-.81-.17-1.61.35-1.78,1.16l-5.3,11.74c-.17.81,3.16,1.61,3.97,1.78l1.96.41c.81.17,1.61-.35,1.78-1.16l2.18-10.27c.34-1.61-.7-3.21-2.31-3.56Z\" \/>\r\n                            <path class=\"thumb-up-cls-1 daexthefu-icon-primary-color\" d=\"m38.17,20h-18.67c-.83,0-1.5.67-1.5,1.5v12c0,.83.67,1.5,1.5,1.5h16.27c.71,0,1.33-.5,1.47-1.21l2.4-12c.19-.93-.53-1.8-1.47-1.8Z\" \/>\r\n                        <\/g>\r\n                    <\/g>\r\n                <\/svg>\t\t\t<\/div>\r\n\r\n\t\t\t\t\t\t\t\t\t\t\r\n\t\t\t<div class=\"daexthefu-no daexthefu-button daexthefu-button-type-icon\" data-value=\"0\">\r\n\t\t\t\t\r\n                <svg>\r\n                    <defs>\r\n                        <style>.thumb-down-cls-1{fill:#c9c9c9;}.thumb-down-cls-2{fill:#e1e1e1;}.thumb-down-cls-3{fill:#676767;}<\/style>\r\n                    <\/defs>\r\n                    <g id=\"thumb_down\">\r\n                        <path class=\"thumb-down-cls-2 daexthefu-icon-circle\" d=\"m24,3c11.58,0,21,9.42,21,21s-9.42,21-21,21S3,35.58,3,24,12.42,3,24,3m0-1C11.85,2,2,11.85,2,24s9.85,22,22,22,22-9.85,22-22S36.15,2,24,2h0Z\" \/>\r\n                        <g>\r\n                            <rect class=\"thumb-down-cls-3 daexthefu-icon-secondary-color\" x=\"10\" y=\"13\" width=\"6\" height=\"15\" rx=\"1.5\" ry=\"1.5\" \/>\r\n                            <path class=\"thumb-down-cls-1 daexthefu-icon-primary-color\" d=\"m30.57,38.94l-.49.1c-.81.17-1.61-.35-1.78-1.16l-5.3-11.74c-.17-.81,3.16-1.61,3.97-1.78l1.96-.41c.81-.17,1.61.35,1.78,1.16l2.18,10.27c.34,1.61-.7,3.21-2.31,3.56Z\" \/>\r\n                            <path class=\"thumb-down-cls-1 daexthefu-icon-primary-color\" d=\"m38.17,28h-18.67c-.83,0-1.5-.67-1.5-1.5v-12c0-.83.67-1.5,1.5-1.5h16.27c.71,0,1.33.5,1.47,1.21l2.4,12c.19.93-.53,1.8-1.47,1.8Z\" \/>\r\n                        <\/g>\r\n                    <\/g>\r\n                <\/svg>\t\t\t<\/div>\r\n\r\n\t\t\t\t\t\t\t\t\t<\/div>\r\n\t\t\t\t\t<\/div>\r\n\t\t\t\t<\/div>\r\n\r\n\t\t\t\t<div class=\"daexthefu-comment\">\r\n\t\t\t\t\t<div class=\"daexthefu-comment-top-container\">\r\n\t\t\t\t\t\t<label id=\"daexthefu-comment-label\" class=\"daexthefu-comment-label\"><\/label>\r\n\t\t\t\t\t\t\t\t\t\t\t\t\t<div class=\"daexthefu-comment-character-counter-container\">\r\n\t\t\t\t\t\t\t\t<div id=\"daexthefu-comment-character-counter-number\"\r\n\t\t\t\t\t\t\t\t\tclass=\"daexthefu-comment-character-counter-number\"><\/div>\r\n\t\t\t\t\t\t\t\t<div class=\"daexthefu-comment-character-counter-text\"><\/div>\r\n\t\t\t\t\t\t\t<\/div>\r\n\t\t\t\t\t\t\t\t\t\t\t<\/div>\r\n\t\t\t\t\t<textarea id=\"daexthefu-comment-textarea\" class=\"daexthefu-comment-textarea\"\r\n\t\t\t\t\t\t\t\tplaceholder=\"Type your message\"\r\n\t\t\t\t\t\t\t\tmaxlength=\"\r\n\t\t\t\t\t\t\t\t400\t\t\t\t\t\t\t\t\t\"><\/textarea>\r\n\t\t\t\t\t<div class=\"daexthefu-comment-buttons-container\">\r\n\t\t\t\t\t\t<button class=\"daexthefu-comment-submit daexthefu-button\">Submit<\/button>\r\n\t\t\t\t\t\t<button class=\"daexthefu-comment-cancel daexthefu-button\">Cancel<\/button>\r\n\t\t\t\t\t<\/div>\r\n\t\t\t\t<\/div>\r\n\r\n\t\t\t\t<div class=\"daexthefu-successful-submission-text\">Thanks for your feedback!<\/div>\r\n\r\n\t\t\t<\/div>\r\n\r\n\t\t\t","protected":false},"excerpt":{"rendered":"<p>Si quieres programar la carga para horarios concretos o establecer una cantidad espec\u00edfica de carga, debes activar la opci\u00f3n de \u201cCarga din\u00e1mica\u201d en la app de Ohme. Puedes personalizar los requisitos de carga seg\u00fan tus necesidades desde la p\u00e1gina de Carga o a trav\u00e9s de Rutinas. Configurar una cantidad de carga para \u201crecargar\u201d Si no [&hellip;]<\/p>\n","protected":false},"featured_media":1018,"template":"","meta":{"_acf_changed":true,"_helpful_status":1},"categories":[15,13],"tags":[32,40,179,180,181,182],"class_list":["post-3884","guides","type-guides","status-publish","has-post-thumbnail","hentry","category-como-empezar","category-como-puedo","tag-schedule","tag-charge-schedule","tag-add-charge","tag-target","tag-routine","tag-smart-charge"],"acf":[],"yoast_head":"<!-- This site is optimized with the Yoast SEO Premium plugin v27.4 (Yoast SEO v27.4) - https:\/\/yoast.com\/product\/yoast-seo-premium-wordpress\/ -->\n<title>Controlar Carga Ohme: C\u00f3mo Gestionarla Desde La App<\/title>\n<meta name=\"description\" content=\"Aprende c\u00f3mo controlar y gestionar la carga de tu veh\u00edculo el\u00e9ctrico desde la app de Ohme de forma sencilla y eficiente.\" \/>\n<meta name=\"robots\" content=\"index, follow, max-snippet:-1, max-image-preview:large, max-video-preview:-1\" \/>\n<link rel=\"canonical\" href=\"https:\/\/ohme-ev.com\/es\/support\/controlar-carga-ohme\/\" \/>\n<meta property=\"og:locale\" content=\"es_ES\" \/>\n<meta property=\"og:type\" content=\"article\" \/>\n<meta property=\"og:title\" content=\"C\u00f3mo controlar mi carga con Ohme\" \/>\n<meta property=\"og:description\" content=\"Aprende c\u00f3mo controlar y gestionar la carga de tu veh\u00edculo el\u00e9ctrico desde la app de Ohme de forma sencilla y eficiente.\" \/>\n<meta property=\"og:url\" content=\"https:\/\/ohme-ev.com\/es\/support\/controlar-carga-ohme\/\" \/>\n<meta property=\"og:site_name\" content=\"Ohme EV Espa\u00f1a\" \/>\n<meta property=\"article:publisher\" content=\"https:\/\/www.facebook.com\/OhmeEV\/\" \/>\n<meta property=\"article:modified_time\" content=\"2025-05-19T15:40:46+00:00\" \/>\n<meta property=\"og:image\" content=\"https:\/\/ohme-ev.com\/es\/wp-content\/uploads\/sites\/17\/2023\/07\/Ohme-ePod-ID-Buzz-dog-copy-2-1024x686.jpg\" \/>\n\t<meta property=\"og:image:width\" content=\"1024\" \/>\n\t<meta property=\"og:image:height\" content=\"686\" \/>\n\t<meta property=\"og:image:type\" content=\"image\/jpeg\" \/>\n<meta name=\"twitter:card\" content=\"summary_large_image\" \/>\n<meta name=\"twitter:site\" content=\"@ohmeev\" \/>\n<meta name=\"twitter:label1\" content=\"Est. reading time\" \/>\n\t<meta name=\"twitter:data1\" content=\"3 minutes\" \/>\n<script type=\"application\/ld+json\" class=\"yoast-schema-graph\">{\"@context\":\"https:\\\/\\\/schema.org\",\"@graph\":[{\"@type\":\"WebPage\",\"@id\":\"https:\\\/\\\/ohme-ev.com\\\/es\\\/support\\\/controlar-carga-ohme\\\/\",\"url\":\"https:\\\/\\\/ohme-ev.com\\\/es\\\/support\\\/controlar-carga-ohme\\\/\",\"name\":\"Controlar Carga Ohme: C\u00f3mo Gestionarla Desde La App\",\"isPartOf\":{\"@id\":\"https:\\\/\\\/ohme-ev.com\\\/es\\\/#website\"},\"primaryImageOfPage\":{\"@id\":\"https:\\\/\\\/ohme-ev.com\\\/es\\\/support\\\/controlar-carga-ohme\\\/#primaryimage\"},\"image\":{\"@id\":\"https:\\\/\\\/ohme-ev.com\\\/es\\\/support\\\/controlar-carga-ohme\\\/#primaryimage\"},\"thumbnailUrl\":\"https:\\\/\\\/ohme-ev.com\\\/es\\\/wp-content\\\/uploads\\\/sites\\\/17\\\/2023\\\/07\\\/Ohme-ePod-ID-Buzz-dog-copy-2.jpg\",\"datePublished\":\"2025-05-19T15:40:44+00:00\",\"dateModified\":\"2025-05-19T15:40:46+00:00\",\"description\":\"Aprende c\u00f3mo controlar y gestionar la carga de tu veh\u00edculo el\u00e9ctrico desde la app de Ohme de forma sencilla y eficiente.\",\"breadcrumb\":{\"@id\":\"https:\\\/\\\/ohme-ev.com\\\/es\\\/support\\\/controlar-carga-ohme\\\/#breadcrumb\"},\"inLanguage\":\"es-es\",\"potentialAction\":[{\"@type\":\"ReadAction\",\"target\":[\"https:\\\/\\\/ohme-ev.com\\\/es\\\/support\\\/controlar-carga-ohme\\\/\"]}]},{\"@type\":\"ImageObject\",\"inLanguage\":\"es-es\",\"@id\":\"https:\\\/\\\/ohme-ev.com\\\/es\\\/support\\\/controlar-carga-ohme\\\/#primaryimage\",\"url\":\"https:\\\/\\\/ohme-ev.com\\\/es\\\/wp-content\\\/uploads\\\/sites\\\/17\\\/2023\\\/07\\\/Ohme-ePod-ID-Buzz-dog-copy-2.jpg\",\"contentUrl\":\"https:\\\/\\\/ohme-ev.com\\\/es\\\/wp-content\\\/uploads\\\/sites\\\/17\\\/2023\\\/07\\\/Ohme-ePod-ID-Buzz-dog-copy-2.jpg\",\"width\":1969,\"height\":1320,\"caption\":\"Man charging electric VW ID Buzz with Ohme ePod charger\"},{\"@type\":\"BreadcrumbList\",\"@id\":\"https:\\\/\\\/ohme-ev.com\\\/es\\\/support\\\/controlar-carga-ohme\\\/#breadcrumb\",\"itemListElement\":[{\"@type\":\"ListItem\",\"position\":1,\"name\":\"Home\",\"item\":\"https:\\\/\\\/ohme-ev.com\\\/es\\\/\"},{\"@type\":\"ListItem\",\"position\":2,\"name\":\"Support guides\",\"item\":\"https:\\\/\\\/ohme-ev.com\\\/es\\\/support\\\/\"},{\"@type\":\"ListItem\",\"position\":3,\"name\":\"C\u00f3mo controlar mi carga con Ohme\"}]},{\"@type\":\"WebSite\",\"@id\":\"https:\\\/\\\/ohme-ev.com\\\/es\\\/#website\",\"url\":\"https:\\\/\\\/ohme-ev.com\\\/es\\\/\",\"name\":\"Ohme EV Espa\u00f1a\",\"description\":\"Ohme - Cargando El Ma\u00f1ana\",\"publisher\":{\"@id\":\"https:\\\/\\\/ohme-ev.com\\\/es\\\/#organization\"},\"potentialAction\":[{\"@type\":\"SearchAction\",\"target\":{\"@type\":\"EntryPoint\",\"urlTemplate\":\"https:\\\/\\\/ohme-ev.com\\\/es\\\/?s={search_term_string}\"},\"query-input\":{\"@type\":\"PropertyValueSpecification\",\"valueRequired\":true,\"valueName\":\"search_term_string\"}}],\"inLanguage\":\"es-es\"},{\"@type\":\"Organization\",\"@id\":\"https:\\\/\\\/ohme-ev.com\\\/es\\\/#organization\",\"name\":\"Ohme EV Espa\u00f1a\",\"alternateName\":\"Ohme\",\"url\":\"https:\\\/\\\/ohme-ev.com\\\/es\\\/\",\"logo\":{\"@type\":\"ImageObject\",\"inLanguage\":\"es-es\",\"@id\":\"https:\\\/\\\/ohme-ev.com\\\/es\\\/#\\\/schema\\\/logo\\\/image\\\/\",\"url\":\"https:\\\/\\\/ohme-ev.com\\\/es\\\/wp-content\\\/uploads\\\/sites\\\/17\\\/2025\\\/05\\\/Vector-1-e1747753854161.webp\",\"contentUrl\":\"https:\\\/\\\/ohme-ev.com\\\/es\\\/wp-content\\\/uploads\\\/sites\\\/17\\\/2025\\\/05\\\/Vector-1-e1747753854161.webp\",\"width\":86,\"height\":81,\"caption\":\"Ohme EV Espa\u00f1a\"},\"image\":{\"@id\":\"https:\\\/\\\/ohme-ev.com\\\/es\\\/#\\\/schema\\\/logo\\\/image\\\/\"},\"sameAs\":[\"https:\\\/\\\/www.facebook.com\\\/OhmeEV\\\/\",\"https:\\\/\\\/x.com\\\/ohmeev\"]}]}<\/script>\n<!-- \/ Yoast SEO Premium plugin. -->","yoast_head_json":{"title":"Controlar Carga Ohme: C\u00f3mo Gestionarla Desde La App","description":"Aprende c\u00f3mo controlar y gestionar la carga de tu veh\u00edculo el\u00e9ctrico desde la app de Ohme de forma sencilla y eficiente.","robots":{"index":"index","follow":"follow","max-snippet":"max-snippet:-1","max-image-preview":"max-image-preview:large","max-video-preview":"max-video-preview:-1"},"canonical":"https:\/\/ohme-ev.com\/es\/support\/controlar-carga-ohme\/","og_locale":"es_ES","og_type":"article","og_title":"C\u00f3mo controlar mi carga con Ohme","og_description":"Aprende c\u00f3mo controlar y gestionar la carga de tu veh\u00edculo el\u00e9ctrico desde la app de Ohme de forma sencilla y eficiente.","og_url":"https:\/\/ohme-ev.com\/es\/support\/controlar-carga-ohme\/","og_site_name":"Ohme EV Espa\u00f1a","article_publisher":"https:\/\/www.facebook.com\/OhmeEV\/","article_modified_time":"2025-05-19T15:40:46+00:00","og_image":[{"width":1024,"height":686,"url":"https:\/\/ohme-ev.com\/es\/wp-content\/uploads\/sites\/17\/2023\/07\/Ohme-ePod-ID-Buzz-dog-copy-2-1024x686.jpg","type":"image\/jpeg"}],"twitter_card":"summary_large_image","twitter_site":"@ohmeev","twitter_misc":{"Est. reading time":"3 minutes"},"schema":{"@context":"https:\/\/schema.org","@graph":[{"@type":"WebPage","@id":"https:\/\/ohme-ev.com\/es\/support\/controlar-carga-ohme\/","url":"https:\/\/ohme-ev.com\/es\/support\/controlar-carga-ohme\/","name":"Controlar Carga Ohme: C\u00f3mo Gestionarla Desde La App","isPartOf":{"@id":"https:\/\/ohme-ev.com\/es\/#website"},"primaryImageOfPage":{"@id":"https:\/\/ohme-ev.com\/es\/support\/controlar-carga-ohme\/#primaryimage"},"image":{"@id":"https:\/\/ohme-ev.com\/es\/support\/controlar-carga-ohme\/#primaryimage"},"thumbnailUrl":"https:\/\/ohme-ev.com\/es\/wp-content\/uploads\/sites\/17\/2023\/07\/Ohme-ePod-ID-Buzz-dog-copy-2.jpg","datePublished":"2025-05-19T15:40:44+00:00","dateModified":"2025-05-19T15:40:46+00:00","description":"Aprende c\u00f3mo controlar y gestionar la carga de tu veh\u00edculo el\u00e9ctrico desde la app de Ohme de forma sencilla y eficiente.","breadcrumb":{"@id":"https:\/\/ohme-ev.com\/es\/support\/controlar-carga-ohme\/#breadcrumb"},"inLanguage":"es-es","potentialAction":[{"@type":"ReadAction","target":["https:\/\/ohme-ev.com\/es\/support\/controlar-carga-ohme\/"]}]},{"@type":"ImageObject","inLanguage":"es-es","@id":"https:\/\/ohme-ev.com\/es\/support\/controlar-carga-ohme\/#primaryimage","url":"https:\/\/ohme-ev.com\/es\/wp-content\/uploads\/sites\/17\/2023\/07\/Ohme-ePod-ID-Buzz-dog-copy-2.jpg","contentUrl":"https:\/\/ohme-ev.com\/es\/wp-content\/uploads\/sites\/17\/2023\/07\/Ohme-ePod-ID-Buzz-dog-copy-2.jpg","width":1969,"height":1320,"caption":"Man charging electric VW ID Buzz with Ohme ePod charger"},{"@type":"BreadcrumbList","@id":"https:\/\/ohme-ev.com\/es\/support\/controlar-carga-ohme\/#breadcrumb","itemListElement":[{"@type":"ListItem","position":1,"name":"Home","item":"https:\/\/ohme-ev.com\/es\/"},{"@type":"ListItem","position":2,"name":"Support guides","item":"https:\/\/ohme-ev.com\/es\/support\/"},{"@type":"ListItem","position":3,"name":"C\u00f3mo controlar mi carga con Ohme"}]},{"@type":"WebSite","@id":"https:\/\/ohme-ev.com\/es\/#website","url":"https:\/\/ohme-ev.com\/es\/","name":"Ohme EV Espa\u00f1a","description":"Ohme - Cargando El Ma\u00f1ana","publisher":{"@id":"https:\/\/ohme-ev.com\/es\/#organization"},"potentialAction":[{"@type":"SearchAction","target":{"@type":"EntryPoint","urlTemplate":"https:\/\/ohme-ev.com\/es\/?s={search_term_string}"},"query-input":{"@type":"PropertyValueSpecification","valueRequired":true,"valueName":"search_term_string"}}],"inLanguage":"es-es"},{"@type":"Organization","@id":"https:\/\/ohme-ev.com\/es\/#organization","name":"Ohme EV Espa\u00f1a","alternateName":"Ohme","url":"https:\/\/ohme-ev.com\/es\/","logo":{"@type":"ImageObject","inLanguage":"es-es","@id":"https:\/\/ohme-ev.com\/es\/#\/schema\/logo\/image\/","url":"https:\/\/ohme-ev.com\/es\/wp-content\/uploads\/sites\/17\/2025\/05\/Vector-1-e1747753854161.webp","contentUrl":"https:\/\/ohme-ev.com\/es\/wp-content\/uploads\/sites\/17\/2025\/05\/Vector-1-e1747753854161.webp","width":86,"height":81,"caption":"Ohme EV Espa\u00f1a"},"image":{"@id":"https:\/\/ohme-ev.com\/es\/#\/schema\/logo\/image\/"},"sameAs":["https:\/\/www.facebook.com\/OhmeEV\/","https:\/\/x.com\/ohmeev"]}]}},"_links":{"self":[{"href":"https:\/\/ohme-ev.com\/es\/wp-json\/wp\/v2\/guides\/3884","targetHints":{"allow":["GET"]}}],"collection":[{"href":"https:\/\/ohme-ev.com\/es\/wp-json\/wp\/v2\/guides"}],"about":[{"href":"https:\/\/ohme-ev.com\/es\/wp-json\/wp\/v2\/types\/guides"}],"wp:featuredmedia":[{"embeddable":true,"href":"https:\/\/ohme-ev.com\/es\/wp-json\/wp\/v2\/media\/1018"}],"wp:attachment":[{"href":"https:\/\/ohme-ev.com\/es\/wp-json\/wp\/v2\/media?parent=3884"}],"wp:term":[{"taxonomy":"category","embeddable":true,"href":"https:\/\/ohme-ev.com\/es\/wp-json\/wp\/v2\/categories?post=3884"},{"taxonomy":"post_tag","embeddable":true,"href":"https:\/\/ohme-ev.com\/es\/wp-json\/wp\/v2\/tags?post=3884"}],"curies":[{"name":"wp","href":"https:\/\/api.w.org\/{rel}","templated":true}]}}