{"id":1307,"date":"2024-05-30T13:51:34","date_gmt":"2024-05-30T13:51:34","guid":{"rendered":"https:\/\/ohme.wpengine.com\/ie\/?post_type=guides&#038;p=1307"},"modified":"2026-02-05T10:23:10","modified_gmt":"2026-02-05T10:23:10","slug":"primera-carga-con-ohme","status":"publish","type":"guides","link":"https:\/\/ohme-ev.com\/es\/support\/primera-carga-con-ohme\/","title":{"rendered":"Su Primera Carga"},"content":{"rendered":"\n<div class=\"wp-block-group modules-layout\"><div class=\"wp-block-group__inner-container is-layout-constrained wp-block-group-is-layout-constrained\">\n<p>Cargar su coche el\u00e9ctrico por primera vez puede parecer desalentador si es algo que nunca ha hecho antes. No se preocupe, se convertir\u00e1 en un profesional de la carga de veh\u00edculos el\u00e9ctricos en muy poco tiempo. Aqu\u00ed tienes todo lo que necesitas saber sobre tu primera carga:<\/p>\n\n\n\n<ul class=\"wp-block-list\">\n<li><a href=\"#downloading-the-ohme-app\">Descargar la app Ohme<\/a><\/li>\n\n\n\n<li><a href=\"#pairing-your-ohme-charger\">Crear tu cuenta<\/a><\/li>\n\n\n\n<li><a href=\"#setting-your-tariff\">Configurar tu tarifa<\/a><\/li>\n\n\n\n<li><a href=\"#pairing-with-charger\">Vincular tu cargador<\/a><\/li>\n\n\n\n<li><a href=\"#selecting-your-car\">Seleccionar tu veh\u00edculo<\/a><\/li>\n\n\n\n<li><a href=\"#create-charge-schedule\">Carga din\u00e1mica<\/a><\/li>\n\n\n\n<li><a href=\"#price-cap\">Rutinas<\/a><\/li>\n\n\n\n<li><a href=\"#activar-un-limite-de-precio\" id=\"#activar-un-limite-de-precio\">Activar un l\u00edmite de precio<\/a><\/li>\n\n\n\n<li><a href=\"#como-activar-la-carga\">C\u00f3mo activar la carga m\u00e1xima<\/a><\/li>\n\n\n\n<li><a href=\"#activar-los-ajustes-de-seguridad\">Activar los ajustes de seguridad<\/a><\/li>\n<\/ul>\n\n\n\n<h2 class=\"wp-block-heading\" id=\"downloading-the-ohme-app\">Descargar la app Ohme<\/h2>\n\n\n\n<p>Para sacar el m\u00e1ximo provecho de su nuevo cargador, tendr\u00e1 que descargar la aplicaci\u00f3n Ohme. Visite la App Store o Playstore para descargar la aplicaci\u00f3n Ohme y crear su cuenta. Tenga en cuenta que Ohme requiere una se\u00f1al de telefon\u00eda m\u00f3vil 3G\/4G potente para funcionar como cargador inteligente. Podr\u00e1 seguir utilizando el cargador sin se\u00f1al m\u00f3vil, pero no podr\u00e1 beneficiarse de las funciones de carga inteligente de Ohme.<\/p>\n\n\n\n<h2 class=\"wp-block-heading\" id=\"pairing-your-ohme-charger\">Crear tu cuenta<\/h2>\n\n\n<div id=\"\" class=\"blockWrapper top-smaller bottom-none   \">\n\n\n<div class=\"contentWrapper textImageLeft  image\">\n            <div class=\"imageContainer\">\n            <img decoding=\"async\" loading=\"lazy\" src=\"https:\/\/ohme-ev.com\/es\/wp-content\/uploads\/sites\/17\/2023\/08\/Support_first_charge_1_ES.jpg\" alt=\"\"\/>\n        <\/div>\n\n        <div class=\"textContainer\">\n        <h3 class=\"title\">Paso 1<\/h3>\n        <h4 class=\"subtitle regular\"><\/h4>\n        <div class=\"text\"><p>Cuando abra por primera vez la aplicaci\u00f3n Ohme, se le pedir\u00e1 que seleccione en qu\u00e9 pa\u00eds est\u00e1. Cuando haya terminado, pulse Continuar.<\/p>\n<p>&nbsp;<\/p>\n<\/div>\n        <div class=\"buttonsContainer\">\n                    <\/div>\n            <\/div>\n<\/div>\n<\/div>\n\n<div id=\"\" class=\"blockWrapper top-none bottom-none   \">\n\n\n<div class=\"contentWrapper textImageLeft  image\">\n            <div class=\"imageContainer\">\n            <img decoding=\"async\" loading=\"lazy\" src=\"https:\/\/ohme-ev.com\/es\/wp-content\/uploads\/sites\/17\/2023\/08\/Support_first_charge_2_ES.jpg\" alt=\"\"\/>\n        <\/div>\n\n        <div class=\"textContainer\">\n        <h3 class=\"title\">Paso 2<\/h3>\n        <h4 class=\"subtitle regular\"><\/h4>\n        <div class=\"text\"><p>A continuaci\u00f3n, deber\u00e1 aceptar los t\u00e9rminos y condiciones de Ohme. Pulse los enlaces para leer los t\u00e9rminos y condiciones y pulse \u201cAcepto\u201d para pasar al siguiente paso y empezar a crear su cuenta Ohme.<\/p>\n<p>&nbsp;<\/p>\n<\/div>\n        <div class=\"buttonsContainer\">\n                    <\/div>\n            <\/div>\n<\/div>\n<\/div>\n\n<div id=\"\" class=\"blockWrapper top-smaller bottom-none   \">\n\n\n<div class=\"contentWrapper textImageLeft  image\">\n            <div class=\"imageContainer\">\n            <img decoding=\"async\" loading=\"lazy\" src=\"https:\/\/ohme-ev.com\/es\/wp-content\/uploads\/sites\/17\/2023\/08\/Support_first_charge_3_ES.jpg\" alt=\"\"\/>\n        <\/div>\n\n        <div class=\"textContainer\">\n        <h3 class=\"title\">Paso 3<\/h3>\n        <h4 class=\"subtitle regular\"><\/h4>\n        <div class=\"text\"><p>Cuando abra por primera vez la aplicaci\u00f3n Ohme, ver\u00e1 cuatro opciones para crear una cuenta Ohme. Las tres primeras le permiten crear una cuenta utilizando una cuenta de redes sociales existente como Google, Apple ID o Facebook.<\/p>\n<div class=\"flex flex-col text-sm pb-25\">\n<article class=\"text-token-text-primary w-full focus:outline-none [--shadow-height:45px] has-data-writing-block:pointer-events-none has-data-writing-block:-mt-(--shadow-height) has-data-writing-block:pt-(--shadow-height) [&amp;:has([data-writing-block])&gt;*]:pointer-events-auto scroll-mt-[calc(var(--header-height)+min(200px,max(70px,20svh)))]\" dir=\"auto\" data-turn-id=\"04e025ce-d11a-426f-938f-7d489704b256\" data-testid=\"conversation-turn-10\" data-scroll-anchor=\"true\" data-turn=\"assistant\">\n<div class=\"text-base my-auto mx-auto pb-10 [--thread-content-margin:--spacing(4)] @w-sm\/main:[--thread-content-margin:--spacing(6)] @w-lg\/main:[--thread-content-margin:--spacing(16)] px-(--thread-content-margin)\">\n<div class=\"[--thread-content-max-width:40rem] @w-lg\/main:[--thread-content-max-width:48rem] mx-auto max-w-(--thread-content-max-width) flex-1 group\/turn-messages focus-visible:outline-hidden relative flex w-full min-w-0 flex-col agent-turn\">\n<div class=\"flex max-w-full flex-col grow\">\n<div class=\"min-h-8 text-message relative flex w-full flex-col items-end gap-2 text-start break-words whitespace-normal [.text-message+&amp;]:mt-1\" dir=\"auto\" data-message-author-role=\"assistant\" data-message-id=\"d315d8f4-89e3-4761-83fa-5f73aeccf3f4\" data-message-model-slug=\"gpt-5-2-thinking\">\n<div class=\"flex w-full flex-col gap-1 empty:hidden first:pt-[1px]\">\n<div class=\"markdown prose dark:prose-invert w-full wrap-break-word light markdown-new-styling\">\n<p data-start=\"0\" data-end=\"168\" data-is-last-node=\"\" data-is-only-node=\"\"><strong>Nota: Si quieres acceder a tu cuenta de Ohme desde varios dispositivos o compartirla con otros usuarios, te recomendamos crear una cuenta con tu correo electr\u00f3nico.<\/strong><\/p>\n<\/div>\n<\/div>\n<\/div>\n<\/div>\n<\/div>\n<\/div>\n<\/article>\n<\/div>\n<\/div>\n        <div class=\"buttonsContainer\">\n                    <\/div>\n            <\/div>\n<\/div>\n<\/div>\n\n<div id=\"\" class=\"blockWrapper top-none bottom-none   \">\n\n\n<div class=\"contentWrapper textImageLeft  image\">\n            <div class=\"imageContainer\">\n            <img decoding=\"async\" loading=\"lazy\" src=\"https:\/\/ohme-ev.com\/es\/wp-content\/uploads\/sites\/17\/2023\/08\/Support_first_charge_4_ES.jpg\" alt=\"\"\/>\n        <\/div>\n\n        <div class=\"textContainer\">\n        <h3 class=\"title\">Paso 4<\/h3>\n        <h4 class=\"subtitle regular\"><\/h4>\n        <div class=\"text\"><p>Por \u00faltimo, ver\u00e1s una lista de verificaci\u00f3n con la informaci\u00f3n necesaria para completar la configuraci\u00f3n de tu cuenta de Ohme:<\/p>\n<ul>\n<li>Direcci\u00f3n<\/li>\n<li>Tarifa de energ\u00eda<\/li>\n<li>ID del cargador<\/li>\n<li>Marca y modelo del coche<\/li>\n<\/ul>\n<\/div>\n        <div class=\"buttonsContainer\">\n                    <\/div>\n            <\/div>\n<\/div>\n<\/div>\n\n\n<h2 class=\"wp-block-heading\" id=\"h-configurar-tu-tarifa\">Configurar tu tarifa<\/h2>\n\n\n<div id=\"\" class=\"blockWrapper top-smaller bottom-none   \">\n\n\n<div class=\"contentWrapper textImageLeft  image\">\n            <div class=\"imageContainer\">\n            <img decoding=\"async\" loading=\"lazy\" src=\"https:\/\/ohme-ev.com\/es\/wp-content\/uploads\/sites\/17\/2023\/08\/Support_first_charge_5_ES.jpg\" alt=\"\"\/>\n        <\/div>\n\n        <div class=\"textContainer\">\n        <h3 class=\"title\">Configurar tu direcci\u00f3n<\/h3>\n        <h4 class=\"subtitle regular\"><\/h4>\n        <div class=\"text\"><p>Se te pedir\u00e1 que introduzcas los datos de tu direcci\u00f3n. Esto sirve para que las tarifas preconfiguradas disponibles en la app de Ohme se filtren y solo se muestren las adecuadas para tu ubicaci\u00f3n.<\/p>\n<\/div>\n        <div class=\"buttonsContainer\">\n                    <\/div>\n            <\/div>\n<\/div>\n<\/div>\n\n<div id=\"\" class=\"blockWrapper top-smaller bottom-none   \">\n\n\n<div class=\"contentWrapper textImageLeft  image\">\n            <div class=\"imageContainer\">\n            <img decoding=\"async\" loading=\"lazy\" src=\"https:\/\/ohme-ev.com\/es\/wp-content\/uploads\/sites\/17\/2024\/05\/ImageArticles_ImageLayout.webp\" alt=\"\"\/>\n        <\/div>\n\n        <div class=\"textContainer\">\n        <h3 class=\"title\">A\u00f1adir la informaci\u00f3n de tu tarifa el\u00e9ctrica<\/h3>\n        <h4 class=\"subtitle regular\"><\/h4>\n        <div class=\"text\"><p data-start=\"0\" data-end=\"316\">A continuaci\u00f3n, se te pedir\u00e1 que introduzcas la informaci\u00f3n de tu tarifa. Ohme utiliza estos datos para estimar el coste de tus sesiones de carga y te permitir\u00e1 programar la carga seg\u00fan las horas m\u00e1s econ\u00f3micas de tu tarifa. Para empezar, toca A\u00f1ade tu tarifa.<\/p>\n<p data-start=\"318\" data-end=\"492\">Si no est\u00e1s seguro de qui\u00e9n es tu comercializadora de energ\u00eda o de qu\u00e9 tarifa tienes contratada, puedes encontrar esta informaci\u00f3n en tu factura de electricidad m\u00e1s reciente.<\/p>\n<p><strong>Nota: Ohme nunca le facturar\u00e1 directamente la energ\u00eda utilizada para cargar el veh\u00edculo. Solo utilizamos la informaci\u00f3n de la tarifa para calcular los costes de su carga.<\/strong><\/p>\n<\/div>\n        <div class=\"buttonsContainer\">\n                    <\/div>\n            <\/div>\n<\/div>\n<\/div>\n\n<div id=\"\" class=\"blockWrapper top-smaller bottom-none   \">\n\n\n<div class=\"contentWrapper textImageLeft  image\">\n            <div class=\"imageContainer\">\n            <img decoding=\"async\" loading=\"lazy\" src=\"https:\/\/ohme-ev.com\/es\/wp-content\/uploads\/sites\/17\/2023\/08\/Support_first_charge_6_ES.jpg\" alt=\"\"\/>\n        <\/div>\n\n        <div class=\"textContainer\">\n        <h3 class=\"title\">Paso 1<\/h3>\n        <h4 class=\"subtitle regular\"><\/h4>\n        <div class=\"text\"><div class=\"flex flex-col text-sm pb-25\">\n<article class=\"text-token-text-primary w-full focus:outline-none [--shadow-height:45px] has-data-writing-block:pointer-events-none has-data-writing-block:-mt-(--shadow-height) has-data-writing-block:pt-(--shadow-height) [&amp;:has([data-writing-block])&gt;*]:pointer-events-auto scroll-mt-[calc(var(--header-height)+min(200px,max(70px,20svh)))]\" dir=\"auto\" data-turn-id=\"2586ef1b-8cc2-441c-bd90-e4adc86d0abe\" data-testid=\"conversation-turn-18\" data-scroll-anchor=\"true\" data-turn=\"assistant\">\n<div class=\"text-base my-auto mx-auto pb-10 [--thread-content-margin:--spacing(4)] @w-sm\/main:[--thread-content-margin:--spacing(6)] @w-lg\/main:[--thread-content-margin:--spacing(16)] px-(--thread-content-margin)\">\n<div class=\"[--thread-content-max-width:40rem] @w-lg\/main:[--thread-content-max-width:48rem] mx-auto max-w-(--thread-content-max-width) flex-1 group\/turn-messages focus-visible:outline-hidden relative flex w-full min-w-0 flex-col agent-turn\">\n<div class=\"flex max-w-full flex-col grow\">\n<div class=\"min-h-8 text-message relative flex w-full flex-col items-end gap-2 text-start break-words whitespace-normal [.text-message+&amp;]:mt-1\" dir=\"auto\" data-message-author-role=\"assistant\" data-message-id=\"46a1e52e-03df-427c-8bbd-6b51f1e47637\" data-message-model-slug=\"gpt-5-2-thinking\">\n<div class=\"flex w-full flex-col gap-1 empty:hidden first:pt-[1px]\">\n<div class=\"markdown prose dark:prose-invert w-full wrap-break-word light markdown-new-styling\">\n<p data-start=\"0\" data-end=\"225\">Ohme ofrece varios proveedores de electricidad preconfigurados para que puedas elegir. Puedes usar la barra de b\u00fasqueda en la parte superior o desplazarte por las opciones para encontrar y seleccionar tu proveedor de energ\u00eda.<\/p>\n<p data-start=\"227\" data-end=\"415\" data-is-last-node=\"\" data-is-only-node=\"\"><strong>Nota: si tu proveedor de energ\u00eda no aparece en la lista, toca \u201cMi proveedor no aparece\u201d y consulta las instrucciones a continuaci\u00f3n para saber c\u00f3mo a\u00f1adir una tarifa personalizada.<\/strong><\/p>\n<\/div>\n<\/div>\n<\/div>\n<\/div>\n<div class=\"z-0 flex min-h-[46px] justify-start\"><\/div>\n<div class=\"mt-3 w-full empty:hidden\">\n<div class=\"text-center\"><\/div>\n<\/div>\n<\/div>\n<\/div>\n<\/article>\n<\/div>\n<div class=\"pointer-events-none h-px w-px absolute bottom-0\" aria-hidden=\"true\" data-edge=\"true\"><\/div>\n<\/div>\n        <div class=\"buttonsContainer\">\n                    <\/div>\n            <\/div>\n<\/div>\n<\/div>\n\n<div id=\"\" class=\"blockWrapper top-none bottom-none   \">\n\n\n<div class=\"contentWrapper textImageLeft  image\">\n            <div class=\"imageContainer\">\n            <img decoding=\"async\" loading=\"lazy\" src=\"https:\/\/ohme-ev.com\/es\/wp-content\/uploads\/sites\/17\/2023\/08\/Support_first_charge_7_ES.jpg\" alt=\"\"\/>\n        <\/div>\n\n        <div class=\"textContainer\">\n        <h3 class=\"title\">Paso 2<\/h3>\n        <h4 class=\"subtitle regular\"><\/h4>\n        <div class=\"text\"><div class=\"flex flex-col text-sm pb-25\">\n<article class=\"text-token-text-primary w-full focus:outline-none [--shadow-height:45px] has-data-writing-block:pointer-events-none has-data-writing-block:-mt-(--shadow-height) has-data-writing-block:pt-(--shadow-height) [&amp;:has([data-writing-block])&gt;*]:pointer-events-auto scroll-mt-[calc(var(--header-height)+min(200px,max(70px,20svh)))]\" dir=\"auto\" data-turn-id=\"6c115004-56c6-4d00-8393-60690a76ea64\" data-testid=\"conversation-turn-20\" data-scroll-anchor=\"true\" data-turn=\"assistant\">\n<div class=\"text-base my-auto mx-auto pb-10 [--thread-content-margin:--spacing(4)] @w-sm\/main:[--thread-content-margin:--spacing(6)] @w-lg\/main:[--thread-content-margin:--spacing(16)] px-(--thread-content-margin)\">\n<div class=\"[--thread-content-max-width:40rem] @w-lg\/main:[--thread-content-max-width:48rem] mx-auto max-w-(--thread-content-max-width) flex-1 group\/turn-messages focus-visible:outline-hidden relative flex w-full min-w-0 flex-col agent-turn\">\n<div class=\"flex max-w-full flex-col grow\">\n<div class=\"min-h-8 text-message relative flex w-full flex-col items-end gap-2 text-start break-words whitespace-normal [.text-message+&amp;]:mt-1\" dir=\"auto\" data-message-author-role=\"assistant\" data-message-id=\"88016790-4020-4eeb-8d48-feacaf79f47d\" data-message-model-slug=\"gpt-5-2-thinking\">\n<div class=\"flex w-full flex-col gap-1 empty:hidden first:pt-[1px]\">\n<div class=\"markdown prose dark:prose-invert w-full wrap-break-word light markdown-new-styling\">\n<p data-start=\"0\" data-end=\"219\">A continuaci\u00f3n, tendr\u00e1s que seleccionar la tarifa espec\u00edfica que tienes contratada. Puedes usar la barra de b\u00fasqueda de la parte superior o desplazarte por las opciones disponibles para elegir tu tarifa el\u00e9ctrica.<\/p>\n<p data-start=\"221\" data-end=\"392\" data-is-last-node=\"\" data-is-only-node=\"\"><strong>Nota: si tu tarifa no aparece en la lista, toca \u201cMi tarifa no aparece\u201d y consulta las instrucciones que encontrar\u00e1s a continuaci\u00f3n para saber c\u00f3mo a\u00f1adir una tarifa personalizada.<\/strong><\/p>\n<\/div>\n<\/div>\n<\/div>\n<\/div>\n<div class=\"z-0 flex min-h-[46px] justify-start\"><\/div>\n<div class=\"mt-3 w-full empty:hidden\">\n<div class=\"text-center\"><\/div>\n<\/div>\n<\/div>\n<\/div>\n<\/article>\n<\/div>\n<div class=\"pointer-events-none h-px w-px absolute bottom-0\" aria-hidden=\"true\" data-edge=\"true\"><\/div>\n<\/div>\n        <div class=\"buttonsContainer\">\n                    <\/div>\n            <\/div>\n<\/div>\n<\/div>\n\n<div id=\"\" class=\"blockWrapper top-none bottom-none   \">\n\n\n<div class=\"contentWrapper textImageLeft  image\">\n            <div class=\"imageContainer\">\n            <img decoding=\"async\" loading=\"lazy\" src=\"https:\/\/ohme-ev.com\/es\/wp-content\/uploads\/sites\/17\/2023\/08\/Support_first_charge_8_ES.jpg\" alt=\"\"\/>\n        <\/div>\n\n        <div class=\"textContainer\">\n        <h3 class=\"title\">Configuraci\u00f3n de la tarifa completada<\/h3>\n        <h4 class=\"subtitle regular\"><\/h4>\n        <div class=\"text\"><p>A continuaci\u00f3n, ver\u00e1s que tu tarifa ya est\u00e1 configurada. Tambi\u00e9n puedes confirmar los precios de la tarifa seleccionada antes de tocar <strong data-start=\"179\" data-end=\"190\">\u201cSiguiente\u201d<\/strong> para volver a la pantalla de <strong data-start=\"220\" data-end=\"229\">Carga<\/strong>.<\/p>\n<\/div>\n        <div class=\"buttonsContainer\">\n                    <\/div>\n            <\/div>\n<\/div>\n<\/div>\n\n<div id=\"\" class=\"blockWrapper top-none bottom-none   \">\n\n\n<div class=\"contentWrapper textImageLeft  image\">\n            <div class=\"imageContainer\">\n            <img decoding=\"async\" loading=\"lazy\" src=\"https:\/\/ohme-ev.com\/es\/wp-content\/uploads\/sites\/17\/2023\/08\/Support_first_charge_9_ES.jpg\" alt=\"\"\/>\n        <\/div>\n\n        <div class=\"textContainer\">\n        <h3 class=\"title\">A\u00f1adir una tarifa personalizada<\/h3>\n        <h4 class=\"subtitle regular\"><\/h4>\n        <div class=\"text\"><p>Si su proveedor o su tarifa no est\u00e1n disponibles como opci\u00f3n preestablecida, puede crear una tarifa personalizada. Ohme admite tarifas de tarifa \u00fanica, tarifa doble y tarifa m\u00faltiple.<\/p>\n<\/div>\n        <div class=\"buttonsContainer\">\n                    <\/div>\n            <\/div>\n<\/div>\n<\/div>\n\n<div id=\"\" class=\"blockWrapper top-none bottom-none   \">\n\n\n<div class=\"contentWrapper textImageLeft  image\">\n            <div class=\"imageContainer\">\n            <img decoding=\"async\" loading=\"lazy\" src=\"https:\/\/ohme-ev.com\/es\/wp-content\/uploads\/sites\/17\/2023\/08\/Support_first_charge_10_ES.jpg\" alt=\"\"\/>\n        <\/div>\n\n        <div class=\"textContainer\">\n        <h3 class=\"title\">Tarifa \u00fanica<\/h3>\n        <h4 class=\"subtitle regular\"><\/h4>\n        <div class=\"text\"><p>La opci\u00f3n de tarifa \u00fanica es adecuada para tarifas en las que el precio de la electricidad es el mismo durante todo el d\u00eda y toda la noche.<\/p>\n<p>Aqu\u00ed hemos creado una tarifa \u00fanica, de 0,20 euros\/kWh.<\/p>\n<\/div>\n        <div class=\"buttonsContainer\">\n                    <\/div>\n            <\/div>\n<\/div>\n<\/div>\n\n<div id=\"\" class=\"blockWrapper top-none bottom-none   \">\n\n\n<div class=\"contentWrapper textImageLeft  image\">\n            <div class=\"imageContainer\">\n            <img decoding=\"async\" loading=\"lazy\" src=\"https:\/\/ohme-ev.com\/es\/wp-content\/uploads\/sites\/17\/2023\/08\/Support_first_charge_11_ES.jpg\" alt=\"\"\/>\n        <\/div>\n\n        <div class=\"textContainer\">\n        <h3 class=\"title\">Tarifa doble<\/h3>\n        <h4 class=\"subtitle regular\"><\/h4>\n        <div class=\"text\"><p>La opci\u00f3n de tarifa doble es adecuada para tarifas en las que el precio de la electricidad es diferente dependiendo de la hora del d\u00eda.<\/p>\n<p>Aqu\u00ed hemos creado una tarifa doble en la que el precio de la electricidad es de 0,20 euros\/kWh durante el d\u00eda y de 0,095 euros\/kWh entre las 0:00 y las 5:00 h.<\/p>\n<\/div>\n        <div class=\"buttonsContainer\">\n                    <\/div>\n            <\/div>\n<\/div>\n<\/div>\n\n<div id=\"\" class=\"blockWrapper top-none bottom-none   \">\n\n\n<div class=\"contentWrapper textImageLeft  image\">\n            <div class=\"imageContainer\">\n            <img decoding=\"async\" loading=\"lazy\" src=\"https:\/\/ohme-ev.com\/es\/wp-content\/uploads\/sites\/17\/2023\/08\/Support_first_charge_12_ES-1.jpg\" alt=\"\"\/>\n        <\/div>\n\n        <div class=\"textContainer\">\n        <h3 class=\"title\">Tarifas m\u00faltiples<\/h3>\n        <h4 class=\"subtitle regular\"><\/h4>\n        <div class=\"text\"><p>La opci\u00f3n de tarifas m\u00faltiples es adecuada para tarifas en las que el precio de la electricidad es diferente dependiendo de la hora del d\u00eda y del propio d\u00eda.<\/p>\n<p>Aqu\u00ed hemos creado una tarifa multitarifa en la que el precio de la electricidad es de 0,20 euros\/kWh durante el d\u00eda de lunes a viernes y domingos, 0,095 euros\/kWh entre las 0:00 y las 05:00 h cada ma\u00f1ana, y 0,10 euros\/kWh entre las 10:00 y las 16:00 h los s\u00e1bados.<\/p>\n<p>Una vez que hayamos establecido este tipo de tarifa, podremos habilitar un l\u00edmite de precio de 0,10\u00a0euros si solo queremos que Ohme cobre los s\u00e1bados, o de 0,15\u00a0euros si queremos que Ohme cobre los s\u00e1bados y entre las 0:00 y las 5:00 h todos los d\u00edas.<\/p>\n<p>&nbsp;<\/p>\n<\/div>\n        <div class=\"buttonsContainer\">\n                    <\/div>\n            <\/div>\n<\/div>\n<\/div>\n\n\n<h2 class=\"wp-block-heading\" id=\"pairing-with-charger\">Vincular tu cargador<\/h2>\n\n\n\n<p>A continuaci\u00f3n, se te pedir\u00e1 que vincules tu cargador a tu cuenta en la app de Ohme. Puedes hacerlo escaneando el c\u00f3digo QR o introduciendo el c\u00f3digo manualmente.<\/p>\n\n\n<div id=\"\" class=\"blockWrapper top-smaller bottom-none   \">\n\n\n<div class=\"contentWrapper textImageLeft  image\">\n            <div class=\"imageContainer\">\n            <img decoding=\"async\" loading=\"lazy\" src=\"https:\/\/ohme-ev.com\/es\/wp-content\/uploads\/sites\/17\/2023\/08\/Support_first_charge_13_ES.jpg\" alt=\"\"\/>\n        <\/div>\n\n        <div class=\"textContainer\">\n        <h3 class=\"title\"><\/h3>\n        <h4 class=\"subtitle regular\"><\/h4>\n        <div class=\"text\"><p data-start=\"0\" data-end=\"187\">Cuando se te indique, escanea el c\u00f3digo QR. Este aparecer\u00e1 en la pantalla del Home Pr<strong data-start=\"78\" data-end=\"90\">o<\/strong> o en la pegatina situada en la parte inferior tanto del Home Pro como del cargador ePod.<\/p>\n<p data-start=\"189\" data-end=\"281\"><strong>Nota: tendr\u00e1s que permitir que Ohme acceda a tu c\u00e1mara para poder escanear el c\u00f3digo QR.<\/strong><\/p>\n<p data-start=\"283\" data-end=\"434\">Si no puedes escanear el c\u00f3digo QR, puedes introducir el n\u00famero de serie manualmente en el cuadro de texto situado en la parte inferior de la pantalla.<\/p>\n<p data-start=\"436\" data-end=\"609\" data-is-last-node=\"\" data-is-only-node=\"\">Una vez que toques <strong data-start=\"455\" data-end=\"483\">\u201c<\/strong>Introducir c\u00f3digo manualmente<strong data-start=\"455\" data-end=\"483\">\u201d<\/strong>, podr\u00e1s escribir el n\u00famero de serie tal y como aparece debajo del c\u00f3digo QR. Tendr\u00e1 un formato similar a <strong data-start=\"589\" data-end=\"599\">\u201c<\/strong>ohmea******\u201d**.<\/p>\n<\/div>\n        <div class=\"buttonsContainer\">\n                    <\/div>\n            <\/div>\n<\/div>\n<\/div>\n\n\n<h2 class=\"wp-block-heading\" id=\"selecting-your-car\">Seleccionar tu veh\u00edculo<\/h2>\n\n\n\n<p>Seleccionar tu veh\u00edculo en la app de Ohme nos permite saber qu\u00e9 coche el\u00e9ctrico se est\u00e1 cargando, as\u00ed como el tama\u00f1o de la bater\u00eda, la autonom\u00eda y la velocidad m\u00e1xima a la que tu veh\u00edculo puede cargar. Toda esta informaci\u00f3n es importante para garantizar que Ohme cargue tu veh\u00edculo correctamente.<\/p>\n\n\n<div id=\"\" class=\"blockWrapper top-smaller bottom-none   \">\n\n\n<div class=\"contentWrapper textImageLeft  image\">\n            <div class=\"imageContainer\">\n            <img decoding=\"async\" loading=\"lazy\" src=\"https:\/\/ohme-ev.com\/es\/wp-content\/uploads\/sites\/17\/2023\/08\/Support_first_charge_14_ES.jpg\" alt=\"\"\/>\n        <\/div>\n\n        <div class=\"textContainer\">\n        <h3 class=\"title\">Paso 1<\/h3>\n        <h4 class=\"subtitle regular\"><\/h4>\n        <div class=\"text\"><p data-start=\"0\" data-end=\"88\">Primero, se te pedir\u00e1 que selecciones la marca de tu veh\u00edculo el\u00e9ctrico en la lista.<\/p>\n<p data-start=\"90\" data-end=\"256\" data-is-last-node=\"\" data-is-only-node=\"\"><strong>Nota: si la marca de tu veh\u00edculo no aparece, consulta las instrucciones que encontrar\u00e1s a continuaci\u00f3n para saber c\u00f3mo a\u00f1adir un perfil de veh\u00edculo personalizado.<\/strong><\/p>\n<\/div>\n        <div class=\"buttonsContainer\">\n                    <\/div>\n            <\/div>\n<\/div>\n<\/div>\n\n<div id=\"\" class=\"blockWrapper top-none bottom-none   \">\n\n\n<div class=\"contentWrapper textImageLeft  image\">\n            <div class=\"imageContainer\">\n            <img decoding=\"async\" loading=\"lazy\" src=\"https:\/\/ohme-ev.com\/es\/wp-content\/uploads\/sites\/17\/2023\/08\/Support_first_charge_15_ES.jpg\" alt=\"\"\/>\n        <\/div>\n\n        <div class=\"textContainer\">\n        <h3 class=\"title\">Paso 2<\/h3>\n        <h4 class=\"subtitle regular\"><\/h4>\n        <div class=\"text\"><p data-start=\"0\" data-end=\"264\">Una vez que hayas seleccionado la marca, ver\u00e1s una lista de veh\u00edculos entre los que elegir, con una vista previa de las especificaciones de cada perfil. Puedes usar la barra de b\u00fasqueda en la parte superior de la pantalla para encontrar tu veh\u00edculo m\u00e1s f\u00e1cilmente.<\/p>\n<p data-start=\"266\" data-end=\"455\" data-is-last-node=\"\" data-is-only-node=\"\"><strong>Nota: si el modelo de tu veh\u00edculo el\u00e9ctrico no aparece en la lista, consulta las instrucciones que encontrar\u00e1s a continuaci\u00f3n para saber c\u00f3mo a\u00f1adir un perfil de veh\u00edculo personalizado.<\/strong><\/p>\n<\/div>\n        <div class=\"buttonsContainer\">\n                    <\/div>\n            <\/div>\n<\/div>\n<\/div>\n\n<div id=\"\" class=\"blockWrapper top-none bottom-none   \">\n\n\n<div class=\"contentWrapper textImageLeft  image\">\n            <div class=\"imageContainer\">\n            <img decoding=\"async\" loading=\"lazy\" src=\"https:\/\/ohme-ev.com\/es\/wp-content\/uploads\/sites\/17\/2023\/08\/Support_first_charge_16_ES.jpg\" alt=\"\"\/>\n        <\/div>\n\n        <div class=\"textContainer\">\n        <h3 class=\"title\">Configuraci\u00f3n del veh\u00edculo completada<\/h3>\n        <h4 class=\"subtitle regular\"><\/h4>\n        <div class=\"text\"><p>Una vez que hayas seleccionado tu coche, habr\u00e1s terminado de configurar tu cuenta de Ohme. Toca <strong data-start=\"140\" data-end=\"151\">\u201c<\/strong>Finalizar<strong data-start=\"140\" data-end=\"151\">\u201d<\/strong> para continuar a la p\u00e1gina de Carga.<\/p>\n<\/div>\n        <div class=\"buttonsContainer\">\n                    <\/div>\n            <\/div>\n<\/div>\n<\/div>\n\n\n<h2 class=\"wp-block-heading\" id=\"setting-your-tariff\">Mi marca de coche no aparece en la aplicaci\u00f3n Ohme<\/h2>\n\n\n\n<p>Si la marca o el modelo de tu veh\u00edculo el\u00e9ctrico no est\u00e1 disponible como opci\u00f3n preestablecida, puedes a\u00f1adir tu coche manualmente. Al configurar el tama\u00f1o de la bater\u00eda, la velocidad de carga y la autonom\u00eda m\u00e1xima, puedes personalizar el perfil para que coincida con las especificaciones de tu veh\u00edculo. Esto permite una representaci\u00f3n m\u00e1s personalizada y precisa de las capacidades de tu coche y de sus necesidades de carga. Vamos a ello y veamos c\u00f3mo puedes aprovechar al m\u00e1ximo esta funci\u00f3n.<\/p>\n\n\n<div id=\"\" class=\"blockWrapper top-none bottom-none   \">\n\n\n<div class=\"contentWrapper textImageLeft  image\">\n            <div class=\"imageContainer\">\n            <img decoding=\"async\" loading=\"lazy\" src=\"https:\/\/ohme-ev.com\/es\/wp-content\/uploads\/sites\/17\/2023\/08\/Support_first_charge_20_ES.jpg\" alt=\"\"\/>\n        <\/div>\n\n        <div class=\"textContainer\">\n        <h3 class=\"title\">Paso 1<\/h3>\n        <h4 class=\"subtitle regular\"><\/h4>\n        <div class=\"text\"><p>A continuaci\u00f3n, pulse \u201cMi marca no aparece en la lista\u201d en la parte inferior de la pantalla.<\/p>\n<\/div>\n        <div class=\"buttonsContainer\">\n                    <\/div>\n            <\/div>\n<\/div>\n<\/div>\n\n<div id=\"\" class=\"blockWrapper top-none bottom-none   \">\n\n\n<div class=\"contentWrapper textImageLeft  image\">\n            <div class=\"imageContainer\">\n            <img decoding=\"async\" loading=\"lazy\" src=\"https:\/\/ohme-ev.com\/es\/wp-content\/uploads\/sites\/17\/2023\/08\/Support_first_charge_21_ES.jpg\" alt=\"\"\/>\n        <\/div>\n\n        <div class=\"textContainer\">\n        <h3 class=\"title\">Paso 2<\/h3>\n        <h4 class=\"subtitle regular\"><\/h4>\n        <div class=\"text\"><p data-start=\"0\" data-end=\"193\">A continuaci\u00f3n, tendr\u00e1s que a\u00f1adir las especificaciones de tu coche. Si no est\u00e1s seguro, consulta la documentaci\u00f3n de la compra o el manual del veh\u00edculo. Necesitaremos la siguiente informaci\u00f3n:<\/p>\n<ul>\n<li><strong data-start=\"197\" data-end=\"236\">Marca y nombre del modelo del coche<\/strong> (p. ej., <strong data-start=\"246\" data-end=\"259\">Fiat 500e<\/strong>). Se mostrar\u00e1 como el t\u00edtulo del coche en la p\u00e1gina <strong data-start=\"312\" data-end=\"321\">Mi VE<\/strong>.<\/li>\n<li><strong data-start=\"327\" data-end=\"358\">Tama\u00f1o de la bater\u00eda en kWh<\/strong> (p. ej., <strong data-start=\"368\" data-end=\"378\">42 kWh<\/strong>). Es importante para que Ohme sepa cu\u00e1nto tiempo necesitar\u00e1 programar para cargar la bater\u00eda.<\/li>\n<li><strong data-start=\"477\" data-end=\"523\">Velocidad m\u00e1xima de carga en CA (AC) en kW<\/strong> (p. ej., <strong data-start=\"533\" data-end=\"544\">7,68 kW<\/strong>). La potencia de carga tambi\u00e9n es importante para que Ohme entienda cu\u00e1nto tiempo tendr\u00e1 que programar para cargar la bater\u00eda.<\/li>\n<li><strong data-start=\"676\" data-end=\"706\">Autonom\u00eda m\u00e1xima en kil\u00f3metros <\/strong>(p. ej., <strong data-start=\"716\" data-end=\"730\">199 millas<\/strong>). La autonom\u00eda ayudar\u00e1 a proporcionar una estimaci\u00f3n de cu\u00e1nta autonom\u00eda podr\u00eda alcanzar el coche al final de la sesi\u00f3n.<\/li>\n<\/ul>\n<p data-start=\"853\" data-end=\"941\">Una vez que hayas a\u00f1adido todas las especificaciones, toca Confirmar para finalizar.<\/p>\n<p data-start=\"943\" data-end=\"1048\" data-is-last-node=\"\" data-is-only-node=\"\"><strong>Nota: Solo el propio coche (o su app) puede mostrar la autonom\u00eda real que el veh\u00edculo puede alcanzar.<\/strong><\/p>\n<\/div>\n        <div class=\"buttonsContainer\">\n                    <\/div>\n            <\/div>\n<\/div>\n<\/div>\n\n<div id=\"\" class=\"blockWrapper top-none bottom-none   \">\n\n\n<div class=\"contentWrapper textImageLeft  image\">\n            <div class=\"imageContainer\">\n            <img decoding=\"async\" loading=\"lazy\" src=\"https:\/\/ohme-ev.com\/es\/wp-content\/uploads\/sites\/17\/2023\/08\/Support_first_charge_22_ES.jpg\" alt=\"\"\/>\n        <\/div>\n\n        <div class=\"textContainer\">\n        <h3 class=\"title\">Configuraci\u00f3n del veh\u00edculo personalizado completada<\/h3>\n        <h4 class=\"subtitle regular\"><\/h4>\n        <div class=\"text\"><p>Una vez que hayas a\u00f1adido los datos de tu veh\u00edculo y hayas tocado <strong data-start=\"124\" data-end=\"139\">\u201c<\/strong>Listo<strong data-start=\"124\" data-end=\"139\">\u201d<\/strong>, \u00a1todo estar\u00e1 listo! Toca <strong data-start=\"166\" data-end=\"177\">\u201c<\/strong>Listo<strong data-start=\"166\" data-end=\"177\">\u201d<\/strong> para continuar a la p\u00e1gina Mi VE.<\/p>\n<\/div>\n        <div class=\"buttonsContainer\">\n                    <\/div>\n            <\/div>\n<\/div>\n<\/div>\n\n<div id=\"\" class=\"blockWrapper top-none bottom-none   \">\n\n\n<div class=\"contentWrapper textImageLeft  image\">\n            <div class=\"imageContainer\">\n            <img decoding=\"async\" loading=\"lazy\" src=\"https:\/\/ohme-ev.com\/es\/wp-content\/uploads\/sites\/17\/2023\/08\/Support_first_charge_23_ES.jpg\" alt=\"\"\/>\n        <\/div>\n\n        <div class=\"textContainer\">\n        <h3 class=\"title\">Cambio de su veh\u00edculo el\u00e9ctrico<\/h3>\n        <h4 class=\"subtitle regular\"><\/h4>\n        <div class=\"text\"><p>Si necesita cambiar los detalles de su veh\u00edculo en cualquier momento, solo tiene que pulsar \u201cSu VE\u201d en la p\u00e1gina \u201cCargar\u201d.<\/p>\n<p>A continuaci\u00f3n, pulse \u201cCambiar VE\u201d y repita los pasos anteriores para seleccionar la marca y el modelo correctos.<\/p>\n<p>Por \u00faltimo, pulse \u201cConfirmar\u201d para terminar.<\/p>\n<\/div>\n        <div class=\"buttonsContainer\">\n                    <\/div>\n            <\/div>\n<\/div>\n<\/div>\n\n\n<h2 class=\"wp-block-heading\" id=\"h-vincular-tu-cuenta-de-ohme-con-la-cuenta-de-tu-coche\">Vincular tu cuenta de Ohme con la cuenta de tu coche<\/h2>\n\n\n\n<p>Algunos fabricantes de veh\u00edculos ofrecen una API (Interfaz de Programaci\u00f3n de Aplicaciones) que permite acceder a informaci\u00f3n sobre tu coche a trav\u00e9s de la app del fabricante. Introducir tus credenciales de acceso en la app de Ohme permite que Ohme vea el estado de carga actual de tu coche, que luego se utiliza para calcular cu\u00e1nta carga necesitas. Esta funci\u00f3n est\u00e1 disponible actualmente para un n\u00famero limitado de marcas. Si tu marca no aparece en la lista, Ohme no podr\u00e1 ver el estado de carga de tu coche. La compatibilidad con API est\u00e1 disponible actualmente para las siguientes marcas:<\/p>\n\n\n\n<div class=\"wp-block-columns is-layout-flex wp-container-core-columns-is-layout-9d6595d7 wp-block-columns-is-layout-flex\">\n<div class=\"wp-block-column is-layout-flow wp-block-column-is-layout-flow\" style=\"flex-basis:50%\">\n<ul class=\"wp-block-list\">\n<li>Audi<\/li>\n\n\n\n<li>BMW<\/li>\n\n\n\n<li>Cupra<\/li>\n\n\n\n<li>Hyundai<\/li>\n\n\n\n<li>Kia<\/li>\n\n\n\n<li>Mini<\/li>\n<\/ul>\n<\/div>\n\n\n\n<div class=\"wp-block-column is-layout-flow wp-block-column-is-layout-flow\" style=\"flex-basis:50%\">\n<ul class=\"wp-block-list\">\n<li>Nissan<\/li>\n\n\n\n<li>Renault<\/li>\n\n\n\n<li>Skoda<\/li>\n\n\n\n<li>Tesla<\/li>\n\n\n\n<li>Volkswagen<\/li>\n\n\n\n<li>Volvo<\/li>\n<\/ul>\n<\/div>\n<\/div>\n\n\n<div id=\"\" class=\"blockWrapper top-none bottom-none   \">\n\n\n<div class=\"contentWrapper textImageLeft  image\">\n            <div class=\"imageContainer\">\n            <img decoding=\"async\" loading=\"lazy\" src=\"https:\/\/ohme-ev.com\/es\/wp-content\/uploads\/sites\/17\/2023\/08\/Support_first_charge_24_ES.jpg\" alt=\"\"\/>\n        <\/div>\n\n        <div class=\"textContainer\">\n        <h3 class=\"title\">Vincula tu veh\u00edculo el\u00e9ctrico<\/h3>\n        <h4 class=\"subtitle regular\"><\/h4>\n        <div class=\"text\"><p>Cuando elijas tu veh\u00edculo el\u00e9ctrico en la app de Ohme, para cada marca compatible se te invitar\u00e1 a <strong data-start=\"135\" data-end=\"155\">\u201c<\/strong>Vincular tu VE<strong data-start=\"135\" data-end=\"155\">\u201d<\/strong>.\u00a0 Toca Continuar y lee las pantallas de introducci\u00f3n hasta llegar a la pantalla de inicio de sesi\u00f3n, donde podr\u00e1s introducir los datos de tu cuenta de la app de tu coche.<\/p>\n<\/div>\n        <div class=\"buttonsContainer\">\n                    <\/div>\n            <\/div>\n<\/div>\n<\/div>\n\n<div id=\"\" class=\"blockWrapper top-none bottom-none   \">\n\n\n<div class=\"contentWrapper textImageLeft  image\">\n            <div class=\"imageContainer\">\n            <img decoding=\"async\" loading=\"lazy\" src=\"https:\/\/ohme-ev.com\/es\/wp-content\/uploads\/sites\/17\/2023\/08\/Support_first_charge_25_ES.jpg\" alt=\"\"\/>\n        <\/div>\n\n        <div class=\"textContainer\">\n        <h3 class=\"title\">Desvincular tu veh\u00edculo el\u00e9ctrico<\/h3>\n        <h4 class=\"subtitle regular\"><\/h4>\n        <div class=\"text\"><p data-start=\"0\" data-end=\"154\">Una vez que hayas iniciado sesi\u00f3n, podr\u00e1s ver el nivel de bater\u00eda de tu veh\u00edculo el\u00e9ctrico en la p\u00e1gina Mi VE.<\/p>\n<p data-start=\"156\" data-end=\"377\" data-is-last-node=\"\" data-is-only-node=\"\">Si por cualquier motivo quieres que Ohme deje de obtener el nivel de bater\u00eda del veh\u00edculo, puedes seleccionar <strong data-start=\"266\" data-end=\"289\">\u201c<\/strong>Desemparejar tu VE<strong data-start=\"266\" data-end=\"289\">\u201d<\/strong>. Esto har\u00e1 que Ohme asuma que la bater\u00eda est\u00e1 al 0% cada vez que conectes el coche.<\/p>\n<\/div>\n        <div class=\"buttonsContainer\">\n                    <\/div>\n            <\/div>\n<\/div>\n<\/div>\n\n\n<p>Siempre estamos trabajando para ofrecer a nuestros clientes la tecnolog\u00eda m\u00e1s avanzada. Como parte de Ohme Labs,<strong> <\/strong>estamos mejorando continuamente esta funci\u00f3n y, en ocasiones, puede que no funcione como se espera. Ten en cuenta que algunas funcionalidades tambi\u00e9n pueden estar limitadas debido a restricciones o limitaciones de la API espec\u00edficas del fabricante.<br><\/p>\n\n\n\n<h2 class=\"wp-block-heading\" id=\"h-carga-dinamica\">Carga din\u00e1mica<\/h2>\n\n\n\n<p>Activar la carga din\u00e1mica te permite elegir cu\u00e1nto quieres cargar tu veh\u00edculo el\u00e9ctrico y para cu\u00e1ndo te gustar\u00eda que estuviera listo. Puedes personalizar los requisitos de carga seg\u00fan tus necesidades de conducci\u00f3n directamente en la p\u00e1gina de Carga o mediante las Rutinas. Sigue leyendo para ver c\u00f3mo.<\/p>\n\n\n<div id=\"\" class=\"blockWrapper top-default bottom-default   \">\n\n\n<div class=\"contentWrapper textImageLeft  image\">\n            <div class=\"imageContainer\">\n            <img decoding=\"async\" loading=\"lazy\" src=\"https:\/\/ohme-ev.com\/es\/wp-content\/uploads\/sites\/17\/2025\/02\/Frame-23.webp\" alt=\"\"\/>\n        <\/div>\n\n        <div class=\"textContainer\">\n        <h3 class=\"title\">Configurar una cantidad de carga para \u201cRecargar\u201d<\/h3>\n        <h4 class=\"subtitle regular\"><\/h4>\n        <div class=\"text\"><div class=\"flex flex-col text-sm pb-25\">\n<article class=\"text-token-text-primary w-full focus:outline-none [--shadow-height:45px] has-data-writing-block:pointer-events-none has-data-writing-block:-mt-(--shadow-height) has-data-writing-block:pt-(--shadow-height) [&amp;:has([data-writing-block])&gt;*]:pointer-events-auto scroll-mt-[calc(var(--header-height)+min(200px,max(70px,20svh)))]\" dir=\"auto\" data-turn-id=\"83c124cb-7db1-42e1-b198-eb6cebb77327\" data-testid=\"conversation-turn-40\" data-scroll-anchor=\"true\" data-turn=\"assistant\">\n<div class=\"text-base my-auto mx-auto pb-10 [--thread-content-margin:--spacing(4)] @w-sm\/main:[--thread-content-margin:--spacing(6)] @w-lg\/main:[--thread-content-margin:--spacing(16)] px-(--thread-content-margin)\">\n<div class=\"[--thread-content-max-width:40rem] @w-lg\/main:[--thread-content-max-width:48rem] mx-auto max-w-(--thread-content-max-width) flex-1 group\/turn-messages focus-visible:outline-hidden relative flex w-full min-w-0 flex-col agent-turn\">\n<div class=\"flex max-w-full flex-col grow\">\n<div class=\"min-h-8 text-message relative flex w-full flex-col items-end gap-2 text-start break-words whitespace-normal [.text-message+&amp;]:mt-1\" dir=\"auto\" data-message-author-role=\"assistant\" data-message-id=\"231f1420-b405-41b3-9a71-390e65857a1f\" data-message-model-slug=\"gpt-5-2-thinking\">\n<div class=\"flex w-full flex-col gap-1 empty:hidden first:pt-[1px]\">\n<div class=\"markdown prose dark:prose-invert w-full wrap-break-word light markdown-new-styling\">\n<p data-start=\"0\" data-end=\"394\">Una vez que hayas terminado de configurar tu cuenta, ver\u00e1s la pantalla de Carga. Aqu\u00ed puedes controlar todos los aspectos de la carga. Al activar la carga din\u00e1mica, podr\u00e1s establecer una cantidad de carga con la que quieres recargar tu coche y una hora de Listo por (la hora a la que quieres que la carga haya finalizado).<\/p>\n<p data-start=\"396\" data-end=\"720\">Por ejemplo, si estableces la cantidad de Recargar en 100%, Ohme a\u00f1adir\u00e1 un 100% de la capacidad conocida de la bater\u00eda de tu coche durante esa sesi\u00f3n. Al conectar el coche, Ohme asumir\u00e1 que la bater\u00eda est\u00e1 al 0%; sin embargo, si tu coche ya tiene un 30%, al final de la sesi\u00f3n tendr\u00e1s un 70% de carga.<\/p>\n<p data-start=\"722\" data-end=\"894\" data-is-last-node=\"\" data-is-only-node=\"\">Puedes mantener estos ajustes iguales cada vez que conectes el coche, o ajustarlos en cada sesi\u00f3n seg\u00fan cu\u00e1nta carga necesites y a qu\u00e9 hora quieras que el coche est\u00e9 listo.<\/p>\n<\/div>\n<\/div>\n<\/div>\n<\/div>\n<div class=\"z-0 flex min-h-[46px] justify-start\"><\/div>\n<div class=\"mt-3 w-full empty:hidden\">\n<div class=\"text-center\"><\/div>\n<\/div>\n<\/div>\n<\/div>\n<\/article>\n<\/div>\n<div class=\"pointer-events-none h-px w-px absolute bottom-0\" aria-hidden=\"true\" data-edge=\"true\"><\/div>\n<\/div>\n        <div class=\"buttonsContainer\">\n                    <\/div>\n            <\/div>\n<\/div>\n<\/div>\n\n<div id=\"\" class=\"blockWrapper top-default bottom-default   \">\n\n\n<div class=\"contentWrapper textImageLeft  image\">\n            <div class=\"imageContainer\">\n            <img decoding=\"async\" loading=\"lazy\" src=\"https:\/\/ohme-ev.com\/es\/wp-content\/uploads\/sites\/17\/2024\/05\/ImageArticles_ImageLayout-1.webp\" alt=\"\"\/>\n        <\/div>\n\n        <div class=\"textContainer\">\n        <h3 class=\"title\">Configurar un \u201cObjetivo\u201d de carga<\/h3>\n        <h4 class=\"subtitle regular\"><\/h4>\n        <div class=\"text\"><p data-start=\"0\" data-end=\"198\">Si has iniciado sesi\u00f3n en la API de tu veh\u00edculo, podr\u00e1s indicar un <strong data-start=\"107\" data-end=\"121\" data-is-only-node=\"\">\u201c<\/strong>objetivo<strong data-start=\"107\" data-end=\"121\" data-is-only-node=\"\">\u201d<\/strong> de carga que quieres que Ohme alcance, lo que permite una carga m\u00e1s precisa.<\/p>\n<p data-start=\"200\" data-end=\"339\">Ohme se comunicar\u00e1 con tu coche a intervalos regulares durante la sesi\u00f3n para alcanzar el objetivo y ajustar\u00e1 la carga seg\u00fan sea necesario.<\/p>\n<p data-start=\"341\" data-end=\"652\" data-is-last-node=\"\" data-is-only-node=\"\">Despu\u00e9s, podr\u00e1s establecer un objetivo de carga. Por ejemplo, si configuras tu objetivo en 80% y tu veh\u00edculo ya tiene un 42% de bater\u00eda, Ohme se comunicar\u00e1 con la app de la marca de tu veh\u00edculo para detectarlo y ajustar\u00e1 la programaci\u00f3n para a\u00f1adir un 38% adicional y llegar as\u00ed al 80% de carga.<\/p>\n<\/div>\n        <div class=\"buttonsContainer\">\n                    <\/div>\n            <\/div>\n<\/div>\n<\/div>\n\n<div id=\"\" class=\"blockWrapper top-default bottom-default   \">\n\n\n<div class=\"contentWrapper textImageLeft  image\">\n            <div class=\"imageContainer\">\n            <img decoding=\"async\" loading=\"lazy\" src=\"https:\/\/ohme-ev.com\/es\/wp-content\/uploads\/sites\/17\/2024\/05\/ImageArticles_ImageLayout-2.webp\" alt=\"\"\/>\n        <\/div>\n\n        <div class=\"textContainer\">\n        <h3 class=\"title\">Programaci\u00f3n de carga inteligente<\/h3>\n        <h4 class=\"subtitle regular\"><\/h4>\n        <div class=\"text\"><p data-start=\"0\" data-end=\"238\">Al conectar el veh\u00edculo, se mostrar\u00e1n los tramos de carga en la p\u00e1gina de Carga de la app. Estos tramos te indican cu\u00e1ndo Ohme tiene programada la carga para ayudarte a alcanzar tu objetivo.<\/p>\n<p data-start=\"240\" data-end=\"485\">Aqu\u00ed podr\u00e1s ver el nivel de bater\u00eda previsto al final de cada tramo. Por ejemplo, para las 21<strong data-start=\"335\" data-end=\"350\">:<\/strong>30 el nivel de bater\u00eda est\u00e1 programado para estar en 19%, mientras que para las 06<strong data-start=\"432\" data-end=\"447\">:<\/strong>59\u00a0el nivel de bater\u00eda ser\u00e1 del 70%.<\/p>\n<p data-start=\"487\" data-end=\"636\" data-is-last-node=\"\" data-is-only-node=\"\"><strong>Nota: si no tienes integrada la API del veh\u00edculo, en su lugar ver\u00e1s la cantidad estimada de carga a\u00f1adida al veh\u00edculo al final de cada tramo.<\/strong><\/p>\n<\/div>\n        <div class=\"buttonsContainer\">\n                    <\/div>\n            <\/div>\n<\/div>\n<\/div><\/div><\/div>\n\n\n<div id=\"\" class=\"blockWrapper top-default bottom-default   \">\n\n\n<div class=\"contentWrapper textImageLeft  image\">\n            <div class=\"imageContainer\">\n            <img decoding=\"async\" loading=\"lazy\" src=\"https:\/\/ohme-ev.com\/es\/wp-content\/uploads\/sites\/17\/2024\/05\/ImageArticles_ImageLayout-3.webp\" alt=\"\"\/>\n        <\/div>\n\n        <div class=\"textContainer\">\n        <h3 class=\"title\">Cargar al 100% lo antes posible<\/h3>\n        <h4 class=\"subtitle regular\"><\/h4>\n        <div class=\"text\"><p data-start=\"0\" data-end=\"259\">Si quieres que la carga se inicie de forma inmediata cada vez que conectes el coche y contin\u00fae hasta que est\u00e9 completamente cargado, puedes desactivar la carga din\u00e1mica usando el interruptor en la p\u00e1gina de Carga.<\/p>\n<p data-start=\"261\" data-end=\"575\">Mientras esta opci\u00f3n est\u00e9 desactivada, el cargador pasar\u00e1 por defecto al modo <strong data-start=\"339\" data-end=\"376\">\u201c<\/strong>Cargar al 100% lo antes posible<strong data-start=\"339\" data-end=\"376\">\u201d<\/strong>. Esto significa que Ohme cargar\u00e1 el veh\u00edculo a m\u00e1xima potencia hasta que la bater\u00eda est\u00e9 completa, alcance el l\u00edmite de carga configurado en el propio coche o se desconecte el cargador del veh\u00edculo.<\/p>\n<p data-start=\"577\" data-end=\"753\" data-is-last-node=\"\" data-is-only-node=\"\">Si en cualquier momento quieres establecer una cantidad espec\u00edfica de carga o una hora de salida, puedes volver a activar la carga din\u00e1mica tocando de nuevo el interruptor.<\/p>\n<\/div>\n        <div class=\"buttonsContainer\">\n                    <\/div>\n            <\/div>\n<\/div>\n<\/div>\n\n<div id=\"\" class=\"blockWrapper top-default bottom-default   \">\n\n<div class=\"alert-wrapper\">\n    <div class=\"alert none\">\n        <img decoding=\"async\" class=\"icon\" src=\"https:\/\/ohme-ev.com\/es\/wp-content\/themes\/ohme-energy\/shared\/images\/warning.svg\" \/>\n        <div class=\"flex flex-col text-sm pb-25\">\n<article class=\"text-token-text-primary w-full focus:outline-none [--shadow-height:45px] has-data-writing-block:pointer-events-none has-data-writing-block:-mt-(--shadow-height) has-data-writing-block:pt-(--shadow-height) [&amp;:has([data-writing-block])&gt;*]:pointer-events-auto scroll-mt-[calc(var(--header-height)+min(200px,max(70px,20svh)))]\" dir=\"auto\" data-turn-id=\"f648ab3d-1a44-4696-88a5-95f125671970\" data-testid=\"conversation-turn-48\" data-scroll-anchor=\"true\" data-turn=\"assistant\">\n<div class=\"text-base my-auto mx-auto pb-10 [--thread-content-margin:--spacing(4)] @w-sm\/main:[--thread-content-margin:--spacing(6)] @w-lg\/main:[--thread-content-margin:--spacing(16)] px-(--thread-content-margin)\">\n<div class=\"[--thread-content-max-width:40rem] @w-lg\/main:[--thread-content-max-width:48rem] mx-auto max-w-(--thread-content-max-width) flex-1 group\/turn-messages focus-visible:outline-hidden relative flex w-full min-w-0 flex-col agent-turn\">\n<div class=\"flex max-w-full flex-col grow\">\n<div class=\"min-h-8 text-message relative flex w-full flex-col items-end gap-2 text-start break-words whitespace-normal [.text-message+&amp;]:mt-1\" dir=\"auto\" data-message-author-role=\"assistant\" data-message-id=\"63c965b2-c951-46bc-9113-bea52c6a8587\" data-message-model-slug=\"gpt-5-2-thinking\">\n<div class=\"flex w-full flex-col gap-1 empty:hidden first:pt-[1px]\">\n<div class=\"markdown prose dark:prose-invert w-full wrap-break-word light markdown-new-styling\">\n<p data-start=\"0\" data-end=\"176\">Cuando cargas con la carga din\u00e1mica desactivada, Ohme seguir\u00e1 respetando cualquier restricci\u00f3n configurada, como un l\u00edmite de precio o un horario de carga regulado.<\/p>\n<p data-start=\"178\" data-end=\"370\" data-is-last-node=\"\" data-is-only-node=\"\">Por ejemplo, si tienes un l\u00edmite de precio que solo permite a Ohme cargar entre las 00:30 y las 04:30, se crear\u00e1 una programaci\u00f3n para cargar lo m\u00e1ximo posible dentro de ese intervalo.<\/p>\n<\/div>\n<\/div>\n<\/div>\n<\/div>\n<div class=\"z-0 flex min-h-[46px] justify-start\"><\/div>\n<div class=\"mt-3 w-full empty:hidden\">\n<div class=\"text-center\"><\/div>\n<\/div>\n<\/div>\n<\/div>\n<\/article>\n<\/div>\n<div class=\"pointer-events-none h-px w-px absolute bottom-0\" aria-hidden=\"true\" data-edge=\"true\"><\/div>\n    <\/div>\n<\/div>\n\n<\/div>\n\n\n<h2 class=\"wp-block-heading\" id=\"h-rutinas\">Rutinas<\/h2>\n\n\n\n<p>Las Rutinas son programas de carga que puedes configurar para horas o d\u00edas espec\u00edficos a lo largo de la semana. Puedes configurarlas desde el bot\u00f3n <strong>\u201c<\/strong>Rutinas<strong>\u201d<\/strong> en la parte inferior de la p\u00e1gina de Carga. Nota<strong>:<\/strong> para ver las Rutinas, debes tener activada la carga din\u00e1mica.<\/p>\n\n\n<div id=\"\" class=\"blockWrapper top-default bottom-default   \">\n\n\n<div class=\"contentWrapper textImageLeft  image\">\n            <div class=\"imageContainer\">\n            <img decoding=\"async\" loading=\"lazy\" src=\"https:\/\/ohme-ev.com\/es\/wp-content\/uploads\/sites\/17\/2024\/05\/ImageArticles_ImageLayout-4.webp\" alt=\"\"\/>\n        <\/div>\n\n        <div class=\"textContainer\">\n        <h3 class=\"title\">A\u00f1adir una rutina<\/h3>\n        <h4 class=\"subtitle regular\"><\/h4>\n        <div class=\"text\"><p data-start=\"0\" data-end=\"125\">Para configurar una rutina, toca el bot\u00f3n \u201cCrear una rutina\u201d en la parte inferior de la pantalla.<\/p>\n<p data-start=\"127\" data-end=\"218\">A continuaci\u00f3n, podr\u00e1s ponerle un nombre a la rutina y elegir la siguiente informaci\u00f3n:<\/p>\n<ul data-start=\"220\" data-end=\"398\">\n<li data-start=\"220\" data-end=\"260\">\n<p data-start=\"222\" data-end=\"260\">Qu\u00e9 d\u00edas estar\u00e1 activa la rutina<\/p>\n<\/li>\n<li data-start=\"261\" data-end=\"289\">\n<p data-start=\"263\" data-end=\"289\">Tu objetivo de carga<\/p>\n<\/li>\n<li data-start=\"290\" data-end=\"398\">\n<p data-start=\"292\" data-end=\"398\">Preacondicionamiento del habit\u00e1culo (el tiempo predeterminado es de 30 minutos, pero se puede ajustar)<\/p>\n<\/li>\n<\/ul>\n<p data-start=\"400\" data-end=\"472\" data-is-last-node=\"\" data-is-only-node=\"\">Una vez introducida esta informaci\u00f3n, toca <strong data-start=\"443\" data-end=\"456\">\u201c<\/strong>Guardar<strong data-start=\"443\" data-end=\"456\">\u201d<\/strong> para finalizar.<\/p>\n<\/div>\n        <div class=\"buttonsContainer\">\n                    <\/div>\n            <\/div>\n<\/div>\n<\/div>\n\n\n<h2 class=\"wp-block-heading\" id=\"activar-un-limite-de-precio\">Activar un l\u00edmite de precio<\/h2>\n\n\n\n<p>Activar un l\u00edmite de precio en la app de Ohme hace que la carga se realice solo cuando el precio de la electricidad sea m\u00e1s bajo. Esto significa que Ohme solo empezar\u00e1 a cargar tu veh\u00edculo cuando el precio est\u00e9 por debajo del l\u00edmite establecido y detendr\u00e1 la carga en cuanto el precio lo supere.<\/p>\n\n\n\n<p>Por ejemplo, si tienes una tarifa de doble periodo y pagas una tarifa reducida de 0,22 \u20ac\/kWh entre las 00:00 y las 05:00, podr\u00edas establecer un precio m\u00e1ximo de 0,22 \u20ac\/kWh. Esto har\u00eda que Ohme <strong>s<\/strong>olo iniciara la carga a las 00:00 y la<strong> <\/strong>detuviera a las 05:00<strong> <\/strong>(a menos que el coche se cargue por completo antes de esa hora).<\/p>\n\n\n<div id=\"\" class=\"blockWrapper top-default bottom-default   \">\n\n<div class=\"alert-wrapper\">\n    <div class=\"alert none\">\n        <img decoding=\"async\" class=\"icon\" src=\"https:\/\/ohme-ev.com\/es\/wp-content\/themes\/ohme-energy\/shared\/images\/warning.svg\" \/>\n        <p>Nota: Limitar la carga mediante un l\u00edmite de precio puede hacer que no alcances tu objetivo de carga si no hay tiempo suficiente para cargar hasta la cantidad deseada.<\/p>\n    <\/div>\n<\/div>\n\n<\/div>\n\n<div id=\"\" class=\"blockWrapper top-default bottom-default   \">\n\n\n<div class=\"contentWrapper textImageLeft  image\">\n            <div class=\"imageContainer\">\n            <img decoding=\"async\" loading=\"lazy\" src=\"https:\/\/ohme-ev.com\/es\/wp-content\/uploads\/sites\/17\/2024\/05\/ImageArticles_ImageLayout-5.webp\" alt=\"\"\/>\n        <\/div>\n\n        <div class=\"textContainer\">\n        <h3 class=\"title\">Paso 1 <\/h3>\n        <h4 class=\"subtitle regular\"><\/h4>\n        <div class=\"text\"><p>Puedes actualizar la configuraci\u00f3n del l\u00edmite de precio yendo a la parte inferior de la pantalla de Carga en la app de Ohme y tocando \u201cTope de precio\u201d.<\/p>\n<\/div>\n        <div class=\"buttonsContainer\">\n                    <\/div>\n            <\/div>\n<\/div>\n<\/div>\n\n<div id=\"\" class=\"blockWrapper top-default bottom-default   \">\n\n\n<div class=\"contentWrapper textImageLeft  image\">\n            <div class=\"imageContainer\">\n            <img decoding=\"async\" loading=\"lazy\" src=\"https:\/\/ohme-ev.com\/es\/wp-content\/uploads\/sites\/17\/2024\/05\/ImageArticles_ImageLayout-6.webp\" alt=\"\"\/>\n        <\/div>\n\n        <div class=\"textContainer\">\n        <h3 class=\"title\">Paso 2 <\/h3>\n        <h4 class=\"subtitle regular\"><\/h4>\n        <div class=\"text\"><p data-start=\"0\" data-end=\"176\">Desliza el interruptor hacia la derecha para activar el l\u00edmite de precio y hacia la izquierda para desactivarlo. Toca \u201cConfirmar\u201d para guardar la configuraci\u00f3n.<\/p>\n<p data-start=\"178\" data-end=\"390\">Ohme establecer\u00e1 autom\u00e1ticamente el l\u00edmite de precio en funci\u00f3n de la tarifa valle del plan indicado. Sin embargo, si deseas modificarlo, solo tienes que tocar el precio y ajustarlo seg\u00fan tus necesidades.<\/p>\n<p data-start=\"392\" data-end=\"492\" data-is-last-node=\"\" data-is-only-node=\"\">Cuando el l\u00edmite de precio est\u00e9 activado, Ohme te indicar\u00e1 en qu\u00e9 horarios se limitar\u00e1 la carga.<\/p>\n<\/div>\n        <div class=\"buttonsContainer\">\n                    <\/div>\n            <\/div>\n<\/div>\n<\/div>\n\n\n<h2 class=\"wp-block-heading\" id=\"como-activar-la-carga\">C\u00f3mo activar la carga m\u00e1xima<\/h2>\n\n\n\n<p>Si necesitas cargar ahora, puedes activar \u201cCarga m\u00e1xima\u201d en la app de Ohme. Esta opci\u00f3n anula temporalmente tu configuraci\u00f3n de carga y carga tu coche lo m\u00e1s r\u00e1pido posible hasta que la bater\u00eda est\u00e9 llena o desconectes el cable.<\/p>\n\n\n<div id=\"\" class=\"blockWrapper top-default bottom-default   \">\n\n\n<div class=\"contentWrapper textImageLeft  image\">\n            <div class=\"imageContainer\">\n            <img decoding=\"async\" loading=\"lazy\" src=\"https:\/\/ohme-ev.com\/es\/wp-content\/uploads\/sites\/17\/2024\/05\/ImageArticles_ImageLayout-13.webp\" alt=\"\"\/>\n        <\/div>\n\n        <div class=\"textContainer\">\n        <h3 class=\"title\">Paso 1 <\/h3>\n        <h4 class=\"subtitle regular\"><\/h4>\n        <div class=\"text\"><div class=\"flex flex-col text-sm pb-25\">\n<article class=\"text-token-text-primary w-full focus:outline-none [--shadow-height:45px] has-data-writing-block:pointer-events-none has-data-writing-block:-mt-(--shadow-height) has-data-writing-block:pt-(--shadow-height) [&amp;:has([data-writing-block])&gt;*]:pointer-events-auto scroll-mt-[calc(var(--header-height)+min(200px,max(70px,20svh)))]\" dir=\"auto\" data-turn-id=\"f95f166f-2d65-4212-a8da-bf79d72232b8\" data-testid=\"conversation-turn-34\" data-scroll-anchor=\"true\" data-turn=\"assistant\">\n<div class=\"text-base my-auto mx-auto pb-10 [--thread-content-margin:--spacing(4)] @w-sm\/main:[--thread-content-margin:--spacing(6)] @w-lg\/main:[--thread-content-margin:--spacing(16)] px-(--thread-content-margin)\">\n<div class=\"[--thread-content-max-width:40rem] @w-lg\/main:[--thread-content-max-width:48rem] mx-auto max-w-(--thread-content-max-width) flex-1 group\/turn-messages focus-visible:outline-hidden relative flex w-full min-w-0 flex-col agent-turn\">\n<div class=\"flex max-w-full flex-col grow\">\n<div class=\"min-h-8 text-message relative flex w-full flex-col items-end gap-2 text-start break-words whitespace-normal [.text-message+&amp;]:mt-1\" dir=\"auto\" data-message-author-role=\"assistant\" data-message-id=\"dea13b85-dff3-42a6-8dc5-c2cddff629e5\" data-message-model-slug=\"gpt-5-2-thinking\">\n<div class=\"flex w-full flex-col gap-1 empty:hidden first:pt-[1px]\">\n<div class=\"markdown prose dark:prose-invert w-full wrap-break-word light markdown-new-styling\">\n<p data-start=\"0\" data-end=\"138\">Abre la app de Ohme y ve a la pantalla de Carga. Unos instantes despu\u00e9s de enchufar el coche, Ohme iniciar\u00e1 una carga inteligente.<\/p>\n<p data-start=\"140\" data-end=\"298\">En este ejemplo, puedes ver que la barra de estado en la parte superior de la pantalla indica que Ohme ha programado el inicio de la carga para m\u00e1s tarde.<\/p>\n<p data-start=\"300\" data-end=\"380\" data-is-last-node=\"\" data-is-only-node=\"\">Para anular la carga inteligente y cargar de inmediato, toca \u201cCarga m\u00e1xima\u201d.<\/p>\n<\/div>\n<\/div>\n<\/div>\n<\/div>\n<div class=\"z-0 flex min-h-[46px] justify-start\"><\/div>\n<div class=\"mt-3 w-full empty:hidden\">\n<div class=\"text-center\"><\/div>\n<\/div>\n<\/div>\n<\/div>\n<\/article>\n<\/div>\n<div class=\"pointer-events-none h-px w-px absolute bottom-0\" aria-hidden=\"true\" data-edge=\"true\"><\/div>\n<\/div>\n        <div class=\"buttonsContainer\">\n                    <\/div>\n            <\/div>\n<\/div>\n<\/div>\n\n<div id=\"\" class=\"blockWrapper top-default bottom-default   \">\n\n\n<div class=\"contentWrapper textImageLeft  image\">\n            <div class=\"imageContainer\">\n            <img decoding=\"async\" loading=\"lazy\" src=\"https:\/\/ohme-ev.com\/es\/wp-content\/uploads\/sites\/17\/2024\/05\/ImageArticles_ImageLayout-14.webp\" alt=\"\"\/>\n        <\/div>\n\n        <div class=\"textContainer\">\n        <h3 class=\"title\">Paso 2 <\/h3>\n        <h4 class=\"subtitle regular\"><\/h4>\n        <div class=\"text\"><p>Ver\u00e1s un mensaje que te explicar\u00e1 c\u00f3mo funciona \u201cCarga m\u00e1xima\u201d y te pedir\u00e1 confirmaci\u00f3n. Toca \u201cActivar Carga m\u00e1xima\u201d para iniciar la sesi\u00f3n de Carga m\u00e1xima.<\/p>\n<\/div>\n        <div class=\"buttonsContainer\">\n                    <\/div>\n            <\/div>\n<\/div>\n<\/div>\n\n<div id=\"\" class=\"blockWrapper top-default bottom-default   \">\n\n\n<div class=\"contentWrapper textImageLeft  image\">\n            <div class=\"imageContainer\">\n            <img decoding=\"async\" loading=\"lazy\" src=\"https:\/\/ohme-ev.com\/es\/wp-content\/uploads\/sites\/17\/2024\/05\/ImageArticles_ImageLayout-8.webp\" alt=\"\"\/>\n        <\/div>\n\n        <div class=\"textContainer\">\n        <h3 class=\"title\">Paso 3 <\/h3>\n        <h4 class=\"subtitle regular\"><\/h4>\n        <div class=\"text\"><div class=\"flex flex-col text-sm pb-25\">\n<article class=\"text-token-text-primary w-full focus:outline-none [--shadow-height:45px] has-data-writing-block:pointer-events-none has-data-writing-block:-mt-(--shadow-height) has-data-writing-block:pt-(--shadow-height) [&amp;:has([data-writing-block])&gt;*]:pointer-events-auto scroll-mt-[calc(var(--header-height)+min(200px,max(70px,20svh)))]\" dir=\"auto\" data-turn-id=\"67313901-4e9c-4f3f-b8f0-13b926f25cc6\" data-testid=\"conversation-turn-38\" data-scroll-anchor=\"true\" data-turn=\"assistant\">\n<div class=\"text-base my-auto mx-auto pb-10 [--thread-content-margin:--spacing(4)] @w-sm\/main:[--thread-content-margin:--spacing(6)] @w-lg\/main:[--thread-content-margin:--spacing(16)] px-(--thread-content-margin)\">\n<div class=\"[--thread-content-max-width:40rem] @w-lg\/main:[--thread-content-max-width:48rem] mx-auto max-w-(--thread-content-max-width) flex-1 group\/turn-messages focus-visible:outline-hidden relative flex w-full min-w-0 flex-col agent-turn\">\n<div class=\"flex max-w-full flex-col grow\">\n<div class=\"min-h-8 text-message relative flex w-full flex-col items-end gap-2 text-start break-words whitespace-normal [.text-message+&amp;]:mt-1\" dir=\"auto\" data-message-author-role=\"assistant\" data-message-id=\"04b3812c-46cf-4d45-becc-6bb394567e40\" data-message-model-slug=\"gpt-5-2-thinking\">\n<div class=\"flex w-full flex-col gap-1 empty:hidden first:pt-[1px]\">\n<div class=\"markdown prose dark:prose-invert w-full wrap-break-word light markdown-new-styling\">\n<p data-start=\"0\" data-end=\"248\">Una vez iniciada la Carga m\u00e1xima, ver\u00e1s que aparece \u201cCargando en modo m\u00e1ximo\u201d en la barra de estado de la pantalla de Carga. Si quieres finalizar la sesi\u00f3n de Carga m\u00e1xima, toca \u201cCarga inteligente\u201d o simplemente desconecta el cable.<\/p>\n<p data-start=\"250\" data-end=\"439\" data-is-last-node=\"\" data-is-only-node=\"\">Ohme volver\u00e1 a la carga inteligente y reprogramar\u00e1 la sesi\u00f3n, teniendo en cuenta cualquier ajuste inteligente activo, como el l\u00edmite de precio y el objetivo de carga solicitado.<\/p>\n<\/div>\n<\/div>\n<\/div>\n<\/div>\n<div class=\"z-0 flex min-h-[46px] justify-start\"><\/div>\n<div class=\"mt-3 w-full empty:hidden\">\n<div class=\"text-center\"><\/div>\n<\/div>\n<\/div>\n<\/div>\n<\/article>\n<\/div>\n<div class=\"pointer-events-none h-px w-px absolute bottom-0\" aria-hidden=\"true\" data-edge=\"true\"><\/div>\n<\/div>\n        <div class=\"buttonsContainer\">\n                    <\/div>\n            <\/div>\n<\/div>\n<\/div>\n\n\n<h2 class=\"wp-block-heading\" id=\"activar-los-ajustes-de-seguridad\">Activar los ajustes de seguridad<\/h2>\n\n\n\n<p>En la secci\u00f3n \u201cMi cargador\u201d de la app de Ohme, encontrar\u00e1s tres funciones que puedes activar para ayudar a mantener tu cargador Ohme seguro. Puedes acceder a esta p\u00e1gina desde la pantalla de Ajustes tocando \u201cMi cargador\u201d.<\/p>\n\n\n\n<ul class=\"wp-block-list\">\n<li>Aprobar cada conexi\u00f3n<\/li>\n\n\n\n<li>Bloquear los botones del cargador<\/li>\n\n\n\n<li>Suspender cuando est\u00e9 inactivo<\/li>\n<\/ul>\n\n\n\n<h2 class=\"wp-block-heading\" id=\"h-aprobar-cada-conexion\">Aprobar cada conexi\u00f3n<\/h2>\n\n\n\n<p>Esta funci\u00f3n te permite aprobar la carga cada vez que se conecta un veh\u00edculo a tu cargador, para que puedas controlar qui\u00e9n tiene acceso a tu cargador.<\/p>\n\n\n\n<p>Consejo: Aseg\u00farate de tener activadas las notificaciones push en la app de Ohme para poder usar esta funci\u00f3n (puedes activarlas en Ajustes).<\/p>\n\n\n<div id=\"\" class=\"blockWrapper top-default bottom-default   \">\n\n\n<div class=\"contentWrapper textImageLeft  image\">\n            <div class=\"imageContainer\">\n            <img decoding=\"async\" loading=\"lazy\" src=\"https:\/\/ohme-ev.com\/es\/wp-content\/uploads\/sites\/17\/2024\/05\/ImageArticles_ImageLayout-9-1.webp\" alt=\"\"\/>\n        <\/div>\n\n        <div class=\"textContainer\">\n        <h3 class=\"title\">Paso 1 <\/h3>\n        <h4 class=\"subtitle regular\"><\/h4>\n        <div class=\"text\"><p>Ve a la p\u00e1gina \u201cMi cargador\u201d y toca el interruptor junto a \u201cAprobar cada conexi\u00f3n\u201d para activar esta opci\u00f3n.<\/p>\n<\/div>\n        <div class=\"buttonsContainer\">\n                    <\/div>\n            <\/div>\n<\/div>\n<\/div>\n\n<div id=\"\" class=\"blockWrapper top-default bottom-default   \">\n\n\n<div class=\"contentWrapper textImageLeft  image\">\n            <div class=\"imageContainer\">\n            <img decoding=\"async\" loading=\"lazy\" src=\"https:\/\/ohme-ev.com\/es\/wp-content\/uploads\/sites\/17\/2024\/05\/ImageArticles_ImageLayout-10.webp\" alt=\"\"\/>\n        <\/div>\n\n        <div class=\"textContainer\">\n        <h3 class=\"title\">Paso 2 <\/h3>\n        <h4 class=\"subtitle regular\"><\/h4>\n        <div class=\"text\"><div class=\"flex flex-col text-sm pb-25\">\n<article class=\"text-token-text-primary w-full focus:outline-none [--shadow-height:45px] has-data-writing-block:pointer-events-none has-data-writing-block:-mt-(--shadow-height) has-data-writing-block:pt-(--shadow-height) [&amp;:has([data-writing-block])&gt;*]:pointer-events-auto scroll-mt-[calc(var(--header-height)+min(200px,max(70px,20svh)))]\" dir=\"auto\" data-turn-id=\"c675fda3-15b0-44d2-b50f-e45034c382cc\" data-testid=\"conversation-turn-46\" data-scroll-anchor=\"true\" data-turn=\"assistant\">\n<div class=\"text-base my-auto mx-auto pb-10 [--thread-content-margin:--spacing(4)] @w-sm\/main:[--thread-content-margin:--spacing(6)] @w-lg\/main:[--thread-content-margin:--spacing(16)] px-(--thread-content-margin)\">\n<div class=\"[--thread-content-max-width:40rem] @w-lg\/main:[--thread-content-max-width:48rem] mx-auto max-w-(--thread-content-max-width) flex-1 group\/turn-messages focus-visible:outline-hidden relative flex w-full min-w-0 flex-col agent-turn\">\n<div class=\"flex max-w-full flex-col grow\">\n<div class=\"min-h-8 text-message relative flex w-full flex-col items-end gap-2 text-start break-words whitespace-normal [.text-message+&amp;]:mt-1\" dir=\"auto\" data-message-author-role=\"assistant\" data-message-id=\"01791633-b5fa-46eb-afde-fd4745fdfa25\" data-message-model-slug=\"gpt-5-2-thinking\">\n<div class=\"flex w-full flex-col gap-1 empty:hidden first:pt-[1px]\">\n<div class=\"markdown prose dark:prose-invert w-full wrap-break-word light markdown-new-styling\">\n<p data-start=\"0\" data-end=\"88\">Al conectar el veh\u00edculo, recibir\u00e1s una notificaci\u00f3n para aprobar la sesi\u00f3n de carga.<\/p>\n<p data-start=\"90\" data-end=\"216\" data-is-last-node=\"\" data-is-only-node=\"\">Deber\u00e1s tocar el bot\u00f3n \u201cAprobar conexi\u00f3n\u201d en la pantalla de Carga de la app de Ohme para que la sesi\u00f3n pueda comenzar.<\/p>\n<\/div>\n<\/div>\n<\/div>\n<\/div>\n<div class=\"z-0 flex min-h-[46px] justify-start\"><\/div>\n<div class=\"mt-3 w-full empty:hidden\">\n<div class=\"text-center\"><\/div>\n<\/div>\n<\/div>\n<\/div>\n<\/article>\n<\/div>\n<div class=\"pointer-events-none h-px w-px absolute bottom-0\" aria-hidden=\"true\" data-edge=\"true\"><\/div>\n<\/div>\n        <div class=\"buttonsContainer\">\n                    <\/div>\n            <\/div>\n<\/div>\n<\/div>\n\n<div id=\"\" class=\"blockWrapper top-default bottom-default   \">\n\n\n<div class=\"contentWrapper textImageLeft  image\">\n            <div class=\"imageContainer\">\n            <img decoding=\"async\" loading=\"lazy\" src=\"https:\/\/ohme-ev.com\/es\/wp-content\/uploads\/sites\/17\/2023\/08\/Support_ePod-buttons_UK.jpg\" alt=\"Ohme epod ev charger\"\/>\n        <\/div>\n\n        <div class=\"textContainer\">\n        <h3 class=\"title\">Ohme ePod<\/h3>\n        <h4 class=\"subtitle regular\"><\/h4>\n        <div class=\"text\"><div class=\"flex flex-col text-sm pb-25\">\n<article class=\"text-token-text-primary w-full focus:outline-none [--shadow-height:45px] has-data-writing-block:pointer-events-none has-data-writing-block:-mt-(--shadow-height) has-data-writing-block:pt-(--shadow-height) [&amp;:has([data-writing-block])&gt;*]:pointer-events-auto scroll-mt-[calc(var(--header-height)+min(200px,max(70px,20svh)))]\" dir=\"auto\" data-turn-id=\"df25e7b9-a8af-4339-a500-211797f52e95\" data-testid=\"conversation-turn-48\" data-scroll-anchor=\"true\" data-turn=\"assistant\">\n<div class=\"text-base my-auto mx-auto pb-10 [--thread-content-margin:--spacing(4)] @w-sm\/main:[--thread-content-margin:--spacing(6)] @w-lg\/main:[--thread-content-margin:--spacing(16)] px-(--thread-content-margin)\">\n<div class=\"[--thread-content-max-width:40rem] @w-lg\/main:[--thread-content-max-width:48rem] mx-auto max-w-(--thread-content-max-width) flex-1 group\/turn-messages focus-visible:outline-hidden relative flex w-full min-w-0 flex-col agent-turn\">\n<div class=\"flex max-w-full flex-col grow\">\n<div class=\"min-h-8 text-message relative flex w-full flex-col items-end gap-2 text-start break-words whitespace-normal [.text-message+&amp;]:mt-1\" dir=\"auto\" data-message-author-role=\"assistant\" data-message-id=\"cd8c9b86-3968-4ec7-9c0e-e5753487b078\" data-message-model-slug=\"gpt-5-2-thinking\">\n<div class=\"flex w-full flex-col gap-1 empty:hidden first:pt-[1px]\">\n<div class=\"markdown prose dark:prose-invert w-full wrap-break-word light markdown-new-styling\">\n<p data-start=\"0\" data-end=\"163\" data-is-last-node=\"\" data-is-only-node=\"\">La luz indicadora de tu Ohme ePod mostrar\u00e1 una luz morada que se mueve de lado a lado. Esto indica que es necesario aprobar la carga en la app de Ohme.<\/p>\n<\/div>\n<\/div>\n<\/div>\n<\/div>\n<div class=\"z-0 flex min-h-[46px] justify-start\"><\/div>\n<div class=\"mt-3 w-full empty:hidden\">\n<div class=\"text-center\"><\/div>\n<\/div>\n<\/div>\n<\/div>\n<\/article>\n<\/div>\n<div class=\"pointer-events-none h-px w-px absolute bottom-0\" aria-hidden=\"true\" data-edge=\"true\"><\/div>\n<\/div>\n        <div class=\"buttonsContainer\">\n                    <\/div>\n            <\/div>\n<\/div>\n<\/div>\n\n<div id=\"\" class=\"blockWrapper top-default bottom-default   \">\n\n\n<div class=\"contentWrapper textImageLeft  image\">\n            <div class=\"imageContainer\">\n            <img decoding=\"async\" loading=\"lazy\" src=\"https:\/\/ohme-ev.com\/es\/wp-content\/uploads\/sites\/17\/2024\/05\/Support_Your_First_Charge_42_UK.webp\" alt=\"\"\/>\n        <\/div>\n\n        <div class=\"textContainer\">\n        <h3 class=\"title\">Ohme Home Pro<\/h3>\n        <h4 class=\"subtitle regular\"><\/h4>\n        <div class=\"text\"><p>El Ohme Home Pro mostrar\u00e1 un mensaje en la pantalla del cargador indicando que el cargador est\u00e1 bloqueado y que la sesi\u00f3n debe aprobarse en la app de Ohme antes de poder iniciarse.<\/p>\n<\/div>\n        <div class=\"buttonsContainer\">\n                    <\/div>\n            <\/div>\n<\/div>\n<\/div>\n\n\n<h2 class=\"wp-block-heading\" id=\"h-bloquear-los-botones-del-cargador\">Bloquear los botones del cargador<\/h2>\n\n\n\n<p>Esto te permite desactivar los controles del cargador, evitando que se realicen cambios no autorizados en la carga.<\/p>\n\n\n<div id=\"\" class=\"blockWrapper top-default bottom-default   \">\n\n\n<div class=\"contentWrapper textImageLeft  image\">\n            <div class=\"imageContainer\">\n            <img decoding=\"async\" loading=\"lazy\" src=\"https:\/\/ohme-ev.com\/es\/wp-content\/uploads\/sites\/17\/2024\/05\/ImageArticles_ImageLayout-11.webp\" alt=\"\"\/>\n        <\/div>\n\n        <div class=\"textContainer\">\n        <h3 class=\"title\">Paso 1 <\/h3>\n        <h4 class=\"subtitle regular\"><\/h4>\n        <div class=\"text\"><p>Ve a la pantalla de Carga en la app de Ohme y toca el interruptor junto a \u201cBloquear los botones del cargador\u201d para activarlo.<\/p>\n<\/div>\n        <div class=\"buttonsContainer\">\n                    <\/div>\n            <\/div>\n<\/div>\n<\/div>\n\n<div id=\"\" class=\"blockWrapper top-default bottom-default   \">\n\n\n<div class=\"contentWrapper textImageLeft  image\">\n            <div class=\"imageContainer\">\n            <img decoding=\"async\" loading=\"lazy\" src=\"https:\/\/ohme-ev.com\/es\/wp-content\/uploads\/sites\/17\/2024\/05\/Support_Security_4_UK-1.webp\" alt=\"\"\/>\n        <\/div>\n\n        <div class=\"textContainer\">\n        <h3 class=\"title\">Ohme ePod <\/h3>\n        <h4 class=\"subtitle regular\"><\/h4>\n        <div class=\"text\"><div class=\"flex flex-col text-sm pb-25\">\n<article class=\"text-token-text-primary w-full focus:outline-none [--shadow-height:45px] has-data-writing-block:pointer-events-none has-data-writing-block:-mt-(--shadow-height) has-data-writing-block:pt-(--shadow-height) [&amp;:has([data-writing-block])&gt;*]:pointer-events-auto scroll-mt-[calc(var(--header-height)+min(200px,max(70px,20svh)))]\" dir=\"auto\" data-turn-id=\"f8aa7aeb-41c0-477a-9783-92933f3558a9\" data-testid=\"conversation-turn-56\" data-scroll-anchor=\"true\" data-turn=\"assistant\">\n<div class=\"text-base my-auto mx-auto pb-10 [--thread-content-margin:--spacing(4)] @w-sm\/main:[--thread-content-margin:--spacing(6)] @w-lg\/main:[--thread-content-margin:--spacing(16)] px-(--thread-content-margin)\">\n<div class=\"[--thread-content-max-width:40rem] @w-lg\/main:[--thread-content-max-width:48rem] mx-auto max-w-(--thread-content-max-width) flex-1 group\/turn-messages focus-visible:outline-hidden relative flex w-full min-w-0 flex-col agent-turn\">\n<div class=\"flex max-w-full flex-col grow\">\n<div class=\"min-h-8 text-message relative flex w-full flex-col items-end gap-2 text-start break-words whitespace-normal [.text-message+&amp;]:mt-1\" dir=\"auto\" data-message-author-role=\"assistant\" data-message-id=\"f1cfec02-58f1-4fe3-b770-7de56164fb68\" data-message-model-slug=\"gpt-5-2-thinking\">\n<div class=\"flex w-full flex-col gap-1 empty:hidden first:pt-[1px]\">\n<div class=\"markdown prose dark:prose-invert w-full wrap-break-word light markdown-new-styling\">\n<p data-start=\"0\" data-end=\"151\" data-is-last-node=\"\" data-is-only-node=\"\">Cuando se toquen los botones azules del cargador, ver\u00e1s que la luz indicadora parpadea en morado para mostrar que los botones est\u00e1n bloqueados.<\/p>\n<\/div>\n<\/div>\n<\/div>\n<\/div>\n<div class=\"z-0 flex min-h-[46px] justify-start\"><\/div>\n<div class=\"mt-3 w-full empty:hidden\">\n<div class=\"text-center\"><\/div>\n<\/div>\n<\/div>\n<\/div>\n<\/article>\n<\/div>\n<div class=\"pointer-events-none h-px w-px absolute bottom-0\" aria-hidden=\"true\" data-edge=\"true\"><\/div>\n<\/div>\n        <div class=\"buttonsContainer\">\n                    <\/div>\n            <\/div>\n<\/div>\n<\/div>\n\n<div id=\"\" class=\"blockWrapper top-default bottom-default   \">\n\n\n<div class=\"contentWrapper textImageLeft  image\">\n            <div class=\"imageContainer\">\n            <img decoding=\"async\" loading=\"lazy\" src=\"https:\/\/ohme-ev.com\/es\/wp-content\/uploads\/sites\/17\/2024\/05\/Support_Security_7_UK.webp\" alt=\"\"\/>\n        <\/div>\n\n        <div class=\"textContainer\">\n        <h3 class=\"title\">Ohme Home Pro <\/h3>\n        <h4 class=\"subtitle regular\"><\/h4>\n        <div class=\"text\"><p>Mientras los botones est\u00e9n bloqueados, los men\u00fas contextuales situados encima de cada bot\u00f3n mostrar\u00e1n \u201cBloqueado\u201d.<\/p>\n<\/div>\n        <div class=\"buttonsContainer\">\n                    <\/div>\n            <\/div>\n<\/div>\n<\/div>\n\n<div id=\"\" class=\"blockWrapper top-default bottom-default   \">\n\n\n<div class=\"contentWrapper textImageLeft  image\">\n            <div class=\"imageContainer\">\n            <img decoding=\"async\" loading=\"lazy\" src=\"https:\/\/ohme-ev.com\/es\/wp-content\/uploads\/sites\/17\/2024\/05\/Support_Your_First_Charge_41_UK.webp\" alt=\"\"\/>\n        <\/div>\n\n        <div class=\"textContainer\">\n        <h3 class=\"title\">Botones bloqueados<\/h3>\n        <h4 class=\"subtitle regular\"><\/h4>\n        <div class=\"text\"><p>Al tocar los botones, se mostrar\u00e1 un mensaje inform\u00e1ndote de que los botones est\u00e1n bloqueados y que pueden desbloquearse desde la app.<\/p>\n<\/div>\n        <div class=\"buttonsContainer\">\n                    <\/div>\n            <\/div>\n<\/div>\n<\/div>\n\n\n<h2 class=\"wp-block-heading\" id=\"h-suspender-cuando-este-inactivo\">Suspender cuando est\u00e9 inactivo<\/h2>\n\n\n\n<p>Esto apaga las luces del cargador poco despu\u00e9s de tu \u00faltima interacci\u00f3n, haci\u00e9ndolo m\u00e1s discreto y reduciendo cualquier consumo de energ\u00eda innecesario.<\/p>\n\n\n<div id=\"\" class=\"blockWrapper top-default bottom-default   \">\n\n\n<div class=\"contentWrapper textImageLeft  image\">\n            <div class=\"imageContainer\">\n            <img decoding=\"async\" loading=\"lazy\" src=\"https:\/\/ohme-ev.com\/es\/wp-content\/uploads\/sites\/17\/2024\/05\/ImageArticles_ImageLayout-12.webp\" alt=\"\"\/>\n        <\/div>\n\n        <div class=\"textContainer\">\n        <h3 class=\"title\"><\/h3>\n        <h4 class=\"subtitle regular\"><\/h4>\n        <div class=\"text\"><p data-start=\"0\" data-end=\"130\">Ve a la pantalla de Carga en la app de Ohme y toca el interruptor junto a \u201cSuspender cuando est\u00e9 inactivo\u201d para activarlo.<\/p>\n<p data-start=\"132\" data-end=\"335\" data-is-last-node=\"\" data-is-only-node=\"\">Una vez activado, las luces y la pantalla del cargador se apagar\u00e1n autom\u00e1ticamente tras 30 segundos de inactividad. Para volver a iluminar la pantalla, simplemente toca uno de los botones azules.<\/p>\n<\/div>\n        <div class=\"buttonsContainer\">\n                    <\/div>\n            <\/div>\n<\/div>\n<\/div>\n\n\n<p>\u00a1Ya est\u00e1s listo para cargar tu veh\u00edculo con Ohme! Esperamos que esta gu\u00eda te haya sido \u00fatil. No obstante, si tienes alguna pregunta o duda, no dudes en ponerte en contacto con nuestro equipo de Atenci\u00f3n al Cliente a continuaci\u00f3n.<br><br><\/p>\n\r\n\t\t\t<div id=\"daexthefu-container\"\r\n\t\t\t\tclass=\"daexthefu-container daexthefu-layout-side-by-side daexthefu-alignment-left\"\r\n\t\t\t\tdata-post-id=\"1307\">\r\n\r\n\t\t\t\t<div class=\"daexthefu-feedback\">\r\n\t\t\t\t\t<div class=\"daexthefu-text\">\r\n\t\t\t\t\t\t<h3 class=\"daexthefu-title\">\u00bfTe result\u00f3 \u00fatil este art\u00edculo?<\/h3>\r\n\t\t\t\t\t<\/div>\r\n\t\t\t\t\t<div class=\"daexthefu-buttons-container\">\r\n\t\t\t\t\t\t<div class=\"daexthefu-buttons\">\r\n\t\t\t\t\t\t\t\r\n\t\t\t<div class=\"daexthefu-yes daexthefu-button daexthefu-button-type-icon\" data-value=\"1\">\r\n\t\t\t\t\r\n                <svg>\r\n                    <defs>\r\n                        <style>.thumb-up-cls-1{fill:#c9c9c9;}.thumb-up-cls-2{fill:#e1e1e1;}.thumb-up-cls-3{fill:#676767;}<\/style>\r\n                    <\/defs>\r\n                    <g id=\"thumb_up\">\r\n                        <path class=\"thumb-up-cls-2 daexthefu-icon-circle\" d=\"m24,3c11.58,0,21,9.42,21,21s-9.42,21-21,21S3,35.58,3,24,12.42,3,24,3m0-1C11.85,2,2,11.85,2,24s9.85,22,22,22,22-9.85,22-22S36.15,2,24,2h0Z\" \/>\r\n                        <g>\r\n                            <rect class=\"thumb-up-cls-3 daexthefu-icon-secondary-color\" x=\"10\" y=\"20\" width=\"6\" height=\"15\" rx=\"1.5\" ry=\"1.5\" \/>\r\n                            <path class=\"thumb-up-cls-1 daexthefu-icon-primary-color\" d=\"m30.57,9.06l-.49-.1c-.81-.17-1.61.35-1.78,1.16l-5.3,11.74c-.17.81,3.16,1.61,3.97,1.78l1.96.41c.81.17,1.61-.35,1.78-1.16l2.18-10.27c.34-1.61-.7-3.21-2.31-3.56Z\" \/>\r\n                            <path class=\"thumb-up-cls-1 daexthefu-icon-primary-color\" d=\"m38.17,20h-18.67c-.83,0-1.5.67-1.5,1.5v12c0,.83.67,1.5,1.5,1.5h16.27c.71,0,1.33-.5,1.47-1.21l2.4-12c.19-.93-.53-1.8-1.47-1.8Z\" \/>\r\n                        <\/g>\r\n                    <\/g>\r\n                <\/svg>\t\t\t<\/div>\r\n\r\n\t\t\t\t\t\t\t\t\t\t\r\n\t\t\t<div class=\"daexthefu-no daexthefu-button daexthefu-button-type-icon\" data-value=\"0\">\r\n\t\t\t\t\r\n                <svg>\r\n                    <defs>\r\n                        <style>.thumb-down-cls-1{fill:#c9c9c9;}.thumb-down-cls-2{fill:#e1e1e1;}.thumb-down-cls-3{fill:#676767;}<\/style>\r\n                    <\/defs>\r\n                    <g id=\"thumb_down\">\r\n                        <path class=\"thumb-down-cls-2 daexthefu-icon-circle\" d=\"m24,3c11.58,0,21,9.42,21,21s-9.42,21-21,21S3,35.58,3,24,12.42,3,24,3m0-1C11.85,2,2,11.85,2,24s9.85,22,22,22,22-9.85,22-22S36.15,2,24,2h0Z\" \/>\r\n                        <g>\r\n                            <rect class=\"thumb-down-cls-3 daexthefu-icon-secondary-color\" x=\"10\" y=\"13\" width=\"6\" height=\"15\" rx=\"1.5\" ry=\"1.5\" \/>\r\n                            <path class=\"thumb-down-cls-1 daexthefu-icon-primary-color\" d=\"m30.57,38.94l-.49.1c-.81.17-1.61-.35-1.78-1.16l-5.3-11.74c-.17-.81,3.16-1.61,3.97-1.78l1.96-.41c.81-.17,1.61.35,1.78,1.16l2.18,10.27c.34,1.61-.7,3.21-2.31,3.56Z\" \/>\r\n                            <path class=\"thumb-down-cls-1 daexthefu-icon-primary-color\" d=\"m38.17,28h-18.67c-.83,0-1.5-.67-1.5-1.5v-12c0-.83.67-1.5,1.5-1.5h16.27c.71,0,1.33.5,1.47,1.21l2.4,12c.19.93-.53,1.8-1.47,1.8Z\" \/>\r\n                        <\/g>\r\n                    <\/g>\r\n                <\/svg>\t\t\t<\/div>\r\n\r\n\t\t\t\t\t\t\t\t\t<\/div>\r\n\t\t\t\t\t<\/div>\r\n\t\t\t\t<\/div>\r\n\r\n\t\t\t\t<div class=\"daexthefu-comment\">\r\n\t\t\t\t\t<div class=\"daexthefu-comment-top-container\">\r\n\t\t\t\t\t\t<label id=\"daexthefu-comment-label\" class=\"daexthefu-comment-label\"><\/label>\r\n\t\t\t\t\t\t\t\t\t\t\t\t\t<div class=\"daexthefu-comment-character-counter-container\">\r\n\t\t\t\t\t\t\t\t<div id=\"daexthefu-comment-character-counter-number\"\r\n\t\t\t\t\t\t\t\t\tclass=\"daexthefu-comment-character-counter-number\"><\/div>\r\n\t\t\t\t\t\t\t\t<div class=\"daexthefu-comment-character-counter-text\"><\/div>\r\n\t\t\t\t\t\t\t<\/div>\r\n\t\t\t\t\t\t\t\t\t\t\t<\/div>\r\n\t\t\t\t\t<textarea id=\"daexthefu-comment-textarea\" class=\"daexthefu-comment-textarea\"\r\n\t\t\t\t\t\t\t\tplaceholder=\"Type your message\"\r\n\t\t\t\t\t\t\t\tmaxlength=\"\r\n\t\t\t\t\t\t\t\t400\t\t\t\t\t\t\t\t\t\"><\/textarea>\r\n\t\t\t\t\t<div class=\"daexthefu-comment-buttons-container\">\r\n\t\t\t\t\t\t<button class=\"daexthefu-comment-submit daexthefu-button\">Submit<\/button>\r\n\t\t\t\t\t\t<button class=\"daexthefu-comment-cancel daexthefu-button\">Cancel<\/button>\r\n\t\t\t\t\t<\/div>\r\n\t\t\t\t<\/div>\r\n\r\n\t\t\t\t<div class=\"daexthefu-successful-submission-text\">Thanks for your feedback!<\/div>\r\n\r\n\t\t\t<\/div>\r\n\r\n\t\t\t","protected":false},"excerpt":{"rendered":"<p>Cargar su coche el\u00e9ctrico por primera vez puede parecer desalentador si es algo que nunca ha hecho antes. No se preocupe, se convertir\u00e1 en un profesional de la carga de veh\u00edculos el\u00e9ctricos en muy poco tiempo. Aqu\u00ed tienes todo lo que necesitas saber sobre tu primera carga: Descargar la app Ohme Para sacar el m\u00e1ximo [&hellip;]<\/p>\n","protected":false},"featured_media":1431,"template":"","meta":{"_acf_changed":false,"_helpful_status":1},"categories":[15],"tags":[141,142,143,144],"class_list":["post-1307","guides","type-guides","status-publish","has-post-thumbnail","hentry","category-como-empezar","tag-coche","tag-horario","tag-configuracion-de-seguridad","tag-tarifa"],"acf":[],"yoast_head":"<!-- This site is optimized with the Yoast SEO Premium plugin v27.4 (Yoast SEO v27.4) - https:\/\/yoast.com\/product\/yoast-seo-premium-wordpress\/ -->\n<title>Primera Carga Con Ohme - Ohme Espa\u00f1a<\/title>\n<meta name=\"description\" content=\"Aprende c\u00f3mo realizar la primera carga de tu coche el\u00e9ctrico con Ohme, consejos y pr\u00e1cticas para optimizar su rendimiento.\" \/>\n<meta name=\"robots\" content=\"index, follow, max-snippet:-1, max-image-preview:large, max-video-preview:-1\" \/>\n<link rel=\"canonical\" href=\"https:\/\/ohme-ev.com\/es\/support\/primera-carga-con-ohme\/\" \/>\n<meta property=\"og:locale\" content=\"es_ES\" \/>\n<meta property=\"og:type\" content=\"article\" \/>\n<meta property=\"og:title\" content=\"Su Primera Carga\" \/>\n<meta property=\"og:description\" content=\"Aprende c\u00f3mo realizar la primera carga de tu coche el\u00e9ctrico con Ohme, consejos y pr\u00e1cticas para optimizar su rendimiento.\" \/>\n<meta property=\"og:url\" content=\"https:\/\/ohme-ev.com\/es\/support\/primera-carga-con-ohme\/\" \/>\n<meta property=\"og:site_name\" content=\"Ohme EV Espa\u00f1a\" \/>\n<meta property=\"article:publisher\" content=\"https:\/\/www.facebook.com\/OhmeEV\/\" \/>\n<meta property=\"article:modified_time\" content=\"2026-02-05T10:23:10+00:00\" \/>\n<meta property=\"og:image\" content=\"https:\/\/ohme-ev.com\/es\/wp-content\/uploads\/sites\/17\/2023\/08\/Support_Your-first-charge-header_UK.jpg\" \/>\n\t<meta property=\"og:image:width\" content=\"1868\" \/>\n\t<meta property=\"og:image:height\" content=\"1054\" \/>\n\t<meta property=\"og:image:type\" content=\"image\/jpeg\" \/>\n<meta name=\"twitter:card\" content=\"summary_large_image\" \/>\n<meta name=\"twitter:site\" content=\"@ohmeev\" \/>\n<meta name=\"twitter:label1\" content=\"Est. reading time\" \/>\n\t<meta name=\"twitter:data1\" content=\"5 minutes\" \/>\n<script type=\"application\/ld+json\" class=\"yoast-schema-graph\">{\"@context\":\"https:\\\/\\\/schema.org\",\"@graph\":[{\"@type\":\"WebPage\",\"@id\":\"https:\\\/\\\/ohme-ev.com\\\/es\\\/support\\\/primera-carga-con-ohme\\\/\",\"url\":\"https:\\\/\\\/ohme-ev.com\\\/es\\\/support\\\/primera-carga-con-ohme\\\/\",\"name\":\"Primera Carga Con Ohme - Ohme Espa\u00f1a\",\"isPartOf\":{\"@id\":\"https:\\\/\\\/ohme-ev.com\\\/es\\\/#website\"},\"primaryImageOfPage\":{\"@id\":\"https:\\\/\\\/ohme-ev.com\\\/es\\\/support\\\/primera-carga-con-ohme\\\/#primaryimage\"},\"image\":{\"@id\":\"https:\\\/\\\/ohme-ev.com\\\/es\\\/support\\\/primera-carga-con-ohme\\\/#primaryimage\"},\"thumbnailUrl\":\"https:\\\/\\\/ohme-ev.com\\\/es\\\/wp-content\\\/uploads\\\/sites\\\/17\\\/2023\\\/08\\\/Support_Your-first-charge-header_UK.jpg\",\"datePublished\":\"2024-05-30T13:51:34+00:00\",\"dateModified\":\"2026-02-05T10:23:10+00:00\",\"description\":\"Aprende c\u00f3mo realizar la primera carga de tu coche el\u00e9ctrico con Ohme, consejos y pr\u00e1cticas para optimizar su rendimiento.\",\"breadcrumb\":{\"@id\":\"https:\\\/\\\/ohme-ev.com\\\/es\\\/support\\\/primera-carga-con-ohme\\\/#breadcrumb\"},\"inLanguage\":\"es-es\",\"potentialAction\":[{\"@type\":\"ReadAction\",\"target\":[\"https:\\\/\\\/ohme-ev.com\\\/es\\\/support\\\/primera-carga-con-ohme\\\/\"]}]},{\"@type\":\"ImageObject\",\"inLanguage\":\"es-es\",\"@id\":\"https:\\\/\\\/ohme-ev.com\\\/es\\\/support\\\/primera-carga-con-ohme\\\/#primaryimage\",\"url\":\"https:\\\/\\\/ohme-ev.com\\\/es\\\/wp-content\\\/uploads\\\/sites\\\/17\\\/2023\\\/08\\\/Support_Your-first-charge-header_UK.jpg\",\"contentUrl\":\"https:\\\/\\\/ohme-ev.com\\\/es\\\/wp-content\\\/uploads\\\/sites\\\/17\\\/2023\\\/08\\\/Support_Your-first-charge-header_UK.jpg\",\"width\":1868,\"height\":1054,\"caption\":\"Electric vehicle with charging cable plugged in\"},{\"@type\":\"BreadcrumbList\",\"@id\":\"https:\\\/\\\/ohme-ev.com\\\/es\\\/support\\\/primera-carga-con-ohme\\\/#breadcrumb\",\"itemListElement\":[{\"@type\":\"ListItem\",\"position\":1,\"name\":\"Home\",\"item\":\"https:\\\/\\\/ohme-ev.com\\\/es\\\/\"},{\"@type\":\"ListItem\",\"position\":2,\"name\":\"Support guides\",\"item\":\"https:\\\/\\\/ohme-ev.com\\\/es\\\/support\\\/\"},{\"@type\":\"ListItem\",\"position\":3,\"name\":\"Su Primera Carga\"}]},{\"@type\":\"WebSite\",\"@id\":\"https:\\\/\\\/ohme-ev.com\\\/es\\\/#website\",\"url\":\"https:\\\/\\\/ohme-ev.com\\\/es\\\/\",\"name\":\"Ohme EV Espa\u00f1a\",\"description\":\"Ohme - Cargando El Ma\u00f1ana\",\"publisher\":{\"@id\":\"https:\\\/\\\/ohme-ev.com\\\/es\\\/#organization\"},\"potentialAction\":[{\"@type\":\"SearchAction\",\"target\":{\"@type\":\"EntryPoint\",\"urlTemplate\":\"https:\\\/\\\/ohme-ev.com\\\/es\\\/?s={search_term_string}\"},\"query-input\":{\"@type\":\"PropertyValueSpecification\",\"valueRequired\":true,\"valueName\":\"search_term_string\"}}],\"inLanguage\":\"es-es\"},{\"@type\":\"Organization\",\"@id\":\"https:\\\/\\\/ohme-ev.com\\\/es\\\/#organization\",\"name\":\"Ohme EV Espa\u00f1a\",\"alternateName\":\"Ohme\",\"url\":\"https:\\\/\\\/ohme-ev.com\\\/es\\\/\",\"logo\":{\"@type\":\"ImageObject\",\"inLanguage\":\"es-es\",\"@id\":\"https:\\\/\\\/ohme-ev.com\\\/es\\\/#\\\/schema\\\/logo\\\/image\\\/\",\"url\":\"https:\\\/\\\/ohme-ev.com\\\/es\\\/wp-content\\\/uploads\\\/sites\\\/17\\\/2025\\\/05\\\/Vector-1-e1747753854161.webp\",\"contentUrl\":\"https:\\\/\\\/ohme-ev.com\\\/es\\\/wp-content\\\/uploads\\\/sites\\\/17\\\/2025\\\/05\\\/Vector-1-e1747753854161.webp\",\"width\":86,\"height\":81,\"caption\":\"Ohme EV Espa\u00f1a\"},\"image\":{\"@id\":\"https:\\\/\\\/ohme-ev.com\\\/es\\\/#\\\/schema\\\/logo\\\/image\\\/\"},\"sameAs\":[\"https:\\\/\\\/www.facebook.com\\\/OhmeEV\\\/\",\"https:\\\/\\\/x.com\\\/ohmeev\"]}]}<\/script>\n<!-- \/ Yoast SEO Premium plugin. -->","yoast_head_json":{"title":"Primera Carga Con Ohme - Ohme Espa\u00f1a","description":"Aprende c\u00f3mo realizar la primera carga de tu coche el\u00e9ctrico con Ohme, consejos y pr\u00e1cticas para optimizar su rendimiento.","robots":{"index":"index","follow":"follow","max-snippet":"max-snippet:-1","max-image-preview":"max-image-preview:large","max-video-preview":"max-video-preview:-1"},"canonical":"https:\/\/ohme-ev.com\/es\/support\/primera-carga-con-ohme\/","og_locale":"es_ES","og_type":"article","og_title":"Su Primera Carga","og_description":"Aprende c\u00f3mo realizar la primera carga de tu coche el\u00e9ctrico con Ohme, consejos y pr\u00e1cticas para optimizar su rendimiento.","og_url":"https:\/\/ohme-ev.com\/es\/support\/primera-carga-con-ohme\/","og_site_name":"Ohme EV Espa\u00f1a","article_publisher":"https:\/\/www.facebook.com\/OhmeEV\/","article_modified_time":"2026-02-05T10:23:10+00:00","og_image":[{"width":1868,"height":1054,"url":"https:\/\/ohme-ev.com\/es\/wp-content\/uploads\/sites\/17\/2023\/08\/Support_Your-first-charge-header_UK.jpg","type":"image\/jpeg"}],"twitter_card":"summary_large_image","twitter_site":"@ohmeev","twitter_misc":{"Est. reading time":"5 minutes"},"schema":{"@context":"https:\/\/schema.org","@graph":[{"@type":"WebPage","@id":"https:\/\/ohme-ev.com\/es\/support\/primera-carga-con-ohme\/","url":"https:\/\/ohme-ev.com\/es\/support\/primera-carga-con-ohme\/","name":"Primera Carga Con Ohme - Ohme Espa\u00f1a","isPartOf":{"@id":"https:\/\/ohme-ev.com\/es\/#website"},"primaryImageOfPage":{"@id":"https:\/\/ohme-ev.com\/es\/support\/primera-carga-con-ohme\/#primaryimage"},"image":{"@id":"https:\/\/ohme-ev.com\/es\/support\/primera-carga-con-ohme\/#primaryimage"},"thumbnailUrl":"https:\/\/ohme-ev.com\/es\/wp-content\/uploads\/sites\/17\/2023\/08\/Support_Your-first-charge-header_UK.jpg","datePublished":"2024-05-30T13:51:34+00:00","dateModified":"2026-02-05T10:23:10+00:00","description":"Aprende c\u00f3mo realizar la primera carga de tu coche el\u00e9ctrico con Ohme, consejos y pr\u00e1cticas para optimizar su rendimiento.","breadcrumb":{"@id":"https:\/\/ohme-ev.com\/es\/support\/primera-carga-con-ohme\/#breadcrumb"},"inLanguage":"es-es","potentialAction":[{"@type":"ReadAction","target":["https:\/\/ohme-ev.com\/es\/support\/primera-carga-con-ohme\/"]}]},{"@type":"ImageObject","inLanguage":"es-es","@id":"https:\/\/ohme-ev.com\/es\/support\/primera-carga-con-ohme\/#primaryimage","url":"https:\/\/ohme-ev.com\/es\/wp-content\/uploads\/sites\/17\/2023\/08\/Support_Your-first-charge-header_UK.jpg","contentUrl":"https:\/\/ohme-ev.com\/es\/wp-content\/uploads\/sites\/17\/2023\/08\/Support_Your-first-charge-header_UK.jpg","width":1868,"height":1054,"caption":"Electric vehicle with charging cable plugged in"},{"@type":"BreadcrumbList","@id":"https:\/\/ohme-ev.com\/es\/support\/primera-carga-con-ohme\/#breadcrumb","itemListElement":[{"@type":"ListItem","position":1,"name":"Home","item":"https:\/\/ohme-ev.com\/es\/"},{"@type":"ListItem","position":2,"name":"Support guides","item":"https:\/\/ohme-ev.com\/es\/support\/"},{"@type":"ListItem","position":3,"name":"Su Primera Carga"}]},{"@type":"WebSite","@id":"https:\/\/ohme-ev.com\/es\/#website","url":"https:\/\/ohme-ev.com\/es\/","name":"Ohme EV Espa\u00f1a","description":"Ohme - Cargando El Ma\u00f1ana","publisher":{"@id":"https:\/\/ohme-ev.com\/es\/#organization"},"potentialAction":[{"@type":"SearchAction","target":{"@type":"EntryPoint","urlTemplate":"https:\/\/ohme-ev.com\/es\/?s={search_term_string}"},"query-input":{"@type":"PropertyValueSpecification","valueRequired":true,"valueName":"search_term_string"}}],"inLanguage":"es-es"},{"@type":"Organization","@id":"https:\/\/ohme-ev.com\/es\/#organization","name":"Ohme EV Espa\u00f1a","alternateName":"Ohme","url":"https:\/\/ohme-ev.com\/es\/","logo":{"@type":"ImageObject","inLanguage":"es-es","@id":"https:\/\/ohme-ev.com\/es\/#\/schema\/logo\/image\/","url":"https:\/\/ohme-ev.com\/es\/wp-content\/uploads\/sites\/17\/2025\/05\/Vector-1-e1747753854161.webp","contentUrl":"https:\/\/ohme-ev.com\/es\/wp-content\/uploads\/sites\/17\/2025\/05\/Vector-1-e1747753854161.webp","width":86,"height":81,"caption":"Ohme EV Espa\u00f1a"},"image":{"@id":"https:\/\/ohme-ev.com\/es\/#\/schema\/logo\/image\/"},"sameAs":["https:\/\/www.facebook.com\/OhmeEV\/","https:\/\/x.com\/ohmeev"]}]}},"_links":{"self":[{"href":"https:\/\/ohme-ev.com\/es\/wp-json\/wp\/v2\/guides\/1307","targetHints":{"allow":["GET"]}}],"collection":[{"href":"https:\/\/ohme-ev.com\/es\/wp-json\/wp\/v2\/guides"}],"about":[{"href":"https:\/\/ohme-ev.com\/es\/wp-json\/wp\/v2\/types\/guides"}],"wp:featuredmedia":[{"embeddable":true,"href":"https:\/\/ohme-ev.com\/es\/wp-json\/wp\/v2\/media\/1431"}],"wp:attachment":[{"href":"https:\/\/ohme-ev.com\/es\/wp-json\/wp\/v2\/media?parent=1307"}],"wp:term":[{"taxonomy":"category","embeddable":true,"href":"https:\/\/ohme-ev.com\/es\/wp-json\/wp\/v2\/categories?post=1307"},{"taxonomy":"post_tag","embeddable":true,"href":"https:\/\/ohme-ev.com\/es\/wp-json\/wp\/v2\/tags?post=1307"}],"curies":[{"name":"wp","href":"https:\/\/api.w.org\/{rel}","templated":true}]}}