{"id":2952,"date":"2024-11-15T09:06:32","date_gmt":"2024-11-15T09:06:32","guid":{"rendered":"https:\/\/ohme-ev.com\/be-fr\/?post_type=product&#038;p=2952"},"modified":"2026-02-27T14:52:40","modified_gmt":"2026-02-27T14:52:40","slug":"ohme-epod","status":"publish","type":"product","link":"https:\/\/ohme-ev.com\/be-fr\/produit\/ohme-epod\/","title":{"rendered":"Ohme ePod &#8211; Borne de recharge 22 kW pour une recharge rapide \u00e0 domicile"},"content":{"rendered":"<div class=\"product-hero bg-darkblue\">\n    <div class=\"contentWrapper\">\n        <div class=\"image-container\">\n                                                    <div class=\"image-wrapper highlightedContainer\">\n                    <img decoding=\"async\" class=\"highlightedImage\" src=\"https:\/\/ohme-ev.com\/be-fr\/wp-content\/uploads\/sites\/19\/2023\/07\/epod-1.png\" alt=\"\">\n                <\/div>\n                <div class=\"image-wrapper bottom galleryWrapper\">\n                    <div class=\"hoverWrapper imgContainer highlighted\">\n                        <img decoding=\"async\" src=\"https:\/\/ohme-ev.com\/be-fr\/wp-content\/uploads\/sites\/19\/2023\/07\/epod-1.png\" alt=\"\">\n                    <\/div>\n\n                    <div class=\"hoverWrapper imgContainer\">\n                        <img decoding=\"async\" src=\"https:\/\/ohme-ev.com\/be-fr\/wp-content\/uploads\/sites\/19\/2023\/07\/epod-2.png\" alt=\"\">\n                    <\/div>\n                    <div class=\"hoverWrapper imgContainer\">\n                        <img decoding=\"async\" src=\"https:\/\/ohme-ev.com\/be-fr\/wp-content\/uploads\/sites\/19\/2023\/07\/epod-3.png\" alt=\"\">\n                    <\/div>\n                <\/div>\n                    <\/div>\n        <div class=\"content-container\">\n            <div class=\"wrapper\">\n                <h1 class=\"title\">Ohme ePod : borne 22 kW pour une recharge ultra rapide \u00e0 domicile<\/h1>\n                                    <h5 class=\"subtitle\">Rechargez plus vite gr\u00e2ce \u00e0 une puissance de 22 kW et une connexion triphas\u00e9e. Gr\u00e2ce \u00e0 l&#8217;int\u00e9gration dynamique des tarifs, \u00e0 l&#8217;\u00e9quilibrage de charge et aux mises \u00e0 jour OTA, vous pouvez recharger votre v\u00e9hicule en toute s\u00e9curit\u00e9 et \u00e0 moindre co\u00fbt.<\/h5>\n                                                \n            <a href=\"https:\/\/survey.ohme-ev.com\/survey\/direct?partnerId=d67336e2-90cd-4dd0-91a5-fbaaff7fa62b&#038;journeyId=97f80dcf-b2a1-42cb-a95b-fa3bccaa0342&#038;region=be-fr%20\" target=\"_blank\" rel=\"noopener\">\n            <button class=\"ohme-btn primary button external\" title=\"\">Obtenez un devis<\/button>\n        <\/a>\n                                                <\/div>\n        <\/div>\n    <\/div>\n<\/div>\n\n<div id=\"\" class=\"blockWrapper top-default bottom-default   \">\n\n\n    <div class=\"featuresWrapper\">\n        <div class=\"contentWrapper features\">\n            <h3 class=\"title\">Sp\u00e9cifications cl\u00e9s<\/h3>\n            <p class=\"subtitle\"><\/p>\n            <div class=\"featuresContainer\">\n                                        <div class=\"featureWrapper\">\n                            <div class=\"iconContainer\">\n                                <img decoding=\"async\" src=\"https:\/\/ohme-ev.com\/be-fr\/wp-content\/uploads\/sites\/19\/2023\/07\/Tick.svg\" alt=\"\"\/>\n                            <\/div>\n                            <p class=\"copy\">Jusqu\u2019\u00e0 22 kW (triphas\u00e9)<\/p>\n                        <\/div>\n\n                                                <div class=\"featureWrapper\">\n                            <div class=\"iconContainer\">\n                                <img decoding=\"async\" src=\"https:\/\/ohme-ev.com\/be-fr\/wp-content\/uploads\/sites\/19\/2023\/07\/Tick.svg\" alt=\"\"\/>\n                            <\/div>\n                            <p class=\"copy\">Type 2 (prise)<\/p>\n                        <\/div>\n\n                                                <div class=\"featureWrapper\">\n                            <div class=\"iconContainer\">\n                                <img decoding=\"async\" src=\"https:\/\/ohme-ev.com\/be-fr\/wp-content\/uploads\/sites\/19\/2023\/07\/Tick.svg\" alt=\"\"\/>\n                            <\/div>\n                            <p class=\"copy\">SIM 3G\/4G incluse<\/p>\n                        <\/div>\n\n                                                <div class=\"featureWrapper\">\n                            <div class=\"iconContainer\">\n                                <img decoding=\"async\" src=\"https:\/\/ohme-ev.com\/be-fr\/wp-content\/uploads\/sites\/19\/2023\/07\/Tick.svg\" alt=\"\"\/>\n                            <\/div>\n                            <p class=\"copy\">\u00c9quilibrage de charge<\/p>\n                        <\/div>\n\n                                                <div class=\"featureWrapper\">\n                            <div class=\"iconContainer\">\n                                <img decoding=\"async\" src=\"https:\/\/ohme-ev.com\/be-fr\/wp-content\/uploads\/sites\/19\/2023\/07\/Tick.svg\" alt=\"\"\/>\n                            <\/div>\n                            <p class=\"copy\">Boutons sur la borne + appli<\/p>\n                        <\/div>\n\n                                                <div class=\"featureWrapper\">\n                            <div class=\"iconContainer\">\n                                <img decoding=\"async\" src=\"https:\/\/ohme-ev.com\/be-fr\/wp-content\/uploads\/sites\/19\/2023\/07\/Tick.svg\" alt=\"\"\/>\n                            <\/div>\n                            <p class=\"copy\">Recharge intelligente avec int\u00e9gration tarifaire<\/p>\n                        <\/div>\n\n                                    <\/div>\n            \n\n        <\/div>\n    <\/div>\n<\/div>\n\n<div id=\"\" class=\"blockWrapper top-default bottom-default   \">\n\n<div class=\"old-standalone-tiles blockWrapper\">\n    <div class=\"contentWrapper\">\n        <h2>Pourquoi choisir l&#8217;ePod?<\/h2>\n                <div class=\"tiles-wrapper\">\n            <div class=\"tiles\">\n                                                        <div class=\"tile custom\">\n                        <img loading=\"lazy\" decoding=\"async\" width=\"327\" height=\"184\" src=\"https:\/\/ohme-ev.com\/be-fr\/wp-content\/uploads\/sites\/19\/2025\/07\/Picture2-2-327x184.webp\" class=\"attachment-tile_hero size-tile_hero\" alt=\"Recharge ultra rapide 22 kW\" srcset=\"https:\/\/ohme-ev.com\/be-fr\/wp-content\/uploads\/sites\/19\/2025\/07\/Picture2-2-327x184.webp 327w, https:\/\/ohme-ev.com\/be-fr\/wp-content\/uploads\/sites\/19\/2025\/07\/Picture2-2-300x169.webp 300w, https:\/\/ohme-ev.com\/be-fr\/wp-content\/uploads\/sites\/19\/2025\/07\/Picture2-2-340x191.webp 340w, https:\/\/ohme-ev.com\/be-fr\/wp-content\/uploads\/sites\/19\/2025\/07\/Picture2-2.webp 729w\" sizes=\"auto, (max-width: 327px) 100vw, 327px\" \/>                        <div class=\"content\">\n                            <h3 class=\"title\">Recharge ultra rapide 22 kW<\/h3>\n                            <p>Rechargez jusqu&#8217;\u00e0 3 fois plus vite qu&#8217;avec une borne de 7,4 kW. Id\u00e9al pour ceux qui parcourent quotidiennement de nombreux kilom\u00e8tres et souhaitent recharger leur v\u00e9hicule \u00e0 grande vitesse chez eux.<\/p>\n                                                    <\/div>\n                    <\/div>\n                                                                                <a href=\"https:\/\/ohme-ev.com\/be-fr\/integration-tarifaire\/\">\n                                        <div class=\"tile custom\">\n                        <img loading=\"lazy\" decoding=\"async\" width=\"255\" height=\"184\" src=\"https:\/\/ohme-ev.com\/be-fr\/wp-content\/uploads\/sites\/19\/2024\/12\/BE-FR-Mini-Second-Section-255x184.webp\" class=\"attachment-tile_hero size-tile_hero\" alt=\"Int\u00e9gration tarifaire dynamique\" srcset=\"https:\/\/ohme-ev.com\/be-fr\/wp-content\/uploads\/sites\/19\/2024\/12\/BE-FR-Mini-Second-Section-255x184.webp 255w, https:\/\/ohme-ev.com\/be-fr\/wp-content\/uploads\/sites\/19\/2024\/12\/BE-FR-Mini-Second-Section-300x216.webp 300w, https:\/\/ohme-ev.com\/be-fr\/wp-content\/uploads\/sites\/19\/2024\/12\/BE-FR-Mini-Second-Section-336x242.webp 336w, https:\/\/ohme-ev.com\/be-fr\/wp-content\/uploads\/sites\/19\/2024\/12\/BE-FR-Mini-Second-Section.webp 344w\" sizes=\"auto, (max-width: 255px) 100vw, 255px\" \/>                        <div class=\"content\">\n                            <h3 class=\"title\">Int\u00e9gration tarifaire dynamique<\/h3>\n                            <p>Votre borne r\u00e9cup\u00e8re les prix de l&#8217;\u00e9nergie aupr\u00e8s de votre fournisseur, planifie vos sessions de recharge aux moments les moins chers et r\u00e9duit vos co\u00fbts de recharge jusqu&#8217;\u00e0 40%*, automatiquement!<\/p>\n                                                            <div class=\"link\">Plus d&#8217;infos sur l&#8217;int\u00e9gration tarifaire dynamique<\/div>\n                                                    <\/div>\n                    <\/div>\n                                            <\/a>\n                                                                            <div class=\"tile custom\">\n                        <img loading=\"lazy\" decoding=\"async\" width=\"154\" height=\"184\" src=\"https:\/\/ohme-ev.com\/be-fr\/wp-content\/uploads\/sites\/19\/2025\/06\/Support_New_Solar_11_UK-154x184.webp\" class=\"attachment-tile_hero size-tile_hero\" alt=\"\u00c9quilibrage de charge triphas\u00e9\" srcset=\"https:\/\/ohme-ev.com\/be-fr\/wp-content\/uploads\/sites\/19\/2025\/06\/Support_New_Solar_11_UK-154x184.webp 154w, https:\/\/ohme-ev.com\/be-fr\/wp-content\/uploads\/sites\/19\/2025\/06\/Support_New_Solar_11_UK-251x300.webp 251w, https:\/\/ohme-ev.com\/be-fr\/wp-content\/uploads\/sites\/19\/2025\/06\/Support_New_Solar_11_UK-856x1024.webp 856w, https:\/\/ohme-ev.com\/be-fr\/wp-content\/uploads\/sites\/19\/2025\/06\/Support_New_Solar_11_UK-768x918.webp 768w, https:\/\/ohme-ev.com\/be-fr\/wp-content\/uploads\/sites\/19\/2025\/06\/Support_New_Solar_11_UK-202x242.webp 202w, https:\/\/ohme-ev.com\/be-fr\/wp-content\/uploads\/sites\/19\/2025\/06\/Support_New_Solar_11_UK.webp 1094w\" sizes=\"auto, (max-width: 154px) 100vw, 154px\" \/>                        <div class=\"content\">\n                            <h3 class=\"title\">\u00c9quilibrage de charge triphas\u00e9<\/h3>\n                            <p>Une pince CT mesure la consommation totale du logement et ajuste la capacit\u00e9 de charge en temps r\u00e9el. Vous \u00e9vitez ainsi les probl\u00e8mes de fusibles tout en continuant \u00e0 charger au maximum.<\/p>\n                                                    <\/div>\n                    <\/div>\n                                                                                <a href=\"https:\/\/ohme-ev.com\/be-fr\/recharge-intelligente-avec-l-application-ohme\/\">\n                                        <div class=\"tile custom\">\n                        <img loading=\"lazy\" decoding=\"async\" width=\"285\" height=\"184\" src=\"https:\/\/ohme-ev.com\/be-fr\/wp-content\/uploads\/sites\/19\/2025\/04\/Group36253-285x184.webp\" class=\"attachment-tile_hero size-tile_hero\" alt=\"Contr\u00f4le via l&#039;application Ohme\" srcset=\"https:\/\/ohme-ev.com\/be-fr\/wp-content\/uploads\/sites\/19\/2025\/04\/Group36253-285x184.webp 285w, https:\/\/ohme-ev.com\/be-fr\/wp-content\/uploads\/sites\/19\/2025\/04\/Group36253-300x194.webp 300w, https:\/\/ohme-ev.com\/be-fr\/wp-content\/uploads\/sites\/19\/2025\/04\/Group36253-768x496.webp 768w, https:\/\/ohme-ev.com\/be-fr\/wp-content\/uploads\/sites\/19\/2025\/04\/Group36253-340x220.webp 340w, https:\/\/ohme-ev.com\/be-fr\/wp-content\/uploads\/sites\/19\/2025\/04\/Group36253.webp 854w\" sizes=\"auto, (max-width: 285px) 100vw, 285px\" \/>                        <div class=\"content\">\n                            <h3 class=\"title\">Contr\u00f4le via l&#8217;application Ohme<\/h3>\n                            <p>D\u00e9marrez ou planifiez des sessions de recharge o\u00f9 que vous soyez, fixez des plafonds de prix et consultez des statistiques en temps r\u00e9el. Un tableau de bord intuitif pour un contr\u00f4le total.<\/p>\n                                                            <div class=\"link\">Plus d&#8217;infos sur l&#8217;appli Ohme<\/div>\n                                                    <\/div>\n                    <\/div>\n                                            <\/a>\n                                                                            <div class=\"tile custom\">\n                        <img loading=\"lazy\" decoding=\"async\" width=\"274\" height=\"184\" src=\"https:\/\/ohme-ev.com\/be-fr\/wp-content\/uploads\/sites\/19\/2025\/07\/Untitled18-274x184.webp\" class=\"attachment-tile_hero size-tile_hero\" alt=\"Mises \u00e0 jour over-the-air\" srcset=\"https:\/\/ohme-ev.com\/be-fr\/wp-content\/uploads\/sites\/19\/2025\/07\/Untitled18-274x184.webp 274w, https:\/\/ohme-ev.com\/be-fr\/wp-content\/uploads\/sites\/19\/2025\/07\/Untitled18-300x201.webp 300w, https:\/\/ohme-ev.com\/be-fr\/wp-content\/uploads\/sites\/19\/2025\/07\/Untitled18-768x516.webp 768w, https:\/\/ohme-ev.com\/be-fr\/wp-content\/uploads\/sites\/19\/2025\/07\/Untitled18-340x228.webp 340w, https:\/\/ohme-ev.com\/be-fr\/wp-content\/uploads\/sites\/19\/2025\/07\/Untitled18.webp 849w\" sizes=\"auto, (max-width: 274px) 100vw, 274px\" \/>                        <div class=\"content\">\n                            <h3 class=\"title\">Mises \u00e0 jour over-the-air<\/h3>\n                            <p>Les mises \u00e0 jour gratuites ajoutent de nouvelles fonctionnalit\u00e9s et am\u00e9liorent les performances. Votre borne reste \u00e0 l&#8217;\u00e9preuve du temps sans mat\u00e9riel suppl\u00e9mentaire ni intervention d&#8217;un installateur.<\/p>\n                                                    <\/div>\n                    <\/div>\n                                                                            <div class=\"tile custom\">\n                        <img loading=\"lazy\" decoding=\"async\" width=\"254\" height=\"184\" src=\"https:\/\/ohme-ev.com\/be-fr\/wp-content\/uploads\/sites\/19\/2023\/08\/3-image-module_Mia-phone_master-622x450.jpg\" class=\"attachment-tile_hero size-tile_hero\" alt=\"Service client prim\u00e9\" srcset=\"https:\/\/ohme-ev.com\/be-fr\/wp-content\/uploads\/sites\/19\/2023\/08\/3-image-module_Mia-phone_master-622x450.jpg 622w, https:\/\/ohme-ev.com\/be-fr\/wp-content\/uploads\/sites\/19\/2023\/08\/3-image-module_Mia-phone_master-300x217.jpg 300w, https:\/\/ohme-ev.com\/be-fr\/wp-content\/uploads\/sites\/19\/2023\/08\/3-image-module_Mia-phone_master.jpg 680w\" sizes=\"auto, (max-width: 254px) 100vw, 254px\" \/>                        <div class=\"content\">\n                            <h3 class=\"title\">Service client prim\u00e9<\/h3>\n                            <p>Notre \u00e9quipe d&#8217;assistance, avec une note de \u26054,7\/5 sur Trustpilot, est \u00e0 votre disposition pour vous fournir des conseils d&#8217;experts, une aide \u00e0 l&#8217;installation et des solutions \u00e0 toutes vos questions.<\/p>\n                                                    <\/div>\n                    <\/div>\n                                                    <div class=\"backdrop  \"><\/div>\n            <\/div>\n            \n        <\/div>\n    <\/div>\n<\/div>\n\n<\/div>\n\n<div id=\"\" class=\"blockWrapper top-default bottom-default   no-max-width\">\n\n<div class=\"block quote-carousel-block\">\n    <div class=\"quote-carousel \">\n\n        <div class=\"title-arrow-container\">\n            <h2>Ce que nos clients disent d&#8217;Ohme:<\/h2>\n            <div class=\"arrow-container\">\n            <\/div>\n        <\/div>\n\n        <div class=\"carousel-wrapper \">\n                                                <div class=\"item\">\n                        <div class=\"inner-content\">\n                            <p class=\"quote\">L&#8217;installation s&#8217;est faite rapidement et l&#8217;utilisation est tr\u00e8s facile. Bonne liaison avec mon fournisseur d&#8217;\u00e9nergie.<\/p>\n                            <p class=\"author\">Tim E.<\/p>\n                        <\/div>\n                    <\/div>\n                                    <div class=\"item\">\n                        <div class=\"inner-content\">\n                            <p class=\"quote\">100% recommandable. Communication fantastique &#8211; Je suis vraiment tr\u00e8s satisfaite de mon exp\u00e9rience. Une classe \u00e0 part!<\/p>\n                            <p class=\"author\">Mark M.<\/p>\n                        <\/div>\n                    <\/div>\n                                    <div class=\"item\">\n                        <div class=\"inner-content\">\n                            <p class=\"quote\">La borne Ohme est vraiment g\u00e9niale. Facile \u00e0 utiliser, fiable et elle trouve elle-m\u00eame le meilleur prix! Merci Ohme !<\/p>\n                            <p class=\"author\">Heleen P.<\/p>\n                        <\/div>\n                    <\/div>\n                                    <div class=\"item\">\n                        <div class=\"inner-content\">\n                            <p class=\"quote\">Du premier contact \u00e0 l&#8217;installation, tout s&#8217;est tr\u00e8s bien pass\u00e9. Une belle introduction au monde des VE.<\/p>\n                            <p class=\"author\">Sarah W.<\/p>\n                        <\/div>\n                    <\/div>\n                                    <div class=\"item\">\n                        <div class=\"inner-content\">\n                            <p class=\"quote\">Excellent produit, facile \u00e0 utiliser et parfaitement int\u00e9gr\u00e9. Le service client est \u00e9galement excellent.<\/p>\n                            <p class=\"author\">Mike S.<\/p>\n                        <\/div>\n                    <\/div>\n                                    <div class=\"item\">\n                        <div class=\"inner-content\">\n                            <p class=\"quote\">La borne est compacte et facile \u00e0 utiliser. Le c\u00e2blage est soign\u00e9 et on le remarque \u00e0 peine. Cliente satisfaite!<\/p>\n                            <p class=\"author\">Leah D.<\/p>\n                        <\/div>\n                    <\/div>\n                                    <\/div>\n                <div class=\"trustpilot-widget trustpilot-logo\" data-locale=\"fr-be\" data-template-id=\"53aa8807dec7e10d38f59f32\" data-businessunit-id=\"5d3237d97eea3b0001c71608\" data-style-height=\"150px\" data-style-width=\"100%\" data-theme=\"dark\">\n            <a href=\"https:\/\/uk.trustpilot.com\/review\/www.ohme-ev.com\" target=\"_blank\" rel=\"noopener\">Trustpilot<\/a>\n        <\/div>\n            <\/div>\n<\/div>\n<\/div>\n\n<div id=\"\" class=\"blockWrapper top-smaller bottom-default   \">\n\n<div class=\"text-image-right bg-white\">\n    <div class=\"inner\">\n        <div class=\"text-content\">\n                        <h3 class=\"title\">Application smartphone pour encore plus de contr\u00f4le<\/h3>\n                        <div class=\"text\"><h3>Programmez vos recharges<\/h3>\n<p>Optimisez le co\u00fbt de vos recharges en configurant un calendrier personnalis\u00e9 dans l\u2019application Ohme, en fonction de vos pr\u00e9f\u00e9rences d\u2019horaires et de tarifs.<\/p>\n<h3>Ajoutez votre tarif d\u2019\u00e9lectricit\u00e9<\/h3>\n<p>Configurez votre tarif d\u2019\u00e9lectricit\u00e9 manuellement afin de privil\u00e9gier l\u2019\u00e9lectricit\u00e9 en heures creuses.<\/p>\n<h3>Surveillez votre consommation d\u2019\u00e9nergie<\/h3>\n<p>Gardez un \u0153il sur le co\u00fbt de chaque sessions de recharge pour mieux comprendre votre consommation.<\/p>\n<\/div>\n                                                <div class=\"buttons\">\n                                    \n            <a href=\"https:\/\/ohme-ev.com\/be-fr\/recharge-intelligente-avec-l-application-ohme\/\" target=\"_self\" >\n            <button class=\"ohme-btn primary button\" title=\"\">D\u00e9couvrez l&#039;appli<\/button>\n        <\/a>\n                                <\/div>\n                                    <div class=\"buttons\">\n                                                                                                    <\/div>\n                    <\/div>\n        <div class=\"media-content\">\n                        <img decoding=\"async\" loading=\"lazy\" src=\"https:\/\/ohme-ev.com\/be-fr\/wp-content\/uploads\/sites\/19\/2023\/07\/charge-phone-screen-fr.webp\" alt=\"\" \/>\n                    <\/div>\n    <\/div>\n<\/div>\n\n<\/div>\n\n<div id=\"\" class=\"blockWrapper top-default bottom-default   \">\n\n\n<div class=\"contentWrapper textImageLeft  image\">\n            <div class=\"imageContainer\">\n            <img decoding=\"async\" loading=\"lazy\" src=\"https:\/\/ohme-ev.com\/be-fr\/wp-content\/uploads\/sites\/19\/2025\/08\/3-image-module_Ohme-ePod-EV-charger_.webp\" alt=\"\"\/>\n        <\/div>\n\n        <div class=\"textContainer\">\n        <h3 class=\"title\">LA recharge \u00e0 22 kW en pratique<\/h3>\n        <h4 class=\"subtitle regular\"><\/h4>\n        <div class=\"text\"><ul>\n<li data-start=\"881\" data-end=\"952\">\n<p data-start=\"883\" data-end=\"952\"><strong data-start=\"883\" data-end=\"907\">D\u00e9pend du v\u00e9hicule :<\/strong> tous les EV ne chargent pas en AC \u00e0 22 kW.<\/p>\n<\/li>\n<li data-start=\"953\" data-end=\"1071\">\n<p data-start=\"955\" data-end=\"1071\"><strong data-start=\"955\" data-end=\"976\">Triphas\u00e9 requis :<\/strong> 22 kW n\u00e9cessite une installation \u00e9lectrique triphas\u00e9e.<\/p>\n<\/li>\n<li data-start=\"1072\" data-end=\"1229\">\n<p data-start=\"1074\" data-end=\"1229\"><strong data-start=\"1074\" data-end=\"1098\">Puissance variable :<\/strong> avec l\u2019\u00e9quilibrage de charge, la borne ajuste la puissance selon la consommation du foyer.<\/p>\n<\/li>\n<\/ul>\n<\/div>\n        <div class=\"buttonsContainer\">\n                    <\/div>\n            <\/div>\n<\/div>\n<\/div>\n\n<!-- start block wrapper top -->\n<div id=\"\" class=\"blockWrapper top-default bottom-default   \">\n<!-- end block wrapper top -->\n\n\n<!-- \/\/\/\/\/\/\/\/\/  start block  \/\/\/\/\/\/\/\/\/ -->\n\n<div class=\"block gallery\">\n      <div class=\"images-container\">\n      <div class=\"left-column\">\n        <img decoding=\"async\" src=\"https:\/\/ohme-ev.com\/be-fr\/wp-content\/uploads\/sites\/19\/2023\/07\/Product-gallery_small-epod-34_master.jpg\" alt=\"Side on view of Ohme ePod on a dark background\" \/>\n        <img decoding=\"async\" src=\"https:\/\/ohme-ev.com\/be-fr\/wp-content\/uploads\/sites\/19\/2023\/07\/Product-details-small-collage_ePod-dark-background-zoom_UK.jpg\" alt=\"close up view of the front of the Ohme ePod\" \/>\n      <\/div>\n      <div class=\"right-column\">\n        <img decoding=\"async\" src=\"https:\/\/ohme-ev.com\/be-fr\/wp-content\/uploads\/sites\/19\/2023\/07\/Product-details-large-collage_ePod-dark-background-front_UK.jpg\" alt=\"Large front view image of Ohme ePod\" \/>\n      <\/div>\n    <\/div>\n  <\/div>\n<!-- \/\/\/\/\/\/\/\/\/  end block  \/\/\/\/\/\/\/\/\/ -->\n\n\n<!-- start block wrapper bottom -->\n<\/div><!-- end block wrapper bottom -->\n\n<div id=\"\" class=\"blockWrapper top-default bottom-default   \">\n\n\n<div class=\"contentWrapper textImageLeft  image\">\n            <div class=\"imageContainer\">\n            <img decoding=\"async\" loading=\"lazy\" src=\"https:\/\/ohme-ev.com\/be-fr\/wp-content\/uploads\/sites\/19\/2024\/01\/ohme-go-light-front-master.webp\" alt=\"\"\/>\n        <\/div>\n\n        <div class=\"textContainer\">\n        <h3 class=\"title\">Vous avez besoin de plus de flexibilit\u00e9 ?<\/h3>\n        <h4 class=\"subtitle regular\">D\u00e9couvrez l&#8217;Ohme Go, notre c\u00e2ble de recharge intelligent et portable. Con\u00e7u pour recharger votre v\u00e9hicule \u00e9lectrique partout et \u00e0 tout moment.<\/h4>\n        <div class=\"text\"><\/div>\n        <div class=\"buttonsContainer\">\n            \n            <a href=\"https:\/\/ohme-ev.com\/be-fr\/vraag-een-offerte\/\" target=\"_self\" >\n            <button class=\"ohme-btn primary button\" title=\"\">Obtenez un devis<\/button>\n        <\/a>\n    \n            <a href=\"https:\/\/ohme-ev.com\/be-fr\/carrieres\/\" target=\"_self\" >\n            <button class=\"ohme-btn secondaryLight button\" title=\"\">En savoir plus<\/button>\n        <\/a>\n            <\/div>\n            <\/div>\n<\/div>\n<\/div>\n\n<div id=\"\" class=\"blockWrapper top-default bottom-default   \">\n\n<div class=\"block compare-specs\">\n    <div class=\"contentWrapper\">\n        <h2 class=\"header\">\n            Comparez nos solutions de recharge        <\/h2>\n        <div class=\"nav-space\">\n                    <div class=\"carousel-nav show-wide\">\n                <div class=\"prev\"><\/div>\n                <div class=\"next\"><\/div>\n            <\/div>\n                <\/div>\n        <div class=\"product-carousel\">\n                                    <div class=\"product-wrapper\">\n                <div class=\"product__info\">\n                    <img loading=\"lazy\" decoding=\"async\" width=\"164\" height=\"223\" src=\"https:\/\/ohme-ev.com\/be-fr\/wp-content\/uploads\/sites\/19\/2023\/07\/ePod-cut-out.png\" class=\"attachment-post-thumbnail size-post-thumbnail wp-post-image\" alt=\"\" \/>                    <h4>Ohme ePod &#8211; Borne de recharge 22 kW pour une recharge rapide \u00e0 domicile<\/h4>\n                                        <p><\/p>\n                                                        <\/div>\n                <div class=\"product__specs\">\n                                        <h6>Contr\u00f4le et interface<\/h6>\n                    <p>Via l\u2019application smartphone<br \/>\nVia les boutons sur la borne<\/p>\n                                                            <h6>Connectivit\u00e9<\/h6>\n                    <p>Carte SIM multi-r\u00e9seaux 3G\/4G<\/p>\n                                                            <h6>Type de prise et c\u00e2ble<\/h6>\n                    <p>Mod\u00e8le sans c\u00e2ble fixe<br \/>\nCompatible avec Type 1 et Type 2<\/p>\n                                                            <h6>Puissance<\/h6>\n                    <p>Puissance de sortie\/courant maximal :<br \/>\n&#8211; 7,4kW\/32A<br \/>\n&#8211; 22kW\/32A<\/p>\n<p>Alimentation nominale :<br \/>\n&#8211; 7,4kW &#8211; 230V AC, 50 Hz<br \/>\n&#8211; 22kW &#8211; 230V\/400V AC, 50 Hz<\/p>\n                                                            <h6>Dimensions et poids<\/h6>\n                    <p>7,4kW: 230mm (H) x 140mm (L) x 100 mm (P) &#8211; 1,48kg<br \/>\n22kW: 220mm (H) x 150mm (L) x 140 mm (P) &#8211; 1,7kg<\/p>\n                                                            <h6>Technologie<\/h6>\n                    <p>Recharge intelligente dynamique<br \/>\n\u00c9quilibrage de la puissance \u00e0 domicile<br \/>\nMises \u00e0 jour \u00e0 distance<\/p>\n                                                            <h6>Conformit\u00e9<\/h6>\n                    <ul>\n<li>IP54<\/li>\n<li>Marquage CE<\/li>\n<li>Marsuage NF<\/li>\n<li>Conforme aux normes LVD, EMC, RED, RoHS, AEEA<\/li>\n<\/ul>\n                                                            <h6>Garantie<\/h6>\n                    <p>Garantie 3 ans incluse<\/p>\n                                    <\/div>\n            <\/div>\n                                    <div class=\"product-wrapper\">\n                <div class=\"product__info\">\n                    <img loading=\"lazy\" decoding=\"async\" width=\"235\" height=\"209\" src=\"https:\/\/ohme-ev.com\/be-fr\/wp-content\/uploads\/sites\/19\/2023\/07\/Homepro-cut-out.png\" class=\"attachment-post-thumbnail size-post-thumbnail wp-post-image\" alt=\"\" \/>                    <h4>Ohme Home Pro<\/h4>\n                                        <p><\/p>\n                                                        <\/div>\n                <div class=\"product__specs\">\n                                        <h6>Contr\u00f4le et interface<\/h6>\n                    <p>Via l\u2019\u00e9cran LCD sur la borne<br \/>\nVia l\u2019application smartphone<br \/>\nVia les boutons sur la borne<\/p>\n                                                            <h6>Connectivit\u00e9<\/h6>\n                    <p>Carte SIM multi-r\u00e9seaux 3G\/4G<\/p>\n                                                            <h6>Type de prise et c\u00e2ble<\/h6>\n                    <p>Fourni avec un c\u00e2ble de recharge int\u00e9gr\u00e9 de 5m de Type 2<br \/>\nC\u00e2ble de 8 m disponible en option<\/p>\n                                                            <h6>Puissance<\/h6>\n                    <p>Puissance de sortie\/courant maximal :<br \/>\n&#8211; 7,4kW\/32A<br \/>\n&#8211; 11 kW\/16A, 3P+N+PE<\/p>\n<p>Alimentation nominale :<br \/>\n&#8211; 7,4kW &#8211; 230V<br \/>\n&#8211; 11kW &#8211; 230V\/400V AC<\/p>\n<p>Fr\u00e9quence : 50 Hz<\/p>\n<p>Remarque : Les bornes de recharge domestiques de 11 kW n\u00e9cessitent une alimentation \u00e9lectrique triphas\u00e9e<\/p>\n                                                            <h6>Dimensions et poids<\/h6>\n                    <p>170mm (H) x 200mm (L) x 100mm (P)<br \/>\n4kg <\/p>\n                                                            <h6>Technologie<\/h6>\n                    <p>Recharge intelligente dynamique<br \/>\n\u00c9quilibrage de la puissance \u00e0 domicile<br \/>\nMises \u00e0 jour \u00e0 distance<\/p>\n                                                            <h6>Conformit\u00e9<\/h6>\n                    <ul>\n<li>IP55\n<li>Marquage CE<\/li>\n<li>Conforme aux normes LVD, EMC, RED, RoHS, WEEE<\/li>\n<li>Certifi\u00e9 TUV Rheinland<\/li>\n<\/ul>\n                                                            <h6>Garantie<\/h6>\n                    <p>Garantie 3 ans incluse<\/p>\n                                    <\/div>\n            <\/div>\n                                    <div class=\"product-wrapper\">\n                <div class=\"product__info\">\n                    <img loading=\"lazy\" decoding=\"async\" width=\"235\" height=\"209\" src=\"https:\/\/ohme-ev.com\/be-fr\/wp-content\/uploads\/sites\/19\/2023\/07\/Homepro-cut-out.png\" class=\"attachment-post-thumbnail size-post-thumbnail wp-post-image\" alt=\"\" \/>                    <h4>Ohme Home Pro MID<\/h4>\n                                        <p><\/p>\n                                                        <\/div>\n                <div class=\"product__specs\">\n                                        <h6>Contr\u00f4le et interface<\/h6>\n                    <p>Via l\u2019\u00e9cran LCD sur la borne<br \/>\nVia l\u2019application smartphone<br \/>\nVia les boutons sur la borne<\/p>\n                                                            <h6>Connectivit\u00e9<\/h6>\n                    <p>Carte SIM multi-r\u00e9seaux 3G\/4G<\/p>\n                                                            <h6>Type de prise et c\u00e2ble<\/h6>\n                    <p>Fourni avec un c\u00e2ble de recharge int\u00e9gr\u00e9 de 5m de Type 2<br \/>\nC\u00e2ble de 8 m disponible en option<\/p>\n                                                            <h6>Puissance<\/h6>\n                    <p>Puissance de sortie\/courant maximal : 11 kW\/16A, 3P+N+PE<\/p>\n<p>Alimentation nominale :<br \/>\n11kW &#8211; 230V\/400V AC<\/p>\n<p>Fr\u00e9quence : 50 Hz<\/p>\n<p>Remarque : Les bornes de recharge domestiques de 11 kW n\u00e9cessitent une alimentation \u00e9lectrique triphas\u00e9e<\/p>\n                                                            <h6>Dimensions et poids<\/h6>\n                    <p>170mm (H) x 200mm (L) x 100mm (P)<br \/>\n4kg <\/p>\n                                                            <h6>Technologie<\/h6>\n                    <p>Recharge intelligente dynamique<br \/>\n\u00c9quilibrage de la puissance \u00e0 domicile<br \/>\nMises \u00e0 jour \u00e0 distance<\/p>\n                                                            <h6>Naleving<\/h6>\n                    <ul>\n<li>IP55\n<li>Marquage CE<\/li>\n<li>Conforme aux normes LVD, EMC, RED, RoHS, WEEE<\/li>\n<li>Certifi\u00e9 TUV Rheinland<\/li>\n<\/ul>\n                                                            <h6>Garantie<\/h6>\n                    <p>Garantie 3 ans incluse<\/p>\n                                    <\/div>\n            <\/div>\n                                    <div class=\"product-wrapper\">\n                <div class=\"product__info\">\n                    <img loading=\"lazy\" decoding=\"async\" width=\"1837\" height=\"1674\" src=\"https:\/\/ohme-ev.com\/be-fr\/wp-content\/uploads\/sites\/19\/2023\/09\/Schucko-retouch-Front-no-shaddow.webp\" class=\"attachment-post-thumbnail size-post-thumbnail wp-post-image\" alt=\"\" srcset=\"https:\/\/ohme-ev.com\/be-fr\/wp-content\/uploads\/sites\/19\/2023\/09\/Schucko-retouch-Front-no-shaddow.webp 1837w, https:\/\/ohme-ev.com\/be-fr\/wp-content\/uploads\/sites\/19\/2023\/09\/Schucko-retouch-Front-no-shaddow-300x273.webp 300w, https:\/\/ohme-ev.com\/be-fr\/wp-content\/uploads\/sites\/19\/2023\/09\/Schucko-retouch-Front-no-shaddow-1024x933.webp 1024w, https:\/\/ohme-ev.com\/be-fr\/wp-content\/uploads\/sites\/19\/2023\/09\/Schucko-retouch-Front-no-shaddow-768x700.webp 768w, https:\/\/ohme-ev.com\/be-fr\/wp-content\/uploads\/sites\/19\/2023\/09\/Schucko-retouch-Front-no-shaddow-1536x1400.webp 1536w, https:\/\/ohme-ev.com\/be-fr\/wp-content\/uploads\/sites\/19\/2023\/09\/Schucko-retouch-Front-no-shaddow-202x184.webp 202w, https:\/\/ohme-ev.com\/be-fr\/wp-content\/uploads\/sites\/19\/2023\/09\/Schucko-retouch-Front-no-shaddow-266x242.webp 266w\" sizes=\"auto, (max-width: 1837px) 100vw, 1837px\" \/>                    <h4>Ohme Go &#8211; C\u00e2ble de recharge intelligent<\/h4>\n                                        <p><\/p>\n                                                        <\/div>\n                <div class=\"product__specs\">\n                                        <h6>Contr\u00f4le et interface<\/h6>\n                    <p>Via l&#8217;appli Ohme<\/p>\n                                                            <h6>Connectivit\u00e9<\/h6>\n                    <p>Carte SIM multi-r\u00e9seaux 3G\/4G<\/p>\n                                                            <h6>Type de prise et c\u00e2ble<\/h6>\n                    <p>Mod\u00e8le avec c\u00e2ble de recharge int\u00e9gr\u00e9 de 5m &#8211; prise type Schuko UE \u00e0 Type 2<br \/>\nC\u00e2ble de 8m disponible en option<\/p>\n                                                            <h6>Puissance<\/h6>\n                    <p>Puissance de sortie\/courant maximal : 3,7 kW, 16 A<br \/>\nAlimentation nominale : 220 \u00e0 250 V<br \/>\nFr\u00e9quence : 50 Hz<\/p>\n                                                            <h6>Dimensions et poids<\/h6>\n                    <p>238mm (H) x 90mm (L) x 55mm (P)<br \/>\n4kg<\/p>\n                                                            <h6>Technologie<\/h6>\n                    <p>Contr\u00f4le des sessions de recharge via l\u2019application smartphone Ohme<br \/>\nFacturation partag\u00e9e (split billing)<br \/>\nPasserelle OCPP 1.6<\/p>\n                                                            <h6>Conformit\u00e9<\/h6>\n                    <ul>\n<li>IP55<\/li>\n<li>Marquage CE<\/li>\n<li>Certifi\u00e9 TUV Rheinland<\/li>\n<\/ul>\n                                                            <h6>Garantie<\/h6>\n                    <p>Garantie 2 ans incluse<\/p>\n                                    <\/div>\n            <\/div>\n                    <\/div>\n\n    <\/div>\n<\/div>\n\n<\/div>\n\n\n<ul class=\"wp-block-list\">\n<li>En combinaison avec un tarif d&#8217;\u00e9lectricit\u00e9 dynamique (<a href=\"https:\/\/ohme-ev.com\/be-fr\/blog\/quel-est-le-cout-reel-de-la-conduite\/\">Quel est le co\u00fbt r\u00e9el de la conduite ? Nous comparons les co\u00fbts de l&#8217;essence et du diesel, de la recharge publique, de la recharge \u00e0 domicile et de la recharge intelligente. &#8211; Ohme EV Belgique<\/a>)<\/li>\n<\/ul>\n","protected":false},"featured_media":863,"template":"","class_list":["post-2952","product","type-product","status-publish","has-post-thumbnail","hentry"],"acf":[],"yoast_head":"<!-- This site is optimized with the Yoast SEO Premium plugin v27.4 (Yoast SEO v27.4) - https:\/\/yoast.com\/product\/yoast-seo-premium-wordpress\/ -->\n<title>Ohme ePod - Borne de recharge 22 kW pour une recharge rapide \u00e0 domicile - Ohme EV Belgique<\/title>\n<meta name=\"robots\" content=\"index, follow, max-snippet:-1, max-image-preview:large, max-video-preview:-1\" \/>\n<link rel=\"canonical\" href=\"https:\/\/ohme-ev.com\/be-fr\/produit\/ohme-epod\/\" \/>\n<meta property=\"og:locale\" content=\"fr_FR\" \/>\n<meta property=\"og:type\" content=\"article\" \/>\n<meta property=\"og:title\" content=\"Ohme ePod - Borne de recharge 22 kW pour une recharge rapide \u00e0 domicile\" \/>\n<meta property=\"og:url\" content=\"https:\/\/ohme-ev.com\/be-fr\/produit\/ohme-epod\/\" \/>\n<meta property=\"og:site_name\" content=\"Ohme EV Belgique\" \/>\n<meta property=\"article:publisher\" content=\"https:\/\/www.facebook.com\/OhmeEV\/\" \/>\n<meta property=\"article:modified_time\" content=\"2026-02-27T14:52:40+00:00\" \/>\n<meta property=\"og:image\" content=\"https:\/\/ohme-ev.com\/be-fr\/wp-content\/uploads\/sites\/19\/2023\/07\/ePod-cut-out.png\" \/>\n\t<meta property=\"og:image:width\" content=\"164\" \/>\n\t<meta property=\"og:image:height\" content=\"223\" \/>\n\t<meta property=\"og:image:type\" content=\"image\/png\" \/>\n<meta name=\"twitter:card\" content=\"summary_large_image\" \/>\n<meta name=\"twitter:site\" content=\"@ohmeev\" \/>\n<meta name=\"twitter:label1\" content=\"Est. reading time\" \/>\n\t<meta name=\"twitter:data1\" content=\"1 minute\" \/>\n<script type=\"application\/ld+json\" class=\"yoast-schema-graph\">{\"@context\":\"https:\\\/\\\/schema.org\",\"@graph\":[{\"@type\":\"WebPage\",\"@id\":\"https:\\\/\\\/ohme-ev.com\\\/be-fr\\\/produit\\\/ohme-epod\\\/\",\"url\":\"https:\\\/\\\/ohme-ev.com\\\/be-fr\\\/produit\\\/ohme-epod\\\/\",\"name\":\"Ohme ePod - Borne de recharge 22 kW pour une recharge rapide \u00e0 domicile - Ohme EV Belgique\",\"isPartOf\":{\"@id\":\"https:\\\/\\\/ohme-ev.com\\\/be-fr\\\/#website\"},\"primaryImageOfPage\":{\"@id\":\"https:\\\/\\\/ohme-ev.com\\\/be-fr\\\/produit\\\/ohme-epod\\\/#primaryimage\"},\"image\":{\"@id\":\"https:\\\/\\\/ohme-ev.com\\\/be-fr\\\/produit\\\/ohme-epod\\\/#primaryimage\"},\"thumbnailUrl\":\"https:\\\/\\\/ohme-ev.com\\\/be-fr\\\/wp-content\\\/uploads\\\/sites\\\/19\\\/2023\\\/07\\\/ePod-cut-out.png\",\"datePublished\":\"2024-11-15T09:06:32+00:00\",\"dateModified\":\"2026-02-27T14:52:40+00:00\",\"breadcrumb\":{\"@id\":\"https:\\\/\\\/ohme-ev.com\\\/be-fr\\\/produit\\\/ohme-epod\\\/#breadcrumb\"},\"inLanguage\":\"fr-be\",\"potentialAction\":[{\"@type\":\"ReadAction\",\"target\":[\"https:\\\/\\\/ohme-ev.com\\\/be-fr\\\/produit\\\/ohme-epod\\\/\"]}]},{\"@type\":\"ImageObject\",\"inLanguage\":\"fr-be\",\"@id\":\"https:\\\/\\\/ohme-ev.com\\\/be-fr\\\/produit\\\/ohme-epod\\\/#primaryimage\",\"url\":\"https:\\\/\\\/ohme-ev.com\\\/be-fr\\\/wp-content\\\/uploads\\\/sites\\\/19\\\/2023\\\/07\\\/ePod-cut-out.png\",\"contentUrl\":\"https:\\\/\\\/ohme-ev.com\\\/be-fr\\\/wp-content\\\/uploads\\\/sites\\\/19\\\/2023\\\/07\\\/ePod-cut-out.png\",\"width\":164,\"height\":223},{\"@type\":\"BreadcrumbList\",\"@id\":\"https:\\\/\\\/ohme-ev.com\\\/be-fr\\\/produit\\\/ohme-epod\\\/#breadcrumb\",\"itemListElement\":[{\"@type\":\"ListItem\",\"position\":1,\"name\":\"Home\",\"item\":\"https:\\\/\\\/ohme-ev.com\\\/be-fr\\\/\"},{\"@type\":\"ListItem\",\"position\":2,\"name\":\"Products\",\"item\":\"https:\\\/\\\/ohme-ev.com\\\/be-fr\\\/product\\\/\"},{\"@type\":\"ListItem\",\"position\":3,\"name\":\"Ohme ePod &#8211; Borne de recharge 22 kW pour une recharge rapide \u00e0 domicile\"}]},{\"@type\":\"WebSite\",\"@id\":\"https:\\\/\\\/ohme-ev.com\\\/be-fr\\\/#website\",\"url\":\"https:\\\/\\\/ohme-ev.com\\\/be-fr\\\/\",\"name\":\"Ohme EV Belgique\",\"description\":\"Ohme - EV Smart Charging Solutions\",\"potentialAction\":[{\"@type\":\"SearchAction\",\"target\":{\"@type\":\"EntryPoint\",\"urlTemplate\":\"https:\\\/\\\/ohme-ev.com\\\/be-fr\\\/?s={search_term_string}\"},\"query-input\":{\"@type\":\"PropertyValueSpecification\",\"valueRequired\":true,\"valueName\":\"search_term_string\"}}],\"inLanguage\":\"fr-be\"}]}<\/script>\n<!-- \/ Yoast SEO Premium plugin. -->","yoast_head_json":{"title":"Ohme ePod - Borne de recharge 22 kW pour une recharge rapide \u00e0 domicile - Ohme EV Belgique","robots":{"index":"index","follow":"follow","max-snippet":"max-snippet:-1","max-image-preview":"max-image-preview:large","max-video-preview":"max-video-preview:-1"},"canonical":"https:\/\/ohme-ev.com\/be-fr\/produit\/ohme-epod\/","og_locale":"fr_FR","og_type":"article","og_title":"Ohme ePod - Borne de recharge 22 kW pour une recharge rapide \u00e0 domicile","og_url":"https:\/\/ohme-ev.com\/be-fr\/produit\/ohme-epod\/","og_site_name":"Ohme EV Belgique","article_publisher":"https:\/\/www.facebook.com\/OhmeEV\/","article_modified_time":"2026-02-27T14:52:40+00:00","og_image":[{"width":164,"height":223,"url":"https:\/\/ohme-ev.com\/be-fr\/wp-content\/uploads\/sites\/19\/2023\/07\/ePod-cut-out.png","type":"image\/png"}],"twitter_card":"summary_large_image","twitter_site":"@ohmeev","twitter_misc":{"Est. reading time":"1 minute"},"schema":{"@context":"https:\/\/schema.org","@graph":[{"@type":"WebPage","@id":"https:\/\/ohme-ev.com\/be-fr\/produit\/ohme-epod\/","url":"https:\/\/ohme-ev.com\/be-fr\/produit\/ohme-epod\/","name":"Ohme ePod - Borne de recharge 22 kW pour une recharge rapide \u00e0 domicile - Ohme EV Belgique","isPartOf":{"@id":"https:\/\/ohme-ev.com\/be-fr\/#website"},"primaryImageOfPage":{"@id":"https:\/\/ohme-ev.com\/be-fr\/produit\/ohme-epod\/#primaryimage"},"image":{"@id":"https:\/\/ohme-ev.com\/be-fr\/produit\/ohme-epod\/#primaryimage"},"thumbnailUrl":"https:\/\/ohme-ev.com\/be-fr\/wp-content\/uploads\/sites\/19\/2023\/07\/ePod-cut-out.png","datePublished":"2024-11-15T09:06:32+00:00","dateModified":"2026-02-27T14:52:40+00:00","breadcrumb":{"@id":"https:\/\/ohme-ev.com\/be-fr\/produit\/ohme-epod\/#breadcrumb"},"inLanguage":"fr-be","potentialAction":[{"@type":"ReadAction","target":["https:\/\/ohme-ev.com\/be-fr\/produit\/ohme-epod\/"]}]},{"@type":"ImageObject","inLanguage":"fr-be","@id":"https:\/\/ohme-ev.com\/be-fr\/produit\/ohme-epod\/#primaryimage","url":"https:\/\/ohme-ev.com\/be-fr\/wp-content\/uploads\/sites\/19\/2023\/07\/ePod-cut-out.png","contentUrl":"https:\/\/ohme-ev.com\/be-fr\/wp-content\/uploads\/sites\/19\/2023\/07\/ePod-cut-out.png","width":164,"height":223},{"@type":"BreadcrumbList","@id":"https:\/\/ohme-ev.com\/be-fr\/produit\/ohme-epod\/#breadcrumb","itemListElement":[{"@type":"ListItem","position":1,"name":"Home","item":"https:\/\/ohme-ev.com\/be-fr\/"},{"@type":"ListItem","position":2,"name":"Products","item":"https:\/\/ohme-ev.com\/be-fr\/product\/"},{"@type":"ListItem","position":3,"name":"Ohme ePod &#8211; Borne de recharge 22 kW pour une recharge rapide \u00e0 domicile"}]},{"@type":"WebSite","@id":"https:\/\/ohme-ev.com\/be-fr\/#website","url":"https:\/\/ohme-ev.com\/be-fr\/","name":"Ohme EV Belgique","description":"Ohme - EV Smart Charging Solutions","potentialAction":[{"@type":"SearchAction","target":{"@type":"EntryPoint","urlTemplate":"https:\/\/ohme-ev.com\/be-fr\/?s={search_term_string}"},"query-input":{"@type":"PropertyValueSpecification","valueRequired":true,"valueName":"search_term_string"}}],"inLanguage":"fr-be"}]}},"_links":{"self":[{"href":"https:\/\/ohme-ev.com\/be-fr\/wp-json\/wp\/v2\/product\/2952","targetHints":{"allow":["GET"]}}],"collection":[{"href":"https:\/\/ohme-ev.com\/be-fr\/wp-json\/wp\/v2\/product"}],"about":[{"href":"https:\/\/ohme-ev.com\/be-fr\/wp-json\/wp\/v2\/types\/product"}],"wp:featuredmedia":[{"embeddable":true,"href":"https:\/\/ohme-ev.com\/be-fr\/wp-json\/wp\/v2\/media\/863"}],"wp:attachment":[{"href":"https:\/\/ohme-ev.com\/be-fr\/wp-json\/wp\/v2\/media?parent=2952"}],"curies":[{"name":"wp","href":"https:\/\/api.w.org\/{rel}","templated":true}]}}