{"id":2950,"date":"2024-11-15T08:50:27","date_gmt":"2024-11-15T08:50:27","guid":{"rendered":"https:\/\/ohme-ev.com\/be-fr\/?post_type=product&#038;p=2950"},"modified":"2025-09-18T14:01:07","modified_gmt":"2025-09-18T14:01:07","slug":"ohme-home-pro-mid","status":"publish","type":"product","link":"https:\/\/ohme-ev.com\/be-fr\/produit\/ohme-home-pro-mid\/","title":{"rendered":"Ohme Home Pro MID"},"content":{"rendered":"<div class=\"product-hero bg-darkblue\">\n    <div class=\"contentWrapper\">\n        <div class=\"image-container\">\n                                                    <div class=\"image-wrapper highlightedContainer\">\n                    <img decoding=\"async\" class=\"highlightedImage\" src=\"https:\/\/ohme-ev.com\/be-fr\/wp-content\/uploads\/sites\/19\/2023\/07\/ohme-pro-2.png\" alt=\"\">\n                <\/div>\n                <div class=\"image-wrapper bottom galleryWrapper\">\n                    <div class=\"hoverWrapper imgContainer highlighted\">\n                        <img decoding=\"async\" src=\"https:\/\/ohme-ev.com\/be-fr\/wp-content\/uploads\/sites\/19\/2023\/07\/ohme-pro-2.png\" alt=\"\">\n                    <\/div>\n\n                    <div class=\"hoverWrapper imgContainer\">\n                        <img decoding=\"async\" src=\"https:\/\/ohme-ev.com\/be-fr\/wp-content\/uploads\/sites\/19\/2024\/05\/Ohme-DMS-5-scaled.jpg\" alt=\"\">\n                    <\/div>\n                    <div class=\"hoverWrapper imgContainer\">\n                        <img decoding=\"async\" src=\"https:\/\/ohme-ev.com\/be-fr\/wp-content\/uploads\/sites\/19\/2023\/08\/Stacked-text-image_Home-Pro-wood_UK.png\" alt=\"\">\n                    <\/div>\n                <\/div>\n                    <\/div>\n        <div class=\"content-container\">\n            <div class=\"wrapper\">\n                <h1 class=\"title\">D\u00e9couvrez l\u2019Ohme Home Pro MID<\/h1>\n                                    <h5 class=\"subtitle\">La solution id\u00e9ale pour les v\u00e9hicules de soci\u00e9t\u00e9, les entreprises et les particuliers. Chargement rentable avec une facturation simple, pr\u00e9cise et conforme \u00e0 la directive MID.<\/h5>\n                                                \n            <a href=\"https:\/\/survey.ohme-ev.com\/survey\/direct?partnerId=d67336e2-90cd-4dd0-91a5-fbaaff7fa62b&#038;journeyId=97f80dcf-b2a1-42cb-a95b-fa3bccaa0342&#038;region=be-fr%20\" target=\"_blank\" rel=\"noopener\">\n            <button class=\"ohme-btn primary button external\" title=\"\">Obtenez un devis<\/button>\n        <\/a>\n                                                <\/div>\n        <\/div>\n    <\/div>\n<\/div>\n\n<div id=\"\" class=\"blockWrapper top-default bottom-default   \">\n\n\n    <div class=\"featuresWrapper\">\n        <div class=\"contentWrapper features\">\n            <h3 class=\"title\">Borne de recharge d\u2019exception<\/h3>\n            <p class=\"subtitle\"><\/p>\n            <div class=\"featuresContainer\">\n                                        <div class=\"featureWrapper\">\n                            <div class=\"iconContainer\">\n                                <img decoding=\"async\" src=\"https:\/\/ohme-ev.com\/be-fr\/wp-content\/uploads\/sites\/19\/2023\/07\/Tick.svg\" alt=\"\"\/>\n                            <\/div>\n                            <p class=\"copy\">Facilement programmable pour se recharger pendant les heures les moins ch\u00e8res<\/p>\n                        <\/div>\n\n                                                <div class=\"featureWrapper\">\n                            <div class=\"iconContainer\">\n                                <img decoding=\"async\" src=\"https:\/\/ohme-ev.com\/be-fr\/wp-content\/uploads\/sites\/19\/2023\/07\/Tick.svg\" alt=\"\"\/>\n                            <\/div>\n                            <p class=\"copy\">Technologie de charge intelligente<\/p>\n                        <\/div>\n\n                                                <div class=\"featureWrapper\">\n                            <div class=\"iconContainer\">\n                                <img decoding=\"async\" src=\"https:\/\/ohme-ev.com\/be-fr\/wp-content\/uploads\/sites\/19\/2023\/07\/Tick.svg\" alt=\"\"\/>\n                            <\/div>\n                            <p class=\"copy\">Certifi\u00e9 MID<\/p>\n                        <\/div>\n\n                                                <div class=\"featureWrapper\">\n                            <div class=\"iconContainer\">\n                                <img decoding=\"async\" src=\"https:\/\/ohme-ev.com\/be-fr\/wp-content\/uploads\/sites\/19\/2023\/07\/Tick.svg\" alt=\"\"\/>\n                            <\/div>\n                            <p class=\"copy\">Contr\u00f4le via une application sur votre smartphone<\/p>\n                        <\/div>\n\n                                                <div class=\"featureWrapper\">\n                            <div class=\"iconContainer\">\n                                <img decoding=\"async\" src=\"https:\/\/ohme-ev.com\/be-fr\/wp-content\/uploads\/sites\/19\/2023\/07\/Tick.svg\" alt=\"\"\/>\n                            <\/div>\n                            <p class=\"copy\">Carte SIM multi-r\u00e9seaux 3G \/ 4G<\/p>\n                        <\/div>\n\n                                                <div class=\"featureWrapper\">\n                            <div class=\"iconContainer\">\n                                <img decoding=\"async\" src=\"https:\/\/ohme-ev.com\/be-fr\/wp-content\/uploads\/sites\/19\/2023\/07\/Tick.svg\" alt=\"\"\/>\n                            <\/div>\n                            <p class=\"copy\">Garantie 3 ans incluse<\/p>\n                        <\/div>\n\n                                    <\/div>\n            \n            <a href=\"#compare\">\n            <button class=\"ohme-btn primary button\" title=\"\">D\u00e9couvrez nos autres chargeurs<\/button>\n        <\/a>\n\n    \n        <\/div>\n    <\/div>\n<\/div>\n\n\n<div class=\"wp-block-columns is-layout-flex wp-container-core-columns-is-layout-9d6595d7 wp-block-columns-is-layout-flex\">\n<div class=\"wp-block-column is-layout-flow wp-block-column-is-layout-flow\" style=\"flex-basis:100%\"><\/div>\n<\/div>\n\n\n<div id=\"\" class=\"blockWrapper top-default bottom-default   \">\n\n<div class=\"text-image-right bg-darkblue\">\n    <div class=\"inner\">\n        <div class=\"text-content\">\n                        <h3 class=\"title\">Application smartphone pour encore plus de contr\u00f4le<\/h3>\n                        <div class=\"text\"><h3>Programmez vos recharges<\/h3>\n<p>Optimisez le co\u00fbt de vos recharges en configurant un calendrier personnalis\u00e9 dans l\u2019application Ohme, en fonction de vos pr\u00e9f\u00e9rences d\u2019horaires et de tarifs.<\/p>\n<h3>Ajoutez votre tarif d\u2019\u00e9lectricit\u00e9<\/h3>\n<p>Configurez votre tarif d\u2019\u00e9lectricit\u00e9 manuellement afin de privil\u00e9gier l\u2019\u00e9lectricit\u00e9 en heures creuses.<\/p>\n<h3>Surveillez votre consommation d\u2019\u00e9nergie<\/h3>\n<p>Gardez un \u0153il sur le co\u00fbt de chaque sessions de recharge pour mieux comprendre votre consommation.<\/p>\n<\/div>\n                                                <div class=\"buttons\">\n                                    \n            <a href=\"https:\/\/ohme-ev.com\/be-fr\/recharge-intelligente-avec-l-application-ohme\/\" target=\"_self\" >\n            <button class=\"ohme-btn primary button\" title=\"\">D\u00e9couvrez l&#039;appli<\/button>\n        <\/a>\n                                <\/div>\n                                    <div class=\"buttons\">\n                                                            <a href=\"https:\/\/apps.apple.com\/gb\/app\/ohme-intelligent-ev-charger\/id1377322844\" target=\"_blank\">\n                            <img decoding=\"async\" src=\"https:\/\/ohme-ev.com\/be-fr\/wp-content\/uploads\/sites\/19\/2024\/01\/app-store-fr.webp\" alt=\"\" \/>\n                        <\/a>\n                                                                                <a href=\"https:\/\/play.google.com\/store\/apps\/details?id=io.ohme.androidu0026amp;hl=en_GBu0026amp;gl=US\" target=\"_blank\">\n                            <img decoding=\"async\" src=\"https:\/\/ohme-ev.com\/be-fr\/wp-content\/uploads\/sites\/19\/2024\/01\/google-play-fr-nopad.webp\" alt=\"\" \/>\n                        <\/a>\n                                                <\/div>\n                    <\/div>\n        <div class=\"media-content\">\n                        <img decoding=\"async\" loading=\"lazy\" src=\"https:\/\/ohme-ev.com\/be-fr\/wp-content\/uploads\/sites\/19\/2023\/07\/charge-phone-screen-fr.webp\" alt=\"\" \/>\n                    <\/div>\n    <\/div>\n<\/div>\n\n<\/div>\n\n<!-- start block wrapper top -->\n<div id=\"\" class=\"blockWrapper top-default bottom-default   \">\n<!-- end block wrapper top -->\n\n\n<!-- \/\/\/\/\/\/\/\/\/  start block  \/\/\/\/\/\/\/\/\/ -->\n\n<div class=\"block gallery\">\n      <div class=\"images-container\">\n      <div class=\"left-column\">\n        <img decoding=\"async\" src=\"https:\/\/ohme-ev.com\/be-fr\/wp-content\/uploads\/sites\/19\/2023\/08\/4-white_master.png\" alt=\"\" \/>\n        <img decoding=\"async\" src=\"https:\/\/ohme-ev.com\/be-fr\/wp-content\/uploads\/sites\/19\/2023\/07\/Product-details-large-collage_Home-Pro-dark-background-front_UK.jpg\" alt=\"Large front on view of the Ohme Home Pro\" \/>\n      <\/div>\n      <div class=\"right-column\">\n        <img decoding=\"async\" src=\"https:\/\/ohme-ev.com\/be-fr\/wp-content\/uploads\/sites\/19\/2024\/07\/ezgif-7-da1674dbc2.webp\" alt=\"\" \/>\n      <\/div>\n    <\/div>\n  <\/div>\n<!-- \/\/\/\/\/\/\/\/\/  end block  \/\/\/\/\/\/\/\/\/ -->\n\n\n<!-- start block wrapper bottom -->\n<\/div><!-- end block wrapper bottom -->\n\n<div id=\"\" class=\"blockWrapper top-default bottom-default   \">\n\n\n<div class=\"contentWrapper textImageLeft  image\">\n            <div class=\"imageContainer\">\n            <img decoding=\"async\" loading=\"lazy\" src=\"https:\/\/ohme-ev.com\/be-fr\/wp-content\/uploads\/sites\/19\/2024\/01\/ohme-go-light-front-master.webp\" alt=\"\"\/>\n        <\/div>\n\n        <div class=\"textContainer\">\n        <h3 class=\"title\">Besoin d\u2019une solution de recharge mobile?<\/h3>\n        <h4 class=\"subtitle regular\">D\u00e9couvrez l\u2019Ohme Go, notre borne de recharge mobile et intelligente. Con\u00e7ue pour recharger votre v\u00e9hicule \u00e9lectrique \u00e0 tout moment et partout. Il suffit de la brancher sur une prise de courant.<\/h4>\n        <div class=\"text\"><\/div>\n        <div class=\"buttonsContainer\">\n            \n            <a href=\"https:\/\/ohme-ev.com\/be-fr\/vraag-een-offerte\/\" target=\"_self\" >\n            <button class=\"ohme-btn primary button\" title=\"\">Obtenez un devis<\/button>\n        <\/a>\n    \n            <a href=\"https:\/\/ohme-ev.com\/be-fr\/carrieres\/\" target=\"_self\" >\n            <button class=\"ohme-btn secondaryLight button\" title=\"\">En savoir plus<\/button>\n        <\/a>\n            <\/div>\n            <\/div>\n<\/div>\n<\/div>\n\n<div id=\"\" class=\"blockWrapper top-default bottom-default   \">\n\n\n<div class=\"charging-comparison contentWrapper\">\n<div >\n  <h3 class=\"title\">D\u00e9couvrez \u00e9galement<\/h3>\n  <div class=\"itemsContainer\">\n            <div class=\"itemWrapper\">\n            <div class=\"sectionTop\">\n            <h5 class=\"subtitle\">Ohme ePod<\/h5>\n            <div class=\"copy\"><p>La m\u00eame technologie de charge intelligente dans un mod\u00e8le de prise compact, adapt\u00e9 \u00e0 tout type de connexion. D\u00e9couvrez le Home Pro <a href=\"https:\/\/ohme-ev.com\/be-fr\/produit\/ohme-home-pro\/\">ici<\/a>.<\/p>\n<\/div>\n            <\/div>\n            <div class=\"sectionBottom\">\n            <div class=\"imgContainer\">\n            <img decoding=\"async\" src=\"https:\/\/ohme-ev.com\/be-fr\/wp-content\/uploads\/sites\/19\/2023\/07\/Product-details-large-collage_ePod-dark-background-front_UK.jpg\" alt=\"Large front view image of Ohme ePod\" \/>\n          <\/div>\n          <div class=\"costInfoContainer\">\n          <p class=\"description\"><\/p>\n          <p class=\"cost\"><\/p>\n          <\/div>\n          <\/div>\n        <\/div>\n            <div class=\"itemWrapper\">\n            <div class=\"sectionTop\">\n            <h5 class=\"subtitle\">Ohme Go<\/h5>\n            <div class=\"copy\"><p>C\u00e2ble de charge intelligent portable &#8211; pour recharger votre VE \u00e0 tout moment et en tout lieu. D\u00e9couvrez le Go <a href=\"https:\/\/ohme-ev.com\/be-fr\/produit\/ohme-go\/\">ici<\/a>.<\/p>\n<\/div>\n            <\/div>\n            <div class=\"sectionBottom\">\n            <div class=\"imgContainer\">\n            <img decoding=\"async\" src=\"https:\/\/ohme-ev.com\/be-fr\/wp-content\/uploads\/sites\/19\/2024\/03\/Schucko-retouch-Front.webp\" alt=\"\" \/>\n          <\/div>\n          <div class=\"costInfoContainer\">\n          <p class=\"description\"><\/p>\n          <p class=\"cost\"><\/p>\n          <\/div>\n          <\/div>\n        <\/div>\n        <\/div>\n<\/div>\n<\/div>\n<\/div>\n\n<div id=\"\" class=\"blockWrapper top-default bottom-default   \">\n\n<div class=\"block compare-specs\">\n    <div class=\"contentWrapper\">\n        <h2 class=\"header\">\n            Comparez nos solutions de recharge        <\/h2>\n        <div class=\"nav-space\">\n                    <div class=\"carousel-nav show-wide\">\n                <div class=\"prev\"><\/div>\n                <div class=\"next\"><\/div>\n            <\/div>\n                <\/div>\n        <div class=\"product-carousel\">\n                                    <div class=\"product-wrapper\">\n                <div class=\"product__info\">\n                    <img loading=\"lazy\" decoding=\"async\" width=\"235\" height=\"209\" src=\"https:\/\/ohme-ev.com\/be-fr\/wp-content\/uploads\/sites\/19\/2023\/07\/Homepro-cut-out.png\" class=\"attachment-post-thumbnail size-post-thumbnail wp-post-image\" alt=\"\" \/>                    <h4>Ohme Home Pro<\/h4>\n                                        <p><\/p>\n                                                        <\/div>\n                <div class=\"product__specs\">\n                                        <h6>Contr\u00f4le et interface<\/h6>\n                    <p>Via l\u2019\u00e9cran LCD sur la borne<br \/>\nVia l\u2019application smartphone<br \/>\nVia les boutons sur la borne<\/p>\n                                                            <h6>Connectivit\u00e9<\/h6>\n                    <p>Carte SIM multi-r\u00e9seaux 3G\/4G<\/p>\n                                                            <h6>Type de prise et c\u00e2ble<\/h6>\n                    <p>Fourni avec un c\u00e2ble de recharge int\u00e9gr\u00e9 de 5m de Type 2<br \/>\nC\u00e2ble de 8 m disponible en option<\/p>\n                                                            <h6>Puissance<\/h6>\n                    <p>Puissance de sortie\/courant maximal :<br \/>\n&#8211; 7,4kW\/32A<br \/>\n&#8211; 11 kW\/16A, 3P+N+PE<\/p>\n<p>Alimentation nominale :<br \/>\n&#8211; 7,4kW &#8211; 230V<br \/>\n&#8211; 11kW &#8211; 230V\/400V AC<\/p>\n<p>Fr\u00e9quence : 50 Hz<\/p>\n<p>Remarque : Les bornes de recharge domestiques de 11 kW n\u00e9cessitent une alimentation \u00e9lectrique triphas\u00e9e<\/p>\n                                                            <h6>Dimensions et poids<\/h6>\n                    <p>170mm (H) x 200mm (L) x 100mm (P)<br \/>\n4kg <\/p>\n                                                            <h6>Technologie<\/h6>\n                    <p>Recharge intelligente dynamique<br \/>\n\u00c9quilibrage de la puissance \u00e0 domicile<br \/>\nMises \u00e0 jour \u00e0 distance<\/p>\n                                                            <h6>Conformit\u00e9<\/h6>\n                    <ul>\n<li>IP55\n<li>Marquage CE<\/li>\n<li>Conforme aux normes LVD, EMC, RED, RoHS, WEEE<\/li>\n<li>Certifi\u00e9 TUV Rheinland<\/li>\n<\/ul>\n                                                            <h6>Garantie<\/h6>\n                    <p>Garantie 3 ans incluse<\/p>\n                                    <\/div>\n            <\/div>\n                                    <div class=\"product-wrapper\">\n                <div class=\"product__info\">\n                    <img loading=\"lazy\" decoding=\"async\" width=\"1837\" height=\"1674\" src=\"https:\/\/ohme-ev.com\/be-fr\/wp-content\/uploads\/sites\/19\/2023\/09\/Schucko-retouch-Front-no-shaddow.webp\" class=\"attachment-post-thumbnail size-post-thumbnail wp-post-image\" alt=\"\" srcset=\"https:\/\/ohme-ev.com\/be-fr\/wp-content\/uploads\/sites\/19\/2023\/09\/Schucko-retouch-Front-no-shaddow.webp 1837w, https:\/\/ohme-ev.com\/be-fr\/wp-content\/uploads\/sites\/19\/2023\/09\/Schucko-retouch-Front-no-shaddow-300x273.webp 300w, https:\/\/ohme-ev.com\/be-fr\/wp-content\/uploads\/sites\/19\/2023\/09\/Schucko-retouch-Front-no-shaddow-1024x933.webp 1024w, https:\/\/ohme-ev.com\/be-fr\/wp-content\/uploads\/sites\/19\/2023\/09\/Schucko-retouch-Front-no-shaddow-768x700.webp 768w, https:\/\/ohme-ev.com\/be-fr\/wp-content\/uploads\/sites\/19\/2023\/09\/Schucko-retouch-Front-no-shaddow-1536x1400.webp 1536w, https:\/\/ohme-ev.com\/be-fr\/wp-content\/uploads\/sites\/19\/2023\/09\/Schucko-retouch-Front-no-shaddow-202x184.webp 202w, https:\/\/ohme-ev.com\/be-fr\/wp-content\/uploads\/sites\/19\/2023\/09\/Schucko-retouch-Front-no-shaddow-266x242.webp 266w\" sizes=\"auto, (max-width: 1837px) 100vw, 1837px\" \/>                    <h4>Ohme Go &#8211; C\u00e2ble de recharge intelligent<\/h4>\n                                        <p><\/p>\n                                                        <\/div>\n                <div class=\"product__specs\">\n                                        <h6>Contr\u00f4le et interface<\/h6>\n                    <p>Via l&#8217;appli Ohme<\/p>\n                                                            <h6>Connectivit\u00e9<\/h6>\n                    <p>Carte SIM multi-r\u00e9seaux 3G\/4G<\/p>\n                                                            <h6>Type de prise et c\u00e2ble<\/h6>\n                    <p>Mod\u00e8le avec c\u00e2ble de recharge int\u00e9gr\u00e9 de 5m &#8211; prise type Schuko UE \u00e0 Type 2<br \/>\nC\u00e2ble de 8m disponible en option<\/p>\n                                                            <h6>Puissance<\/h6>\n                    <p>Puissance de sortie\/courant maximal : 3,7 kW, 16 A<br \/>\nAlimentation nominale : 220 \u00e0 250 V<br \/>\nFr\u00e9quence : 50 Hz<\/p>\n                                                            <h6>Dimensions et poids<\/h6>\n                    <p>238mm (H) x 90mm (L) x 55mm (P)<br \/>\n4kg<\/p>\n                                                            <h6>Technologie<\/h6>\n                    <p>Contr\u00f4le des sessions de recharge via l\u2019application smartphone Ohme<br \/>\nFacturation partag\u00e9e (split billing)<br \/>\nPasserelle OCPP 1.6<\/p>\n                                                            <h6>Conformit\u00e9<\/h6>\n                    <ul>\n<li>IP55<\/li>\n<li>Marquage CE<\/li>\n<li>Certifi\u00e9 TUV Rheinland<\/li>\n<\/ul>\n                                                            <h6>Garantie<\/h6>\n                    <p>Garantie 2 ans incluse<\/p>\n                                    <\/div>\n            <\/div>\n                                    <div class=\"product-wrapper\">\n                <div class=\"product__info\">\n                    <img loading=\"lazy\" decoding=\"async\" width=\"235\" height=\"209\" src=\"https:\/\/ohme-ev.com\/be-fr\/wp-content\/uploads\/sites\/19\/2023\/07\/Homepro-cut-out.png\" class=\"attachment-post-thumbnail size-post-thumbnail wp-post-image\" alt=\"\" \/>                    <h4>Ohme Home Pro MID<\/h4>\n                                        <p><\/p>\n                                                        <\/div>\n                <div class=\"product__specs\">\n                                        <h6>Contr\u00f4le et interface<\/h6>\n                    <p>Via l\u2019\u00e9cran LCD sur la borne<br \/>\nVia l\u2019application smartphone<br \/>\nVia les boutons sur la borne<\/p>\n                                                            <h6>Connectivit\u00e9<\/h6>\n                    <p>Carte SIM multi-r\u00e9seaux 3G\/4G<\/p>\n                                                            <h6>Type de prise et c\u00e2ble<\/h6>\n                    <p>Fourni avec un c\u00e2ble de recharge int\u00e9gr\u00e9 de 5m de Type 2<br \/>\nC\u00e2ble de 8 m disponible en option<\/p>\n                                                            <h6>Puissance<\/h6>\n                    <p>Puissance de sortie\/courant maximal : 11 kW\/16A, 3P+N+PE<\/p>\n<p>Alimentation nominale :<br \/>\n11kW &#8211; 230V\/400V AC<\/p>\n<p>Fr\u00e9quence : 50 Hz<\/p>\n<p>Remarque : Les bornes de recharge domestiques de 11 kW n\u00e9cessitent une alimentation \u00e9lectrique triphas\u00e9e<\/p>\n                                                            <h6>Dimensions et poids<\/h6>\n                    <p>170mm (H) x 200mm (L) x 100mm (P)<br \/>\n4kg <\/p>\n                                                            <h6>Technologie<\/h6>\n                    <p>Recharge intelligente dynamique<br \/>\n\u00c9quilibrage de la puissance \u00e0 domicile<br \/>\nMises \u00e0 jour \u00e0 distance<\/p>\n                                                            <h6>Naleving<\/h6>\n                    <ul>\n<li>IP55\n<li>Marquage CE<\/li>\n<li>Conforme aux normes LVD, EMC, RED, RoHS, WEEE<\/li>\n<li>Certifi\u00e9 TUV Rheinland<\/li>\n<\/ul>\n                                                            <h6>Garantie<\/h6>\n                    <p>Garantie 3 ans incluse<\/p>\n                                    <\/div>\n            <\/div>\n                                    <div class=\"product-wrapper\">\n                <div class=\"product__info\">\n                    <img loading=\"lazy\" decoding=\"async\" width=\"164\" height=\"223\" src=\"https:\/\/ohme-ev.com\/be-fr\/wp-content\/uploads\/sites\/19\/2023\/07\/ePod-cut-out.png\" class=\"attachment-post-thumbnail size-post-thumbnail wp-post-image\" alt=\"\" \/>                    <h4>Ohme ePod &#8211; Borne de recharge 22 kW pour une recharge rapide \u00e0 domicile<\/h4>\n                                        <p><\/p>\n                                                        <\/div>\n                <div class=\"product__specs\">\n                                        <h6>Contr\u00f4le et interface<\/h6>\n                    <p>Via l\u2019application smartphone<br \/>\nVia les boutons sur la borne<\/p>\n                                                            <h6>Connectivit\u00e9<\/h6>\n                    <p>Carte SIM multi-r\u00e9seaux 3G\/4G<\/p>\n                                                            <h6>Type de prise et c\u00e2ble<\/h6>\n                    <p>Mod\u00e8le sans c\u00e2ble fixe<br \/>\nCompatible avec Type 1 et Type 2<\/p>\n                                                            <h6>Puissance<\/h6>\n                    <p>Puissance de sortie\/courant maximal :<br \/>\n&#8211; 7,4kW\/32A<br \/>\n&#8211; 22kW\/32A<\/p>\n<p>Alimentation nominale :<br \/>\n&#8211; 7,4kW &#8211; 230V AC, 50 Hz<br \/>\n&#8211; 22kW &#8211; 230V\/400V AC, 50 Hz<\/p>\n                                                            <h6>Dimensions et poids<\/h6>\n                    <p>7,4kW: 230mm (H) x 140mm (L) x 100 mm (P) &#8211; 1,48kg<br \/>\n22kW: 220mm (H) x 150mm (L) x 140 mm (P) &#8211; 1,7kg<\/p>\n                                                            <h6>Technologie<\/h6>\n                    <p>Recharge intelligente dynamique<br \/>\n\u00c9quilibrage de la puissance \u00e0 domicile<br \/>\nMises \u00e0 jour \u00e0 distance<\/p>\n                                                            <h6>Conformit\u00e9<\/h6>\n                    <ul>\n<li>IP54<\/li>\n<li>Marquage CE<\/li>\n<li>Marsuage NF<\/li>\n<li>Conforme aux normes LVD, EMC, RED, RoHS, AEEA<\/li>\n<\/ul>\n                                                            <h6>Garantie<\/h6>\n                    <p>Garantie 3 ans incluse<\/p>\n                                    <\/div>\n            <\/div>\n                    <\/div>\n\n    <\/div>\n<\/div>\n\n<\/div>","protected":false},"featured_media":858,"template":"","class_list":["post-2950","product","type-product","status-publish","has-post-thumbnail","hentry"],"acf":[],"yoast_head":"<!-- This site is optimized with the Yoast SEO Premium plugin v27.5 (Yoast SEO v27.5) - https:\/\/yoast.com\/product\/yoast-seo-premium-wordpress\/ -->\n<title>Ohme Home Pro MID - Ohme EV Belgique<\/title>\n<meta name=\"robots\" content=\"index, follow, max-snippet:-1, max-image-preview:large, max-video-preview:-1\" \/>\n<link rel=\"canonical\" href=\"https:\/\/ohme-ev.com\/be-fr\/produit\/ohme-home-pro-mid\/\" \/>\n<meta property=\"og:locale\" content=\"fr_FR\" \/>\n<meta property=\"og:type\" content=\"article\" \/>\n<meta property=\"og:title\" content=\"Ohme Home Pro MID\" \/>\n<meta property=\"og:url\" content=\"https:\/\/ohme-ev.com\/be-fr\/produit\/ohme-home-pro-mid\/\" \/>\n<meta property=\"og:site_name\" content=\"Ohme EV Belgique\" \/>\n<meta property=\"article:publisher\" content=\"https:\/\/www.facebook.com\/OhmeEV\/\" \/>\n<meta property=\"article:modified_time\" content=\"2025-09-18T14:01:07+00:00\" \/>\n<meta property=\"og:image\" content=\"https:\/\/ohme-ev.com\/be-fr\/wp-content\/uploads\/sites\/19\/2023\/07\/Homepro-cut-out.png\" \/>\n\t<meta property=\"og:image:width\" content=\"235\" \/>\n\t<meta property=\"og:image:height\" content=\"209\" \/>\n\t<meta property=\"og:image:type\" content=\"image\/png\" \/>\n<meta name=\"twitter:card\" content=\"summary_large_image\" \/>\n<meta name=\"twitter:site\" content=\"@ohmeev\" \/>\n<meta name=\"twitter:label1\" content=\"Est. reading time\" \/>\n\t<meta name=\"twitter:data1\" content=\"1 minute\" \/>\n<script type=\"application\/ld+json\" class=\"yoast-schema-graph\">{\"@context\":\"https:\\\/\\\/schema.org\",\"@graph\":[{\"@type\":\"WebPage\",\"@id\":\"https:\\\/\\\/ohme-ev.com\\\/be-fr\\\/produit\\\/ohme-home-pro-mid\\\/\",\"url\":\"https:\\\/\\\/ohme-ev.com\\\/be-fr\\\/produit\\\/ohme-home-pro-mid\\\/\",\"name\":\"Ohme Home Pro MID - Ohme EV Belgique\",\"isPartOf\":{\"@id\":\"https:\\\/\\\/ohme-ev.com\\\/be-fr\\\/#website\"},\"primaryImageOfPage\":{\"@id\":\"https:\\\/\\\/ohme-ev.com\\\/be-fr\\\/produit\\\/ohme-home-pro-mid\\\/#primaryimage\"},\"image\":{\"@id\":\"https:\\\/\\\/ohme-ev.com\\\/be-fr\\\/produit\\\/ohme-home-pro-mid\\\/#primaryimage\"},\"thumbnailUrl\":\"https:\\\/\\\/ohme-ev.com\\\/be-fr\\\/wp-content\\\/uploads\\\/sites\\\/19\\\/2023\\\/07\\\/Homepro-cut-out.png\",\"datePublished\":\"2024-11-15T08:50:27+00:00\",\"dateModified\":\"2025-09-18T14:01:07+00:00\",\"breadcrumb\":{\"@id\":\"https:\\\/\\\/ohme-ev.com\\\/be-fr\\\/produit\\\/ohme-home-pro-mid\\\/#breadcrumb\"},\"inLanguage\":\"fr-be\",\"potentialAction\":[{\"@type\":\"ReadAction\",\"target\":[\"https:\\\/\\\/ohme-ev.com\\\/be-fr\\\/produit\\\/ohme-home-pro-mid\\\/\"]}]},{\"@type\":\"ImageObject\",\"inLanguage\":\"fr-be\",\"@id\":\"https:\\\/\\\/ohme-ev.com\\\/be-fr\\\/produit\\\/ohme-home-pro-mid\\\/#primaryimage\",\"url\":\"https:\\\/\\\/ohme-ev.com\\\/be-fr\\\/wp-content\\\/uploads\\\/sites\\\/19\\\/2023\\\/07\\\/Homepro-cut-out.png\",\"contentUrl\":\"https:\\\/\\\/ohme-ev.com\\\/be-fr\\\/wp-content\\\/uploads\\\/sites\\\/19\\\/2023\\\/07\\\/Homepro-cut-out.png\",\"width\":235,\"height\":209},{\"@type\":\"BreadcrumbList\",\"@id\":\"https:\\\/\\\/ohme-ev.com\\\/be-fr\\\/produit\\\/ohme-home-pro-mid\\\/#breadcrumb\",\"itemListElement\":[{\"@type\":\"ListItem\",\"position\":1,\"name\":\"Home\",\"item\":\"https:\\\/\\\/ohme-ev.com\\\/be-fr\\\/\"},{\"@type\":\"ListItem\",\"position\":2,\"name\":\"Products\",\"item\":\"https:\\\/\\\/ohme-ev.com\\\/be-fr\\\/product\\\/\"},{\"@type\":\"ListItem\",\"position\":3,\"name\":\"Ohme Home Pro MID\"}]},{\"@type\":\"WebSite\",\"@id\":\"https:\\\/\\\/ohme-ev.com\\\/be-fr\\\/#website\",\"url\":\"https:\\\/\\\/ohme-ev.com\\\/be-fr\\\/\",\"name\":\"Ohme EV Belgique\",\"description\":\"Ohme - EV Smart Charging Solutions\",\"potentialAction\":[{\"@type\":\"SearchAction\",\"target\":{\"@type\":\"EntryPoint\",\"urlTemplate\":\"https:\\\/\\\/ohme-ev.com\\\/be-fr\\\/?s={search_term_string}\"},\"query-input\":{\"@type\":\"PropertyValueSpecification\",\"valueRequired\":true,\"valueName\":\"search_term_string\"}}],\"inLanguage\":\"fr-be\"}]}<\/script>\n<!-- \/ Yoast SEO Premium plugin. -->","yoast_head_json":{"title":"Ohme Home Pro MID - Ohme EV Belgique","robots":{"index":"index","follow":"follow","max-snippet":"max-snippet:-1","max-image-preview":"max-image-preview:large","max-video-preview":"max-video-preview:-1"},"canonical":"https:\/\/ohme-ev.com\/be-fr\/produit\/ohme-home-pro-mid\/","og_locale":"fr_FR","og_type":"article","og_title":"Ohme Home Pro MID","og_url":"https:\/\/ohme-ev.com\/be-fr\/produit\/ohme-home-pro-mid\/","og_site_name":"Ohme EV Belgique","article_publisher":"https:\/\/www.facebook.com\/OhmeEV\/","article_modified_time":"2025-09-18T14:01:07+00:00","og_image":[{"width":235,"height":209,"url":"https:\/\/ohme-ev.com\/be-fr\/wp-content\/uploads\/sites\/19\/2023\/07\/Homepro-cut-out.png","type":"image\/png"}],"twitter_card":"summary_large_image","twitter_site":"@ohmeev","twitter_misc":{"Est. reading time":"1 minute"},"schema":{"@context":"https:\/\/schema.org","@graph":[{"@type":"WebPage","@id":"https:\/\/ohme-ev.com\/be-fr\/produit\/ohme-home-pro-mid\/","url":"https:\/\/ohme-ev.com\/be-fr\/produit\/ohme-home-pro-mid\/","name":"Ohme Home Pro MID - Ohme EV Belgique","isPartOf":{"@id":"https:\/\/ohme-ev.com\/be-fr\/#website"},"primaryImageOfPage":{"@id":"https:\/\/ohme-ev.com\/be-fr\/produit\/ohme-home-pro-mid\/#primaryimage"},"image":{"@id":"https:\/\/ohme-ev.com\/be-fr\/produit\/ohme-home-pro-mid\/#primaryimage"},"thumbnailUrl":"https:\/\/ohme-ev.com\/be-fr\/wp-content\/uploads\/sites\/19\/2023\/07\/Homepro-cut-out.png","datePublished":"2024-11-15T08:50:27+00:00","dateModified":"2025-09-18T14:01:07+00:00","breadcrumb":{"@id":"https:\/\/ohme-ev.com\/be-fr\/produit\/ohme-home-pro-mid\/#breadcrumb"},"inLanguage":"fr-be","potentialAction":[{"@type":"ReadAction","target":["https:\/\/ohme-ev.com\/be-fr\/produit\/ohme-home-pro-mid\/"]}]},{"@type":"ImageObject","inLanguage":"fr-be","@id":"https:\/\/ohme-ev.com\/be-fr\/produit\/ohme-home-pro-mid\/#primaryimage","url":"https:\/\/ohme-ev.com\/be-fr\/wp-content\/uploads\/sites\/19\/2023\/07\/Homepro-cut-out.png","contentUrl":"https:\/\/ohme-ev.com\/be-fr\/wp-content\/uploads\/sites\/19\/2023\/07\/Homepro-cut-out.png","width":235,"height":209},{"@type":"BreadcrumbList","@id":"https:\/\/ohme-ev.com\/be-fr\/produit\/ohme-home-pro-mid\/#breadcrumb","itemListElement":[{"@type":"ListItem","position":1,"name":"Home","item":"https:\/\/ohme-ev.com\/be-fr\/"},{"@type":"ListItem","position":2,"name":"Products","item":"https:\/\/ohme-ev.com\/be-fr\/product\/"},{"@type":"ListItem","position":3,"name":"Ohme Home Pro MID"}]},{"@type":"WebSite","@id":"https:\/\/ohme-ev.com\/be-fr\/#website","url":"https:\/\/ohme-ev.com\/be-fr\/","name":"Ohme EV Belgique","description":"Ohme - EV Smart Charging Solutions","potentialAction":[{"@type":"SearchAction","target":{"@type":"EntryPoint","urlTemplate":"https:\/\/ohme-ev.com\/be-fr\/?s={search_term_string}"},"query-input":{"@type":"PropertyValueSpecification","valueRequired":true,"valueName":"search_term_string"}}],"inLanguage":"fr-be"}]}},"_links":{"self":[{"href":"https:\/\/ohme-ev.com\/be-fr\/wp-json\/wp\/v2\/product\/2950","targetHints":{"allow":["GET"]}}],"collection":[{"href":"https:\/\/ohme-ev.com\/be-fr\/wp-json\/wp\/v2\/product"}],"about":[{"href":"https:\/\/ohme-ev.com\/be-fr\/wp-json\/wp\/v2\/types\/product"}],"wp:featuredmedia":[{"embeddable":true,"href":"https:\/\/ohme-ev.com\/be-fr\/wp-json\/wp\/v2\/media\/858"}],"wp:attachment":[{"href":"https:\/\/ohme-ev.com\/be-fr\/wp-json\/wp\/v2\/media?parent=2950"}],"curies":[{"name":"wp","href":"https:\/\/api.w.org\/{rel}","templated":true}]}}