{"id":5111,"date":"2025-09-05T08:22:22","date_gmt":"2025-09-05T08:22:22","guid":{"rendered":"https:\/\/ohme-ev.com\/be-nl\/?page_id=4408"},"modified":"2026-02-27T15:38:51","modified_gmt":"2026-02-27T15:38:51","slug":"recharge-a-domicile-pour-vehicules-de-societe-et-facturation-separee","status":"publish","type":"page","link":"https:\/\/ohme-ev.com\/be-fr\/recharge-a-domicile-pour-vehicules-de-societe-et-facturation-separee\/","title":{"rendered":"Recharge \u00e0 domicile pour v\u00e9hicules de soci\u00e9t\u00e9 et facturation s\u00e9par\u00e9e"},"content":{"rendered":"<div class=\"image-text-hero with-colour\" style=\"background-color: #032536;\">\n\n    <div class=\"contentWrapper imageLeft mobile-image-bottom\">\n        <div class=\"content-container\">\n            <div class=\"wrapper\">\n                                    <h1>Recharge \u00e0 domicile des v\u00e9hicules de soci\u00e9t\u00e9, facilement rembours\u00e9e<\/h1>\n                \n                \n                                    <p><p>Exportez vos donn\u00e9es de recharge en un seul clic pour un remboursement rapide de vos frais. Besoin d&#039;un remboursement automatique ? Avec Ohme, c&#039;est \u00e9galement possible !*<\/p>\n<\/p>\n                \n                \n            <a href=\"https:\/\/survey.ohme-ev.com\/survey\/direct?partnerId=b10d664b-ed84-47b7-8c6b-8a072f1198f8u0026amp;journeyId=c9ce7f9a-81bd-464a-99ce-f0f6d6b135dfu0026amp;ampregion=be-nl\" target=\"_blank\" rel=\"noopener\">\n            <button class=\"ohme-btn primary button external\" title=\"\">Demander une offre<\/button>\n        <\/a>\n    \n                            <\/div>\n        <\/div>\n\n        <div class=\"image-container\">\n                            <div class=\"image-wrapper\">\n                    <img decoding=\"async\" src=\"https:\/\/ohme-ev.com\/be-fr\/wp-content\/uploads\/sites\/19\/2024\/01\/Ohme_Office-shoot_Lores_G6A9510.webp\" alt=\"\" \/>\n                <\/div>\n            \n                    <\/div>\n    <\/div>\n\n    <\/div>\n\n<div id=\"\" class=\"blockWrapper top-default bottom-default   \">\n\n    <div class=\"\">\n\n        <div class=\"threeColumnWrapper \">\n            <h2 class=\"title\">Pourquoi choisir Ohme?<\/h2>\n            <p class=\"subtitle regular \" style=\"\"><\/p>\n            <div class=\"columnsContainer\">\n                                        <div class=\"column\">\n                            <div class=\"imageContainer \">\n                                                                    <img loading=\"lazy\" decoding=\"async\" width=\"340\" height=\"227\" src=\"https:\/\/ohme-ev.com\/be-fr\/wp-content\/uploads\/sites\/19\/2024\/09\/ezgif-3-3782d68c47-340x227.webp\" class=\"attachment-column_hero size-column_hero\" alt=\"Ohme Go\" srcset=\"https:\/\/ohme-ev.com\/be-fr\/wp-content\/uploads\/sites\/19\/2024\/09\/ezgif-3-3782d68c47-340x227.webp 340w, https:\/\/ohme-ev.com\/be-fr\/wp-content\/uploads\/sites\/19\/2024\/09\/ezgif-3-3782d68c47-300x200.webp 300w, https:\/\/ohme-ev.com\/be-fr\/wp-content\/uploads\/sites\/19\/2024\/09\/ezgif-3-3782d68c47-1024x683.webp 1024w, https:\/\/ohme-ev.com\/be-fr\/wp-content\/uploads\/sites\/19\/2024\/09\/ezgif-3-3782d68c47-768x512.webp 768w, https:\/\/ohme-ev.com\/be-fr\/wp-content\/uploads\/sites\/19\/2024\/09\/ezgif-3-3782d68c47-1536x1024.webp 1536w, https:\/\/ohme-ev.com\/be-fr\/wp-content\/uploads\/sites\/19\/2024\/09\/ezgif-3-3782d68c47-276x184.webp 276w, https:\/\/ohme-ev.com\/be-fr\/wp-content\/uploads\/sites\/19\/2024\/09\/ezgif-3-3782d68c47.webp 1575w\" sizes=\"auto, (max-width: 340px) 100vw, 340px\" \/>\n                                                            <\/div>\n\n                            <div>\n                                <p class=\"label\"><\/p>\n                                <p class=\"subtitleColumn\">Facturation s\u00e9par\u00e9e et remboursement automatique<\/p>\n                                <div class=\"body\"><p>Nos solutions de recharge* offrent la possibilit\u00e9 d&#8217;une <strong>facturation s\u00e9par\u00e9e<\/strong> <strong>pour la recharge \u00e0 domicile de votre v\u00e9hicule de soci\u00e9t\u00e9.<\/strong> Chaque kilowattheure charg\u00e9 est automatiquement enregistr\u00e9, factur\u00e9 \u00e0 votre employeur ou \u00e0 votre soci\u00e9t\u00e9 de leasing et <strong>imm\u00e9diatement rembours\u00e9<\/strong>. Vous pouvez ainsi <strong>recharger votre v\u00e9hicule de soci\u00e9t\u00e9 \u00e9lectrique \u00e0 domicile sans souci,<\/strong> sans devoir introduire manuellement vos frais et avec un traitement administratif sans faille.<\/p>\n<\/div>\n                            <\/div>\n                        <\/div>\n                                                <div class=\"column\">\n                            <div class=\"imageContainer \">\n                                                                    <img loading=\"lazy\" decoding=\"async\" width=\"340\" height=\"220\" src=\"https:\/\/ohme-ev.com\/be-fr\/wp-content\/uploads\/sites\/19\/2025\/04\/Group36253-340x220.webp\" class=\"attachment-column_hero size-column_hero\" alt=\"\" srcset=\"https:\/\/ohme-ev.com\/be-fr\/wp-content\/uploads\/sites\/19\/2025\/04\/Group36253-340x220.webp 340w, https:\/\/ohme-ev.com\/be-fr\/wp-content\/uploads\/sites\/19\/2025\/04\/Group36253-300x194.webp 300w, https:\/\/ohme-ev.com\/be-fr\/wp-content\/uploads\/sites\/19\/2025\/04\/Group36253-768x496.webp 768w, https:\/\/ohme-ev.com\/be-fr\/wp-content\/uploads\/sites\/19\/2025\/04\/Group36253-285x184.webp 285w, https:\/\/ohme-ev.com\/be-fr\/wp-content\/uploads\/sites\/19\/2025\/04\/Group36253.webp 854w\" sizes=\"auto, (max-width: 340px) 100vw, 340px\" \/>\n                                                            <\/div>\n\n                            <div>\n                                <p class=\"label\"><\/p>\n                                <p class=\"subtitleColumn\">Exportation des donn\u00e9es de recharge via l&#8217;application Ohme<\/p>\n                                <div class=\"body\"><p>Avec <strong>l&#8217;application Ohme<\/strong>, vous pouvez suivre en temps r\u00e9el votre <strong>consommation de recharge \u00e0 domicile<\/strong> et exporter des rapports PDF d\u00e9taill\u00e9s en un seul clic. Gr\u00e2ce \u00e0 notre <strong>int\u00e9gration tarifaire dynamique<\/strong>, les donn\u00e9es contiennent <strong>le tarif kWh r\u00e9el<\/strong>, et pas seulement le tarif de r\u00e9f\u00e9rence fixe de la CREG. Votre employeur peut ainsi vous rembourser chaque recharge avec pr\u00e9cision. Moyennant un suppl\u00e9ment, vous pouvez \u00e9galement opter pour le partage automatique des donn\u00e9es et le remboursement via l&#8217;un de nos partenaires.<\/p>\n<\/div>\n                            <\/div>\n                        <\/div>\n                                                <div class=\"column\">\n                            <div class=\"imageContainer \">\n                                                                    <img loading=\"lazy\" decoding=\"async\" width=\"202\" height=\"242\" src=\"https:\/\/ohme-ev.com\/be-fr\/wp-content\/uploads\/sites\/19\/2025\/06\/Support_New_Solar_11_UK-202x242.webp\" class=\"attachment-column_hero size-column_hero\" alt=\"\" srcset=\"https:\/\/ohme-ev.com\/be-fr\/wp-content\/uploads\/sites\/19\/2025\/06\/Support_New_Solar_11_UK-202x242.webp 202w, https:\/\/ohme-ev.com\/be-fr\/wp-content\/uploads\/sites\/19\/2025\/06\/Support_New_Solar_11_UK-251x300.webp 251w, https:\/\/ohme-ev.com\/be-fr\/wp-content\/uploads\/sites\/19\/2025\/06\/Support_New_Solar_11_UK-856x1024.webp 856w, https:\/\/ohme-ev.com\/be-fr\/wp-content\/uploads\/sites\/19\/2025\/06\/Support_New_Solar_11_UK-768x918.webp 768w, https:\/\/ohme-ev.com\/be-fr\/wp-content\/uploads\/sites\/19\/2025\/06\/Support_New_Solar_11_UK-154x184.webp 154w, https:\/\/ohme-ev.com\/be-fr\/wp-content\/uploads\/sites\/19\/2025\/06\/Support_New_Solar_11_UK.webp 1094w\" sizes=\"auto, (max-width: 202px) 100vw, 202px\" \/>\n                                                            <\/div>\n\n                            <div>\n                                <p class=\"label\"><\/p>\n                                <p class=\"subtitleColumn\">Recharge \u00e0 domicile en toute s\u00e9curit\u00e9 sans souci de fusibles<\/p>\n                                <div class=\"body\"><p>Les <strong>bornes murales Ohme<\/strong> mesurent la consommation totale d&#8217;\u00e9lectricit\u00e9 de votre habitation \u00e0 l&#8217;aide d&#8217;une pince CT intelligente et ajustent en temps r\u00e9el la puissance de charge de votre <strong>v\u00e9hicule \u00e9lectrique<\/strong>. Vous \u00e9vitez ainsi que le disjoncteur principal ne se d\u00e9clenche lorsque la machine \u00e0 laver, la pompe \u00e0 chaleur ou la climatisation se mettent en marche. L&#8217;<strong>\u00e9quilibrage dynamique de la charge<\/strong> fonctionne sur les connexions monophas\u00e9es, biphas\u00e9es et triphas\u00e9es et vous permet de toujours recharger votre v\u00e9hicule de mani\u00e8re optimale et en toute s\u00e9curit\u00e9, sans mat\u00e9riel suppl\u00e9mentaire ni renforcement du r\u00e9seau.<\/p>\n<\/div>\n                            <\/div>\n                        <\/div>\n                                    <\/div>\n                            <div class=\"buttonsContainer\">\n                    \n            <a href=\"https:\/\/ohme-ev.com\/be-fr\/nos-bornes-de-recharge\/\" target=\"_self\" >\n            <button class=\"ohme-btn primary button\" title=\"\">D\u00e9couvrez nos solutions de recharge<\/button>\n        <\/a>\n    \n            <a href=\"https:\/\/ohme-ev.com\/be-fr\/gestion-de-flotte\/\" target=\"_self\" >\n            <button class=\"ohme-btn secondaryLight button\" title=\"\">Vous \u00eates gestionnaire de flotte ? D\u00e9couvrez ici toutes les possibilit\u00e9s.<\/button>\n        <\/a>\n                    <\/div>\n                    <\/div>\n    <\/div>\n<\/div>\n\n<div id=\"\" class=\"blockWrapper top-default bottom-default   \">\n\n<div class=\"text-image-right bg-white\">\n    <div class=\"inner\">\n        <div class=\"text-content\">\n                        <h3 class=\"title\">Comment fonctionne le remboursement?<\/h3>\n                        <div class=\"text\"><p>Le processus exact d\u00e9pend de votre employeur, mais en g\u00e9n\u00e9ral, voici les diff\u00e9rentes \u00e9tapes :<\/p>\n<ol>\n<li data-start=\"613\" data-end=\"669\">\n<p data-start=\"616\" data-end=\"669\"><strong data-start=\"616\" data-end=\"645\">Vous rechargez \u00e0 domicile<\/strong> avec votre borne Ohme<\/p>\n<\/li>\n<li data-start=\"670\" data-end=\"733\">\n<p data-start=\"673\" data-end=\"733\"><strong data-start=\"673\" data-end=\"705\">Ohme calcule automatiquement<\/strong> vos sessions (kWh + co\u00fbt)<\/p>\n<\/li>\n<li data-start=\"734\" data-end=\"794\">\n<p data-start=\"737\" data-end=\"794\"><strong data-start=\"737\" data-end=\"765\">Vous partagez le rapport<\/strong> <strong>PDF<\/strong> avec\u00a0 votre employeur pour un remboursement simple ou les informations sont <strong>automatiquement partag\u00e9es et rembours\u00e9es<\/strong> si vous travaillez avec l&#8217;un de nos partenaires<\/p>\n<\/li>\n<\/ol>\n<\/div>\n                                                        <\/div>\n        <div class=\"media-content\">\n                        <img decoding=\"async\" loading=\"lazy\" src=\"https:\/\/ohme-ev.com\/be-fr\/wp-content\/uploads\/sites\/19\/2024\/09\/ezgif-5-d14ea6d070.webp\" alt=\"\" \/>\n                    <\/div>\n    <\/div>\n<\/div>\n\n<\/div>\n\n<div id=\"\" class=\"blockWrapper top-default bottom-default   no-max-width\">\n\n<div class=\"block quote-carousel-block\">\n    <div class=\"quote-carousel \">\n\n        <div class=\"title-arrow-container\">\n            <h2><\/h2>\n            <div class=\"arrow-container\">\n            <\/div>\n        <\/div>\n\n        <div class=\"carousel-wrapper \">\n                                                <div class=\"item\">\n                        <div class=\"inner-content\">\n                            <p class=\"quote\">L&#8217;installation s&#8217;est faite rapidement et l&#8217;utilisation est tr\u00e8s facile. Bonne liaison avec mon fournisseur d&#8217;\u00e9nergie.<\/p>\n                            <p class=\"author\">Tim E.<\/p>\n                        <\/div>\n                    <\/div>\n                                    <div class=\"item\">\n                        <div class=\"inner-content\">\n                            <p class=\"quote\">100% recommandable. Communication fantastique &#8211; Je suis vraiment tr\u00e8s satisfaite de mon exp\u00e9rience. Une classe \u00e0 part!<\/p>\n                            <p class=\"author\">Mark M.<\/p>\n                        <\/div>\n                    <\/div>\n                                    <div class=\"item\">\n                        <div class=\"inner-content\">\n                            <p class=\"quote\">La borne Ohme est vraiment g\u00e9niale. Facile \u00e0 utiliser, fiable et elle trouve elle-m\u00eame le meilleur prix! Merci Ohme !<\/p>\n                            <p class=\"author\">Heleen P.<\/p>\n                        <\/div>\n                    <\/div>\n                                    <div class=\"item\">\n                        <div class=\"inner-content\">\n                            <p class=\"quote\">Du premier contact \u00e0 l&#8217;installation, tout s&#8217;est tr\u00e8s bien pass\u00e9. Une belle introduction au monde des VE.<\/p>\n                            <p class=\"author\">Sarah W.<\/p>\n                        <\/div>\n                    <\/div>\n                                    <div class=\"item\">\n                        <div class=\"inner-content\">\n                            <p class=\"quote\">Excellent produit, facile \u00e0 utiliser et parfaitement int\u00e9gr\u00e9. Le service client est \u00e9galement excellent.<\/p>\n                            <p class=\"author\">Mike S.<\/p>\n                        <\/div>\n                    <\/div>\n                                    <div class=\"item\">\n                        <div class=\"inner-content\">\n                            <p class=\"quote\">La borne est compacte et facile \u00e0 utiliser. Le c\u00e2blage est soign\u00e9 et on le remarque \u00e0 peine. Cliente satisfaite!<\/p>\n                            <p class=\"author\">Leah D.<\/p>\n                        <\/div>\n                    <\/div>\n                                    <\/div>\n                <div class=\"trustpilot-widget trustpilot-logo\" data-locale=\"fr-be\" data-template-id=\"53aa8807dec7e10d38f59f32\" data-businessunit-id=\"5d3237d97eea3b0001c71608\" data-style-height=\"150px\" data-style-width=\"100%\" data-theme=\"dark\">\n            <a href=\"https:\/\/uk.trustpilot.com\/review\/www.ohme-ev.com\" target=\"_blank\" rel=\"noopener\">Trustpilot<\/a>\n        <\/div>\n            <\/div>\n<\/div>\n<\/div>\n\n<div id=\"\" class=\"blockWrapper top-default bottom-default   \">\n\n    <div class=\"accordion-block bg-white\">\n        <div class=\"contentWrapper\">\n                                        <div class=\"accordion-sections\" data-accordion-type=\"single\">\n                                        <h3 class=\"open\">Comment fonctionne la facturation fractionn\u00e9e ?<\/h3>\n                    <div><p>La solution de recharge intelligent enregistre chaque kWh consomm\u00e9 par le v\u00e9hicule de soci\u00e9t\u00e9 et envoie, par l&#8217;interm\u00e9diaire d&#8217;un partenaire externe, un rapport mensuel \u00e0 l&#8217;employeur ou \u00e0 la soci\u00e9t\u00e9 de leasing qui rembourse les frais. Le conducteur n&#8217;a plus besoin de remplir de formulaire de frais.<\/p>\n<\/div>\n                                        <h3>Le Home Pro ou l&#8217;ePod prennent-ils en charge le remboursement automatique ?<\/h3>\n                    <div><p>Toutes les bornes de recharge Home Pro et ePod prennent en charge le remboursement automatique, \u00e0 l&#8217;exception de la Home Pro 7. La Home Pro 7 vous permet toutefois, comme tous les autres appareils, d&#8217;exporter un rapport PDF en un seul clic. Ce fichier peut \u00eatre import\u00e9 directement dans le logiciel de gestion de flotte ou de comptabilit\u00e9 pour un remboursement rapide.<\/p>\n<\/div>\n                                        <h3>Puis-je \u00eatre rembours\u00e9 \u00e0 mon tarif r\u00e9el plut\u00f4t qu&#8217;au tarif CREG ?<\/h3>\n                    <div><p>Cela d\u00e9pend de votre employeur, mais oui, c&#8217;est techniquement possible gr\u00e2ce \u00e0 notre int\u00e9gration tarifaire dynamique unique. Sur la base des informations tarifaires que vous avez saisies, le logiciel Ohme peut fournir une estimation tr\u00e8s pr\u00e9cise du co\u00fbt de l&#8217;\u00e9lectricit\u00e9 au moment de la recharge, ce qui permet un remboursement au tarif r\u00e9el du kWh.<\/p>\n<\/div>\n                                        <h3>En tant que gestionnaire de flotte, comment puis-je suivre tous les co\u00fbts de recharge ?<\/h3>\n                    <div><p>Dans le portail Ohme Fleet, vous disposez, en tant que gestionnaire de flotte, d&#8217;un aper\u00e7u par conducteur et par point de recharge (fixe ou mobile) de la consommation totale, des co\u00fbts par kWh et des \u00e9ventuelles \u00e9conomies de CO\u2082. Les rapports peuvent \u00eatre filtr\u00e9s et t\u00e9l\u00e9charg\u00e9s.<\/p>\n<\/div>\n                                        <h3>Le r\u00e9\u00e9quilibrage de charge est-il inclus pour une recharge s\u00e9curis\u00e9e \u00e0 domicile ?<\/h3>\n                    <div><p>Oui. Toutes les bornes murales Ohme* disposent d&#8217;un \u00e9quilibrage de charge dynamique via une pince CT. La puissance de charge est ajust\u00e9e en temps r\u00e9el \u00e0 la consommation totale de la maison, de sorte que le fusible principal ne se d\u00e9clenche jamais, m\u00eame en cas de recharge rapide de 22 kW en triphas\u00e9.<\/p>\n<p>&nbsp;<\/p>\n<p>*Donc pas l&#8217;Ohme Go.<\/p>\n<\/div>\n                                        <h3>Ai-je besoin d&#8217;un compteur num\u00e9rique ou d&#8217;un compteur intelligent ?<\/h3>\n                    <div><p>Non, la pince CT suffit pour mesurer la consommation et la r\u00e9injection. Un compteur num\u00e9rique peut fournir des informations suppl\u00e9mentaires, mais il n&#8217;est pas obligatoire pour la facturation s\u00e9par\u00e9e ou le rapport de donn\u00e9es.<\/p>\n<\/div>\n                                    <\/div>\n                    <\/div>\n    <\/div>\n\n<\/div>","protected":false},"excerpt":{"rendered":"","protected":false},"author":38,"featured_media":0,"parent":0,"menu_order":0,"comment_status":"closed","ping_status":"closed","template":"","meta":{"_acf_changed":true,"_helpful_status":1,"footnotes":""},"partner":[],"class_list":["post-5111","page","type-page","status-publish","hentry"],"acf":[],"yoast_head":"<!-- This site is optimized with the Yoast SEO Premium plugin v27.5 (Yoast SEO v27.5) - https:\/\/yoast.com\/product\/yoast-seo-premium-wordpress\/ -->\n<title>Recharge \u00e0 domicile pour v\u00e9hicules de soci\u00e9t\u00e9 et facturation s\u00e9par\u00e9e - Ohme EV Belgique<\/title>\n<meta name=\"description\" content=\"Rechargez votre v\u00e9hicule de soci\u00e9t\u00e9 \u00e9lectrique \u00e0 domicile et r\u00e9cup\u00e9rez automatiquement les frais d&#039;\u00e9lectricit\u00e9. Demandez gratuitement des conseils sur votre flotte.\" \/>\n<meta name=\"robots\" content=\"index, follow, max-snippet:-1, max-image-preview:large, max-video-preview:-1\" \/>\n<link rel=\"canonical\" href=\"https:\/\/ohme-ev.com\/be-fr\/recharge-a-domicile-pour-vehicules-de-societe-et-facturation-separee\/\" \/>\n<meta property=\"og:locale\" content=\"fr_FR\" \/>\n<meta property=\"og:type\" content=\"article\" \/>\n<meta property=\"og:title\" content=\"Recharge \u00e0 domicile pour v\u00e9hicules de soci\u00e9t\u00e9 et facturation s\u00e9par\u00e9e\" \/>\n<meta property=\"og:description\" content=\"Rechargez votre v\u00e9hicule de soci\u00e9t\u00e9 \u00e9lectrique \u00e0 domicile et r\u00e9cup\u00e9rez automatiquement les frais d&#039;\u00e9lectricit\u00e9. Demandez gratuitement des conseils sur votre flotte.\" \/>\n<meta property=\"og:url\" content=\"https:\/\/ohme-ev.com\/be-fr\/recharge-a-domicile-pour-vehicules-de-societe-et-facturation-separee\/\" \/>\n<meta property=\"og:site_name\" content=\"Ohme EV Belgique\" \/>\n<meta property=\"article:publisher\" content=\"https:\/\/www.facebook.com\/OhmeEV\/\" \/>\n<meta property=\"article:modified_time\" content=\"2026-02-27T15:38:51+00:00\" \/>\n<meta name=\"twitter:card\" content=\"summary_large_image\" \/>\n<meta name=\"twitter:site\" content=\"@ohmeev\" \/>\n<script type=\"application\/ld+json\" class=\"yoast-schema-graph\">{\"@context\":\"https:\\\/\\\/schema.org\",\"@graph\":[{\"@type\":\"WebPage\",\"@id\":\"https:\\\/\\\/ohme-ev.com\\\/be-fr\\\/recharge-a-domicile-pour-vehicules-de-societe-et-facturation-separee\\\/\",\"url\":\"https:\\\/\\\/ohme-ev.com\\\/be-fr\\\/recharge-a-domicile-pour-vehicules-de-societe-et-facturation-separee\\\/\",\"name\":\"Recharge \u00e0 domicile pour v\u00e9hicules de soci\u00e9t\u00e9 et facturation s\u00e9par\u00e9e - Ohme EV Belgique\",\"isPartOf\":{\"@id\":\"https:\\\/\\\/ohme-ev.com\\\/be-fr\\\/#website\"},\"datePublished\":\"2025-09-05T08:22:22+00:00\",\"dateModified\":\"2026-02-27T15:38:51+00:00\",\"description\":\"Rechargez votre v\u00e9hicule de soci\u00e9t\u00e9 \u00e9lectrique \u00e0 domicile et r\u00e9cup\u00e9rez automatiquement les frais d'\u00e9lectricit\u00e9. Demandez gratuitement des conseils sur votre flotte.\",\"breadcrumb\":{\"@id\":\"https:\\\/\\\/ohme-ev.com\\\/be-fr\\\/recharge-a-domicile-pour-vehicules-de-societe-et-facturation-separee\\\/#breadcrumb\"},\"inLanguage\":\"fr-be\",\"potentialAction\":[{\"@type\":\"ReadAction\",\"target\":[\"https:\\\/\\\/ohme-ev.com\\\/be-fr\\\/recharge-a-domicile-pour-vehicules-de-societe-et-facturation-separee\\\/\"]}]},{\"@type\":\"BreadcrumbList\",\"@id\":\"https:\\\/\\\/ohme-ev.com\\\/be-fr\\\/recharge-a-domicile-pour-vehicules-de-societe-et-facturation-separee\\\/#breadcrumb\",\"itemListElement\":[{\"@type\":\"ListItem\",\"position\":1,\"name\":\"Home\",\"item\":\"https:\\\/\\\/ohme-ev.com\\\/be-fr\\\/\"},{\"@type\":\"ListItem\",\"position\":2,\"name\":\"Recharge \u00e0 domicile pour v\u00e9hicules de soci\u00e9t\u00e9 et facturation s\u00e9par\u00e9e\"}]},{\"@type\":\"WebSite\",\"@id\":\"https:\\\/\\\/ohme-ev.com\\\/be-fr\\\/#website\",\"url\":\"https:\\\/\\\/ohme-ev.com\\\/be-fr\\\/\",\"name\":\"Ohme EV Belgique\",\"description\":\"Ohme - EV Smart Charging Solutions\",\"potentialAction\":[{\"@type\":\"SearchAction\",\"target\":{\"@type\":\"EntryPoint\",\"urlTemplate\":\"https:\\\/\\\/ohme-ev.com\\\/be-fr\\\/?s={search_term_string}\"},\"query-input\":{\"@type\":\"PropertyValueSpecification\",\"valueRequired\":true,\"valueName\":\"search_term_string\"}}],\"inLanguage\":\"fr-be\"}]}<\/script>\n<!-- \/ Yoast SEO Premium plugin. -->","yoast_head_json":{"title":"Recharge \u00e0 domicile pour v\u00e9hicules de soci\u00e9t\u00e9 et facturation s\u00e9par\u00e9e - Ohme EV Belgique","description":"Rechargez votre v\u00e9hicule de soci\u00e9t\u00e9 \u00e9lectrique \u00e0 domicile et r\u00e9cup\u00e9rez automatiquement les frais d'\u00e9lectricit\u00e9. Demandez gratuitement des conseils sur votre flotte.","robots":{"index":"index","follow":"follow","max-snippet":"max-snippet:-1","max-image-preview":"max-image-preview:large","max-video-preview":"max-video-preview:-1"},"canonical":"https:\/\/ohme-ev.com\/be-fr\/recharge-a-domicile-pour-vehicules-de-societe-et-facturation-separee\/","og_locale":"fr_FR","og_type":"article","og_title":"Recharge \u00e0 domicile pour v\u00e9hicules de soci\u00e9t\u00e9 et facturation s\u00e9par\u00e9e","og_description":"Rechargez votre v\u00e9hicule de soci\u00e9t\u00e9 \u00e9lectrique \u00e0 domicile et r\u00e9cup\u00e9rez automatiquement les frais d'\u00e9lectricit\u00e9. Demandez gratuitement des conseils sur votre flotte.","og_url":"https:\/\/ohme-ev.com\/be-fr\/recharge-a-domicile-pour-vehicules-de-societe-et-facturation-separee\/","og_site_name":"Ohme EV Belgique","article_publisher":"https:\/\/www.facebook.com\/OhmeEV\/","article_modified_time":"2026-02-27T15:38:51+00:00","twitter_card":"summary_large_image","twitter_site":"@ohmeev","schema":{"@context":"https:\/\/schema.org","@graph":[{"@type":"WebPage","@id":"https:\/\/ohme-ev.com\/be-fr\/recharge-a-domicile-pour-vehicules-de-societe-et-facturation-separee\/","url":"https:\/\/ohme-ev.com\/be-fr\/recharge-a-domicile-pour-vehicules-de-societe-et-facturation-separee\/","name":"Recharge \u00e0 domicile pour v\u00e9hicules de soci\u00e9t\u00e9 et facturation s\u00e9par\u00e9e - Ohme EV Belgique","isPartOf":{"@id":"https:\/\/ohme-ev.com\/be-fr\/#website"},"datePublished":"2025-09-05T08:22:22+00:00","dateModified":"2026-02-27T15:38:51+00:00","description":"Rechargez votre v\u00e9hicule de soci\u00e9t\u00e9 \u00e9lectrique \u00e0 domicile et r\u00e9cup\u00e9rez automatiquement les frais d'\u00e9lectricit\u00e9. Demandez gratuitement des conseils sur votre flotte.","breadcrumb":{"@id":"https:\/\/ohme-ev.com\/be-fr\/recharge-a-domicile-pour-vehicules-de-societe-et-facturation-separee\/#breadcrumb"},"inLanguage":"fr-be","potentialAction":[{"@type":"ReadAction","target":["https:\/\/ohme-ev.com\/be-fr\/recharge-a-domicile-pour-vehicules-de-societe-et-facturation-separee\/"]}]},{"@type":"BreadcrumbList","@id":"https:\/\/ohme-ev.com\/be-fr\/recharge-a-domicile-pour-vehicules-de-societe-et-facturation-separee\/#breadcrumb","itemListElement":[{"@type":"ListItem","position":1,"name":"Home","item":"https:\/\/ohme-ev.com\/be-fr\/"},{"@type":"ListItem","position":2,"name":"Recharge \u00e0 domicile pour v\u00e9hicules de soci\u00e9t\u00e9 et facturation s\u00e9par\u00e9e"}]},{"@type":"WebSite","@id":"https:\/\/ohme-ev.com\/be-fr\/#website","url":"https:\/\/ohme-ev.com\/be-fr\/","name":"Ohme EV Belgique","description":"Ohme - EV Smart Charging Solutions","potentialAction":[{"@type":"SearchAction","target":{"@type":"EntryPoint","urlTemplate":"https:\/\/ohme-ev.com\/be-fr\/?s={search_term_string}"},"query-input":{"@type":"PropertyValueSpecification","valueRequired":true,"valueName":"search_term_string"}}],"inLanguage":"fr-be"}]}},"_links":{"self":[{"href":"https:\/\/ohme-ev.com\/be-fr\/wp-json\/wp\/v2\/pages\/5111","targetHints":{"allow":["GET"]}}],"collection":[{"href":"https:\/\/ohme-ev.com\/be-fr\/wp-json\/wp\/v2\/pages"}],"about":[{"href":"https:\/\/ohme-ev.com\/be-fr\/wp-json\/wp\/v2\/types\/page"}],"author":[{"embeddable":true,"href":"https:\/\/ohme-ev.com\/be-fr\/wp-json\/wp\/v2\/users\/38"}],"replies":[{"embeddable":true,"href":"https:\/\/ohme-ev.com\/be-fr\/wp-json\/wp\/v2\/comments?post=5111"}],"version-history":[{"count":0,"href":"https:\/\/ohme-ev.com\/be-fr\/wp-json\/wp\/v2\/pages\/5111\/revisions"}],"wp:attachment":[{"href":"https:\/\/ohme-ev.com\/be-fr\/wp-json\/wp\/v2\/media?parent=5111"}],"wp:term":[{"taxonomy":"partner","embeddable":true,"href":"https:\/\/ohme-ev.com\/be-fr\/wp-json\/wp\/v2\/partner?post=5111"}],"curies":[{"name":"wp","href":"https:\/\/api.w.org\/{rel}","templated":true}]}}