{"id":2230,"date":"2023-06-26T12:13:35","date_gmt":"2023-06-26T12:13:35","guid":{"rendered":"https:\/\/ohme-cs-dev.local\/?page_id=75"},"modified":"2026-02-27T14:19:12","modified_gmt":"2026-02-27T14:19:12","slug":"nos-bornes-de-recharge","status":"publish","type":"page","link":"https:\/\/ohme-ev.com\/be-fr\/nos-bornes-de-recharge\/","title":{"rendered":"Nos bornes de recharge"},"content":{"rendered":"<div class=\"thin-hero \" style=\"background-color: #032536;\">\n    <div class=\"content-container\">\n        <div class=\"wrapper\">\n            <h1>Bornes de recharge intelligentes avec \u00e9quilibrage de charge, int\u00e9gration tarifaire et bien plus encore !<\/h1>\n                            <h5>\u00c9vitez les probl\u00e8mes de s\u00e9curit\u00e9 gr\u00e2ce \u00e0 l&#039;\u00e9quilibrage dynamique de la charge, rechargez jusqu&#039;\u00e0 40 %* moins cher gr\u00e2ce \u00e0 l&#039;int\u00e9gration dynamique des tarifs et restez \u00e0 l&#039;\u00e9preuve du temps gr\u00e2ce aux mises \u00e0 jour OTA et \u00e0 l&#039;application Ohme. Une solution de recharge intelligente, trois mod\u00e8les.<\/h5>\n            \n                            <div class=\"button-container\">\n                                            \n            <a href=\"https:\/\/survey.ohme-ev.com\/survey\/direct?partnerId=d67336e2-90cd-4dd0-91a5-fbaaff7fa62b&#038;journeyId=97f80dcf-b2a1-42cb-a95b-fa3bccaa0342&#038;region=be-fr\" target=\"_blank\" rel=\"noopener\">\n            <button class=\"ohme-btn primary button external\" title=\"\">Obtenez des conseils personnalis\u00e9s gratuits pour votre installation<\/button>\n        <\/a>\n                                        <\/div>\n                    <\/div>\n    <\/div>\n<\/div>\n\n<div id=\"\" class=\"blockWrapper top-default bottom-default   \">\n\n<div class=\"old-standalone-tiles blockWrapper\">\n    <div class=\"contentWrapper\">\n        <h2>Pourquoi choisir Ohme ?<\/h2>\n                <div class=\"tiles-wrapper\">\n            <div class=\"tiles\">\n                                                        <div class=\"tile custom\">\n                        <img loading=\"lazy\" decoding=\"async\" width=\"318\" height=\"184\" src=\"https:\/\/ohme-ev.com\/be-fr\/wp-content\/uploads\/sites\/19\/2024\/03\/2Ohme-Home-Pro-EV-Charger-Belgium-copy-318x184.jpg\" class=\"attachment-tile_hero size-tile_hero\" alt=\"\u00c9quilibrage dynamique de la charge**\" srcset=\"https:\/\/ohme-ev.com\/be-fr\/wp-content\/uploads\/sites\/19\/2024\/03\/2Ohme-Home-Pro-EV-Charger-Belgium-copy-318x184.jpg 318w, https:\/\/ohme-ev.com\/be-fr\/wp-content\/uploads\/sites\/19\/2024\/03\/2Ohme-Home-Pro-EV-Charger-Belgium-copy-300x173.jpg 300w, https:\/\/ohme-ev.com\/be-fr\/wp-content\/uploads\/sites\/19\/2024\/03\/2Ohme-Home-Pro-EV-Charger-Belgium-copy-1024x592.jpg 1024w, https:\/\/ohme-ev.com\/be-fr\/wp-content\/uploads\/sites\/19\/2024\/03\/2Ohme-Home-Pro-EV-Charger-Belgium-copy-768x444.jpg 768w, https:\/\/ohme-ev.com\/be-fr\/wp-content\/uploads\/sites\/19\/2024\/03\/2Ohme-Home-Pro-EV-Charger-Belgium-copy-340x197.jpg 340w, https:\/\/ohme-ev.com\/be-fr\/wp-content\/uploads\/sites\/19\/2024\/03\/2Ohme-Home-Pro-EV-Charger-Belgium-copy.jpg 1484w\" sizes=\"auto, (max-width: 318px) 100vw, 318px\" \/>                        <div class=\"content\">\n                            <h3 class=\"title\">\u00c9quilibrage dynamique de la charge**<\/h3>\n                            <p>Le load balancing (d\u00e9lestage) ajuste automatiquement la puissance de charge selon la consommation de la maison. Installation via pince CT, pour \u00e9viter les disjonctions.<\/p>\n                                                    <\/div>\n                    <\/div>\n                                                                                <a href=\"https:\/\/ohme-ev.com\/be-fr\/integration-tarifaire\/\">\n                                        <div class=\"tile custom\">\n                        <img loading=\"lazy\" decoding=\"async\" width=\"276\" height=\"184\" src=\"https:\/\/ohme-ev.com\/be-fr\/wp-content\/uploads\/sites\/19\/2024\/09\/ezgif-3-3782d68c47-276x184.webp\" class=\"attachment-tile_hero size-tile_hero\" alt=\"Int\u00e9gration tarifaire dynamique \" srcset=\"https:\/\/ohme-ev.com\/be-fr\/wp-content\/uploads\/sites\/19\/2024\/09\/ezgif-3-3782d68c47-276x184.webp 276w, https:\/\/ohme-ev.com\/be-fr\/wp-content\/uploads\/sites\/19\/2024\/09\/ezgif-3-3782d68c47-300x200.webp 300w, https:\/\/ohme-ev.com\/be-fr\/wp-content\/uploads\/sites\/19\/2024\/09\/ezgif-3-3782d68c47-1024x683.webp 1024w, https:\/\/ohme-ev.com\/be-fr\/wp-content\/uploads\/sites\/19\/2024\/09\/ezgif-3-3782d68c47-768x512.webp 768w, https:\/\/ohme-ev.com\/be-fr\/wp-content\/uploads\/sites\/19\/2024\/09\/ezgif-3-3782d68c47-1536x1024.webp 1536w, https:\/\/ohme-ev.com\/be-fr\/wp-content\/uploads\/sites\/19\/2024\/09\/ezgif-3-3782d68c47-340x227.webp 340w, https:\/\/ohme-ev.com\/be-fr\/wp-content\/uploads\/sites\/19\/2024\/09\/ezgif-3-3782d68c47.webp 1575w\" sizes=\"auto, (max-width: 276px) 100vw, 276px\" \/>                        <div class=\"content\">\n                            <h3 class=\"title\">Int\u00e9gration tarifaire dynamique <\/h3>\n                            <p>L&#8217;appli Ohme s&#8217;int\u00e8gre \u00e0 votre fournisseur d&#8217;\u00e9nergie et planifie les sessions aux moments les moins chers.  Avec un tarif dynamique, vous \u00e9conomisez ainsi jusqu&#8217;\u00e0 40%* sur vos frais de recharge.<\/p>\n                                                            <div class=\"link\">Plus sur l&#8217;int\u00e9gration tarifaire dynamique<\/div>\n                                                    <\/div>\n                    <\/div>\n                                            <\/a>\n                                                                            <div class=\"tile custom\">\n                        <img loading=\"lazy\" decoding=\"async\" width=\"274\" height=\"184\" src=\"https:\/\/ohme-ev.com\/be-fr\/wp-content\/uploads\/sites\/19\/2025\/07\/Untitled18-274x184.webp\" class=\"attachment-tile_hero size-tile_hero\" alt=\"Mises \u00e0 jour over-the-air\" srcset=\"https:\/\/ohme-ev.com\/be-fr\/wp-content\/uploads\/sites\/19\/2025\/07\/Untitled18-274x184.webp 274w, https:\/\/ohme-ev.com\/be-fr\/wp-content\/uploads\/sites\/19\/2025\/07\/Untitled18-300x201.webp 300w, https:\/\/ohme-ev.com\/be-fr\/wp-content\/uploads\/sites\/19\/2025\/07\/Untitled18-768x516.webp 768w, https:\/\/ohme-ev.com\/be-fr\/wp-content\/uploads\/sites\/19\/2025\/07\/Untitled18-340x228.webp 340w, https:\/\/ohme-ev.com\/be-fr\/wp-content\/uploads\/sites\/19\/2025\/07\/Untitled18.webp 849w\" sizes=\"auto, (max-width: 274px) 100vw, 274px\" \/>                        <div class=\"content\">\n                            <h3 class=\"title\">Mises \u00e0 jour over-the-air<\/h3>\n                            <p>Votre borne re\u00e7oit automatiquement des mises \u00e0 jour qui ajoutent de nouvelles fonctionnalit\u00e9s et am\u00e9liorent ses performances, rendant votre borne de recharge plus intelligente chaque ann\u00e9e.<\/p>\n                                                    <\/div>\n                    <\/div>\n                                                    <div class=\"backdrop  \"><\/div>\n            <\/div>\n            \n        <\/div>\n    <\/div>\n<\/div>\n\n<\/div>\n\n\n    <div class=\"product-comparison\">\n\n        <div class=\"contentWrapper\">\n            <!-- Desktop View -->\n            <div class=\"comparison-desktop desktop-only\">\n                <div class=\"comparison-header\">\n                    <div class=\"header-title\">\n                        <div class=\"header-title-text\">\n                            Choisissez la bonne station de recharge pour votre maison                        <\/div>\n                    <\/div>\n                                            <div class=\"header-product\">\n                            <div class=\"header-product-inner\">\n                                                                ePod                            <\/div>\n                        <\/div>\n                                            <div class=\"header-product\">\n                            <div class=\"header-product-inner\">\n                                                                Home Pro                            <\/div>\n                        <\/div>\n                                    <\/div>\n\n                <div class=\"comparison-body\">\n                                            <div class=\"comparison-row\">\n                            <div class=\"feature-question\">\n                                <div class=\"feature-question-icon\">\n                                                                            <img decoding=\"async\" src=\"https:\/\/ohme-ev.com\/be-fr\/wp-content\/uploads\/sites\/19\/2025\/04\/Vector.svg\" alt=\"\" \/>\n                                                                    <\/div>\n                                <span class=\"question-text\">C\u00e2ble de recharge fixe<\/span>\n                            <\/div>\n                                                            <div class=\"answer\">\n                                                                            <img decoding=\"async\" src=\"https:\/\/ohme-ev.com\/be-fr\/wp-content\/themes\/ohme-energy\/shared\/images\/cross-compare.svg\" alt=\"No\" \/>\n                                                                    <\/div>\n                                                            <div class=\"answer\">\n                                                                            <img decoding=\"async\" src=\"https:\/\/ohme-ev.com\/be-fr\/wp-content\/themes\/ohme-energy\/shared\/images\/tick-compare.svg\" alt=\"Yes\" \/>\n                                                                    <\/div>\n                                                    <\/div>\n                                            <div class=\"comparison-row\">\n                            <div class=\"feature-question\">\n                                <div class=\"feature-question-icon\">\n                                                                            <img decoding=\"async\" src=\"https:\/\/ohme-ev.com\/be-fr\/wp-content\/uploads\/sites\/19\/2025\/04\/Group.svg\" alt=\"\" \/>\n                                                                    <\/div>\n                                <span class=\"question-text\">Contr\u00f4le via l&#039;\u00e9cran sur la borne<\/span>\n                            <\/div>\n                                                            <div class=\"answer\">\n                                                                            <img decoding=\"async\" src=\"https:\/\/ohme-ev.com\/be-fr\/wp-content\/themes\/ohme-energy\/shared\/images\/cross-compare.svg\" alt=\"No\" \/>\n                                                                    <\/div>\n                                                            <div class=\"answer\">\n                                                                            <img decoding=\"async\" src=\"https:\/\/ohme-ev.com\/be-fr\/wp-content\/themes\/ohme-energy\/shared\/images\/tick-compare.svg\" alt=\"Yes\" \/>\n                                                                    <\/div>\n                                                    <\/div>\n                                            <div class=\"comparison-row\">\n                            <div class=\"feature-question\">\n                                <div class=\"feature-question-icon\">\n                                                                            <img decoding=\"async\" src=\"https:\/\/ohme-ev.com\/be-fr\/wp-content\/uploads\/sites\/19\/2025\/04\/Group-2-2.svg\" alt=\"\" \/>\n                                                                    <\/div>\n                                <span class=\"question-text\">Contr\u00f4le via l&#039;application smartphone<\/span>\n                            <\/div>\n                                                            <div class=\"answer\">\n                                                                            <img decoding=\"async\" src=\"https:\/\/ohme-ev.com\/be-fr\/wp-content\/themes\/ohme-energy\/shared\/images\/tick-compare.svg\" alt=\"Yes\" \/>\n                                                                    <\/div>\n                                                            <div class=\"answer\">\n                                                                            <img decoding=\"async\" src=\"https:\/\/ohme-ev.com\/be-fr\/wp-content\/themes\/ohme-energy\/shared\/images\/tick-compare.svg\" alt=\"Yes\" \/>\n                                                                    <\/div>\n                                                    <\/div>\n                                            <div class=\"comparison-row\">\n                            <div class=\"feature-question\">\n                                <div class=\"feature-question-icon\">\n                                                                            <img decoding=\"async\" src=\"https:\/\/ohme-ev.com\/be-fr\/wp-content\/uploads\/sites\/19\/2025\/04\/Group-3.svg\" alt=\"\" \/>\n                                                                    <\/div>\n                                <span class=\"question-text\">Chargement avec de l&#039;\u00e9nergie solaire<\/span>\n                            <\/div>\n                                                            <div class=\"answer\">\n                                                                            <img decoding=\"async\" src=\"https:\/\/ohme-ev.com\/be-fr\/wp-content\/themes\/ohme-energy\/shared\/images\/cross-compare.svg\" alt=\"No\" \/>\n                                                                    <\/div>\n                                                            <div class=\"answer\">\n                                                                            <img decoding=\"async\" src=\"https:\/\/ohme-ev.com\/be-fr\/wp-content\/themes\/ohme-energy\/shared\/images\/tick-compare.svg\" alt=\"Yes\" \/>\n                                                                    <\/div>\n                                                    <\/div>\n                                            <div class=\"comparison-row\">\n                            <div class=\"feature-question\">\n                                <div class=\"feature-question-icon\">\n                                                                            <img decoding=\"async\" src=\"https:\/\/ohme-ev.com\/be-fr\/wp-content\/uploads\/sites\/19\/2025\/04\/Layer_1-1.svg\" alt=\"\" \/>\n                                                                    <\/div>\n                                <span class=\"question-text\">Design qui s&#039;adapte aux endroits les plus compacts<\/span>\n                            <\/div>\n                                                            <div class=\"answer\">\n                                                                            <img decoding=\"async\" src=\"https:\/\/ohme-ev.com\/be-fr\/wp-content\/themes\/ohme-energy\/shared\/images\/tick-compare.svg\" alt=\"Yes\" \/>\n                                                                    <\/div>\n                                                            <div class=\"answer\">\n                                                                            <img decoding=\"async\" src=\"https:\/\/ohme-ev.com\/be-fr\/wp-content\/themes\/ohme-energy\/shared\/images\/cross-compare.svg\" alt=\"No\" \/>\n                                                                    <\/div>\n                                                    <\/div>\n                                            <div class=\"comparison-row\">\n                            <div class=\"feature-question\">\n                                <div class=\"feature-question-icon\">\n                                                                            <img decoding=\"async\" src=\"https:\/\/ohme-ev.com\/be-fr\/wp-content\/uploads\/sites\/19\/2025\/04\/Group-1.svg\" alt=\"\" \/>\n                                                                    <\/div>\n                                <span class=\"question-text\">Int\u00e9gration avec les tarifs d&#039;\u00e9nergie<\/span>\n                            <\/div>\n                                                            <div class=\"answer\">\n                                                                            <img decoding=\"async\" src=\"https:\/\/ohme-ev.com\/be-fr\/wp-content\/themes\/ohme-energy\/shared\/images\/tick-compare.svg\" alt=\"Yes\" \/>\n                                                                    <\/div>\n                                                            <div class=\"answer\">\n                                                                            <img decoding=\"async\" src=\"https:\/\/ohme-ev.com\/be-fr\/wp-content\/themes\/ohme-energy\/shared\/images\/tick-compare.svg\" alt=\"Yes\" \/>\n                                                                    <\/div>\n                                                    <\/div>\n                                    <\/div>\n            <\/div>\n\n            <!-- Mobile View -->\n            <div class=\"comparison-mobile mobile-only\">\n                <div class=\"mobile-product-container\">\n                                                                    <div class=\"mobile-product active\" data-index=\"0\">\n                            <div class=\"mobile-product-header\">\n                                <div class=\"mobile-product-header-inner\">\n                                                                        ePod                                <\/div>\n                            <\/div>\n                            <div class=\"mobile-feature-list\">\n                                                                    <div class=\"feature-question-container\">\n                                        <div class=\"feature-question\">\n                                            <div class=\"feature-question-icon\">\n                                                                                                    <img decoding=\"async\" src=\"https:\/\/ohme-ev.com\/be-fr\/wp-content\/uploads\/sites\/19\/2025\/04\/Vector.svg\" alt=\"\" \/>\n                                                                                            <\/div>\n                                            <span class=\"question-text\">C\u00e2ble de recharge fixe<\/span>\n                                        <\/div>\n                                        <div class=\"answer\">\n                                                                                            <img decoding=\"async\" src=\"https:\/\/ohme-ev.com\/be-fr\/wp-content\/themes\/ohme-energy\/shared\/images\/cross-compare.svg\" alt=\"No\" \/>\n                                                                                    <\/div>\n                                    <\/div>\n                                                                    <div class=\"feature-question-container\">\n                                        <div class=\"feature-question\">\n                                            <div class=\"feature-question-icon\">\n                                                                                                    <img decoding=\"async\" src=\"https:\/\/ohme-ev.com\/be-fr\/wp-content\/uploads\/sites\/19\/2025\/04\/Group.svg\" alt=\"\" \/>\n                                                                                            <\/div>\n                                            <span class=\"question-text\">Contr\u00f4le via l&#039;\u00e9cran sur la borne<\/span>\n                                        <\/div>\n                                        <div class=\"answer\">\n                                                                                            <img decoding=\"async\" src=\"https:\/\/ohme-ev.com\/be-fr\/wp-content\/themes\/ohme-energy\/shared\/images\/cross-compare.svg\" alt=\"No\" \/>\n                                                                                    <\/div>\n                                    <\/div>\n                                                                    <div class=\"feature-question-container\">\n                                        <div class=\"feature-question\">\n                                            <div class=\"feature-question-icon\">\n                                                                                                    <img decoding=\"async\" src=\"https:\/\/ohme-ev.com\/be-fr\/wp-content\/uploads\/sites\/19\/2025\/04\/Group-2-2.svg\" alt=\"\" \/>\n                                                                                            <\/div>\n                                            <span class=\"question-text\">Contr\u00f4le via l&#039;application smartphone<\/span>\n                                        <\/div>\n                                        <div class=\"answer\">\n                                                                                            <img decoding=\"async\" src=\"https:\/\/ohme-ev.com\/be-fr\/wp-content\/themes\/ohme-energy\/shared\/images\/tick-compare.svg\" alt=\"Yes\" \/>\n                                                                                    <\/div>\n                                    <\/div>\n                                                                    <div class=\"feature-question-container\">\n                                        <div class=\"feature-question\">\n                                            <div class=\"feature-question-icon\">\n                                                                                                    <img decoding=\"async\" src=\"https:\/\/ohme-ev.com\/be-fr\/wp-content\/uploads\/sites\/19\/2025\/04\/Group-3.svg\" alt=\"\" \/>\n                                                                                            <\/div>\n                                            <span class=\"question-text\">Chargement avec de l&#039;\u00e9nergie solaire<\/span>\n                                        <\/div>\n                                        <div class=\"answer\">\n                                                                                            <img decoding=\"async\" src=\"https:\/\/ohme-ev.com\/be-fr\/wp-content\/themes\/ohme-energy\/shared\/images\/cross-compare.svg\" alt=\"No\" \/>\n                                                                                    <\/div>\n                                    <\/div>\n                                                                    <div class=\"feature-question-container\">\n                                        <div class=\"feature-question\">\n                                            <div class=\"feature-question-icon\">\n                                                                                                    <img decoding=\"async\" src=\"https:\/\/ohme-ev.com\/be-fr\/wp-content\/uploads\/sites\/19\/2025\/04\/Layer_1-1.svg\" alt=\"\" \/>\n                                                                                            <\/div>\n                                            <span class=\"question-text\">Design qui s&#039;adapte aux endroits les plus compacts<\/span>\n                                        <\/div>\n                                        <div class=\"answer\">\n                                                                                            <img decoding=\"async\" src=\"https:\/\/ohme-ev.com\/be-fr\/wp-content\/themes\/ohme-energy\/shared\/images\/tick-compare.svg\" alt=\"Yes\" \/>\n                                                                                    <\/div>\n                                    <\/div>\n                                                                    <div class=\"feature-question-container\">\n                                        <div class=\"feature-question\">\n                                            <div class=\"feature-question-icon\">\n                                                                                                    <img decoding=\"async\" src=\"https:\/\/ohme-ev.com\/be-fr\/wp-content\/uploads\/sites\/19\/2025\/04\/Group-1.svg\" alt=\"\" \/>\n                                                                                            <\/div>\n                                            <span class=\"question-text\">Int\u00e9gration avec les tarifs d&#039;\u00e9nergie<\/span>\n                                        <\/div>\n                                        <div class=\"answer\">\n                                                                                            <img decoding=\"async\" src=\"https:\/\/ohme-ev.com\/be-fr\/wp-content\/themes\/ohme-energy\/shared\/images\/tick-compare.svg\" alt=\"Yes\" \/>\n                                                                                    <\/div>\n                                    <\/div>\n                                                            <\/div>\n                        <\/div>\n                                                                    <div class=\"mobile-product \" data-index=\"1\">\n                            <div class=\"mobile-product-header\">\n                                <div class=\"mobile-product-header-inner\">\n                                                                        Home Pro                                <\/div>\n                            <\/div>\n                            <div class=\"mobile-feature-list\">\n                                                                    <div class=\"feature-question-container\">\n                                        <div class=\"feature-question\">\n                                            <div class=\"feature-question-icon\">\n                                                                                                    <img decoding=\"async\" src=\"https:\/\/ohme-ev.com\/be-fr\/wp-content\/uploads\/sites\/19\/2025\/04\/Vector.svg\" alt=\"\" \/>\n                                                                                            <\/div>\n                                            <span class=\"question-text\">C\u00e2ble de recharge fixe<\/span>\n                                        <\/div>\n                                        <div class=\"answer\">\n                                                                                            <img decoding=\"async\" src=\"https:\/\/ohme-ev.com\/be-fr\/wp-content\/themes\/ohme-energy\/shared\/images\/tick-compare.svg\" alt=\"Yes\" \/>\n                                                                                    <\/div>\n                                    <\/div>\n                                                                    <div class=\"feature-question-container\">\n                                        <div class=\"feature-question\">\n                                            <div class=\"feature-question-icon\">\n                                                                                                    <img decoding=\"async\" src=\"https:\/\/ohme-ev.com\/be-fr\/wp-content\/uploads\/sites\/19\/2025\/04\/Group.svg\" alt=\"\" \/>\n                                                                                            <\/div>\n                                            <span class=\"question-text\">Contr\u00f4le via l&#039;\u00e9cran sur la borne<\/span>\n                                        <\/div>\n                                        <div class=\"answer\">\n                                                                                            <img decoding=\"async\" src=\"https:\/\/ohme-ev.com\/be-fr\/wp-content\/themes\/ohme-energy\/shared\/images\/tick-compare.svg\" alt=\"Yes\" \/>\n                                                                                    <\/div>\n                                    <\/div>\n                                                                    <div class=\"feature-question-container\">\n                                        <div class=\"feature-question\">\n                                            <div class=\"feature-question-icon\">\n                                                                                                    <img decoding=\"async\" src=\"https:\/\/ohme-ev.com\/be-fr\/wp-content\/uploads\/sites\/19\/2025\/04\/Group-2-2.svg\" alt=\"\" \/>\n                                                                                            <\/div>\n                                            <span class=\"question-text\">Contr\u00f4le via l&#039;application smartphone<\/span>\n                                        <\/div>\n                                        <div class=\"answer\">\n                                                                                            <img decoding=\"async\" src=\"https:\/\/ohme-ev.com\/be-fr\/wp-content\/themes\/ohme-energy\/shared\/images\/tick-compare.svg\" alt=\"Yes\" \/>\n                                                                                    <\/div>\n                                    <\/div>\n                                                                    <div class=\"feature-question-container\">\n                                        <div class=\"feature-question\">\n                                            <div class=\"feature-question-icon\">\n                                                                                                    <img decoding=\"async\" src=\"https:\/\/ohme-ev.com\/be-fr\/wp-content\/uploads\/sites\/19\/2025\/04\/Group-3.svg\" alt=\"\" \/>\n                                                                                            <\/div>\n                                            <span class=\"question-text\">Chargement avec de l&#039;\u00e9nergie solaire<\/span>\n                                        <\/div>\n                                        <div class=\"answer\">\n                                                                                            <img decoding=\"async\" src=\"https:\/\/ohme-ev.com\/be-fr\/wp-content\/themes\/ohme-energy\/shared\/images\/tick-compare.svg\" alt=\"Yes\" \/>\n                                                                                    <\/div>\n                                    <\/div>\n                                                                    <div class=\"feature-question-container\">\n                                        <div class=\"feature-question\">\n                                            <div class=\"feature-question-icon\">\n                                                                                                    <img decoding=\"async\" src=\"https:\/\/ohme-ev.com\/be-fr\/wp-content\/uploads\/sites\/19\/2025\/04\/Layer_1-1.svg\" alt=\"\" \/>\n                                                                                            <\/div>\n                                            <span class=\"question-text\">Design qui s&#039;adapte aux endroits les plus compacts<\/span>\n                                        <\/div>\n                                        <div class=\"answer\">\n                                                                                            <img decoding=\"async\" src=\"https:\/\/ohme-ev.com\/be-fr\/wp-content\/themes\/ohme-energy\/shared\/images\/cross-compare.svg\" alt=\"No\" \/>\n                                                                                    <\/div>\n                                    <\/div>\n                                                                    <div class=\"feature-question-container\">\n                                        <div class=\"feature-question\">\n                                            <div class=\"feature-question-icon\">\n                                                                                                    <img decoding=\"async\" src=\"https:\/\/ohme-ev.com\/be-fr\/wp-content\/uploads\/sites\/19\/2025\/04\/Group-1.svg\" alt=\"\" \/>\n                                                                                            <\/div>\n                                            <span class=\"question-text\">Int\u00e9gration avec les tarifs d&#039;\u00e9nergie<\/span>\n                                        <\/div>\n                                        <div class=\"answer\">\n                                                                                            <img decoding=\"async\" src=\"https:\/\/ohme-ev.com\/be-fr\/wp-content\/themes\/ohme-energy\/shared\/images\/tick-compare.svg\" alt=\"Yes\" \/>\n                                                                                    <\/div>\n                                    <\/div>\n                                                            <\/div>\n                        <\/div>\n                                    <\/div>\n\n                <div class=\"product-navigation\">\n                    <div class=\"chevron chevron-left\"><img decoding=\"async\" src=\"https:\/\/ohme-ev.com\/be-fr\/wp-content\/themes\/ohme-energy\/shared\/images\/left.svg\" alt=\"Previous\"> <\/div> <!-- Left Chevron -->\n                    <div class=\"chevron chevron-right\"><img decoding=\"async\" src=\"https:\/\/ohme-ev.com\/be-fr\/wp-content\/themes\/ohme-energy\/shared\/images\/right.svg\" alt=\"Next\"><\/div> <!-- Right Chevron -->\n                <\/div>\n\n            <\/div>\n        <\/div>\n\n\n\n    <\/div>\n\n\n\n<div id=\"\" class=\"blockWrapper top-smaller bottom-smaller   \">\n\n    <div class=\"contentWrapper largeTile \">\n        <div class=\"productsContainer\">\n                                            <div class=\"productWrapper\" style=\"background-image: url('https:\/\/ohme-ev.com\/be-fr\/wp-content\/uploads\/sites\/19\/2023\/07\/gradientBg.png');\" data-product-type=\"Home Pro\">\n                    <h3 class=\"title\">Ohme Home Pro<\/h3>\n                    <h6 class=\"subtitle\">Jusqu\u2019\u00e0 11 kW en triphas\u00e9, c\u00e2ble fixe + \u00e9cran.<\/h6>\n                    <div class=\"buttonsContainer\">\n                                                    \n            <a href=\"https:\/\/survey.ohme-ev.com\/survey\/direct?partnerId=d67336e2-90cd-4dd0-91a5-fbaaff7fa62b&#038;journeyId=97f80dcf-b2a1-42cb-a95b-fa3bccaa0342&#038;region=be-fr\" target=\"_blank\" rel=\"noopener\">\n            <button class=\"ohme-btn primary button external\" title=\"\">Recevez des conseils personnalis\u00e9s<\/button>\n        <\/a>\n    \n            <a href=\"https:\/\/ohme-ev.com\/be-fr\/produit\/ohme-home-pro\/\" target=\"_self\" >\n            <button class=\"ohme-btn secondaryDark button\" title=\"\">En savoir plus<\/button>\n        <\/a>\n                                                <\/div>\n                    <div class=\"imageContainer\">\n                        <img decoding=\"async\" src=\"https:\/\/ohme-ev.com\/be-fr\/wp-content\/uploads\/sites\/19\/2023\/08\/2-column-product_HomePro-cut-out_master-2.png\" alt=\"\" \/>\n                    <\/div>\n                    <p class=\"shortText\"><\/p>\n                <\/div>\n                                <div class=\"productWrapper\" style=\"background-image: url('https:\/\/ohme-ev.com\/be-fr\/wp-content\/uploads\/sites\/19\/2023\/07\/gradientBg.png');\" data-product-type=\"Home Pro\">\n                    <h3 class=\"title\">Ohme ePod<\/h3>\n                    <h6 class=\"subtitle\">Jusqu\u2019\u00e0 22 kW (id\u00e9al si vous avez le triphas\u00e9 et voulez charger au plus vite).<\/h6>\n                    <div class=\"buttonsContainer\">\n                                                    \n            <a href=\"https:\/\/survey.ohme-ev.com\/survey\/direct?partnerId=d67336e2-90cd-4dd0-91a5-fbaaff7fa62b&#038;journeyId=97f80dcf-b2a1-42cb-a95b-fa3bccaa0342&#038;region=be-fr\" target=\"_blank\" rel=\"noopener\">\n            <button class=\"ohme-btn primary button external\" title=\"\">Recevez des conseils personnalis\u00e9s<\/button>\n        <\/a>\n    \n            <a href=\"https:\/\/ohme-ev.com\/be-fr\/produit\/ohme-epod\/\" target=\"_self\" >\n            <button class=\"ohme-btn secondaryDark button\" title=\"\">En savoir plus<\/button>\n        <\/a>\n                                                <\/div>\n                    <div class=\"imageContainer\">\n                        <img decoding=\"async\" src=\"https:\/\/ohme-ev.com\/be-fr\/wp-content\/uploads\/sites\/19\/2023\/07\/ePod-cut-out.png\" alt=\"\" \/>\n                    <\/div>\n                    <p class=\"shortText\"><\/p>\n                <\/div>\n                                    <\/div>\n    <\/div>\n\n<\/div>\n\n<div id=\"\" class=\"blockWrapper top-smaller bottom-smaller   \">\n\n    <div class=\"contentWrapper largeTile \">\n        <div class=\"productsContainer\">\n                                            <div class=\"productWrapper\" style=\"background-image: url('https:\/\/ohme-ev.com\/be-fr\/wp-content\/uploads\/sites\/19\/2023\/07\/gradientBg.png');\" data-product-type=\"Home Pro\">\n                    <h3 class=\"title\">Ohme Home Pro MID<\/h3>\n                    <h6 class=\"subtitle\">La borne de recharge certifi\u00e9e MID, pour une charge encore plus pr\u00e9cise<\/h6>\n                    <div class=\"buttonsContainer\">\n                                                    \n            <a href=\"https:\/\/survey.ohme-ev.com\/survey\/direct?partnerId=d67336e2-90cd-4dd0-91a5-fbaaff7fa62b&#038;journeyId=97f80dcf-b2a1-42cb-a95b-fa3bccaa0342&#038;region=be-fr\" target=\"_blank\" rel=\"noopener\">\n            <button class=\"ohme-btn primary button external\" title=\"\">Recevez des conseils personnalis\u00e9s<\/button>\n        <\/a>\n    \n            <a href=\"https:\/\/ohme-ev.com\/be-fr\/produit\/ohme-home-pro-mid\/\" target=\"_self\" >\n            <button class=\"ohme-btn secondaryDark button\" title=\"\">En savoir plus<\/button>\n        <\/a>\n                                                <\/div>\n                    <div class=\"imageContainer\">\n                        <img decoding=\"async\" src=\"https:\/\/ohme-ev.com\/be-fr\/wp-content\/uploads\/sites\/19\/2023\/08\/2-column-product_HomePro-cut-out_master-2.png\" alt=\"\" \/>\n                    <\/div>\n                    <p class=\"shortText\"><\/p>\n                <\/div>\n                                <div class=\"productWrapper\" style=\"background-image: url('https:\/\/ohme-ev.com\/be-fr\/wp-content\/uploads\/sites\/19\/2023\/07\/gradientBg.png');\" data-product-type=\"ePod\">\n                    <h3 class=\"title\">Ohme Go<\/h3>\n                    <h6 class=\"subtitle\">Borne de recharge mobile con\u00e7ue pour recharger votre v\u00e9hicule \u00e0 tout moment et partout<\/h6>\n                    <div class=\"buttonsContainer\">\n                                                    \n    \n            <a href=\"https:\/\/ohme-ev.com\/be-fr\/produit\/ohme-go-cable-de-recharge-intelligent\/\" target=\"_self\" >\n            <button class=\"ohme-btn secondaryDark button\" title=\"\">En savoir plus<\/button>\n        <\/a>\n                                                <\/div>\n                    <div class=\"imageContainer\">\n                        <img decoding=\"async\" src=\"https:\/\/ohme-ev.com\/be-fr\/wp-content\/uploads\/sites\/19\/2024\/03\/Schucko-retouch-Front.webp\" alt=\"\" \/>\n                    <\/div>\n                    <p class=\"shortText\"><\/p>\n                <\/div>\n                                    <\/div>\n    <\/div>\n\n<\/div>\n\n<div id=\"\" class=\"blockWrapper top-default bottom-default   \">\n\n\n    <div class=\"featuresWrapper\">\n        <div class=\"contentWrapper features\">\n            <h3 class=\"title\">Des bornes de recharge d\u2019exception<\/h3>\n            <p class=\"subtitle\"><\/p>\n            <div class=\"featuresContainer\">\n                                        <div class=\"featureWrapper\">\n                            <div class=\"iconContainer\">\n                                <img decoding=\"async\" src=\"https:\/\/ohme-ev.com\/be-fr\/wp-content\/uploads\/sites\/19\/2023\/07\/Tick.svg\" alt=\"\"\/>\n                            <\/div>\n                            <p class=\"copy\">Rechargez plus rapidement \u00e0 domicile qu\u2019avec une prise domestique<\/p>\n                        <\/div>\n\n                                                <div class=\"featureWrapper\">\n                            <div class=\"iconContainer\">\n                                <img decoding=\"async\" src=\"https:\/\/ohme-ev.com\/be-fr\/wp-content\/uploads\/sites\/19\/2023\/07\/Tick.svg\" alt=\"\"\/>\n                            <\/div>\n                            <p class=\"copy\">Bornes de recharge mobiles ou murales<\/p>\n                        <\/div>\n\n                                                <div class=\"featureWrapper\">\n                            <div class=\"iconContainer\">\n                                <img decoding=\"async\" src=\"https:\/\/ohme-ev.com\/be-fr\/wp-content\/uploads\/sites\/19\/2023\/07\/Tick.svg\" alt=\"\"\/>\n                            <\/div>\n                            <p class=\"copy\">Certification TUV<\/p>\n                        <\/div>\n\n                                                <div class=\"featureWrapper\">\n                            <div class=\"iconContainer\">\n                                <img decoding=\"async\" src=\"https:\/\/ohme-ev.com\/be-fr\/wp-content\/uploads\/sites\/19\/2023\/07\/Tick.svg\" alt=\"\"\/>\n                            <\/div>\n                            <p class=\"copy\">Carte SIM multi-r\u00e9seaux 3G \/ 4G<\/p>\n                        <\/div>\n\n                                                <div class=\"featureWrapper\">\n                            <div class=\"iconContainer\">\n                                <img decoding=\"async\" src=\"https:\/\/ohme-ev.com\/be-fr\/wp-content\/uploads\/sites\/19\/2023\/07\/Tick.svg\" alt=\"\"\/>\n                            <\/div>\n                            <p class=\"copy\">Gestion dynamique de la recharge (disponible sur les bornes murales)<\/p>\n                        <\/div>\n\n                                                <div class=\"featureWrapper\">\n                            <div class=\"iconContainer\">\n                                <img decoding=\"async\" src=\"https:\/\/ohme-ev.com\/be-fr\/wp-content\/uploads\/sites\/19\/2023\/07\/Tick.svg\" alt=\"\"\/>\n                            <\/div>\n                            <p class=\"copy\">Certifications ISO 9001, ISO 27001<\/p>\n                        <\/div>\n\n                                    <\/div>\n            \n\n        <\/div>\n    <\/div>\n<\/div>\n\n<div id=\"\" class=\"blockWrapper top-default bottom-default   \">\n\n<div class=\"text-image-right bg-darkblue\">\n    <div class=\"inner\">\n        <div class=\"text-content\">\n                        <h3 class=\"title\">Application smartphone pour encore plus de contr\u00f4le<\/h3>\n                        <div class=\"text\"><h3>Programmez vos recharges<\/h3>\n<p>Programmez vos charges dans l&#8217;application Ohme en fonction de vos pr\u00e9f\u00e9rences horaires et tarifaires. Ainsi, vous rechargez moins cher et votre borne de recharge garantit que votre voiture est toujours charg\u00e9e lorsque vous en avez besoin.<\/p>\n<h3>Ajoutez votre tarif d\u2019\u00e9lectricit\u00e9<\/h3>\n<p>Configurez votre tarif d\u2019\u00e9lectricit\u00e9 manuellement afin de privil\u00e9gier l\u2019\u00e9lectricit\u00e9 en heures creuses.<\/p>\n<h3>Surveillez votre consommation d\u2019\u00e9nergie<\/h3>\n<p>Gardez un \u0153il sur le co\u00fbt de chaque sessions de recharge pour mieux comprendre votre consommation.<\/p>\n<\/div>\n                                                <div class=\"buttons\">\n                                    \n            <a href=\"https:\/\/ohme-ev.com\/be-fr\/recharge-intelligente-avec-l-application-ohme\/\" target=\"_self\" >\n            <button class=\"ohme-btn primary button\" title=\"\">Plus d&#039;infos sur l&#039;appli<\/button>\n        <\/a>\n                                <\/div>\n                                    <div class=\"buttons\">\n                                                            <a href=\"https:\/\/apps.apple.com\/gb\/app\/ohme-intelligent-ev-charger\/id1377322844\" target=\"_blank\">\n                            <img decoding=\"async\" src=\"https:\/\/ohme-ev.com\/be-fr\/wp-content\/uploads\/sites\/19\/2024\/03\/black.svg\" alt=\"\" \/>\n                        <\/a>\n                                                                                <a href=\"https:\/\/play.google.com\/store\/apps\/details?id=io.ohme.androidu0026hl=en_GBu0026gl=US\" target=\"\">\n                            <img decoding=\"async\" src=\"https:\/\/ohme-ev.com\/be-fr\/wp-content\/uploads\/sites\/19\/2023\/07\/FR-play.png\" alt=\"\" \/>\n                        <\/a>\n                                                <\/div>\n                    <\/div>\n        <div class=\"media-content\">\n                        <img decoding=\"async\" loading=\"lazy\" src=\"https:\/\/ohme-ev.com\/be-fr\/wp-content\/uploads\/sites\/19\/2024\/01\/5050-text-image_App-new_BE-FR.webp\" alt=\"\" \/>\n                    <\/div>\n    <\/div>\n<\/div>\n\n<\/div>\n\n<div id=\"\" class=\"blockWrapper top-default bottom-default   \">\n\n<div class=\"block compare-specs\">\n    <div class=\"contentWrapper\">\n        <h2 class=\"header\">\n            Caract\u00e9ristiques techniques        <\/h2>\n        <div class=\"nav-space\">\n                    <div class=\"carousel-nav show-wide\">\n                <div class=\"prev\"><\/div>\n                <div class=\"next\"><\/div>\n            <\/div>\n                <\/div>\n        <div class=\"product-carousel\">\n                                    <div class=\"product-wrapper\">\n                <div class=\"product__info\">\n                    <img loading=\"lazy\" decoding=\"async\" width=\"235\" height=\"209\" src=\"https:\/\/ohme-ev.com\/be-fr\/wp-content\/uploads\/sites\/19\/2023\/07\/Homepro-cut-out.png\" class=\"attachment-post-thumbnail size-post-thumbnail wp-post-image\" alt=\"\" \/>                    <h4>Ohme Home Pro<\/h4>\n                                                        <\/div>\n                <div class=\"product__specs\">\n                                        <h6>Contr\u00f4le et interface<\/h6>\n                    <p>Via l\u2019\u00e9cran LCD sur la borne<br \/>\nVia l\u2019application smartphone<br \/>\nVia les boutons sur la borne<\/p>\n                                                            <h6>Connectivit\u00e9<\/h6>\n                    <p>Carte SIM multi-r\u00e9seaux 3G\/4G<\/p>\n                                                            <h6>Type de prise et c\u00e2ble<\/h6>\n                    <p>Fourni avec un c\u00e2ble de recharge int\u00e9gr\u00e9 de 5m de Type 2<br \/>\nC\u00e2ble de 8 m disponible en option<\/p>\n                                                            <h6>Puissance<\/h6>\n                    <p>Puissance de sortie\/courant maximal :<br \/>\n&#8211; 7,4kW\/32A<br \/>\n&#8211; 11 kW\/16A, 3P+N+PE<\/p>\n<p>Alimentation nominale :<br \/>\n&#8211; 7,4kW &#8211; 230V<br \/>\n&#8211; 11kW &#8211; 230V\/400V AC<\/p>\n<p>Fr\u00e9quence : 50 Hz<\/p>\n<p>Remarque : Les bornes de recharge domestiques de 11 kW n\u00e9cessitent une alimentation \u00e9lectrique triphas\u00e9e<\/p>\n                                                            <h6>Dimensions et poids<\/h6>\n                    <p>170mm (H) x 200mm (L) x 100mm (P)<br \/>\n4kg <\/p>\n                                                            <h6>Technologie<\/h6>\n                    <p>Recharge intelligente dynamique<br \/>\n\u00c9quilibrage de la puissance \u00e0 domicile<br \/>\nMises \u00e0 jour \u00e0 distance<\/p>\n                                                            <h6>Conformit\u00e9<\/h6>\n                    <ul>\n<li>IP55\n<li>Marquage CE<\/li>\n<li>Conforme aux normes LVD, EMC, RED, RoHS, WEEE<\/li>\n<li>Certifi\u00e9 TUV Rheinland<\/li>\n<\/ul>\n                                                            <h6>Garantie<\/h6>\n                    <p>Garantie 3 ans incluse<\/p>\n                                    <\/div>\n            <\/div>\n                                    <div class=\"product-wrapper\">\n                <div class=\"product__info\">\n                    <img loading=\"lazy\" decoding=\"async\" width=\"164\" height=\"223\" src=\"https:\/\/ohme-ev.com\/be-fr\/wp-content\/uploads\/sites\/19\/2023\/07\/ePod-cut-out.png\" class=\"attachment-post-thumbnail size-post-thumbnail wp-post-image\" alt=\"\" \/>                    <h4>Ohme ePod &#8211; Borne de recharge 22 kW pour une recharge rapide \u00e0 domicile<\/h4>\n                                                        <\/div>\n                <div class=\"product__specs\">\n                                        <h6>Contr\u00f4le et interface<\/h6>\n                    <p>Via l\u2019application smartphone<br \/>\nVia les boutons sur la borne<\/p>\n                                                            <h6>Connectivit\u00e9<\/h6>\n                    <p>Carte SIM multi-r\u00e9seaux 3G\/4G<\/p>\n                                                            <h6>Type de prise et c\u00e2ble<\/h6>\n                    <p>Mod\u00e8le sans c\u00e2ble fixe<br \/>\nCompatible avec Type 1 et Type 2<\/p>\n                                                            <h6>Puissance<\/h6>\n                    <p>Puissance de sortie\/courant maximal :<br \/>\n&#8211; 7,4kW\/32A<br \/>\n&#8211; 22kW\/32A<\/p>\n<p>Alimentation nominale :<br \/>\n&#8211; 7,4kW &#8211; 230V AC, 50 Hz<br \/>\n&#8211; 22kW &#8211; 230V\/400V AC, 50 Hz<\/p>\n                                                            <h6>Dimensions et poids<\/h6>\n                    <p>7,4kW: 230mm (H) x 140mm (L) x 100 mm (P) &#8211; 1,48kg<br \/>\n22kW: 220mm (H) x 150mm (L) x 140 mm (P) &#8211; 1,7kg<\/p>\n                                                            <h6>Technologie<\/h6>\n                    <p>Recharge intelligente dynamique<br \/>\n\u00c9quilibrage de la puissance \u00e0 domicile<br \/>\nMises \u00e0 jour \u00e0 distance<\/p>\n                                                            <h6>Conformit\u00e9<\/h6>\n                    <ul>\n<li>IP54<\/li>\n<li>Marquage CE<\/li>\n<li>Marsuage NF<\/li>\n<li>Conforme aux normes LVD, EMC, RED, RoHS, AEEA<\/li>\n<\/ul>\n                                                            <h6>Garantie<\/h6>\n                    <p>Garantie 3 ans incluse<\/p>\n                                    <\/div>\n            <\/div>\n                                    <div class=\"product-wrapper\">\n                <div class=\"product__info\">\n                    <img loading=\"lazy\" decoding=\"async\" width=\"1837\" height=\"1674\" src=\"https:\/\/ohme-ev.com\/be-fr\/wp-content\/uploads\/sites\/19\/2023\/09\/Schucko-retouch-Front-no-shaddow.webp\" class=\"attachment-post-thumbnail size-post-thumbnail wp-post-image\" alt=\"\" srcset=\"https:\/\/ohme-ev.com\/be-fr\/wp-content\/uploads\/sites\/19\/2023\/09\/Schucko-retouch-Front-no-shaddow.webp 1837w, https:\/\/ohme-ev.com\/be-fr\/wp-content\/uploads\/sites\/19\/2023\/09\/Schucko-retouch-Front-no-shaddow-300x273.webp 300w, https:\/\/ohme-ev.com\/be-fr\/wp-content\/uploads\/sites\/19\/2023\/09\/Schucko-retouch-Front-no-shaddow-1024x933.webp 1024w, https:\/\/ohme-ev.com\/be-fr\/wp-content\/uploads\/sites\/19\/2023\/09\/Schucko-retouch-Front-no-shaddow-768x700.webp 768w, https:\/\/ohme-ev.com\/be-fr\/wp-content\/uploads\/sites\/19\/2023\/09\/Schucko-retouch-Front-no-shaddow-1536x1400.webp 1536w, https:\/\/ohme-ev.com\/be-fr\/wp-content\/uploads\/sites\/19\/2023\/09\/Schucko-retouch-Front-no-shaddow-202x184.webp 202w, https:\/\/ohme-ev.com\/be-fr\/wp-content\/uploads\/sites\/19\/2023\/09\/Schucko-retouch-Front-no-shaddow-266x242.webp 266w\" sizes=\"auto, (max-width: 1837px) 100vw, 1837px\" \/>                    <h4>Ohme Go &#8211; C\u00e2ble de recharge intelligent<\/h4>\n                                                        <\/div>\n                <div class=\"product__specs\">\n                                        <h6>Contr\u00f4le et interface<\/h6>\n                    <p>Via l&#8217;appli Ohme<\/p>\n                                                            <h6>Connectivit\u00e9<\/h6>\n                    <p>Carte SIM multi-r\u00e9seaux 3G\/4G<\/p>\n                                                            <h6>Type de prise et c\u00e2ble<\/h6>\n                    <p>Mod\u00e8le avec c\u00e2ble de recharge int\u00e9gr\u00e9 de 5m &#8211; prise type Schuko UE \u00e0 Type 2<br \/>\nC\u00e2ble de 8m disponible en option<\/p>\n                                                            <h6>Puissance<\/h6>\n                    <p>Puissance de sortie\/courant maximal : 3,7 kW, 16 A<br \/>\nAlimentation nominale : 220 \u00e0 250 V<br \/>\nFr\u00e9quence : 50 Hz<\/p>\n                                                            <h6>Dimensions et poids<\/h6>\n                    <p>238mm (H) x 90mm (L) x 55mm (P)<br \/>\n4kg<\/p>\n                                                            <h6>Technologie<\/h6>\n                    <p>Contr\u00f4le des sessions de recharge via l\u2019application smartphone Ohme<br \/>\nFacturation partag\u00e9e (split billing)<br \/>\nPasserelle OCPP 1.6<\/p>\n                                                            <h6>Conformit\u00e9<\/h6>\n                    <ul>\n<li>IP55<\/li>\n<li>Marquage CE<\/li>\n<li>Certifi\u00e9 TUV Rheinland<\/li>\n<\/ul>\n                                                            <h6>Garantie<\/h6>\n                    <p>Garantie 2 ans incluse<\/p>\n                                    <\/div>\n            <\/div>\n                                    <div class=\"product-wrapper\">\n                <div class=\"product__info\">\n                    <img loading=\"lazy\" decoding=\"async\" width=\"235\" height=\"209\" src=\"https:\/\/ohme-ev.com\/be-fr\/wp-content\/uploads\/sites\/19\/2023\/07\/Homepro-cut-out.png\" class=\"attachment-post-thumbnail size-post-thumbnail wp-post-image\" alt=\"\" \/>                    <h4>Ohme Home Pro MID<\/h4>\n                                                        <\/div>\n                <div class=\"product__specs\">\n                                        <h6>Contr\u00f4le et interface<\/h6>\n                    <p>Via l\u2019\u00e9cran LCD sur la borne<br \/>\nVia l\u2019application smartphone<br \/>\nVia les boutons sur la borne<\/p>\n                                                            <h6>Connectivit\u00e9<\/h6>\n                    <p>Carte SIM multi-r\u00e9seaux 3G\/4G<\/p>\n                                                            <h6>Type de prise et c\u00e2ble<\/h6>\n                    <p>Fourni avec un c\u00e2ble de recharge int\u00e9gr\u00e9 de 5m de Type 2<br \/>\nC\u00e2ble de 8 m disponible en option<\/p>\n                                                            <h6>Puissance<\/h6>\n                    <p>Puissance de sortie\/courant maximal : 11 kW\/16A, 3P+N+PE<\/p>\n<p>Alimentation nominale :<br \/>\n11kW &#8211; 230V\/400V AC<\/p>\n<p>Fr\u00e9quence : 50 Hz<\/p>\n<p>Remarque : Les bornes de recharge domestiques de 11 kW n\u00e9cessitent une alimentation \u00e9lectrique triphas\u00e9e<\/p>\n                                                            <h6>Dimensions et poids<\/h6>\n                    <p>170mm (H) x 200mm (L) x 100mm (P)<br \/>\n4kg <\/p>\n                                                            <h6>Technologie<\/h6>\n                    <p>Recharge intelligente dynamique<br \/>\n\u00c9quilibrage de la puissance \u00e0 domicile<br \/>\nMises \u00e0 jour \u00e0 distance<\/p>\n                                                            <h6>Naleving<\/h6>\n                    <ul>\n<li>IP55\n<li>Marquage CE<\/li>\n<li>Conforme aux normes LVD, EMC, RED, RoHS, WEEE<\/li>\n<li>Certifi\u00e9 TUV Rheinland<\/li>\n<\/ul>\n                                                            <h6>Garantie<\/h6>\n                    <p>Garantie 3 ans incluse<\/p>\n                                    <\/div>\n            <\/div>\n                    <\/div>\n\n    <\/div>\n<\/div>\n\n<\/div>\n\n\n<p>*<a href=\"https:\/\/ohme-ev.com\/be-fr\/blog\/quel-est-le-cout-reel-de-la-conduite\/\">Quel est le co\u00fbt r\u00e9el de la conduite ? Nous comparons les co\u00fbts de l&#8217;essence et du diesel, de la recharge publique, de la recharge \u00e0 domicile et de la recharge intelligente. &#8211; Ohme EV Belgique<\/a><\/p>\n\n\n\n<p>** Seulement pour les bornes murales (Home Pro (MID) et ePod)<\/p>\n","protected":false},"excerpt":{"rendered":"<p>*Quel est le co\u00fbt r\u00e9el de la conduite ? Nous comparons les co\u00fbts de l&#8217;essence et du diesel, de la recharge publique, de la recharge \u00e0 domicile et de la recharge intelligente. &#8211; Ohme EV Belgique ** Seulement pour les bornes murales (Home Pro (MID) et ePod)<\/p>\n","protected":false},"author":1,"featured_media":0,"parent":0,"menu_order":0,"comment_status":"closed","ping_status":"closed","template":"","meta":{"_acf_changed":true,"_helpful_status":1,"footnotes":""},"partner":[],"class_list":["post-2230","page","type-page","status-publish","hentry"],"acf":[],"yoast_head":"<!-- This site is optimized with the Yoast SEO Premium plugin v27.5 (Yoast SEO v27.5) - https:\/\/yoast.com\/product\/yoast-seo-premium-wordpress\/ -->\n<title>Nos borne de recharge - Ohme EV Belgique<\/title>\n<meta name=\"description\" content=\"Bornes de recharge avec \u00e9quilibrage de charge, int\u00e9gration tarifaire dynamique, mises \u00e0 jour OTA et contr\u00f4le via application. Choisissez Home Pro, ePod ou Go et rechargez jusqu&#039;\u00e0 40 % moins cher.\" \/>\n<meta name=\"robots\" content=\"index, follow, max-snippet:-1, max-image-preview:large, max-video-preview:-1\" \/>\n<link rel=\"canonical\" href=\"https:\/\/ohme-ev.com\/be-fr\/nos-bornes-de-recharge\/\" \/>\n<meta property=\"og:locale\" content=\"fr_FR\" \/>\n<meta property=\"og:type\" content=\"article\" \/>\n<meta property=\"og:title\" content=\"Nos bornes de recharge\" \/>\n<meta property=\"og:description\" content=\"Bornes de recharge avec \u00e9quilibrage de charge, int\u00e9gration tarifaire dynamique, mises \u00e0 jour OTA et contr\u00f4le via application. Choisissez Home Pro, ePod ou Go et rechargez jusqu&#039;\u00e0 40 % moins cher.\" \/>\n<meta property=\"og:url\" content=\"https:\/\/ohme-ev.com\/be-fr\/nos-bornes-de-recharge\/\" \/>\n<meta property=\"og:site_name\" content=\"Ohme EV Belgique\" \/>\n<meta property=\"article:publisher\" content=\"https:\/\/www.facebook.com\/OhmeEV\/\" \/>\n<meta property=\"article:modified_time\" content=\"2026-02-27T14:19:12+00:00\" \/>\n<meta name=\"twitter:card\" content=\"summary_large_image\" \/>\n<meta name=\"twitter:site\" content=\"@ohmeev\" \/>\n<meta name=\"twitter:label1\" content=\"Est. reading time\" \/>\n\t<meta name=\"twitter:data1\" content=\"1 minute\" \/>\n<script type=\"application\/ld+json\" class=\"yoast-schema-graph\">{\"@context\":\"https:\\\/\\\/schema.org\",\"@graph\":[{\"@type\":\"WebPage\",\"@id\":\"https:\\\/\\\/ohme-ev.com\\\/be-fr\\\/nos-bornes-de-recharge\\\/\",\"url\":\"https:\\\/\\\/ohme-ev.com\\\/be-fr\\\/nos-bornes-de-recharge\\\/\",\"name\":\"Nos borne de recharge - Ohme EV Belgique\",\"isPartOf\":{\"@id\":\"https:\\\/\\\/ohme-ev.com\\\/be-fr\\\/#website\"},\"datePublished\":\"2023-06-26T12:13:35+00:00\",\"dateModified\":\"2026-02-27T14:19:12+00:00\",\"description\":\"Bornes de recharge avec \u00e9quilibrage de charge, int\u00e9gration tarifaire dynamique, mises \u00e0 jour OTA et contr\u00f4le via application. Choisissez Home Pro, ePod ou Go et rechargez jusqu'\u00e0 40 % moins cher.\",\"breadcrumb\":{\"@id\":\"https:\\\/\\\/ohme-ev.com\\\/be-fr\\\/nos-bornes-de-recharge\\\/#breadcrumb\"},\"inLanguage\":\"fr-be\",\"potentialAction\":[{\"@type\":\"ReadAction\",\"target\":[\"https:\\\/\\\/ohme-ev.com\\\/be-fr\\\/nos-bornes-de-recharge\\\/\"]}]},{\"@type\":\"BreadcrumbList\",\"@id\":\"https:\\\/\\\/ohme-ev.com\\\/be-fr\\\/nos-bornes-de-recharge\\\/#breadcrumb\",\"itemListElement\":[{\"@type\":\"ListItem\",\"position\":1,\"name\":\"Home\",\"item\":\"https:\\\/\\\/ohme-ev.com\\\/be-fr\\\/\"},{\"@type\":\"ListItem\",\"position\":2,\"name\":\"Nos bornes de recharge\"}]},{\"@type\":\"WebSite\",\"@id\":\"https:\\\/\\\/ohme-ev.com\\\/be-fr\\\/#website\",\"url\":\"https:\\\/\\\/ohme-ev.com\\\/be-fr\\\/\",\"name\":\"Ohme EV Belgique\",\"description\":\"Ohme - EV Smart Charging Solutions\",\"potentialAction\":[{\"@type\":\"SearchAction\",\"target\":{\"@type\":\"EntryPoint\",\"urlTemplate\":\"https:\\\/\\\/ohme-ev.com\\\/be-fr\\\/?s={search_term_string}\"},\"query-input\":{\"@type\":\"PropertyValueSpecification\",\"valueRequired\":true,\"valueName\":\"search_term_string\"}}],\"inLanguage\":\"fr-be\"}]}<\/script>\n<!-- \/ Yoast SEO Premium plugin. -->","yoast_head_json":{"title":"Nos borne de recharge - Ohme EV Belgique","description":"Bornes de recharge avec \u00e9quilibrage de charge, int\u00e9gration tarifaire dynamique, mises \u00e0 jour OTA et contr\u00f4le via application. Choisissez Home Pro, ePod ou Go et rechargez jusqu'\u00e0 40 % moins cher.","robots":{"index":"index","follow":"follow","max-snippet":"max-snippet:-1","max-image-preview":"max-image-preview:large","max-video-preview":"max-video-preview:-1"},"canonical":"https:\/\/ohme-ev.com\/be-fr\/nos-bornes-de-recharge\/","og_locale":"fr_FR","og_type":"article","og_title":"Nos bornes de recharge","og_description":"Bornes de recharge avec \u00e9quilibrage de charge, int\u00e9gration tarifaire dynamique, mises \u00e0 jour OTA et contr\u00f4le via application. Choisissez Home Pro, ePod ou Go et rechargez jusqu'\u00e0 40 % moins cher.","og_url":"https:\/\/ohme-ev.com\/be-fr\/nos-bornes-de-recharge\/","og_site_name":"Ohme EV Belgique","article_publisher":"https:\/\/www.facebook.com\/OhmeEV\/","article_modified_time":"2026-02-27T14:19:12+00:00","twitter_card":"summary_large_image","twitter_site":"@ohmeev","twitter_misc":{"Est. reading time":"1 minute"},"schema":{"@context":"https:\/\/schema.org","@graph":[{"@type":"WebPage","@id":"https:\/\/ohme-ev.com\/be-fr\/nos-bornes-de-recharge\/","url":"https:\/\/ohme-ev.com\/be-fr\/nos-bornes-de-recharge\/","name":"Nos borne de recharge - Ohme EV Belgique","isPartOf":{"@id":"https:\/\/ohme-ev.com\/be-fr\/#website"},"datePublished":"2023-06-26T12:13:35+00:00","dateModified":"2026-02-27T14:19:12+00:00","description":"Bornes de recharge avec \u00e9quilibrage de charge, int\u00e9gration tarifaire dynamique, mises \u00e0 jour OTA et contr\u00f4le via application. Choisissez Home Pro, ePod ou Go et rechargez jusqu'\u00e0 40 % moins cher.","breadcrumb":{"@id":"https:\/\/ohme-ev.com\/be-fr\/nos-bornes-de-recharge\/#breadcrumb"},"inLanguage":"fr-be","potentialAction":[{"@type":"ReadAction","target":["https:\/\/ohme-ev.com\/be-fr\/nos-bornes-de-recharge\/"]}]},{"@type":"BreadcrumbList","@id":"https:\/\/ohme-ev.com\/be-fr\/nos-bornes-de-recharge\/#breadcrumb","itemListElement":[{"@type":"ListItem","position":1,"name":"Home","item":"https:\/\/ohme-ev.com\/be-fr\/"},{"@type":"ListItem","position":2,"name":"Nos bornes de recharge"}]},{"@type":"WebSite","@id":"https:\/\/ohme-ev.com\/be-fr\/#website","url":"https:\/\/ohme-ev.com\/be-fr\/","name":"Ohme EV Belgique","description":"Ohme - EV Smart Charging Solutions","potentialAction":[{"@type":"SearchAction","target":{"@type":"EntryPoint","urlTemplate":"https:\/\/ohme-ev.com\/be-fr\/?s={search_term_string}"},"query-input":{"@type":"PropertyValueSpecification","valueRequired":true,"valueName":"search_term_string"}}],"inLanguage":"fr-be"}]}},"_links":{"self":[{"href":"https:\/\/ohme-ev.com\/be-fr\/wp-json\/wp\/v2\/pages\/2230","targetHints":{"allow":["GET"]}}],"collection":[{"href":"https:\/\/ohme-ev.com\/be-fr\/wp-json\/wp\/v2\/pages"}],"about":[{"href":"https:\/\/ohme-ev.com\/be-fr\/wp-json\/wp\/v2\/types\/page"}],"author":[{"embeddable":true,"href":"https:\/\/ohme-ev.com\/be-fr\/wp-json\/wp\/v2\/users\/1"}],"replies":[{"embeddable":true,"href":"https:\/\/ohme-ev.com\/be-fr\/wp-json\/wp\/v2\/comments?post=2230"}],"version-history":[{"count":0,"href":"https:\/\/ohme-ev.com\/be-fr\/wp-json\/wp\/v2\/pages\/2230\/revisions"}],"wp:attachment":[{"href":"https:\/\/ohme-ev.com\/be-fr\/wp-json\/wp\/v2\/media?parent=2230"}],"wp:term":[{"taxonomy":"partner","embeddable":true,"href":"https:\/\/ohme-ev.com\/be-fr\/wp-json\/wp\/v2\/partner?post=2230"}],"curies":[{"name":"wp","href":"https:\/\/api.w.org\/{rel}","templated":true}]}}